{"id":2949,"date":"2021-02-08T11:33:48","date_gmt":"2021-02-08T11:33:48","guid":{"rendered":"https:\/\/operafuoco.fr\/events\/figaro-in-the-city\/"},"modified":"2021-02-08T11:46:10","modified_gmt":"2021-02-08T11:46:10","slug":"figaro-in-the-city","status":"publish","type":"mec-events","link":"https:\/\/operafuoco.fr\/en\/events\/figaro-in-the-city\/","title":{"rendered":"Figaro in the city &#8211; Mini s\u00e9rie en 14 \u00e9pisodes"},"content":{"rendered":"<p>On the <strong>14th of February<\/strong>\u00a0on<strong> Marquee TV\u00a0<\/strong><em>Figaro in the City<\/em>, a retelling of\u00a0<em>Mozart\u2019s Marriage of Figaro<\/em>\u00a0and experience<em>\u00a0<\/em>a unique new approach to opera<\/p>\n<p><em><strong>\u00a0Figaro in the City<\/strong><\/em> is a modern-day retelling of <em>Mozart\u2019s Marriage of Figaro<\/em> \"la folle journ\u00e9e\" is full of playful and hurtful intrigues that lead up to one of the most moving final scenes in opera history. Opera Fuoco\u2019s young singers step into a staging that takes them away from the confines of a stage and into the city of Paris\u2019 quirky ateliers, streets and gardens. Filmed in playback to allow for theatrical intimacy and the safety of the cast during the Covid-19 pandemic, the camera itself becomes a character, reacting to each turn of the plot. As the instrumentalists and conductor disappear, the characters move fluidly from the opening opera rehearsal atmosphere to a real-life scenario.<br \/>\nLike with any television series, each episode of Figaro in the City was created to heighten the dramatic tension of the plot and to leave the audience waiting to see what happens next, all the while remaining faithful to Mozart\u2019s original score. Conductor David Stern collaborated with videographer and stage-director Alexandre Camerlo to forge the artistic direction of this contemporary adaptation of an 18th-century classic. Special thanks to Laurent Naouri for joining the Opera Fuoco Young Artists in his debut performance as Bartolo.<\/p>\n<p><a href=\"https:\/\/www.marquee.tv\/opera-fuoco?utm_source=NL&amp;utm_medium=PO&amp;utm_campaign=Fuoco50\" target=\"_blank\" rel=\"noopener noreferrer\">Subscribe to Marquee TV<\/a><\/p>","protected":false},"excerpt":{"rendered":"<p>D\u00e9couvrez le 14 f\u00e9vrier\u00a0sur Marquee TV,\u00a0Figaro in the City, une adaptation t\u00e9l\u00e9visuelle des\u00a0Noces de Figaro\u00a0et\u00a0une approche r\u00e9invent\u00e9e de l\u2019op\u00e9ra. \u00a0Figaro in the City est une&hellip;<\/p>","protected":false},"author":1,"featured_media":2948,"comment_status":"open","ping_status":"closed","template":"","meta":{"qubely_global_settings":"","qubely_interactions":"","_coblocks_attr":"","_coblocks_dimensions":"","_coblocks_responsive_height":"","_coblocks_accordion_ie_support":"","_uag_custom_page_level_css":"","kk_blocks_editor_width":"","_kiokenblocks_attr":"","_kiokenblocks_dimensions":"","_vp_format_video_url":"","_vp_image_focal_point":[]},"tags":[58],"mec_category":[121],"class_list":["post-2949","mec-events","type-mec-events","status-publish","has-post-thumbnail","hentry","tag-news","mec_category-serie"],"featured_image_urls":{"full":["https:\/\/operafuoco.fr\/wp-content\/uploads\/2019\/04\/FIGARO-IN-THE-CITY-copy-2.png",1920,1080,false],"thumbnail":["https:\/\/operafuoco.fr\/wp-content\/uploads\/2019\/04\/FIGARO-IN-THE-CITY-copy-2-150x150.png",150,150,true],"medium":["https:\/\/operafuoco.fr\/wp-content\/uploads\/2019\/04\/FIGARO-IN-THE-CITY-copy-2-300x169.png",300,169,true],"medium_large":["https:\/\/operafuoco.fr\/wp-content\/uploads\/2019\/04\/FIGARO-IN-THE-CITY-copy-2-768x432.png",768,432,true],"large":["https:\/\/operafuoco.fr\/wp-content\/uploads\/2019\/04\/FIGARO-IN-THE-CITY-copy-2-1024x576.png",843,474,true],"thumblist":["https:\/\/operafuoco.fr\/wp-content\/uploads\/2019\/04\/FIGARO-IN-THE-CITY-copy-2-300x300.png",300,300,true],"meccarouselthumb":["https:\/\/operafuoco.fr\/wp-content\/uploads\/2019\/04\/FIGARO-IN-THE-CITY-copy-2-474x324.png",474,324,true],"gridsquare":["https:\/\/operafuoco.fr\/wp-content\/uploads\/2019\/04\/FIGARO-IN-THE-CITY-copy-2-391x260.png",391,260,true],"tileview":["https:\/\/operafuoco.fr\/wp-content\/uploads\/2019\/04\/FIGARO-IN-THE-CITY-copy-2-300x400.png",300,400,true],"1536x1536":["https:\/\/operafuoco.fr\/wp-content\/uploads\/2019\/04\/FIGARO-IN-THE-CITY-copy-2-1536x864.png",1536,864,true],"2048x2048":["https:\/\/operafuoco.fr\/wp-content\/uploads\/2019\/04\/FIGARO-IN-THE-CITY-copy-2.png",1920,1080,false],"trp-custom-language-flag":["https:\/\/operafuoco.fr\/wp-content\/uploads\/2019\/04\/FIGARO-IN-THE-CITY-copy-2-16x9.png",16,9,true],"qubely_landscape":["https:\/\/operafuoco.fr\/wp-content\/uploads\/2019\/04\/FIGARO-IN-THE-CITY-copy-2.png",1200,675,false],"qubely_portrait":["https:\/\/operafuoco.fr\/wp-content\/uploads\/2019\/04\/FIGARO-IN-THE-CITY-copy-2.png",540,304,false],"qubely_thumbnail":["https:\/\/operafuoco.fr\/wp-content\/uploads\/2019\/04\/FIGARO-IN-THE-CITY-copy-2.png",140,79,false],"vp_sm":["https:\/\/operafuoco.fr\/wp-content\/uploads\/2019\/04\/FIGARO-IN-THE-CITY-copy-2-500x281.png",500,281,true],"vp_md":["https:\/\/operafuoco.fr\/wp-content\/uploads\/2019\/04\/FIGARO-IN-THE-CITY-copy-2-800x450.png",800,450,true],"vp_lg":["https:\/\/operafuoco.fr\/wp-content\/uploads\/2019\/04\/FIGARO-IN-THE-CITY-copy-2-1280x720.png",1280,720,true],"vp_xl":["https:\/\/operafuoco.fr\/wp-content\/uploads\/2019\/04\/FIGARO-IN-THE-CITY-copy-2.png",1920,1080,false],"vp_sm_popup":["https:\/\/operafuoco.fr\/wp-content\/uploads\/2019\/04\/FIGARO-IN-THE-CITY-copy-2-500x281.png",500,281,true],"vp_md_popup":["https:\/\/operafuoco.fr\/wp-content\/uploads\/2019\/04\/FIGARO-IN-THE-CITY-copy-2-800x450.png",800,450,true],"vp_xl_popup":["https:\/\/operafuoco.fr\/wp-content\/uploads\/2019\/04\/FIGARO-IN-THE-CITY-copy-2.png",1920,1080,false]},"post_excerpt_stackable":"<p>D\u00e9couvrez le 14 f\u00e9vrier\u00a0sur Marquee TV,\u00a0Figaro in the City, une adaptation t\u00e9l\u00e9visuelle des\u00a0Noces de Figaro\u00a0et\u00a0une approche r\u00e9invent\u00e9e de l\u2019op\u00e9ra. \u00a0Figaro in the City est une adaptation contemporaine des Noces de Figaro de Mozart\u00a0: une folle journ\u00e9e pleine de p\u00e9rip\u00e9ties heureuses ou malheureuses qui conduisent \u00e0 une des sc\u00e8nes finales les plus \u00e9mouvantes de l\u2019histoire de l\u2019op\u00e9ra. Les jeunes chanteurs de l\u2019atelier lyrique d\u2019Opera Fuoco investissent la large sc\u00e8ne qu\u2019est Paris, ses ateliers d\u2019artistes, ses rues, ses jardins. \u00a0Le tournage en playback leur permet de s\u2019engager th\u00e9\u00e2tralement en respectant les mesures sanitaires qui s\u2019imposent. La cam\u00e9ra s\u2019int\u00e8gre dans l\u2019histoire comme un&hellip;<\/p>\n","category_list":"","author_info":{"name":"admin","url":"https:\/\/operafuoco.fr\/en\/author\/admin\/"},"comments_num":"0 comments","aioseo_notices":[],"qubely_featured_image_url":{"full":["https:\/\/operafuoco.fr\/wp-content\/uploads\/2019\/04\/FIGARO-IN-THE-CITY-copy-2.png",1920,1080,false],"landscape":["https:\/\/operafuoco.fr\/wp-content\/uploads\/2019\/04\/FIGARO-IN-THE-CITY-copy-2.png",1200,675,false],"portraits":["https:\/\/operafuoco.fr\/wp-content\/uploads\/2019\/04\/FIGARO-IN-THE-CITY-copy-2.png",540,304,false],"thumbnail":["https:\/\/operafuoco.fr\/wp-content\/uploads\/2019\/04\/FIGARO-IN-THE-CITY-copy-2-150x150.png",150,150,true],"medium":["https:\/\/operafuoco.fr\/wp-content\/uploads\/2019\/04\/FIGARO-IN-THE-CITY-copy-2-300x169.png",300,169,true],"medium_large":["https:\/\/operafuoco.fr\/wp-content\/uploads\/2019\/04\/FIGARO-IN-THE-CITY-copy-2-768x432.png",768,432,true],"large":["https:\/\/operafuoco.fr\/wp-content\/uploads\/2019\/04\/FIGARO-IN-THE-CITY-copy-2-1024x576.png",843,474,true],"thumblist":["https:\/\/operafuoco.fr\/wp-content\/uploads\/2019\/04\/FIGARO-IN-THE-CITY-copy-2-300x300.png",300,300,true],"meccarouselthumb":["https:\/\/operafuoco.fr\/wp-content\/uploads\/2019\/04\/FIGARO-IN-THE-CITY-copy-2-474x324.png",474,324,true],"gridsquare":["https:\/\/operafuoco.fr\/wp-content\/uploads\/2019\/04\/FIGARO-IN-THE-CITY-copy-2-391x260.png",391,260,true],"tileview":["https:\/\/operafuoco.fr\/wp-content\/uploads\/2019\/04\/FIGARO-IN-THE-CITY-copy-2-300x400.png",300,400,true],"1536x1536":["https:\/\/operafuoco.fr\/wp-content\/uploads\/2019\/04\/FIGARO-IN-THE-CITY-copy-2-1536x864.png",1536,864,true],"2048x2048":["https:\/\/operafuoco.fr\/wp-content\/uploads\/2019\/04\/FIGARO-IN-THE-CITY-copy-2.png",1920,1080,false],"trp-custom-language-flag":["https:\/\/operafuoco.fr\/wp-content\/uploads\/2019\/04\/FIGARO-IN-THE-CITY-copy-2-16x9.png",16,9,true],"qubely_landscape":["https:\/\/operafuoco.fr\/wp-content\/uploads\/2019\/04\/FIGARO-IN-THE-CITY-copy-2.png",1200,675,false],"qubely_portrait":["https:\/\/operafuoco.fr\/wp-content\/uploads\/2019\/04\/FIGARO-IN-THE-CITY-copy-2.png",540,304,false],"qubely_thumbnail":["https:\/\/operafuoco.fr\/wp-content\/uploads\/2019\/04\/FIGARO-IN-THE-CITY-copy-2.png",140,79,false],"vp_sm":["https:\/\/operafuoco.fr\/wp-content\/uploads\/2019\/04\/FIGARO-IN-THE-CITY-copy-2-500x281.png",500,281,true],"vp_md":["https:\/\/operafuoco.fr\/wp-content\/uploads\/2019\/04\/FIGARO-IN-THE-CITY-copy-2-800x450.png",800,450,true],"vp_lg":["https:\/\/operafuoco.fr\/wp-content\/uploads\/2019\/04\/FIGARO-IN-THE-CITY-copy-2-1280x720.png",1280,720,true],"vp_xl":["https:\/\/operafuoco.fr\/wp-content\/uploads\/2019\/04\/FIGARO-IN-THE-CITY-copy-2.png",1920,1080,false],"vp_sm_popup":["https:\/\/operafuoco.fr\/wp-content\/uploads\/2019\/04\/FIGARO-IN-THE-CITY-copy-2-500x281.png",500,281,true],"vp_md_popup":["https:\/\/operafuoco.fr\/wp-content\/uploads\/2019\/04\/FIGARO-IN-THE-CITY-copy-2-800x450.png",800,450,true],"vp_xl_popup":["https:\/\/operafuoco.fr\/wp-content\/uploads\/2019\/04\/FIGARO-IN-THE-CITY-copy-2.png",1920,1080,false]},"qubely_author":{"display_name":"admin","author_link":"https:\/\/operafuoco.fr\/en\/author\/admin\/"},"qubely_comment":0,"qubely_category":" <a href=\"https:\/\/operafuoco.fr\/en\/tag\/news\/\" rel=\"tag\">news<\/a>","qubely_excerpt":"D\u00e9couvrez le 14 f\u00e9vrier\u00a0sur Marquee TV,\u00a0Figaro in the City, une adaptation t\u00e9l\u00e9visuelle des\u00a0Noces de Figaro\u00a0et\u00a0une approche r\u00e9invent\u00e9e de l\u2019op\u00e9ra. \u00a0Figaro in the City est une&hellip;","uagb_featured_image_src":{"full":["https:\/\/operafuoco.fr\/wp-content\/uploads\/2019\/04\/FIGARO-IN-THE-CITY-copy-2.png",1920,1080,false],"thumbnail":["https:\/\/operafuoco.fr\/wp-content\/uploads\/2019\/04\/FIGARO-IN-THE-CITY-copy-2-150x150.png",150,150,true],"medium":["https:\/\/operafuoco.fr\/wp-content\/uploads\/2019\/04\/FIGARO-IN-THE-CITY-copy-2-300x169.png",300,169,true],"medium_large":["https:\/\/operafuoco.fr\/wp-content\/uploads\/2019\/04\/FIGARO-IN-THE-CITY-copy-2-768x432.png",768,432,true],"large":["https:\/\/operafuoco.fr\/wp-content\/uploads\/2019\/04\/FIGARO-IN-THE-CITY-copy-2-1024x576.png",843,474,true],"thumblist":["https:\/\/operafuoco.fr\/wp-content\/uploads\/2019\/04\/FIGARO-IN-THE-CITY-copy-2-300x300.png",300,300,true],"meccarouselthumb":["https:\/\/operafuoco.fr\/wp-content\/uploads\/2019\/04\/FIGARO-IN-THE-CITY-copy-2-474x324.png",474,324,true],"gridsquare":["https:\/\/operafuoco.fr\/wp-content\/uploads\/2019\/04\/FIGARO-IN-THE-CITY-copy-2-391x260.png",391,260,true],"tileview":["https:\/\/operafuoco.fr\/wp-content\/uploads\/2019\/04\/FIGARO-IN-THE-CITY-copy-2-300x400.png",300,400,true],"1536x1536":["https:\/\/operafuoco.fr\/wp-content\/uploads\/2019\/04\/FIGARO-IN-THE-CITY-copy-2-1536x864.png",1536,864,true],"2048x2048":["https:\/\/operafuoco.fr\/wp-content\/uploads\/2019\/04\/FIGARO-IN-THE-CITY-copy-2.png",1920,1080,false],"trp-custom-language-flag":["https:\/\/operafuoco.fr\/wp-content\/uploads\/2019\/04\/FIGARO-IN-THE-CITY-copy-2-16x9.png",16,9,true],"qubely_landscape":["https:\/\/operafuoco.fr\/wp-content\/uploads\/2019\/04\/FIGARO-IN-THE-CITY-copy-2.png",1200,675,false],"qubely_portrait":["https:\/\/operafuoco.fr\/wp-content\/uploads\/2019\/04\/FIGARO-IN-THE-CITY-copy-2.png",540,304,false],"qubely_thumbnail":["https:\/\/operafuoco.fr\/wp-content\/uploads\/2019\/04\/FIGARO-IN-THE-CITY-copy-2.png",140,79,false],"vp_sm":["https:\/\/operafuoco.fr\/wp-content\/uploads\/2019\/04\/FIGARO-IN-THE-CITY-copy-2-500x281.png",500,281,true],"vp_md":["https:\/\/operafuoco.fr\/wp-content\/uploads\/2019\/04\/FIGARO-IN-THE-CITY-copy-2-800x450.png",800,450,true],"vp_lg":["https:\/\/operafuoco.fr\/wp-content\/uploads\/2019\/04\/FIGARO-IN-THE-CITY-copy-2-1280x720.png",1280,720,true],"vp_xl":["https:\/\/operafuoco.fr\/wp-content\/uploads\/2019\/04\/FIGARO-IN-THE-CITY-copy-2.png",1920,1080,false],"vp_sm_popup":["https:\/\/operafuoco.fr\/wp-content\/uploads\/2019\/04\/FIGARO-IN-THE-CITY-copy-2-500x281.png",500,281,true],"vp_md_popup":["https:\/\/operafuoco.fr\/wp-content\/uploads\/2019\/04\/FIGARO-IN-THE-CITY-copy-2-800x450.png",800,450,true],"vp_xl_popup":["https:\/\/operafuoco.fr\/wp-content\/uploads\/2019\/04\/FIGARO-IN-THE-CITY-copy-2.png",1920,1080,false]},"uagb_author_info":{"display_name":"admin","author_link":"https:\/\/operafuoco.fr\/en\/author\/admin\/"},"uagb_comment_info":0,"uagb_excerpt":"D\u00e9couvrez le 14 f\u00e9vrier\u00a0sur Marquee TV,\u00a0Figaro in the City, une adaptation t\u00e9l\u00e9visuelle des\u00a0Noces de Figaro\u00a0et\u00a0une approche r\u00e9invent\u00e9e de l\u2019op\u00e9ra. \u00a0Figaro in the City est une&hellip;","_links":{"self":[{"href":"https:\/\/operafuoco.fr\/en\/wp-json\/wp\/v2\/mec-events\/2949"}],"collection":[{"href":"https:\/\/operafuoco.fr\/en\/wp-json\/wp\/v2\/mec-events"}],"about":[{"href":"https:\/\/operafuoco.fr\/en\/wp-json\/wp\/v2\/types\/mec-events"}],"author":[{"embeddable":true,"href":"https:\/\/operafuoco.fr\/en\/wp-json\/wp\/v2\/users\/1"}],"replies":[{"embeddable":true,"href":"https:\/\/operafuoco.fr\/en\/wp-json\/wp\/v2\/comments?post=2949"}],"wp:featuredmedia":[{"embeddable":true,"href":"https:\/\/operafuoco.fr\/en\/wp-json\/wp\/v2\/media\/2948"}],"wp:attachment":[{"href":"https:\/\/operafuoco.fr\/en\/wp-json\/wp\/v2\/media?parent=2949"}],"wp:term":[{"taxonomy":"post_tag","embeddable":true,"href":"https:\/\/operafuoco.fr\/en\/wp-json\/wp\/v2\/tags?post=2949"},{"taxonomy":"mec_category","embeddable":true,"href":"https:\/\/operafuoco.fr\/en\/wp-json\/wp\/v2\/mec_category?post=2949"}],"curies":[{"name":"wp","href":"https:\/\/api.w.org\/{rel}","templated":true}]}}