{"id":3052,"date":"2021-03-22T16:23:33","date_gmt":"2021-03-22T16:23:33","guid":{"rendered":"https:\/\/operafuoco.fr\/?post_type=mec-events&#038;p=3052"},"modified":"2021-09-13T14:18:31","modified_gmt":"2021-09-13T14:18:31","slug":"fuoco-obbligato-tete-a-tete-2","status":"publish","type":"mec-events","link":"https:\/\/operafuoco.fr\/en\/events\/fuoco-obbligato-tete-a-tete-2\/","title":{"rendered":"Fuoco Obbligato &#8211; T\u00eate-\u00e0-t\u00eate #3"},"content":{"rendered":"<p style=\"text-align: center;\" class=\" translation-block\"><span class=\"has-inline-color has-luminous-vivid-orange-color\"><strong>ART<\/strong><\/span><strong><span class=\"has-inline-color has-luminous-vivid-orange-color\">ISTS<\/span><\/strong><\/p>\n<p style=\"text-align: center;\">Anna Cavaliero, soprano<\/p>\n<p style=\"text-align: center;\">R\u00e9my Bres-Feuillet, contre-t\u00e9nor<\/p>\n<p style=\"text-align: center;\">Katharina Wolff, violin<\/p>\n<p style=\"text-align: center;\">Jean Bregnac, traverso<\/p>\n<p style=\"text-align: center;\">Patricia Lavail, flute<\/p>\n<p style=\"text-align: center;\">J\u00e9r\u00f4me Huille, cello<\/p>\n<p style=\"text-align: center;\">Cl\u00e9ment Geoffroy, harpsichord<\/p>\n<p>&nbsp;<\/p>\n<p><span style=\"color: #000000;\">In this program of musical dialogues, we find a colorful baroque tapestry in which birds and beasts come to life, in which pearls of joy coexist with devastating tears, in which loving gazes are renounced, and a lonely echo consoles the unhappy heart.<\/span><\/p>\n<p><span style=\"color: #000000;\">The arias each present a different conversation between singer and instrumentalist - they listen to each other, they sometimes tease, imitate, even motivate each other - yet all dialogues illustrate the full gamut of emotions evoked by the texts. Whether complementary or conflicting, the two \u201cvoices\u201d allow both the composer and listener to explore the subtleties and inflections of the subtext, of the unspoken feelings that accompany the turbulent and complex terrain of love.<\/span><\/p>\n<p><span style=\"color: #000000;\">The nightingale, always last to sing in the evening, draws the curtain on this program of obbligato arias with a playful dance movement, \"Pour le rossignol\" from an overture by Johann Joseph Fux.<\/span><\/p>\n<p>&nbsp;<\/p>\n<p style=\"text-align: center;\"><strong><span style=\"text-decoration: underline;\">CONCERT PROGRAM<\/span><\/strong><\/p>\n<div>\n<div>\n<ul>\n<li><b>Johann Sebastian BACH\u00a0<\/b>&#8211; <i>BWV 204<\/i>, <em>Ich Bin In Mir Vergn\u00fcgt<\/em> &#8211; 6.\u00ab Meine Seele Sei Vergn\u00fcgt \u00bb\u00a0&#8211; soprano\/fl\u00fbte traversi\u00e8re<\/li>\n<\/ul>\n<\/div>\n<div>\n<p class=\"normal\">\n<\/div>\n<div>\n<ul>\n<li class=\"normal\"><b>Nicola Antonio Giacinto PORPORA\u00a0<\/b>&#8211; <i>Deianira, Iole e Ercol<\/i>e &#8211; \u00ab Scuote la chioma d\u2019oro \u00bb\u00a0(Deianira) &#8211; contre-t\u00e9nor\/violoncelle<\/li>\n<\/ul>\n<\/div>\n<div>\n<p class=\"normal\">\n<\/div>\n<div>\n<ul>\n<li><b>Antonio VIVALDI\u00a0<\/b>\u2013 <i>Orlando finto pazzo\u00a0<\/i>\u2013 \u00ab Se garrisce la rondinella \u00bb (Ersilla) &#8211; soprano\/violon<\/li>\n<\/ul>\n<\/div>\n<div>\n<p class=\"normal\">\n<\/div>\n<div>\n<ul>\n<li class=\"normal\"><b>Giacomo FACCO\u00a0<\/b>&#8211; <i>Las Amazonas de Espana\u00a0<\/i>&#8211; \u00ab Qu\u00e9 sera cielos de mi\u00a0\u00bb (Celauro) &#8211; contre-t\u00e9nor\/violon<\/li>\n<\/ul>\n<\/div>\n<div>\n<p class=\"normal\">\n<\/div>\n<div>\n<ul>\n<li class=\"normal\"><b>Benedetto Giacomo MARCELLO\u00a0<\/b>\u2013 <i>Arianna\u00a0<\/i>\u2013 \u00ab Come mai poi vedermi piangere \u00bb (Arianna) &#8211; soprano\/fl\u00fbte traversi\u00e8re<\/li>\n<\/ul>\n<\/div>\n<div>\n<p class=\"normal\">\n<\/div>\n<div>\n<ul>\n<li class=\"normal\"><b>Georg Caspar SCH\u00dcRMANN\u00a0<\/b>\u2013 <i>Die getreue Alceste\u00a0<\/i>\u2013 \u00ab\u00a0Gute Nacht, ihr sch\u00f6nsten Blicke\u00a0\u00bb (Admetus) &#8211; contre-t\u00e9nor\/violoncelle<\/li>\n<\/ul>\n<\/div>\n<div>\n<p class=\"normal\">\n<\/div>\n<div>\n<ul>\n<li class=\"normal\"><b>Johann Joseph FUX\u00a0<\/b>\u2013 <i>Ouverture nr.4 en r\u00e9 \u2013<\/i>\u00a0Pour le rossignol &#8211; (instrumental)<\/li>\n<\/ul>\n<\/div>\n<p>[Duration: about 45 minutes]<\/p>\n<\/div>","protected":false},"excerpt":{"rendered":"<p>DISTRIBUTION Anna Cavaliero, soprano R\u00e9my Bres-Feuillet, contre-t\u00e9nor Katharina Wolff, violon Jean Bregnac, fl\u00fbte traverso Patricia Lavail, fl\u00fbte \u00e0 bec J\u00e9r\u00f4me Huille, violoncelle Cl\u00e9ment Geoffroy, clavecin&hellip;<\/p>","protected":false},"author":1,"featured_media":3051,"comment_status":"open","ping_status":"closed","template":"","meta":{"qubely_global_settings":"","qubely_interactions":"","_coblocks_attr":"","_coblocks_dimensions":"","_coblocks_responsive_height":"","_coblocks_accordion_ie_support":"","_uag_custom_page_level_css":"","kk_blocks_editor_width":"","_kiokenblocks_attr":"","_kiokenblocks_dimensions":"","_vp_format_video_url":"","_vp_image_focal_point":[]},"tags":[],"mec_category":[26],"class_list":["post-3052","mec-events","type-mec-events","status-publish","has-post-thumbnail","hentry","mec_category-concerts"],"featured_image_urls":{"full":["https:\/\/operafuoco.fr\/wp-content\/uploads\/2021\/03\/IMG_0708.jpg",1366,1366,false],"thumbnail":["https:\/\/operafuoco.fr\/wp-content\/uploads\/2021\/03\/IMG_0708-150x150.jpg",150,150,true],"medium":["https:\/\/operafuoco.fr\/wp-content\/uploads\/2021\/03\/IMG_0708-300x300.jpg",300,300,true],"medium_large":["https:\/\/operafuoco.fr\/wp-content\/uploads\/2021\/03\/IMG_0708-768x768.jpg",768,768,true],"large":["https:\/\/operafuoco.fr\/wp-content\/uploads\/2021\/03\/IMG_0708-1024x1024.jpg",843,843,true],"thumblist":["https:\/\/operafuoco.fr\/wp-content\/uploads\/2021\/03\/IMG_0708-300x300.jpg",300,300,true],"meccarouselthumb":["https:\/\/operafuoco.fr\/wp-content\/uploads\/2021\/03\/IMG_0708-474x324.jpg",474,324,true],"gridsquare":["https:\/\/operafuoco.fr\/wp-content\/uploads\/2021\/03\/IMG_0708-391x260.jpg",391,260,true],"tileview":["https:\/\/operafuoco.fr\/wp-content\/uploads\/2021\/03\/IMG_0708-300x400.jpg",300,400,true],"1536x1536":["https:\/\/operafuoco.fr\/wp-content\/uploads\/2021\/03\/IMG_0708.jpg",1366,1366,false],"2048x2048":["https:\/\/operafuoco.fr\/wp-content\/uploads\/2021\/03\/IMG_0708.jpg",1366,1366,false],"trp-custom-language-flag":["https:\/\/operafuoco.fr\/wp-content\/uploads\/2021\/03\/IMG_0708-12x12.jpg",12,12,true],"qubely_landscape":["https:\/\/operafuoco.fr\/wp-content\/uploads\/2021\/03\/IMG_0708.jpg",750,750,false],"qubely_portrait":["https:\/\/operafuoco.fr\/wp-content\/uploads\/2021\/03\/IMG_0708.jpg",320,320,false],"qubely_thumbnail":["https:\/\/operafuoco.fr\/wp-content\/uploads\/2021\/03\/IMG_0708.jpg",100,100,false],"vp_sm":["https:\/\/operafuoco.fr\/wp-content\/uploads\/2021\/03\/IMG_0708-500x500.jpg",500,500,true],"vp_md":["https:\/\/operafuoco.fr\/wp-content\/uploads\/2021\/03\/IMG_0708-800x800.jpg",800,800,true],"vp_lg":["https:\/\/operafuoco.fr\/wp-content\/uploads\/2021\/03\/IMG_0708-1280x1280.jpg",1280,1280,true],"vp_xl":["https:\/\/operafuoco.fr\/wp-content\/uploads\/2021\/03\/IMG_0708.jpg",1366,1366,false],"vp_sm_popup":["https:\/\/operafuoco.fr\/wp-content\/uploads\/2021\/03\/IMG_0708-500x500.jpg",500,500,true],"vp_md_popup":["https:\/\/operafuoco.fr\/wp-content\/uploads\/2021\/03\/IMG_0708-800x800.jpg",800,800,true],"vp_xl_popup":["https:\/\/operafuoco.fr\/wp-content\/uploads\/2021\/03\/IMG_0708.jpg",1366,1366,false]},"post_excerpt_stackable":"<p>DISTRIBUTION Anna Cavaliero, soprano R\u00e9my Bres-Feuillet, contre-t\u00e9nor Katharina Wolff, violon Jean Bregnac, fl\u00fbte traverso Patricia Lavail, fl\u00fbte \u00e0 bec J\u00e9r\u00f4me Huille, violoncelle Cl\u00e9ment Geoffroy, clavecin &nbsp; Dans ce programme baroque compos\u00e9 de dialogues musicaux, l\u2019auditeur se trouve face \u00e0 une tapisserie color\u00e9e et contrast\u00e9e dans laquelle des oiseaux et des fauves prennent vie, des perles de joie coexistent avec des larmes d\u00e9vastatrices, les regards amoureux sont ignor\u00e9s et l\u2019\u00e9cho solitaire console le coeur malheureux. Chaque air propose un t\u00eate-\u00e0-t\u00eate entre le chanteur et l&rsquo;instrumentiste. Les artistes s&rsquo;\u00e9coutent, se taquinent, s\u2019imitent et se motivent tout en pr\u00e9servant la gamme des \u00e9motions&hellip;<\/p>\n","category_list":"","author_info":{"name":"admin","url":"https:\/\/operafuoco.fr\/en\/author\/admin\/"},"comments_num":"0 comments","aioseo_notices":[],"qubely_featured_image_url":{"full":["https:\/\/operafuoco.fr\/wp-content\/uploads\/2021\/03\/IMG_0708.jpg",1366,1366,false],"landscape":["https:\/\/operafuoco.fr\/wp-content\/uploads\/2021\/03\/IMG_0708.jpg",750,750,false],"portraits":["https:\/\/operafuoco.fr\/wp-content\/uploads\/2021\/03\/IMG_0708.jpg",320,320,false],"thumbnail":["https:\/\/operafuoco.fr\/wp-content\/uploads\/2021\/03\/IMG_0708-150x150.jpg",150,150,true],"medium":["https:\/\/operafuoco.fr\/wp-content\/uploads\/2021\/03\/IMG_0708-300x300.jpg",300,300,true],"medium_large":["https:\/\/operafuoco.fr\/wp-content\/uploads\/2021\/03\/IMG_0708-768x768.jpg",768,768,true],"large":["https:\/\/operafuoco.fr\/wp-content\/uploads\/2021\/03\/IMG_0708-1024x1024.jpg",843,843,true],"thumblist":["https:\/\/operafuoco.fr\/wp-content\/uploads\/2021\/03\/IMG_0708-300x300.jpg",300,300,true],"meccarouselthumb":["https:\/\/operafuoco.fr\/wp-content\/uploads\/2021\/03\/IMG_0708-474x324.jpg",474,324,true],"gridsquare":["https:\/\/operafuoco.fr\/wp-content\/uploads\/2021\/03\/IMG_0708-391x260.jpg",391,260,true],"tileview":["https:\/\/operafuoco.fr\/wp-content\/uploads\/2021\/03\/IMG_0708-300x400.jpg",300,400,true],"1536x1536":["https:\/\/operafuoco.fr\/wp-content\/uploads\/2021\/03\/IMG_0708.jpg",1366,1366,false],"2048x2048":["https:\/\/operafuoco.fr\/wp-content\/uploads\/2021\/03\/IMG_0708.jpg",1366,1366,false],"trp-custom-language-flag":["https:\/\/operafuoco.fr\/wp-content\/uploads\/2021\/03\/IMG_0708-12x12.jpg",12,12,true],"qubely_landscape":["https:\/\/operafuoco.fr\/wp-content\/uploads\/2021\/03\/IMG_0708.jpg",750,750,false],"qubely_portrait":["https:\/\/operafuoco.fr\/wp-content\/uploads\/2021\/03\/IMG_0708.jpg",320,320,false],"qubely_thumbnail":["https:\/\/operafuoco.fr\/wp-content\/uploads\/2021\/03\/IMG_0708.jpg",100,100,false],"vp_sm":["https:\/\/operafuoco.fr\/wp-content\/uploads\/2021\/03\/IMG_0708-500x500.jpg",500,500,true],"vp_md":["https:\/\/operafuoco.fr\/wp-content\/uploads\/2021\/03\/IMG_0708-800x800.jpg",800,800,true],"vp_lg":["https:\/\/operafuoco.fr\/wp-content\/uploads\/2021\/03\/IMG_0708-1280x1280.jpg",1280,1280,true],"vp_xl":["https:\/\/operafuoco.fr\/wp-content\/uploads\/2021\/03\/IMG_0708.jpg",1366,1366,false],"vp_sm_popup":["https:\/\/operafuoco.fr\/wp-content\/uploads\/2021\/03\/IMG_0708-500x500.jpg",500,500,true],"vp_md_popup":["https:\/\/operafuoco.fr\/wp-content\/uploads\/2021\/03\/IMG_0708-800x800.jpg",800,800,true],"vp_xl_popup":["https:\/\/operafuoco.fr\/wp-content\/uploads\/2021\/03\/IMG_0708.jpg",1366,1366,false]},"qubely_author":{"display_name":"admin","author_link":"https:\/\/operafuoco.fr\/en\/author\/admin\/"},"qubely_comment":0,"qubely_category":false,"qubely_excerpt":"DISTRIBUTION Anna Cavaliero, soprano R\u00e9my Bres-Feuillet, contre-t\u00e9nor Katharina Wolff, violon Jean Bregnac, fl\u00fbte traverso Patricia Lavail, fl\u00fbte \u00e0 bec J\u00e9r\u00f4me Huille, violoncelle Cl\u00e9ment Geoffroy, clavecin&hellip;","uagb_featured_image_src":{"full":["https:\/\/operafuoco.fr\/wp-content\/uploads\/2021\/03\/IMG_0708.jpg",1366,1366,false],"thumbnail":["https:\/\/operafuoco.fr\/wp-content\/uploads\/2021\/03\/IMG_0708-150x150.jpg",150,150,true],"medium":["https:\/\/operafuoco.fr\/wp-content\/uploads\/2021\/03\/IMG_0708-300x300.jpg",300,300,true],"medium_large":["https:\/\/operafuoco.fr\/wp-content\/uploads\/2021\/03\/IMG_0708-768x768.jpg",768,768,true],"large":["https:\/\/operafuoco.fr\/wp-content\/uploads\/2021\/03\/IMG_0708-1024x1024.jpg",843,843,true],"thumblist":["https:\/\/operafuoco.fr\/wp-content\/uploads\/2021\/03\/IMG_0708-300x300.jpg",300,300,true],"meccarouselthumb":["https:\/\/operafuoco.fr\/wp-content\/uploads\/2021\/03\/IMG_0708-474x324.jpg",474,324,true],"gridsquare":["https:\/\/operafuoco.fr\/wp-content\/uploads\/2021\/03\/IMG_0708-391x260.jpg",391,260,true],"tileview":["https:\/\/operafuoco.fr\/wp-content\/uploads\/2021\/03\/IMG_0708-300x400.jpg",300,400,true],"1536x1536":["https:\/\/operafuoco.fr\/wp-content\/uploads\/2021\/03\/IMG_0708.jpg",1366,1366,false],"2048x2048":["https:\/\/operafuoco.fr\/wp-content\/uploads\/2021\/03\/IMG_0708.jpg",1366,1366,false],"trp-custom-language-flag":["https:\/\/operafuoco.fr\/wp-content\/uploads\/2021\/03\/IMG_0708-12x12.jpg",12,12,true],"qubely_landscape":["https:\/\/operafuoco.fr\/wp-content\/uploads\/2021\/03\/IMG_0708.jpg",750,750,false],"qubely_portrait":["https:\/\/operafuoco.fr\/wp-content\/uploads\/2021\/03\/IMG_0708.jpg",320,320,false],"qubely_thumbnail":["https:\/\/operafuoco.fr\/wp-content\/uploads\/2021\/03\/IMG_0708.jpg",100,100,false],"vp_sm":["https:\/\/operafuoco.fr\/wp-content\/uploads\/2021\/03\/IMG_0708-500x500.jpg",500,500,true],"vp_md":["https:\/\/operafuoco.fr\/wp-content\/uploads\/2021\/03\/IMG_0708-800x800.jpg",800,800,true],"vp_lg":["https:\/\/operafuoco.fr\/wp-content\/uploads\/2021\/03\/IMG_0708-1280x1280.jpg",1280,1280,true],"vp_xl":["https:\/\/operafuoco.fr\/wp-content\/uploads\/2021\/03\/IMG_0708.jpg",1366,1366,false],"vp_sm_popup":["https:\/\/operafuoco.fr\/wp-content\/uploads\/2021\/03\/IMG_0708-500x500.jpg",500,500,true],"vp_md_popup":["https:\/\/operafuoco.fr\/wp-content\/uploads\/2021\/03\/IMG_0708-800x800.jpg",800,800,true],"vp_xl_popup":["https:\/\/operafuoco.fr\/wp-content\/uploads\/2021\/03\/IMG_0708.jpg",1366,1366,false]},"uagb_author_info":{"display_name":"admin","author_link":"https:\/\/operafuoco.fr\/en\/author\/admin\/"},"uagb_comment_info":0,"uagb_excerpt":"DISTRIBUTION Anna Cavaliero, soprano R\u00e9my Bres-Feuillet, contre-t\u00e9nor Katharina Wolff, violon Jean Bregnac, fl\u00fbte traverso Patricia Lavail, fl\u00fbte \u00e0 bec J\u00e9r\u00f4me Huille, violoncelle Cl\u00e9ment Geoffroy, clavecin&hellip;","_links":{"self":[{"href":"https:\/\/operafuoco.fr\/en\/wp-json\/wp\/v2\/mec-events\/3052"}],"collection":[{"href":"https:\/\/operafuoco.fr\/en\/wp-json\/wp\/v2\/mec-events"}],"about":[{"href":"https:\/\/operafuoco.fr\/en\/wp-json\/wp\/v2\/types\/mec-events"}],"author":[{"embeddable":true,"href":"https:\/\/operafuoco.fr\/en\/wp-json\/wp\/v2\/users\/1"}],"replies":[{"embeddable":true,"href":"https:\/\/operafuoco.fr\/en\/wp-json\/wp\/v2\/comments?post=3052"}],"wp:featuredmedia":[{"embeddable":true,"href":"https:\/\/operafuoco.fr\/en\/wp-json\/wp\/v2\/media\/3051"}],"wp:attachment":[{"href":"https:\/\/operafuoco.fr\/en\/wp-json\/wp\/v2\/media?parent=3052"}],"wp:term":[{"taxonomy":"post_tag","embeddable":true,"href":"https:\/\/operafuoco.fr\/en\/wp-json\/wp\/v2\/tags?post=3052"},{"taxonomy":"mec_category","embeddable":true,"href":"https:\/\/operafuoco.fr\/en\/wp-json\/wp\/v2\/mec_category?post=3052"}],"curies":[{"name":"wp","href":"https:\/\/api.w.org\/{rel}","templated":true}]}}