{"id":38,"date":"2019-03-12T10:03:58","date_gmt":"2019-03-12T10:03:58","guid":{"rendered":"https:\/\/operafuoco.fr\/?page_id=38"},"modified":"2020-04-23T15:49:56","modified_gmt":"2020-04-23T15:49:56","slug":"la-compagnie","status":"publish","type":"page","link":"https:\/\/operafuoco.fr\/en\/la-compagnie\/","title":{"rendered":"The Opera Company"},"content":{"rendered":"<div class=\"wp-block-image\"><figure class=\"aligncenter size-large is-resized\"><img loading=\"lazy\" decoding=\"async\" src=\"https:\/\/operafuoco.fr\/wp-content\/uploads\/2020\/04\/Recadr\u00e9e-Lady-1024x567.png\" alt=\"\" class=\"wp-image-2418\" width=\"1024\" height=\"567\" srcset=\"https:\/\/operafuoco.fr\/wp-content\/uploads\/2020\/04\/Recadr\u00e9e-Lady-1024x567.png 1024w, https:\/\/operafuoco.fr\/wp-content\/uploads\/2020\/04\/Recadr\u00e9e-Lady-300x166.png 300w, https:\/\/operafuoco.fr\/wp-content\/uploads\/2020\/04\/Recadr\u00e9e-Lady-768x425.png 768w, https:\/\/operafuoco.fr\/wp-content\/uploads\/2020\/04\/Recadr\u00e9e-Lady-500x277.png 500w, https:\/\/operafuoco.fr\/wp-content\/uploads\/2020\/04\/Recadr\u00e9e-Lady-800x443.png 800w, https:\/\/operafuoco.fr\/wp-content\/uploads\/2020\/04\/Recadr\u00e9e-Lady-1280x709.png 1280w, https:\/\/operafuoco.fr\/wp-content\/uploads\/2020\/04\/Recadr\u00e9e-Lady-1536x851.png 1536w, https:\/\/operafuoco.fr\/wp-content\/uploads\/2020\/04\/Recadr\u00e9e-Lady.png 1600w\" sizes=\"(max-width: 1024px) 100vw, 1024px\" \/><\/figure><\/div>\n\n\n\n<p class=\"huge-title\">THE OPERA COMPANY<\/p>\n\n\n\n<div class=\"wp-block-caxton-grid relative\"><div class=\"absolute absolute--fill\"><div class=\"absolute absolute--fill cover bg-center\" style=\"background-color:;background-image:linear-gradient( );\"><\/div><div class=\"absolute absolute--fill\" style=\"background-color:;background-image:linear-gradient( );opacity:1;\"><\/div><\/div><div class=\"relative caxton-columns caxton-grid-block\" style=\"padding-top:0;padding-left:0;padding-bottom:0;padding-right:0;grid-template-columns:repeat(12, 1fr)\" data-tablet-css=\"padding-left:em;padding-right:em;\" data-mobile-css=\"padding-left:em;padding-right:em;\">\n<div class=\"wp-block-caxton-section relative\" style=\"grid-area:span 1\/span 6\"><div class=\"absolute absolute--fill\"><div class=\"absolute absolute--fill cover bg-center\" style=\"background-color:;background-image:linear-gradient( );\"><\/div><div class=\"absolute absolute--fill\" style=\"background-color:;background-image:linear-gradient( );opacity:1;\"><\/div><\/div><div class=\"relative caxton-section-block\" style=\"padding-top:5px;padding-left:5px;padding-bottom:5px;padding-right:5px\" data-mobile-css=\"padding-left:1em;padding-right:1em;\" data-tablet-css=\"padding-left:1em;padding-right:1em;\">\n<p class=\" translation-block\">Opera Fuoco, the Paris-based international opera company is dedicated to lyric repertoire from the mid- 18th century to the present. \nFounded and directed by American conductor David Stern in 2003, Opera Fuoco combines an ambitious young artist program and international performance season with one of the most versatile instrumental ensembles in Paris. Its growing world-wide reputation as a launchpad for young singers has made it one of the most sought-after young artist programs in France.<\/p>\n\n\n\n<p class=\" translation-block\">Opera Fuoco offers a unique, custom-made experience to young singers transitioning from conservatory to professional life. Singers are able to work with Maestro Stern, experienced vocal coaches and stage directors in various contexts ranging from masterclasses and recitals to large-scale performances with orchestra and fully staged opera productions. The repertoire spans not only several centuries but a variety of genres, from baroque to contemporary, including musical comedy and jazz.\nIn 2008, Opera Fuoco began developing its young artist program, not as an academy, but as a professional company for young singers engaged for a period of three to four years. In its 10-years of existence, Opera Fuoco\u2019s Young Artist Program has trained approximately 40 singers from 10 different countries. \nOur 18 current members come from 5 different countries, and candidates from the last round of auditions represented 22 nationalities.<\/p>\n<\/div><\/div>\n\n\n\n<div class=\"wp-block-caxton-section relative\" style=\"grid-area:span 1\/span 6\"><div class=\"absolute absolute--fill\"><div class=\"absolute absolute--fill cover bg-center\" style=\"background-color:;background-image:linear-gradient( );\"><\/div><div class=\"absolute absolute--fill\" style=\"background-color:;background-image:linear-gradient( );opacity:1;\"><\/div><\/div><div class=\"relative caxton-section-block\" style=\"padding-top:5px;padding-left:5px;padding-bottom:5px;padding-right:5px\" data-mobile-css=\"padding-left:1em;padding-right:1em;\" data-tablet-css=\"padding-left:1em;padding-right:1em;\">\n<p>Opera Fuoco\u2019s activities are largely Paris-area based, with a residence in Levallois\u2019 Salle Ravel, masterclasses held in smaller city venues and regular concerts at the Paris Philharmonie. \nAn exciting recital series will begin at the Petit Palais Museum in 2020. \n\nThe company has also enhanced its international reputation by developing regular performance partnerships with the Bachfest in Leipzig, the Beethovenfest in Bonn, the International Telemann Festival, the Swedish Chamber Orchestra as well as the Shanghai Baroque and Beijing Music Festivals in China. <\/p>\n\n\n\n<p class=\" translation-block\">The success rate of the program has been exceptional, reflected by the number of laureates that have launched significant careers since their membership with Opera Fuoco\u2019s young artist program.\n \nAmongst them are Clementine Margaine and Vannina Santoni - currently singing at New York\u2019s Metropolitan Opera and the Paris Opera, Lea Desandre, named young vocal artist of the year in 2017 performing at Opera Comique, as well as Axelle Fanyo, winner of numerous international competitions and recent participant in Ren\u00e9e Fleming\u2019s Masterclass series at Carnegie Hall.<\/p>\n\n\n\n<p>Opera Fuoco, a non-for-profit organization, is supported by the French ministry of culture, several private foundations and a Friends Circle.<\/p>\n<\/div><\/div>\n<\/div><\/div>\n\n\n\n<p><\/p>\n\n\n\n<div class=\"wp-block-ugb-spacer ugb-spacer\" style=\"height:50px\"><\/div>\n\n\n\n<p class=\"has-text-align-center has-large-font-size\">All Productions<\/p>\n\n\n\n<div class=\"wp-block-ugb-spacer ugb-spacer\" style=\"height:50px\"><\/div>\n\n\n\n<div class=\"vp-portfolio vp-uid-6f8d87fc vp-id-1172\"\n\tdata-vp-layout=\"tiles\" data-vp-content-source=\"post-based\" data-vp-items-style=\"fly\" data-vp-items-click-action=\"url\" data-vp-items-gap=\"15\" data-vp-items-gap-vertical=\"\" data-vp-pagination=\"load-more\" data-vp-next-page-url=\"\" data-vp-tiles-type=\"3|1,1|\" >\n\t<div class=\"vp-portfolio__preloader-wrap\">\n\t\t<div class=\"vp-portfolio__preloader\">\n\t\t\t<img decoding=\"async\" loading=\"eager\" src=\"https:\/\/operafuoco.fr\/wp-content\/plugins\/visual-portfolio\/assets\/images\/logo-dark.svg\" alt=\"Visual Portfolio, Posts &amp; Image Gallery for WordPress\" width=\"20\" height=\"20\" data-skip-lazy>\n\t\t<\/div>\n\t<\/div>\n\t\t<div class=\"vp-portfolio__layout-elements vp-portfolio__layout-elements-top vp-portfolio__layout-elements-align-center\">\n\t\t\t\t<div class=\"vp-portfolio__filter-wrap\">\n\t\t\n<div class=\"vp-filter vp-filter__style-default\">\n\t\t\t<div class=\"vp-filter__item vp-filter__item-active\">\n\t\t\t<a href=\"https:\/\/operafuoco.fr\/en\/wp-json\/wp\/v2\/pages\/38\" data-vp-filter=\"*\">\n\t\t\t\tAll\n\t\t\t\t\t\t\t<\/a>\n\t\t<\/div>\n\t\t\t\t<div class=\"vp-filter__item\">\n\t\t\t<a href=\"https:\/\/operafuoco.fr\/en\/wp-json\/wp\/v2\/pages\/38?vp_filter=category%3Adisque\" data-vp-filter=\"disque\">\n\t\t\t\tDisque\n\t\t\t\t\t\t\t<\/a>\n\t\t<\/div>\n\t\t\t\t<div class=\"vp-filter__item\">\n\t\t\t<a href=\"https:\/\/operafuoco.fr\/en\/wp-json\/wp\/v2\/pages\/38?vp_filter=category%3Aenregistrement\" data-vp-filter=\"enregistrement\">\n\t\t\t\tRecording\n\t\t\t\t\t\t\t<\/a>\n\t\t<\/div>\n\t\t\t\t<div class=\"vp-filter__item\">\n\t\t\t<a href=\"https:\/\/operafuoco.fr\/en\/wp-json\/wp\/v2\/pages\/38?vp_filter=category%3Aoperas\" data-vp-filter=\"operas\">\n\t\t\t\tOperas\n\t\t\t\t\t\t\t<\/a>\n\t\t<\/div>\n\t\t\t\t<div class=\"vp-filter__item\">\n\t\t\t<a href=\"https:\/\/operafuoco.fr\/en\/wp-json\/wp\/v2\/pages\/38?vp_filter=category%3Aconcerts\" data-vp-filter=\"concerts\">\n\t\t\t\tConcerts\n\t\t\t\t\t\t\t<\/a>\n\t\t<\/div>\n\t\t\t\t<div class=\"vp-filter__item\">\n\t\t\t<a href=\"https:\/\/operafuoco.fr\/en\/wp-json\/wp\/v2\/pages\/38?vp_filter=category%3Aconcerts-rencontres\" data-vp-filter=\"concerts-rencontres\">\n\t\t\t\tEncounter-concerts\n\t\t\t\t\t\t\t<\/a>\n\t\t<\/div>\n\t\t<\/div>\n\t\t<\/div>\n\t\t\t\t<\/div>\n\t\t\t\t<div class=\"vp-portfolio__items-wrap\">\n\t\t\t\n<div class=\"vp-portfolio__items vp-portfolio__items-style-fly vp-portfolio__items-show-overlay-hover\">\n\n\t\t<article\t\tclass=\"vp-portfolio__item-wrap post-5187 post type-post status-publish format-standard has-post-thumbnail hentry category-concerts tag-archive vp-portfolio__item-uid-267d9578\" data-vp-filter=\"concerts\" style=\"--vp-images__object-position: 51% 67%;\" \t\t>\n\t\t\t\t\t\t\t\t\t<figure class=\"vp-portfolio__item\">\n\t\t\t\t\n<div class=\"vp-portfolio__item-img-wrap\">\n\t<div class=\"vp-portfolio__item-img\">\n\t\t\t<a\n\t\thref=\"https:\/\/operafuoco.fr\/en\/le-labyrinthe-fuoco-obbligato\/\"\n\t\t\t>\n\t\n\t\t<noscript><img loading=\"lazy\" decoding=\"async\" width=\"926\" height=\"528\" data-skip-lazy src=\"https:\/\/operafuoco.fr\/wp-content\/uploads\/2024\/06\/1.-Labyrinthe-\u00a9Grand-Palais-RmnRene-Gabriel-Ojeda.png\" class=\"wp-image-5525\" alt=\"\" srcset=\"https:\/\/operafuoco.fr\/wp-content\/uploads\/2024\/06\/1.-Labyrinthe-\u00a9Grand-Palais-RmnRene-Gabriel-Ojeda.png 926w, https:\/\/operafuoco.fr\/wp-content\/uploads\/2024\/06\/1.-Labyrinthe-\u00a9Grand-Palais-RmnRene-Gabriel-Ojeda-300x171.png 300w, https:\/\/operafuoco.fr\/wp-content\/uploads\/2024\/06\/1.-Labyrinthe-\u00a9Grand-Palais-RmnRene-Gabriel-Ojeda-768x438.png 768w, https:\/\/operafuoco.fr\/wp-content\/uploads\/2024\/06\/1.-Labyrinthe-\u00a9Grand-Palais-RmnRene-Gabriel-Ojeda-18x10.png 18w, https:\/\/operafuoco.fr\/wp-content\/uploads\/2024\/06\/1.-Labyrinthe-\u00a9Grand-Palais-RmnRene-Gabriel-Ojeda-500x285.png 500w, https:\/\/operafuoco.fr\/wp-content\/uploads\/2024\/06\/1.-Labyrinthe-\u00a9Grand-Palais-RmnRene-Gabriel-Ojeda-800x456.png 800w\" sizes=\"(max-width: 926px) 100vw, 926px\" \/><\/noscript><img fetchpriority=\"high\" decoding=\"async\" width=\"926\" height=\"528\" src=\"https:\/\/operafuoco.fr\/wp-content\/uploads\/2024\/06\/1.-Labyrinthe-\u00a9Grand-Palais-RmnRene-Gabriel-Ojeda.png\" class=\"wp-image-5525 vp-lazyload\" alt srcset=\"data:image\/svg+xml;base64,PHN2ZyB3aWR0aD0iOTI2IiBoZWlnaHQ9IjUyOCIgdmlld0JveD0iMCAwIDkyNiA1MjgiIGZpbGw9Im5vbmUiIHhtbG5zPSJodHRwOi8vd3d3LnczLm9yZy8yMDAwL3N2ZyI+PC9zdmc+\" data-src=\"https:\/\/operafuoco.fr\/wp-content\/uploads\/2024\/06\/1.-Labyrinthe-\u00a9Grand-Palais-RmnRene-Gabriel-Ojeda.png\" data-srcset=\"https:\/\/operafuoco.fr\/wp-content\/uploads\/2024\/06\/1.-Labyrinthe-\u00a9Grand-Palais-RmnRene-Gabriel-Ojeda.png 926w, https:\/\/operafuoco.fr\/wp-content\/uploads\/2024\/06\/1.-Labyrinthe-\u00a9Grand-Palais-RmnRene-Gabriel-Ojeda-300x171.png 300w, https:\/\/operafuoco.fr\/wp-content\/uploads\/2024\/06\/1.-Labyrinthe-\u00a9Grand-Palais-RmnRene-Gabriel-Ojeda-768x438.png 768w, https:\/\/operafuoco.fr\/wp-content\/uploads\/2024\/06\/1.-Labyrinthe-\u00a9Grand-Palais-RmnRene-Gabriel-Ojeda-18x10.png 18w, https:\/\/operafuoco.fr\/wp-content\/uploads\/2024\/06\/1.-Labyrinthe-\u00a9Grand-Palais-RmnRene-Gabriel-Ojeda-500x285.png 500w, https:\/\/operafuoco.fr\/wp-content\/uploads\/2024\/06\/1.-Labyrinthe-\u00a9Grand-Palais-RmnRene-Gabriel-Ojeda-800x456.png 800w\" data-sizes=\"auto\" loading=\"eager\">\n\t\t<\/a>\t<\/div>\n<\/div>\n\t<figcaption class=\"vp-portfolio__item-overlay vp-portfolio__item-overlay-text-align-center\">\n\t\t<div class=\"vp-portfolio__item-meta-wrap vp-portfolio__custom-scrollbar\">\n\t\t\t\t<a\n\t\thref=\"https:\/\/operafuoco.fr\/en\/le-labyrinthe-fuoco-obbligato\/\"\n\t\ttabindex=\"-1\" class=\"vp-portfolio__item-meta\" \t>\n\t\n<div class=\"vp-portfolio__item-meta-categories\">\n\t\t\t<div class=\"vp-portfolio__item-meta-category\">\n\t\t\t\t<span\t\t\t>\n\tConcerts<\/span>\t\t<\/div>\n\t\t<\/div>\n\n<h2 class=\"vp-portfolio__item-meta-title\">\n\tLe Labyrinthe de l&rsquo;amour &#8211; Fuoco Obbligato<\/h2>\n<\/a>\t\t<\/div>\n\t<\/figcaption>\n\t\t\t<\/figure>\n\t\t\t\t\t<\/article>\n\t\t\n\t\t<article\t\tclass=\"vp-portfolio__item-wrap post-5203 post type-post status-publish format-standard has-post-thumbnail hentry category-concerts tag-archive vp-portfolio__item-uid-eb8f6530\" data-vp-filter=\"concerts\" style=\"--vp-images__object-position: 50% 50%;\" \t\t>\n\t\t\t\t\t\t\t\t\t<figure class=\"vp-portfolio__item\">\n\t\t\t\t\n<div class=\"vp-portfolio__item-img-wrap\">\n\t<div class=\"vp-portfolio__item-img\">\n\t\t\t<a\n\t\thref=\"https:\/\/operafuoco.fr\/en\/la-clemence-de-titus-mozart\/\"\n\t\t\t>\n\t\n\t\t<noscript><img loading=\"lazy\" decoding=\"async\" width=\"1920\" height=\"1366\" data-skip-lazy src=\"https:\/\/operafuoco.fr\/wp-content\/uploads\/2019\/04\/6.La-clemence-de-Titus.jpg\" class=\"wp-image-5528\" alt=\"\" \/><\/noscript><img decoding=\"async\" width=\"1920\" height=\"1366\" src=\"data:image\/svg+xml;base64,PHN2ZyB3aWR0aD0iMTkyMCIgaGVpZ2h0PSIxMzY2IiB2aWV3Qm94PSIwIDAgMTkyMCAxMzY2IiBmaWxsPSJub25lIiB4bWxucz0iaHR0cDovL3d3dy53My5vcmcvMjAwMC9zdmciPjwvc3ZnPg==\" class=\"wp-image-5528 vp-lazyload\" alt data-src=\"https:\/\/operafuoco.fr\/wp-content\/uploads\/2019\/04\/6.La-clemence-de-Titus.jpg\" data-sizes=\"auto\" loading=\"eager\">\n\t\t<\/a>\t<\/div>\n<\/div>\n\t<figcaption class=\"vp-portfolio__item-overlay vp-portfolio__item-overlay-text-align-center\">\n\t\t<div class=\"vp-portfolio__item-meta-wrap vp-portfolio__custom-scrollbar\">\n\t\t\t\t<a\n\t\thref=\"https:\/\/operafuoco.fr\/en\/la-clemence-de-titus-mozart\/\"\n\t\ttabindex=\"-1\" class=\"vp-portfolio__item-meta\" \t>\n\t\n<div class=\"vp-portfolio__item-meta-categories\">\n\t\t\t<div class=\"vp-portfolio__item-meta-category\">\n\t\t\t\t<span\t\t\t>\n\tConcerts<\/span>\t\t<\/div>\n\t\t<\/div>\n\n<h2 class=\"vp-portfolio__item-meta-title\">\n\tLa Clemenza di Tito - Mozart<\/h2>\n<\/a>\t\t<\/div>\n\t<\/figcaption>\n\t\t\t<\/figure>\n\t\t\t\t\t<\/article>\n\t\t\n\t\t<article\t\tclass=\"vp-portfolio__item-wrap post-5452 post type-post status-publish format-standard has-post-thumbnail hentry category-concerts tag-archive vp-portfolio__item-uid-e572dd51\" data-vp-filter=\"concerts\" style=\"--vp-images__object-position: 29% 53%;\" \t\t>\n\t\t\t\t\t\t\t\t\t<figure class=\"vp-portfolio__item\">\n\t\t\t\t\n<div class=\"vp-portfolio__item-img-wrap\">\n\t<div class=\"vp-portfolio__item-img\">\n\t\t\t<a\n\t\thref=\"https:\/\/operafuoco.fr\/en\/apero-concert-champagne-on-broadway\/\"\n\t\t\t>\n\t\n\t\t<noscript><img loading=\"lazy\" decoding=\"async\" width=\"768\" height=\"480\" data-skip-lazy src=\"https:\/\/operafuoco.fr\/wp-content\/uploads\/2024\/07\/Champagne-on-Broadway.jpg\" class=\"wp-image-5453\" alt=\"\" srcset=\"https:\/\/operafuoco.fr\/wp-content\/uploads\/2024\/07\/Champagne-on-Broadway.jpg 768w, https:\/\/operafuoco.fr\/wp-content\/uploads\/2024\/07\/Champagne-on-Broadway-300x188.jpg 300w, https:\/\/operafuoco.fr\/wp-content\/uploads\/2024\/07\/Champagne-on-Broadway-18x12.jpg 18w, https:\/\/operafuoco.fr\/wp-content\/uploads\/2024\/07\/Champagne-on-Broadway-500x313.jpg 500w\" sizes=\"(max-width: 768px) 100vw, 768px\" \/><\/noscript><img decoding=\"async\" width=\"768\" height=\"480\" src=\"https:\/\/operafuoco.fr\/wp-content\/uploads\/2024\/07\/Champagne-on-Broadway.jpg\" class=\"wp-image-5453 vp-lazyload\" alt srcset=\"data:image\/svg+xml;base64,PHN2ZyB3aWR0aD0iNzY4IiBoZWlnaHQ9IjQ4MCIgdmlld0JveD0iMCAwIDc2OCA0ODAiIGZpbGw9Im5vbmUiIHhtbG5zPSJodHRwOi8vd3d3LnczLm9yZy8yMDAwL3N2ZyI+PC9zdmc+\" data-src=\"https:\/\/operafuoco.fr\/wp-content\/uploads\/2024\/07\/Champagne-on-Broadway.jpg\" data-srcset=\"https:\/\/operafuoco.fr\/wp-content\/uploads\/2024\/07\/Champagne-on-Broadway.jpg 768w, https:\/\/operafuoco.fr\/wp-content\/uploads\/2024\/07\/Champagne-on-Broadway-300x188.jpg 300w, https:\/\/operafuoco.fr\/wp-content\/uploads\/2024\/07\/Champagne-on-Broadway-18x12.jpg 18w, https:\/\/operafuoco.fr\/wp-content\/uploads\/2024\/07\/Champagne-on-Broadway-500x313.jpg 500w\" data-sizes=\"auto\" loading=\"eager\">\n\t\t<\/a>\t<\/div>\n<\/div>\n\t<figcaption class=\"vp-portfolio__item-overlay vp-portfolio__item-overlay-text-align-center\">\n\t\t<div class=\"vp-portfolio__item-meta-wrap vp-portfolio__custom-scrollbar\">\n\t\t\t\t<a\n\t\thref=\"https:\/\/operafuoco.fr\/en\/apero-concert-champagne-on-broadway\/\"\n\t\ttabindex=\"-1\" class=\"vp-portfolio__item-meta\" \t>\n\t\n<div class=\"vp-portfolio__item-meta-categories\">\n\t\t\t<div class=\"vp-portfolio__item-meta-category\">\n\t\t\t\t<span\t\t\t>\n\tConcerts<\/span>\t\t<\/div>\n\t\t<\/div>\n\n<h2 class=\"vp-portfolio__item-meta-title\">\n\tAp\u00e9ro-concert &#8211; Champagne on Broadway!<\/h2>\n<\/a>\t\t<\/div>\n\t<\/figcaption>\n\t\t\t<\/figure>\n\t\t\t\t\t<\/article>\n\t\t\n\t\t<article\t\tclass=\"vp-portfolio__item-wrap post-5210 post type-post status-publish format-standard has-post-thumbnail hentry category-concerts tag-archive vp-portfolio__item-uid-6b9d05cb\" data-vp-filter=\"concerts\" style=\"--vp-images__object-position: 46% 48%;\" \t\t>\n\t\t\t\t\t\t\t\t\t<figure class=\"vp-portfolio__item\">\n\t\t\t\t\n<div class=\"vp-portfolio__item-img-wrap\">\n\t<div class=\"vp-portfolio__item-img\">\n\t\t\t<a\n\t\thref=\"https:\/\/operafuoco.fr\/en\/apollo-e-dafne-fuoco-obbligato-2\/\"\n\t\t\t>\n\t\n\t\t<noscript><img loading=\"lazy\" decoding=\"async\" width=\"1200\" height=\"860\" data-skip-lazy src=\"https:\/\/operafuoco.fr\/wp-content\/uploads\/2024\/06\/Apollo__Daphne_September_2015-1a.jpg\" class=\"wp-image-5349\" alt=\"\" srcset=\"https:\/\/operafuoco.fr\/wp-content\/uploads\/2024\/06\/Apollo__Daphne_September_2015-1a.jpg 1200w, https:\/\/operafuoco.fr\/wp-content\/uploads\/2024\/06\/Apollo__Daphne_September_2015-1a-300x215.jpg 300w, https:\/\/operafuoco.fr\/wp-content\/uploads\/2024\/06\/Apollo__Daphne_September_2015-1a-1024x734.jpg 1024w, https:\/\/operafuoco.fr\/wp-content\/uploads\/2024\/06\/Apollo__Daphne_September_2015-1a-768x550.jpg 768w, https:\/\/operafuoco.fr\/wp-content\/uploads\/2024\/06\/Apollo__Daphne_September_2015-1a-18x12.jpg 18w, https:\/\/operafuoco.fr\/wp-content\/uploads\/2024\/06\/Apollo__Daphne_September_2015-1a-140x100.jpg 140w, https:\/\/operafuoco.fr\/wp-content\/uploads\/2024\/06\/Apollo__Daphne_September_2015-1a-500x358.jpg 500w, https:\/\/operafuoco.fr\/wp-content\/uploads\/2024\/06\/Apollo__Daphne_September_2015-1a-800x573.jpg 800w\" sizes=\"(max-width: 1200px) 100vw, 1200px\" \/><\/noscript><img decoding=\"async\" width=\"1200\" height=\"860\" src=\"https:\/\/operafuoco.fr\/wp-content\/uploads\/2024\/06\/Apollo__Daphne_September_2015-1a.jpg\" class=\"wp-image-5349 vp-lazyload\" alt srcset=\"data:image\/svg+xml;base64,PHN2ZyB3aWR0aD0iMTIwMCIgaGVpZ2h0PSI4NjAiIHZpZXdCb3g9IjAgMCAxMjAwIDg2MCIgZmlsbD0ibm9uZSIgeG1sbnM9Imh0dHA6Ly93d3cudzMub3JnLzIwMDAvc3ZnIj48L3N2Zz4=\" data-src=\"https:\/\/operafuoco.fr\/wp-content\/uploads\/2024\/06\/Apollo__Daphne_September_2015-1a.jpg\" data-srcset=\"https:\/\/operafuoco.fr\/wp-content\/uploads\/2024\/06\/Apollo__Daphne_September_2015-1a.jpg 1200w, https:\/\/operafuoco.fr\/wp-content\/uploads\/2024\/06\/Apollo__Daphne_September_2015-1a-300x215.jpg 300w, https:\/\/operafuoco.fr\/wp-content\/uploads\/2024\/06\/Apollo__Daphne_September_2015-1a-1024x734.jpg 1024w, https:\/\/operafuoco.fr\/wp-content\/uploads\/2024\/06\/Apollo__Daphne_September_2015-1a-768x550.jpg 768w, https:\/\/operafuoco.fr\/wp-content\/uploads\/2024\/06\/Apollo__Daphne_September_2015-1a-18x12.jpg 18w, https:\/\/operafuoco.fr\/wp-content\/uploads\/2024\/06\/Apollo__Daphne_September_2015-1a-140x100.jpg 140w, https:\/\/operafuoco.fr\/wp-content\/uploads\/2024\/06\/Apollo__Daphne_September_2015-1a-500x358.jpg 500w, https:\/\/operafuoco.fr\/wp-content\/uploads\/2024\/06\/Apollo__Daphne_September_2015-1a-800x573.jpg 800w\" data-sizes=\"auto\" loading=\"eager\">\n\t\t<\/a>\t<\/div>\n<\/div>\n\t<figcaption class=\"vp-portfolio__item-overlay vp-portfolio__item-overlay-text-align-center\">\n\t\t<div class=\"vp-portfolio__item-meta-wrap vp-portfolio__custom-scrollbar\">\n\t\t\t\t<a\n\t\thref=\"https:\/\/operafuoco.fr\/en\/apollo-e-dafne-fuoco-obbligato-2\/\"\n\t\ttabindex=\"-1\" class=\"vp-portfolio__item-meta\" \t>\n\t\n<div class=\"vp-portfolio__item-meta-categories\">\n\t\t\t<div class=\"vp-portfolio__item-meta-category\">\n\t\t\t\t<span\t\t\t>\n\tConcerts<\/span>\t\t<\/div>\n\t\t<\/div>\n\n<h2 class=\"vp-portfolio__item-meta-title\">\n\tApollo e Dafne &#8211; Fuoco Obbligato<\/h2>\n<\/a>\t\t<\/div>\n\t<\/figcaption>\n\t\t\t<\/figure>\n\t\t\t\t\t<\/article>\n\t\t\n\t\t<article\t\tclass=\"vp-portfolio__item-wrap post-5212 post type-post status-publish format-standard has-post-thumbnail hentry category-concerts tag-archive vp-portfolio__item-uid-859364e7\" data-vp-filter=\"concerts\" style=\"--vp-images__object-position: 52% 43%;\" \t\t>\n\t\t\t\t\t\t\t\t\t<figure class=\"vp-portfolio__item\">\n\t\t\t\t\n<div class=\"vp-portfolio__item-img-wrap\">\n\t<div class=\"vp-portfolio__item-img\">\n\t\t\t<a\n\t\thref=\"https:\/\/operafuoco.fr\/en\/bach-stagioni-bach\/\"\n\t\t\t>\n\t\n\t\t<noscript><img loading=\"lazy\" decoding=\"async\" width=\"1555\" height=\"1530\" data-skip-lazy src=\"https:\/\/operafuoco.fr\/wp-content\/uploads\/2024\/05\/Klimt2-option2.jpg\" class=\"wp-image-5213\" alt=\"\" srcset=\"https:\/\/operafuoco.fr\/wp-content\/uploads\/2024\/05\/Klimt2-option2.jpg 1555w, https:\/\/operafuoco.fr\/wp-content\/uploads\/2024\/05\/Klimt2-option2-300x295.jpg 300w, https:\/\/operafuoco.fr\/wp-content\/uploads\/2024\/05\/Klimt2-option2-1024x1008.jpg 1024w, https:\/\/operafuoco.fr\/wp-content\/uploads\/2024\/05\/Klimt2-option2-768x756.jpg 768w, https:\/\/operafuoco.fr\/wp-content\/uploads\/2024\/05\/Klimt2-option2-1536x1511.jpg 1536w, https:\/\/operafuoco.fr\/wp-content\/uploads\/2024\/05\/Klimt2-option2-12x12.jpg 12w, https:\/\/operafuoco.fr\/wp-content\/uploads\/2024\/05\/Klimt2-option2-500x492.jpg 500w, https:\/\/operafuoco.fr\/wp-content\/uploads\/2024\/05\/Klimt2-option2-800x787.jpg 800w, https:\/\/operafuoco.fr\/wp-content\/uploads\/2024\/05\/Klimt2-option2-1280x1259.jpg 1280w\" sizes=\"(max-width: 1555px) 100vw, 1555px\" \/><\/noscript><img decoding=\"async\" width=\"1555\" height=\"1530\" src=\"https:\/\/operafuoco.fr\/wp-content\/uploads\/2024\/05\/Klimt2-option2.jpg\" class=\"wp-image-5213 vp-lazyload\" alt srcset=\"data:image\/svg+xml;base64,PHN2ZyB3aWR0aD0iMTU1NSIgaGVpZ2h0PSIxNTMwIiB2aWV3Qm94PSIwIDAgMTU1NSAxNTMwIiBmaWxsPSJub25lIiB4bWxucz0iaHR0cDovL3d3dy53My5vcmcvMjAwMC9zdmciPjwvc3ZnPg==\" data-src=\"https:\/\/operafuoco.fr\/wp-content\/uploads\/2024\/05\/Klimt2-option2.jpg\" data-srcset=\"https:\/\/operafuoco.fr\/wp-content\/uploads\/2024\/05\/Klimt2-option2.jpg 1555w, https:\/\/operafuoco.fr\/wp-content\/uploads\/2024\/05\/Klimt2-option2-300x295.jpg 300w, https:\/\/operafuoco.fr\/wp-content\/uploads\/2024\/05\/Klimt2-option2-1024x1008.jpg 1024w, https:\/\/operafuoco.fr\/wp-content\/uploads\/2024\/05\/Klimt2-option2-768x756.jpg 768w, https:\/\/operafuoco.fr\/wp-content\/uploads\/2024\/05\/Klimt2-option2-1536x1511.jpg 1536w, https:\/\/operafuoco.fr\/wp-content\/uploads\/2024\/05\/Klimt2-option2-12x12.jpg 12w, https:\/\/operafuoco.fr\/wp-content\/uploads\/2024\/05\/Klimt2-option2-500x492.jpg 500w, https:\/\/operafuoco.fr\/wp-content\/uploads\/2024\/05\/Klimt2-option2-800x787.jpg 800w, https:\/\/operafuoco.fr\/wp-content\/uploads\/2024\/05\/Klimt2-option2-1280x1259.jpg 1280w\" data-sizes=\"auto\" loading=\"eager\">\n\t\t<\/a>\t<\/div>\n<\/div>\n\t<figcaption class=\"vp-portfolio__item-overlay vp-portfolio__item-overlay-text-align-center\">\n\t\t<div class=\"vp-portfolio__item-meta-wrap vp-portfolio__custom-scrollbar\">\n\t\t\t\t<a\n\t\thref=\"https:\/\/operafuoco.fr\/en\/bach-stagioni-bach\/\"\n\t\ttabindex=\"-1\" class=\"vp-portfolio__item-meta\" \t>\n\t\n<div class=\"vp-portfolio__item-meta-categories\">\n\t\t\t<div class=\"vp-portfolio__item-meta-category\">\n\t\t\t\t<span\t\t\t>\n\tConcerts<\/span>\t\t<\/div>\n\t\t<\/div>\n\n<h2 class=\"vp-portfolio__item-meta-title\">\n\tBach Stagioni &#8211; Bach<\/h2>\n<\/a>\t\t<\/div>\n\t<\/figcaption>\n\t\t\t<\/figure>\n\t\t\t\t\t<\/article>\n\t\t\n\t\t<article\t\tclass=\"vp-portfolio__item-wrap post-5424 post type-post status-publish format-standard has-post-thumbnail hentry category-concerts tag-archive vp-portfolio__item-uid-4350eea3\" data-vp-filter=\"concerts\" style=\"--vp-images__object-position: 51% 62%;\" \t\t>\n\t\t\t\t\t\t\t\t\t<figure class=\"vp-portfolio__item\">\n\t\t\t\t\n<div class=\"vp-portfolio__item-img-wrap\">\n\t<div class=\"vp-portfolio__item-img\">\n\t\t\t<a\n\t\thref=\"https:\/\/operafuoco.fr\/en\/concert-rencontre-massenet\/\"\n\t\t\t>\n\t\n\t\t<noscript><img loading=\"lazy\" decoding=\"async\" width=\"752\" height=\"631\" data-skip-lazy src=\"https:\/\/operafuoco.fr\/wp-content\/uploads\/2024\/06\/gettyimages-929998108-1024x1024-1-e1719583005795.jpg\" class=\"wp-image-5425\" alt=\"\" srcset=\"https:\/\/operafuoco.fr\/wp-content\/uploads\/2024\/06\/gettyimages-929998108-1024x1024-1-e1719583005795.jpg 752w, https:\/\/operafuoco.fr\/wp-content\/uploads\/2024\/06\/gettyimages-929998108-1024x1024-1-e1719583005795-300x252.jpg 300w, https:\/\/operafuoco.fr\/wp-content\/uploads\/2024\/06\/gettyimages-929998108-1024x1024-1-e1719583005795-14x12.jpg 14w, https:\/\/operafuoco.fr\/wp-content\/uploads\/2024\/06\/gettyimages-929998108-1024x1024-1-e1719583005795-500x420.jpg 500w\" sizes=\"(max-width: 752px) 100vw, 752px\" \/><\/noscript><img decoding=\"async\" width=\"752\" height=\"631\" src=\"https:\/\/operafuoco.fr\/wp-content\/uploads\/2024\/06\/gettyimages-929998108-1024x1024-1-e1719583005795.jpg\" class=\"wp-image-5425 vp-lazyload\" alt srcset=\"data:image\/svg+xml;base64,PHN2ZyB3aWR0aD0iNzUyIiBoZWlnaHQ9IjYzMSIgdmlld0JveD0iMCAwIDc1MiA2MzEiIGZpbGw9Im5vbmUiIHhtbG5zPSJodHRwOi8vd3d3LnczLm9yZy8yMDAwL3N2ZyI+PC9zdmc+\" data-src=\"https:\/\/operafuoco.fr\/wp-content\/uploads\/2024\/06\/gettyimages-929998108-1024x1024-1-e1719583005795.jpg\" data-srcset=\"https:\/\/operafuoco.fr\/wp-content\/uploads\/2024\/06\/gettyimages-929998108-1024x1024-1-e1719583005795.jpg 752w, https:\/\/operafuoco.fr\/wp-content\/uploads\/2024\/06\/gettyimages-929998108-1024x1024-1-e1719583005795-300x252.jpg 300w, https:\/\/operafuoco.fr\/wp-content\/uploads\/2024\/06\/gettyimages-929998108-1024x1024-1-e1719583005795-14x12.jpg 14w, https:\/\/operafuoco.fr\/wp-content\/uploads\/2024\/06\/gettyimages-929998108-1024x1024-1-e1719583005795-500x420.jpg 500w\" data-sizes=\"auto\" loading=\"eager\">\n\t\t<\/a>\t<\/div>\n<\/div>\n\t<figcaption class=\"vp-portfolio__item-overlay vp-portfolio__item-overlay-text-align-center\">\n\t\t<div class=\"vp-portfolio__item-meta-wrap vp-portfolio__custom-scrollbar\">\n\t\t\t\t<a\n\t\thref=\"https:\/\/operafuoco.fr\/en\/concert-rencontre-massenet\/\"\n\t\ttabindex=\"-1\" class=\"vp-portfolio__item-meta\" \t>\n\t\n<div class=\"vp-portfolio__item-meta-categories\">\n\t\t\t<div class=\"vp-portfolio__item-meta-category\">\n\t\t\t\t<span\t\t\t>\n\tConcerts<\/span>\t\t<\/div>\n\t\t<\/div>\n\n<h2 class=\"vp-portfolio__item-meta-title\">\n\tEncouter-concert - Massenet<\/h2>\n<\/a>\t\t<\/div>\n\t<\/figcaption>\n\t\t\t<\/figure>\n\t\t\t\t\t<\/article>\n\t\t\n\t\t<article\t\tclass=\"vp-portfolio__item-wrap post-5194 post type-post status-publish format-standard has-post-thumbnail hentry category-concerts tag-archive vp-portfolio__item-uid-a66ff583\" data-vp-filter=\"concerts\" style=\"--vp-images__object-position: 52% 43%;\" \t\t>\n\t\t\t\t\t\t\t\t\t<figure class=\"vp-portfolio__item\">\n\t\t\t\t\n<div class=\"vp-portfolio__item-img-wrap\">\n\t<div class=\"vp-portfolio__item-img\">\n\t\t\t<a\n\t\thref=\"https:\/\/operafuoco.fr\/en\/solomon-william-boyce\/\"\n\t\t\t>\n\t\n\t\t<noscript><img loading=\"lazy\" decoding=\"async\" width=\"640\" height=\"360\" data-skip-lazy src=\"https:\/\/operafuoco.fr\/wp-content\/uploads\/2024\/05\/Chagall_Cantique-des-cantiques-1.jpg\" class=\"wp-image-5227\" alt=\"\" srcset=\"https:\/\/operafuoco.fr\/wp-content\/uploads\/2024\/05\/Chagall_Cantique-des-cantiques-1.jpg 640w, https:\/\/operafuoco.fr\/wp-content\/uploads\/2024\/05\/Chagall_Cantique-des-cantiques-1-300x169.jpg 300w, https:\/\/operafuoco.fr\/wp-content\/uploads\/2024\/05\/Chagall_Cantique-des-cantiques-1-18x10.jpg 18w, https:\/\/operafuoco.fr\/wp-content\/uploads\/2024\/05\/Chagall_Cantique-des-cantiques-1-500x281.jpg 500w\" sizes=\"(max-width: 640px) 100vw, 640px\" \/><\/noscript><img decoding=\"async\" width=\"640\" height=\"360\" src=\"https:\/\/operafuoco.fr\/wp-content\/uploads\/2024\/05\/Chagall_Cantique-des-cantiques-1.jpg\" class=\"wp-image-5227 vp-lazyload\" alt srcset=\"data:image\/svg+xml;base64,PHN2ZyB3aWR0aD0iNjQwIiBoZWlnaHQ9IjM2MCIgdmlld0JveD0iMCAwIDY0MCAzNjAiIGZpbGw9Im5vbmUiIHhtbG5zPSJodHRwOi8vd3d3LnczLm9yZy8yMDAwL3N2ZyI+PC9zdmc+\" data-src=\"https:\/\/operafuoco.fr\/wp-content\/uploads\/2024\/05\/Chagall_Cantique-des-cantiques-1.jpg\" data-srcset=\"https:\/\/operafuoco.fr\/wp-content\/uploads\/2024\/05\/Chagall_Cantique-des-cantiques-1.jpg 640w, https:\/\/operafuoco.fr\/wp-content\/uploads\/2024\/05\/Chagall_Cantique-des-cantiques-1-300x169.jpg 300w, https:\/\/operafuoco.fr\/wp-content\/uploads\/2024\/05\/Chagall_Cantique-des-cantiques-1-18x10.jpg 18w, https:\/\/operafuoco.fr\/wp-content\/uploads\/2024\/05\/Chagall_Cantique-des-cantiques-1-500x281.jpg 500w\" data-sizes=\"auto\" loading=\"eager\">\n\t\t<\/a>\t<\/div>\n<\/div>\n\t<figcaption class=\"vp-portfolio__item-overlay vp-portfolio__item-overlay-text-align-center\">\n\t\t<div class=\"vp-portfolio__item-meta-wrap vp-portfolio__custom-scrollbar\">\n\t\t\t\t<a\n\t\thref=\"https:\/\/operafuoco.fr\/en\/solomon-william-boyce\/\"\n\t\ttabindex=\"-1\" class=\"vp-portfolio__item-meta\" \t>\n\t\n<div class=\"vp-portfolio__item-meta-categories\">\n\t\t\t<div class=\"vp-portfolio__item-meta-category\">\n\t\t\t\t<span\t\t\t>\n\tConcerts<\/span>\t\t<\/div>\n\t\t<\/div>\n\n<h2 class=\"vp-portfolio__item-meta-title\">\n\tSolomon &#8211; William Boyce<\/h2>\n<\/a>\t\t<\/div>\n\t<\/figcaption>\n\t\t\t<\/figure>\n\t\t\t\t\t<\/article>\n\t\t\n\t\t<article\t\tclass=\"vp-portfolio__item-wrap post-5200 post type-post status-publish format-standard has-post-thumbnail hentry category-operas tag-archive vp-portfolio__item-uid-7286348a\" data-vp-filter=\"operas\" style=\"--vp-images__object-position: 50% 51%;\" \t\t>\n\t\t\t\t\t\t\t\t\t<figure class=\"vp-portfolio__item\">\n\t\t\t\t\n<div class=\"vp-portfolio__item-img-wrap\">\n\t<div class=\"vp-portfolio__item-img\">\n\t\t\t<a\n\t\thref=\"https:\/\/operafuoco.fr\/en\/hercules-georg-friedrich-handel-2\/\"\n\t\t\t>\n\t\n\t\t<noscript><img loading=\"lazy\" decoding=\"async\" width=\"612\" height=\"406\" data-skip-lazy src=\"https:\/\/operafuoco.fr\/wp-content\/uploads\/2024\/06\/istockphoto-155374259-612x612-1.jpg\" class=\"wp-image-5340\" alt=\"\" srcset=\"https:\/\/operafuoco.fr\/wp-content\/uploads\/2024\/06\/istockphoto-155374259-612x612-1.jpg 612w, https:\/\/operafuoco.fr\/wp-content\/uploads\/2024\/06\/istockphoto-155374259-612x612-1-300x199.jpg 300w, https:\/\/operafuoco.fr\/wp-content\/uploads\/2024\/06\/istockphoto-155374259-612x612-1-391x260.jpg 391w, https:\/\/operafuoco.fr\/wp-content\/uploads\/2024\/06\/istockphoto-155374259-612x612-1-18x12.jpg 18w, https:\/\/operafuoco.fr\/wp-content\/uploads\/2024\/06\/istockphoto-155374259-612x612-1-500x332.jpg 500w\" sizes=\"(max-width: 612px) 100vw, 612px\" \/><\/noscript><img decoding=\"async\" width=\"612\" height=\"406\" src=\"https:\/\/operafuoco.fr\/wp-content\/uploads\/2024\/06\/istockphoto-155374259-612x612-1.jpg\" class=\"wp-image-5340 vp-lazyload\" alt srcset=\"data:image\/svg+xml;base64,PHN2ZyB3aWR0aD0iNjEyIiBoZWlnaHQ9IjQwNiIgdmlld0JveD0iMCAwIDYxMiA0MDYiIGZpbGw9Im5vbmUiIHhtbG5zPSJodHRwOi8vd3d3LnczLm9yZy8yMDAwL3N2ZyI+PC9zdmc+\" data-src=\"https:\/\/operafuoco.fr\/wp-content\/uploads\/2024\/06\/istockphoto-155374259-612x612-1.jpg\" data-srcset=\"https:\/\/operafuoco.fr\/wp-content\/uploads\/2024\/06\/istockphoto-155374259-612x612-1.jpg 612w, https:\/\/operafuoco.fr\/wp-content\/uploads\/2024\/06\/istockphoto-155374259-612x612-1-300x199.jpg 300w, https:\/\/operafuoco.fr\/wp-content\/uploads\/2024\/06\/istockphoto-155374259-612x612-1-391x260.jpg 391w, https:\/\/operafuoco.fr\/wp-content\/uploads\/2024\/06\/istockphoto-155374259-612x612-1-18x12.jpg 18w, https:\/\/operafuoco.fr\/wp-content\/uploads\/2024\/06\/istockphoto-155374259-612x612-1-500x332.jpg 500w\" data-sizes=\"auto\" loading=\"eager\">\n\t\t<\/a>\t<\/div>\n<\/div>\n\t<figcaption class=\"vp-portfolio__item-overlay vp-portfolio__item-overlay-text-align-center\">\n\t\t<div class=\"vp-portfolio__item-meta-wrap vp-portfolio__custom-scrollbar\">\n\t\t\t\t<a\n\t\thref=\"https:\/\/operafuoco.fr\/en\/hercules-georg-friedrich-handel-2\/\"\n\t\ttabindex=\"-1\" class=\"vp-portfolio__item-meta\" \t>\n\t\n<div class=\"vp-portfolio__item-meta-categories\">\n\t\t\t<div class=\"vp-portfolio__item-meta-category\">\n\t\t\t\t<span\t\t\t>\n\tOperas<\/span>\t\t<\/div>\n\t\t<\/div>\n\n<h2 class=\"vp-portfolio__item-meta-title\">\n\tHercules &#8211; Georg Friedrich Handel<\/h2>\n<\/a>\t\t<\/div>\n\t<\/figcaption>\n\t\t\t<\/figure>\n\t\t\t\t\t<\/article>\n\t\t\n\t\t<article\t\tclass=\"vp-portfolio__item-wrap post-5500 post type-post status-publish format-standard has-post-thumbnail hentry category-concerts tag-archive vp-portfolio__item-uid-77c9220f\" data-vp-filter=\"concerts\" style=\"--vp-images__object-position: 31% 46%;\" \t\t>\n\t\t\t\t\t\t\t\t\t<figure class=\"vp-portfolio__item\">\n\t\t\t\t\n<div class=\"vp-portfolio__item-img-wrap\">\n\t<div class=\"vp-portfolio__item-img\">\n\t\t\t<a\n\t\thref=\"https:\/\/operafuoco.fr\/en\/concert-rencontre-la-maison-de-pain-depices\/\"\n\t\t\t>\n\t\n\t\t<noscript><img loading=\"lazy\" decoding=\"async\" width=\"500\" height=\"421\" data-skip-lazy src=\"https:\/\/operafuoco.fr\/wp-content\/uploads\/2024\/11\/5.-MC-Das-Hexenhaus.jpg\" class=\"wp-image-5501\" alt=\"\" srcset=\"https:\/\/operafuoco.fr\/wp-content\/uploads\/2024\/11\/5.-MC-Das-Hexenhaus.jpg 500w, https:\/\/operafuoco.fr\/wp-content\/uploads\/2024\/11\/5.-MC-Das-Hexenhaus-300x253.jpg 300w, https:\/\/operafuoco.fr\/wp-content\/uploads\/2024\/11\/5.-MC-Das-Hexenhaus-14x12.jpg 14w\" sizes=\"(max-width: 500px) 100vw, 500px\" \/><\/noscript><img decoding=\"async\" width=\"500\" height=\"421\" src=\"https:\/\/operafuoco.fr\/wp-content\/uploads\/2024\/11\/5.-MC-Das-Hexenhaus.jpg\" class=\"wp-image-5501 vp-lazyload\" alt srcset=\"data:image\/svg+xml;base64,PHN2ZyB3aWR0aD0iNTAwIiBoZWlnaHQ9IjQyMSIgdmlld0JveD0iMCAwIDUwMCA0MjEiIGZpbGw9Im5vbmUiIHhtbG5zPSJodHRwOi8vd3d3LnczLm9yZy8yMDAwL3N2ZyI+PC9zdmc+\" data-src=\"https:\/\/operafuoco.fr\/wp-content\/uploads\/2024\/11\/5.-MC-Das-Hexenhaus.jpg\" data-srcset=\"https:\/\/operafuoco.fr\/wp-content\/uploads\/2024\/11\/5.-MC-Das-Hexenhaus.jpg 500w, https:\/\/operafuoco.fr\/wp-content\/uploads\/2024\/11\/5.-MC-Das-Hexenhaus-300x253.jpg 300w, https:\/\/operafuoco.fr\/wp-content\/uploads\/2024\/11\/5.-MC-Das-Hexenhaus-14x12.jpg 14w\" data-sizes=\"auto\" loading=\"eager\">\n\t\t<\/a>\t<\/div>\n<\/div>\n\t<figcaption class=\"vp-portfolio__item-overlay vp-portfolio__item-overlay-text-align-center\">\n\t\t<div class=\"vp-portfolio__item-meta-wrap vp-portfolio__custom-scrollbar\">\n\t\t\t\t<a\n\t\thref=\"https:\/\/operafuoco.fr\/en\/concert-rencontre-la-maison-de-pain-depices\/\"\n\t\ttabindex=\"-1\" class=\"vp-portfolio__item-meta\" \t>\n\t\n<div class=\"vp-portfolio__item-meta-categories\">\n\t\t\t<div class=\"vp-portfolio__item-meta-category\">\n\t\t\t\t<span\t\t\t>\n\tConcerts<\/span>\t\t<\/div>\n\t\t<\/div>\n\n<h2 class=\"vp-portfolio__item-meta-title\">\n\tEncounter-concert - The Gingerbread House<\/h2>\n<\/a>\t\t<\/div>\n\t<\/figcaption>\n\t\t\t<\/figure>\n\t\t\t\t\t<\/article>\n\t\t\n\t\t<article\t\tclass=\"vp-portfolio__item-wrap post-5449 post type-post status-publish format-standard has-post-thumbnail hentry category-concerts tag-archive vp-portfolio__item-uid-6bbb3598\" data-vp-filter=\"concerts\" style=\"--vp-images__object-position: 58% 18%;\" \t\t>\n\t\t\t\t\t\t\t\t\t<figure class=\"vp-portfolio__item\">\n\t\t\t\t\n<div class=\"vp-portfolio__item-img-wrap\">\n\t<div class=\"vp-portfolio__item-img\">\n\t\t\t<a\n\t\thref=\"https:\/\/operafuoco.fr\/en\/apero-concert-massenet\/\"\n\t\t\t>\n\t\n\t\t<noscript><img loading=\"lazy\" decoding=\"async\" width=\"1066\" height=\"1384\" data-skip-lazy src=\"https:\/\/operafuoco.fr\/wp-content\/uploads\/2024\/07\/s-l1600-e1721225370667.jpg\" class=\"wp-image-5465\" alt=\"\" srcset=\"https:\/\/operafuoco.fr\/wp-content\/uploads\/2024\/07\/s-l1600-e1721225370667.jpg 1066w, https:\/\/operafuoco.fr\/wp-content\/uploads\/2024\/07\/s-l1600-e1721225370667-231x300.jpg 231w, https:\/\/operafuoco.fr\/wp-content\/uploads\/2024\/07\/s-l1600-e1721225370667-789x1024.jpg 789w, https:\/\/operafuoco.fr\/wp-content\/uploads\/2024\/07\/s-l1600-e1721225370667-768x997.jpg 768w, https:\/\/operafuoco.fr\/wp-content\/uploads\/2024\/07\/s-l1600-e1721225370667-9x12.jpg 9w, https:\/\/operafuoco.fr\/wp-content\/uploads\/2024\/07\/s-l1600-e1721225370667-500x649.jpg 500w, https:\/\/operafuoco.fr\/wp-content\/uploads\/2024\/07\/s-l1600-e1721225370667-800x1039.jpg 800w\" sizes=\"(max-width: 1066px) 100vw, 1066px\" \/><\/noscript><img decoding=\"async\" width=\"1066\" height=\"1384\" src=\"https:\/\/operafuoco.fr\/wp-content\/uploads\/2024\/07\/s-l1600-e1721225370667.jpg\" class=\"wp-image-5465 vp-lazyload\" alt srcset=\"data:image\/svg+xml;base64,PHN2ZyB3aWR0aD0iMTA2NiIgaGVpZ2h0PSIxMzg0IiB2aWV3Qm94PSIwIDAgMTA2NiAxMzg0IiBmaWxsPSJub25lIiB4bWxucz0iaHR0cDovL3d3dy53My5vcmcvMjAwMC9zdmciPjwvc3ZnPg==\" data-src=\"https:\/\/operafuoco.fr\/wp-content\/uploads\/2024\/07\/s-l1600-e1721225370667.jpg\" data-srcset=\"https:\/\/operafuoco.fr\/wp-content\/uploads\/2024\/07\/s-l1600-e1721225370667.jpg 1066w, https:\/\/operafuoco.fr\/wp-content\/uploads\/2024\/07\/s-l1600-e1721225370667-231x300.jpg 231w, https:\/\/operafuoco.fr\/wp-content\/uploads\/2024\/07\/s-l1600-e1721225370667-789x1024.jpg 789w, https:\/\/operafuoco.fr\/wp-content\/uploads\/2024\/07\/s-l1600-e1721225370667-768x997.jpg 768w, https:\/\/operafuoco.fr\/wp-content\/uploads\/2024\/07\/s-l1600-e1721225370667-9x12.jpg 9w, https:\/\/operafuoco.fr\/wp-content\/uploads\/2024\/07\/s-l1600-e1721225370667-500x649.jpg 500w, https:\/\/operafuoco.fr\/wp-content\/uploads\/2024\/07\/s-l1600-e1721225370667-800x1039.jpg 800w\" data-sizes=\"auto\" loading=\"eager\">\n\t\t<\/a>\t<\/div>\n<\/div>\n\t<figcaption class=\"vp-portfolio__item-overlay vp-portfolio__item-overlay-text-align-center\">\n\t\t<div class=\"vp-portfolio__item-meta-wrap vp-portfolio__custom-scrollbar\">\n\t\t\t\t<a\n\t\thref=\"https:\/\/operafuoco.fr\/en\/apero-concert-massenet\/\"\n\t\ttabindex=\"-1\" class=\"vp-portfolio__item-meta\" \t>\n\t\n<div class=\"vp-portfolio__item-meta-categories\">\n\t\t\t<div class=\"vp-portfolio__item-meta-category\">\n\t\t\t\t<span\t\t\t>\n\tConcerts<\/span>\t\t<\/div>\n\t\t<\/div>\n\n<h2 class=\"vp-portfolio__item-meta-title\">\n\tApero-concert - Massenet<\/h2>\n<\/a>\t\t<\/div>\n\t<\/figcaption>\n\t\t\t<\/figure>\n\t\t\t\t\t<\/article>\n\t\t\n\t\t<article\t\tclass=\"vp-portfolio__item-wrap post-4611 post type-post status-publish format-standard has-post-thumbnail hentry category-concerts tag-archive vp-portfolio__item-uid-a32ffae4\" data-vp-filter=\"concerts\" style=\"--vp-images__object-position: 52% 43%;\" \t\t>\n\t\t\t\t\t\t\t\t\t<figure class=\"vp-portfolio__item\">\n\t\t\t\t\n<div class=\"vp-portfolio__item-img-wrap\">\n\t<div class=\"vp-portfolio__item-img\">\n\t\t\t<a\n\t\thref=\"https:\/\/operafuoco.fr\/en\/apero-concert-eternelle-muse\/\"\n\t\t\t>\n\t\n\t\t<noscript><img loading=\"lazy\" decoding=\"async\" width=\"263\" height=\"380\" data-skip-lazy src=\"https:\/\/operafuoco.fr\/wp-content\/uploads\/2023\/07\/Eternelle-Muse.png\" class=\"wp-image-4586\" alt=\"\" srcset=\"https:\/\/operafuoco.fr\/wp-content\/uploads\/2023\/07\/Eternelle-Muse.png 263w, https:\/\/operafuoco.fr\/wp-content\/uploads\/2023\/07\/Eternelle-Muse-208x300.png 208w, https:\/\/operafuoco.fr\/wp-content\/uploads\/2023\/07\/Eternelle-Muse-8x12.png 8w\" sizes=\"(max-width: 263px) 100vw, 263px\" \/><\/noscript><img decoding=\"async\" width=\"263\" height=\"380\" src=\"https:\/\/operafuoco.fr\/wp-content\/uploads\/2023\/07\/Eternelle-Muse.png\" class=\"wp-image-4586 vp-lazyload\" alt srcset=\"data:image\/svg+xml;base64,PHN2ZyB3aWR0aD0iMjYzIiBoZWlnaHQ9IjM4MCIgdmlld0JveD0iMCAwIDI2MyAzODAiIGZpbGw9Im5vbmUiIHhtbG5zPSJodHRwOi8vd3d3LnczLm9yZy8yMDAwL3N2ZyI+PC9zdmc+\" data-src=\"https:\/\/operafuoco.fr\/wp-content\/uploads\/2023\/07\/Eternelle-Muse.png\" data-srcset=\"https:\/\/operafuoco.fr\/wp-content\/uploads\/2023\/07\/Eternelle-Muse.png 263w, https:\/\/operafuoco.fr\/wp-content\/uploads\/2023\/07\/Eternelle-Muse-208x300.png 208w, https:\/\/operafuoco.fr\/wp-content\/uploads\/2023\/07\/Eternelle-Muse-8x12.png 8w\" data-sizes=\"auto\" loading=\"eager\">\n\t\t<\/a>\t<\/div>\n<\/div>\n\t<figcaption class=\"vp-portfolio__item-overlay vp-portfolio__item-overlay-text-align-center\">\n\t\t<div class=\"vp-portfolio__item-meta-wrap vp-portfolio__custom-scrollbar\">\n\t\t\t\t<a\n\t\thref=\"https:\/\/operafuoco.fr\/en\/apero-concert-eternelle-muse\/\"\n\t\ttabindex=\"-1\" class=\"vp-portfolio__item-meta\" \t>\n\t\n<div class=\"vp-portfolio__item-meta-categories\">\n\t\t\t<div class=\"vp-portfolio__item-meta-category\">\n\t\t\t\t<span\t\t\t>\n\tConcerts<\/span>\t\t<\/div>\n\t\t<\/div>\n\n<h2 class=\"vp-portfolio__item-meta-title\">\n\tConcert \u00c9ternelle Muse<\/h2>\n<\/a>\t\t<\/div>\n\t<\/figcaption>\n\t\t\t<\/figure>\n\t\t\t\t\t<\/article>\n\t\t\n\t\t<article\t\tclass=\"vp-portfolio__item-wrap post-4970 post type-post status-publish format-standard has-post-thumbnail hentry category-operas tag-archive vp-portfolio__item-uid-892e2ac9\" data-vp-filter=\"operas\" style=\"--vp-images__object-position: 48% 8%;\" \t\t>\n\t\t\t\t\t\t\t\t\t<figure class=\"vp-portfolio__item\">\n\t\t\t\t\n<div class=\"vp-portfolio__item-img-wrap\">\n\t<div class=\"vp-portfolio__item-img\">\n\t\t\t<a\n\t\thref=\"https:\/\/operafuoco.fr\/en\/projet-pedagogique-hercules\/\"\n\t\t\t>\n\t\n\t\t<noscript><img loading=\"lazy\" decoding=\"async\" width=\"492\" height=\"700\" data-skip-lazy src=\"https:\/\/operafuoco.fr\/wp-content\/uploads\/2023\/10\/Projet-pedagogique-Hercules.jpg\" class=\"wp-image-4971\" alt=\"\" srcset=\"https:\/\/operafuoco.fr\/wp-content\/uploads\/2023\/10\/Projet-pedagogique-Hercules.jpg 492w, https:\/\/operafuoco.fr\/wp-content\/uploads\/2023\/10\/Projet-pedagogique-Hercules-211x300.jpg 211w, https:\/\/operafuoco.fr\/wp-content\/uploads\/2023\/10\/Projet-pedagogique-Hercules-8x12.jpg 8w\" sizes=\"(max-width: 492px) 100vw, 492px\" \/><\/noscript><img decoding=\"async\" width=\"492\" height=\"700\" src=\"https:\/\/operafuoco.fr\/wp-content\/uploads\/2023\/10\/Projet-pedagogique-Hercules.jpg\" class=\"wp-image-4971 vp-lazyload\" alt srcset=\"data:image\/svg+xml;base64,PHN2ZyB3aWR0aD0iNDkyIiBoZWlnaHQ9IjcwMCIgdmlld0JveD0iMCAwIDQ5MiA3MDAiIGZpbGw9Im5vbmUiIHhtbG5zPSJodHRwOi8vd3d3LnczLm9yZy8yMDAwL3N2ZyI+PC9zdmc+\" data-src=\"https:\/\/operafuoco.fr\/wp-content\/uploads\/2023\/10\/Projet-pedagogique-Hercules.jpg\" data-srcset=\"https:\/\/operafuoco.fr\/wp-content\/uploads\/2023\/10\/Projet-pedagogique-Hercules.jpg 492w, https:\/\/operafuoco.fr\/wp-content\/uploads\/2023\/10\/Projet-pedagogique-Hercules-211x300.jpg 211w, https:\/\/operafuoco.fr\/wp-content\/uploads\/2023\/10\/Projet-pedagogique-Hercules-8x12.jpg 8w\" data-sizes=\"auto\" loading=\"eager\">\n\t\t<\/a>\t<\/div>\n<\/div>\n\t<figcaption class=\"vp-portfolio__item-overlay vp-portfolio__item-overlay-text-align-center\">\n\t\t<div class=\"vp-portfolio__item-meta-wrap vp-portfolio__custom-scrollbar\">\n\t\t\t\t<a\n\t\thref=\"https:\/\/operafuoco.fr\/en\/projet-pedagogique-hercules\/\"\n\t\ttabindex=\"-1\" class=\"vp-portfolio__item-meta\" \t>\n\t\n<div class=\"vp-portfolio__item-meta-categories\">\n\t\t\t<div class=\"vp-portfolio__item-meta-category\">\n\t\t\t\t<span\t\t\t>\n\tOperas<\/span>\t\t<\/div>\n\t\t<\/div>\n\n<h2 class=\"vp-portfolio__item-meta-title\">\n\tHercules Outreach<\/h2>\n<\/a>\t\t<\/div>\n\t<\/figcaption>\n\t\t\t<\/figure>\n\t\t\t\t\t<\/article>\n\t\t\n\t\t<article\t\tclass=\"vp-portfolio__item-wrap post-4600 post type-post status-publish format-standard has-post-thumbnail hentry category-operas tag-archive vp-portfolio__item-uid-cd33fb33\" data-vp-filter=\"operas\" style=\"--vp-images__object-position: 46% 34%;\" \t\t>\n\t\t\t\t\t\t\t\t\t<figure class=\"vp-portfolio__item\">\n\t\t\t\t\n<div class=\"vp-portfolio__item-img-wrap\">\n\t<div class=\"vp-portfolio__item-img\">\n\t\t\t<a\n\t\thref=\"https:\/\/operafuoco.fr\/en\/hercules-georg-friedrich-handel\/\"\n\t\t\t>\n\t\n\t\t<noscript><img loading=\"lazy\" decoding=\"async\" width=\"578\" height=\"478\" data-skip-lazy src=\"https:\/\/operafuoco.fr\/wp-content\/uploads\/2019\/04\/2.png\" class=\"wp-image-4599\" alt=\"\" srcset=\"https:\/\/operafuoco.fr\/wp-content\/uploads\/2019\/04\/2.png 578w, https:\/\/operafuoco.fr\/wp-content\/uploads\/2019\/04\/2-300x248.png 300w, https:\/\/operafuoco.fr\/wp-content\/uploads\/2019\/04\/2-15x12.png 15w, https:\/\/operafuoco.fr\/wp-content\/uploads\/2019\/04\/2-500x413.png 500w\" sizes=\"(max-width: 578px) 100vw, 578px\" \/><\/noscript><img decoding=\"async\" width=\"578\" height=\"478\" src=\"https:\/\/operafuoco.fr\/wp-content\/uploads\/2019\/04\/2.png\" class=\"wp-image-4599 vp-lazyload\" alt srcset=\"data:image\/svg+xml;base64,PHN2ZyB3aWR0aD0iNTc4IiBoZWlnaHQ9IjQ3OCIgdmlld0JveD0iMCAwIDU3OCA0NzgiIGZpbGw9Im5vbmUiIHhtbG5zPSJodHRwOi8vd3d3LnczLm9yZy8yMDAwL3N2ZyI+PC9zdmc+\" data-src=\"https:\/\/operafuoco.fr\/wp-content\/uploads\/2019\/04\/2.png\" data-srcset=\"https:\/\/operafuoco.fr\/wp-content\/uploads\/2019\/04\/2.png 578w, https:\/\/operafuoco.fr\/wp-content\/uploads\/2019\/04\/2-300x248.png 300w, https:\/\/operafuoco.fr\/wp-content\/uploads\/2019\/04\/2-15x12.png 15w, https:\/\/operafuoco.fr\/wp-content\/uploads\/2019\/04\/2-500x413.png 500w\" data-sizes=\"auto\" loading=\"eager\">\n\t\t<\/a>\t<\/div>\n<\/div>\n\t<figcaption class=\"vp-portfolio__item-overlay vp-portfolio__item-overlay-text-align-center\">\n\t\t<div class=\"vp-portfolio__item-meta-wrap vp-portfolio__custom-scrollbar\">\n\t\t\t\t<a\n\t\thref=\"https:\/\/operafuoco.fr\/en\/hercules-georg-friedrich-handel\/\"\n\t\ttabindex=\"-1\" class=\"vp-portfolio__item-meta\" \t>\n\t\n<div class=\"vp-portfolio__item-meta-categories\">\n\t\t\t<div class=\"vp-portfolio__item-meta-category\">\n\t\t\t\t<span\t\t\t>\n\tOperas<\/span>\t\t<\/div>\n\t\t<\/div>\n\n<h2 class=\"vp-portfolio__item-meta-title\">\n\tHercules &#8211; Georg Friedrich Handel<\/h2>\n<\/a>\t\t<\/div>\n\t<\/figcaption>\n\t\t\t<\/figure>\n\t\t\t\t\t<\/article>\n\t\t\n\t\t<article\t\tclass=\"vp-portfolio__item-wrap post-4602 post type-post status-publish format-standard has-post-thumbnail hentry category-concerts tag-archive vp-portfolio__item-uid-233d9a1f\" data-vp-filter=\"concerts\" \t\t>\n\t\t\t\t\t\t\t\t\t<figure class=\"vp-portfolio__item\">\n\t\t\t\t\n<div class=\"vp-portfolio__item-img-wrap\">\n\t<div class=\"vp-portfolio__item-img\">\n\t\t\t<a\n\t\thref=\"https:\/\/operafuoco.fr\/en\/concert-des-vingt-ans\/\"\n\t\t\t>\n\t\n\t\t<noscript><img loading=\"lazy\" decoding=\"async\" width=\"900\" height=\"1000\" data-skip-lazy src=\"https:\/\/operafuoco.fr\/wp-content\/uploads\/2023\/07\/Les-Grandes-Voix.jpg\" class=\"wp-image-4908\" alt=\"\" srcset=\"https:\/\/operafuoco.fr\/wp-content\/uploads\/2023\/07\/Les-Grandes-Voix.jpg 900w, https:\/\/operafuoco.fr\/wp-content\/uploads\/2023\/07\/Les-Grandes-Voix-270x300.jpg 270w, https:\/\/operafuoco.fr\/wp-content\/uploads\/2023\/07\/Les-Grandes-Voix-768x853.jpg 768w, https:\/\/operafuoco.fr\/wp-content\/uploads\/2023\/07\/Les-Grandes-Voix-11x12.jpg 11w, https:\/\/operafuoco.fr\/wp-content\/uploads\/2023\/07\/Les-Grandes-Voix-500x556.jpg 500w, https:\/\/operafuoco.fr\/wp-content\/uploads\/2023\/07\/Les-Grandes-Voix-800x889.jpg 800w\" sizes=\"(max-width: 900px) 100vw, 900px\" \/><\/noscript><img decoding=\"async\" width=\"900\" height=\"1000\" src=\"https:\/\/operafuoco.fr\/wp-content\/uploads\/2023\/07\/Les-Grandes-Voix.jpg\" class=\"wp-image-4908 vp-lazyload\" alt srcset=\"data:image\/svg+xml;base64,PHN2ZyB3aWR0aD0iOTAwIiBoZWlnaHQ9IjEwMDAiIHZpZXdCb3g9IjAgMCA5MDAgMTAwMCIgZmlsbD0ibm9uZSIgeG1sbnM9Imh0dHA6Ly93d3cudzMub3JnLzIwMDAvc3ZnIj48L3N2Zz4=\" data-src=\"https:\/\/operafuoco.fr\/wp-content\/uploads\/2023\/07\/Les-Grandes-Voix.jpg\" data-srcset=\"https:\/\/operafuoco.fr\/wp-content\/uploads\/2023\/07\/Les-Grandes-Voix.jpg 900w, https:\/\/operafuoco.fr\/wp-content\/uploads\/2023\/07\/Les-Grandes-Voix-270x300.jpg 270w, https:\/\/operafuoco.fr\/wp-content\/uploads\/2023\/07\/Les-Grandes-Voix-768x853.jpg 768w, https:\/\/operafuoco.fr\/wp-content\/uploads\/2023\/07\/Les-Grandes-Voix-11x12.jpg 11w, https:\/\/operafuoco.fr\/wp-content\/uploads\/2023\/07\/Les-Grandes-Voix-500x556.jpg 500w, https:\/\/operafuoco.fr\/wp-content\/uploads\/2023\/07\/Les-Grandes-Voix-800x889.jpg 800w\" data-sizes=\"auto\" loading=\"eager\">\n\t\t<\/a>\t<\/div>\n<\/div>\n\t<figcaption class=\"vp-portfolio__item-overlay vp-portfolio__item-overlay-text-align-center\">\n\t\t<div class=\"vp-portfolio__item-meta-wrap vp-portfolio__custom-scrollbar\">\n\t\t\t\t<a\n\t\thref=\"https:\/\/operafuoco.fr\/en\/concert-des-vingt-ans\/\"\n\t\ttabindex=\"-1\" class=\"vp-portfolio__item-meta\" \t>\n\t\n<div class=\"vp-portfolio__item-meta-categories\">\n\t\t\t<div class=\"vp-portfolio__item-meta-category\">\n\t\t\t\t<span\t\t\t>\n\tConcerts<\/span>\t\t<\/div>\n\t\t<\/div>\n\n<h2 class=\"vp-portfolio__item-meta-title\">\n\t20th anniversary concert<\/h2>\n<\/a>\t\t<\/div>\n\t<\/figcaption>\n\t\t\t<\/figure>\n\t\t\t\t\t<\/article>\n\t\t\n\t\t<article\t\tclass=\"vp-portfolio__item-wrap post-5017 post type-post status-publish format-standard has-post-thumbnail hentry category-concerts tag-archive vp-portfolio__item-uid-f67d4406\" data-vp-filter=\"concerts\" style=\"--vp-images__object-position: 53% 50%;\" \t\t>\n\t\t\t\t\t\t\t\t\t<figure class=\"vp-portfolio__item\">\n\t\t\t\t\n<div class=\"vp-portfolio__item-img-wrap\">\n\t<div class=\"vp-portfolio__item-img\">\n\t\t\t<a\n\t\thref=\"https:\/\/operafuoco.fr\/en\/master-classe-concert-rencontre-endless-pleasure-handel\/\"\n\t\t\t>\n\t\n\t\t<noscript><img loading=\"lazy\" decoding=\"async\" width=\"976\" height=\"549\" data-skip-lazy src=\"https:\/\/operafuoco.fr\/wp-content\/uploads\/2023\/12\/Master-classe-Handel.jpg\" class=\"wp-image-5018\" alt=\"\" srcset=\"https:\/\/operafuoco.fr\/wp-content\/uploads\/2023\/12\/Master-classe-Handel.jpg 976w, https:\/\/operafuoco.fr\/wp-content\/uploads\/2023\/12\/Master-classe-Handel-300x169.jpg 300w, https:\/\/operafuoco.fr\/wp-content\/uploads\/2023\/12\/Master-classe-Handel-768x432.jpg 768w, https:\/\/operafuoco.fr\/wp-content\/uploads\/2023\/12\/Master-classe-Handel-18x10.jpg 18w, https:\/\/operafuoco.fr\/wp-content\/uploads\/2023\/12\/Master-classe-Handel-500x281.jpg 500w, https:\/\/operafuoco.fr\/wp-content\/uploads\/2023\/12\/Master-classe-Handel-800x450.jpg 800w\" sizes=\"(max-width: 976px) 100vw, 976px\" \/><\/noscript><img decoding=\"async\" width=\"976\" height=\"549\" src=\"https:\/\/operafuoco.fr\/wp-content\/uploads\/2023\/12\/Master-classe-Handel.jpg\" class=\"wp-image-5018 vp-lazyload\" alt srcset=\"data:image\/svg+xml;base64,PHN2ZyB3aWR0aD0iOTc2IiBoZWlnaHQ9IjU0OSIgdmlld0JveD0iMCAwIDk3NiA1NDkiIGZpbGw9Im5vbmUiIHhtbG5zPSJodHRwOi8vd3d3LnczLm9yZy8yMDAwL3N2ZyI+PC9zdmc+\" data-src=\"https:\/\/operafuoco.fr\/wp-content\/uploads\/2023\/12\/Master-classe-Handel.jpg\" data-srcset=\"https:\/\/operafuoco.fr\/wp-content\/uploads\/2023\/12\/Master-classe-Handel.jpg 976w, https:\/\/operafuoco.fr\/wp-content\/uploads\/2023\/12\/Master-classe-Handel-300x169.jpg 300w, https:\/\/operafuoco.fr\/wp-content\/uploads\/2023\/12\/Master-classe-Handel-768x432.jpg 768w, https:\/\/operafuoco.fr\/wp-content\/uploads\/2023\/12\/Master-classe-Handel-18x10.jpg 18w, https:\/\/operafuoco.fr\/wp-content\/uploads\/2023\/12\/Master-classe-Handel-500x281.jpg 500w, https:\/\/operafuoco.fr\/wp-content\/uploads\/2023\/12\/Master-classe-Handel-800x450.jpg 800w\" data-sizes=\"auto\" loading=\"eager\">\n\t\t<\/a>\t<\/div>\n<\/div>\n\t<figcaption class=\"vp-portfolio__item-overlay vp-portfolio__item-overlay-text-align-center\">\n\t\t<div class=\"vp-portfolio__item-meta-wrap vp-portfolio__custom-scrollbar\">\n\t\t\t\t<a\n\t\thref=\"https:\/\/operafuoco.fr\/en\/master-classe-concert-rencontre-endless-pleasure-handel\/\"\n\t\ttabindex=\"-1\" class=\"vp-portfolio__item-meta\" \t>\n\t\n<div class=\"vp-portfolio__item-meta-categories\">\n\t\t\t<div class=\"vp-portfolio__item-meta-category\">\n\t\t\t\t<span\t\t\t>\n\tConcerts<\/span>\t\t<\/div>\n\t\t<\/div>\n\n<h2 class=\"vp-portfolio__item-meta-title translation-block\">Masterclass &amp; Encounter-concert - Endless pleasure - Handel Arias<\/h2>\n<\/a>\t\t<\/div>\n\t<\/figcaption>\n\t\t\t<\/figure>\n\t\t\t\t\t<\/article>\n\t\t\n\t\t<article\t\tclass=\"vp-portfolio__item-wrap post-4666 post type-post status-publish format-standard has-post-thumbnail hentry category-concerts tag-archive vp-portfolio__item-uid-720af980\" data-vp-filter=\"concerts\" style=\"--vp-images__object-position: 52% 43%;\" \t\t>\n\t\t\t\t\t\t\t\t\t<figure class=\"vp-portfolio__item\">\n\t\t\t\t\n<div class=\"vp-portfolio__item-img-wrap\">\n\t<div class=\"vp-portfolio__item-img\">\n\t\t\t<a\n\t\thref=\"https:\/\/operafuoco.fr\/en\/master-classe-on-the-boulevard\/\"\n\t\t\t>\n\t\n\t\t<noscript><img loading=\"lazy\" decoding=\"async\" width=\"939\" height=\"652\" data-skip-lazy src=\"https:\/\/operafuoco.fr\/wp-content\/uploads\/2023\/07\/MC-On-the-Boulevard.jpg\" class=\"wp-image-4649\" alt=\"\" srcset=\"https:\/\/operafuoco.fr\/wp-content\/uploads\/2023\/07\/MC-On-the-Boulevard.jpg 939w, https:\/\/operafuoco.fr\/wp-content\/uploads\/2023\/07\/MC-On-the-Boulevard-300x208.jpg 300w, https:\/\/operafuoco.fr\/wp-content\/uploads\/2023\/07\/MC-On-the-Boulevard-768x533.jpg 768w, https:\/\/operafuoco.fr\/wp-content\/uploads\/2023\/07\/MC-On-the-Boulevard-18x12.jpg 18w, https:\/\/operafuoco.fr\/wp-content\/uploads\/2023\/07\/MC-On-the-Boulevard-500x347.jpg 500w, https:\/\/operafuoco.fr\/wp-content\/uploads\/2023\/07\/MC-On-the-Boulevard-800x555.jpg 800w\" sizes=\"(max-width: 939px) 100vw, 939px\" \/><\/noscript><img decoding=\"async\" width=\"939\" height=\"652\" src=\"https:\/\/operafuoco.fr\/wp-content\/uploads\/2023\/07\/MC-On-the-Boulevard.jpg\" class=\"wp-image-4649 vp-lazyload\" alt srcset=\"data:image\/svg+xml;base64,PHN2ZyB3aWR0aD0iOTM5IiBoZWlnaHQ9IjY1MiIgdmlld0JveD0iMCAwIDkzOSA2NTIiIGZpbGw9Im5vbmUiIHhtbG5zPSJodHRwOi8vd3d3LnczLm9yZy8yMDAwL3N2ZyI+PC9zdmc+\" data-src=\"https:\/\/operafuoco.fr\/wp-content\/uploads\/2023\/07\/MC-On-the-Boulevard.jpg\" data-srcset=\"https:\/\/operafuoco.fr\/wp-content\/uploads\/2023\/07\/MC-On-the-Boulevard.jpg 939w, https:\/\/operafuoco.fr\/wp-content\/uploads\/2023\/07\/MC-On-the-Boulevard-300x208.jpg 300w, https:\/\/operafuoco.fr\/wp-content\/uploads\/2023\/07\/MC-On-the-Boulevard-768x533.jpg 768w, https:\/\/operafuoco.fr\/wp-content\/uploads\/2023\/07\/MC-On-the-Boulevard-18x12.jpg 18w, https:\/\/operafuoco.fr\/wp-content\/uploads\/2023\/07\/MC-On-the-Boulevard-500x347.jpg 500w, https:\/\/operafuoco.fr\/wp-content\/uploads\/2023\/07\/MC-On-the-Boulevard-800x555.jpg 800w\" data-sizes=\"auto\" loading=\"eager\">\n\t\t<\/a>\t<\/div>\n<\/div>\n\t<figcaption class=\"vp-portfolio__item-overlay vp-portfolio__item-overlay-text-align-center\">\n\t\t<div class=\"vp-portfolio__item-meta-wrap vp-portfolio__custom-scrollbar\">\n\t\t\t\t<a\n\t\thref=\"https:\/\/operafuoco.fr\/en\/master-classe-on-the-boulevard\/\"\n\t\ttabindex=\"-1\" class=\"vp-portfolio__item-meta\" \t>\n\t\n<div class=\"vp-portfolio__item-meta-categories\">\n\t\t\t<div class=\"vp-portfolio__item-meta-category\">\n\t\t\t\t<span\t\t\t>\n\tConcerts<\/span>\t\t<\/div>\n\t\t<\/div>\n\n<h2 class=\"vp-portfolio__item-meta-title\">\n\tMaster classe &#038; concert-rencontre &#8211; On the Boulevard!<\/h2>\n<\/a>\t\t<\/div>\n\t<\/figcaption>\n\t\t\t<\/figure>\n\t\t\t\t\t<\/article>\n\t\t\n\t\t<article\t\tclass=\"vp-portfolio__item-wrap post-4613 post type-post status-publish format-standard has-post-thumbnail hentry category-concerts tag-archive vp-portfolio__item-uid-4d219bc8\" data-vp-filter=\"concerts\" style=\"--vp-images__object-position: 52% 43%;\" \t\t>\n\t\t\t\t\t\t\t\t\t<figure class=\"vp-portfolio__item\">\n\t\t\t\t\n<div class=\"vp-portfolio__item-img-wrap\">\n\t<div class=\"vp-portfolio__item-img\">\n\t\t\t<a\n\t\thref=\"https:\/\/operafuoco.fr\/en\/apollo-e-dafne-fuoco-obbligato\/\"\n\t\t\t>\n\t\n\t\t<noscript><img loading=\"lazy\" decoding=\"async\" width=\"502\" height=\"502\" data-skip-lazy src=\"https:\/\/operafuoco.fr\/wp-content\/uploads\/2023\/07\/Apollo-e-Dafne.png\" class=\"wp-image-4584\" alt=\"\" srcset=\"https:\/\/operafuoco.fr\/wp-content\/uploads\/2023\/07\/Apollo-e-Dafne.png 502w, https:\/\/operafuoco.fr\/wp-content\/uploads\/2023\/07\/Apollo-e-Dafne-300x300.png 300w, https:\/\/operafuoco.fr\/wp-content\/uploads\/2023\/07\/Apollo-e-Dafne-150x150.png 150w, https:\/\/operafuoco.fr\/wp-content\/uploads\/2023\/07\/Apollo-e-Dafne-12x12.png 12w, https:\/\/operafuoco.fr\/wp-content\/uploads\/2023\/07\/Apollo-e-Dafne-500x500.png 500w\" sizes=\"(max-width: 502px) 100vw, 502px\" \/><\/noscript><img decoding=\"async\" width=\"502\" height=\"502\" src=\"https:\/\/operafuoco.fr\/wp-content\/uploads\/2023\/07\/Apollo-e-Dafne.png\" class=\"wp-image-4584 vp-lazyload\" alt srcset=\"data:image\/svg+xml;base64,PHN2ZyB3aWR0aD0iNTAyIiBoZWlnaHQ9IjUwMiIgdmlld0JveD0iMCAwIDUwMiA1MDIiIGZpbGw9Im5vbmUiIHhtbG5zPSJodHRwOi8vd3d3LnczLm9yZy8yMDAwL3N2ZyI+PC9zdmc+\" data-src=\"https:\/\/operafuoco.fr\/wp-content\/uploads\/2023\/07\/Apollo-e-Dafne.png\" data-srcset=\"https:\/\/operafuoco.fr\/wp-content\/uploads\/2023\/07\/Apollo-e-Dafne.png 502w, https:\/\/operafuoco.fr\/wp-content\/uploads\/2023\/07\/Apollo-e-Dafne-300x300.png 300w, https:\/\/operafuoco.fr\/wp-content\/uploads\/2023\/07\/Apollo-e-Dafne-150x150.png 150w, https:\/\/operafuoco.fr\/wp-content\/uploads\/2023\/07\/Apollo-e-Dafne-12x12.png 12w, https:\/\/operafuoco.fr\/wp-content\/uploads\/2023\/07\/Apollo-e-Dafne-500x500.png 500w\" data-sizes=\"auto\" loading=\"eager\">\n\t\t<\/a>\t<\/div>\n<\/div>\n\t<figcaption class=\"vp-portfolio__item-overlay vp-portfolio__item-overlay-text-align-center\">\n\t\t<div class=\"vp-portfolio__item-meta-wrap vp-portfolio__custom-scrollbar\">\n\t\t\t\t<a\n\t\thref=\"https:\/\/operafuoco.fr\/en\/apollo-e-dafne-fuoco-obbligato\/\"\n\t\ttabindex=\"-1\" class=\"vp-portfolio__item-meta\" \t>\n\t\n<div class=\"vp-portfolio__item-meta-categories\">\n\t\t\t<div class=\"vp-portfolio__item-meta-category\">\n\t\t\t\t<span\t\t\t>\n\tConcerts<\/span>\t\t<\/div>\n\t\t<\/div>\n\n<h2 class=\"vp-portfolio__item-meta-title\">\n\tApollo e Dafne &#8211; Fuoco Obbligato<\/h2>\n<\/a>\t\t<\/div>\n\t<\/figcaption>\n\t\t\t<\/figure>\n\t\t\t\t\t<\/article>\n\t\t\n\t\t<article\t\tclass=\"vp-portfolio__item-wrap post-4560 post type-post status-publish format-standard has-post-thumbnail hentry category-operas tag-archive vp-portfolio__item-uid-992fe2ec\" data-vp-filter=\"operas\" style=\"--vp-images__object-position: 51% 52%;\" \t\t>\n\t\t\t\t\t\t\t\t\t<figure class=\"vp-portfolio__item\">\n\t\t\t\t\n<div class=\"vp-portfolio__item-img-wrap\">\n\t<div class=\"vp-portfolio__item-img\">\n\t\t\t<a\n\t\thref=\"https:\/\/operafuoco.fr\/en\/lamor-conjugale-giovanni-simone-mayr-2\/\"\n\t\t\t>\n\t\n\t\t<noscript><img loading=\"lazy\" decoding=\"async\" width=\"1920\" height=\"1920\" data-skip-lazy src=\"https:\/\/operafuoco.fr\/wp-content\/uploads\/2021\/09\/sm20-3000-1920x1920.jpg\" class=\"wp-image-3256\" alt=\"\" srcset=\"https:\/\/operafuoco.fr\/wp-content\/uploads\/2021\/09\/sm20-3000-1920x1920.jpg 1920w, https:\/\/operafuoco.fr\/wp-content\/uploads\/2021\/09\/sm20-3000-300x300.jpg 300w, https:\/\/operafuoco.fr\/wp-content\/uploads\/2021\/09\/sm20-3000-1024x1024.jpg 1024w, https:\/\/operafuoco.fr\/wp-content\/uploads\/2021\/09\/sm20-3000-150x150.jpg 150w, https:\/\/operafuoco.fr\/wp-content\/uploads\/2021\/09\/sm20-3000-768x768.jpg 768w, https:\/\/operafuoco.fr\/wp-content\/uploads\/2021\/09\/sm20-3000-500x500.jpg 500w, https:\/\/operafuoco.fr\/wp-content\/uploads\/2021\/09\/sm20-3000-800x800.jpg 800w, https:\/\/operafuoco.fr\/wp-content\/uploads\/2021\/09\/sm20-3000-1280x1280.jpg 1280w, https:\/\/operafuoco.fr\/wp-content\/uploads\/2021\/09\/sm20-3000-1536x1536.jpg 1536w, https:\/\/operafuoco.fr\/wp-content\/uploads\/2021\/09\/sm20-3000-2048x2048.jpg 2048w, https:\/\/operafuoco.fr\/wp-content\/uploads\/2021\/09\/sm20-3000-12x12.jpg 12w, https:\/\/operafuoco.fr\/wp-content\/uploads\/2021\/09\/sm20-3000-scaled.jpg 2000w\" sizes=\"(max-width: 1920px) 100vw, 1920px\" \/><\/noscript><img decoding=\"async\" width=\"1920\" height=\"1920\" src=\"https:\/\/operafuoco.fr\/wp-content\/uploads\/2021\/09\/sm20-3000-1920x1920.jpg\" class=\"wp-image-3256 vp-lazyload\" alt srcset=\"data:image\/svg+xml;base64,PHN2ZyB3aWR0aD0iMTkyMCIgaGVpZ2h0PSIxOTIwIiB2aWV3Qm94PSIwIDAgMTkyMCAxOTIwIiBmaWxsPSJub25lIiB4bWxucz0iaHR0cDovL3d3dy53My5vcmcvMjAwMC9zdmciPjwvc3ZnPg==\" data-src=\"https:\/\/operafuoco.fr\/wp-content\/uploads\/2021\/09\/sm20-3000-1920x1920.jpg\" data-srcset=\"https:\/\/operafuoco.fr\/wp-content\/uploads\/2021\/09\/sm20-3000-1920x1920.jpg 1920w, https:\/\/operafuoco.fr\/wp-content\/uploads\/2021\/09\/sm20-3000-300x300.jpg 300w, https:\/\/operafuoco.fr\/wp-content\/uploads\/2021\/09\/sm20-3000-1024x1024.jpg 1024w, https:\/\/operafuoco.fr\/wp-content\/uploads\/2021\/09\/sm20-3000-150x150.jpg 150w, https:\/\/operafuoco.fr\/wp-content\/uploads\/2021\/09\/sm20-3000-768x768.jpg 768w, https:\/\/operafuoco.fr\/wp-content\/uploads\/2021\/09\/sm20-3000-500x500.jpg 500w, https:\/\/operafuoco.fr\/wp-content\/uploads\/2021\/09\/sm20-3000-800x800.jpg 800w, https:\/\/operafuoco.fr\/wp-content\/uploads\/2021\/09\/sm20-3000-1280x1280.jpg 1280w, https:\/\/operafuoco.fr\/wp-content\/uploads\/2021\/09\/sm20-3000-1536x1536.jpg 1536w, https:\/\/operafuoco.fr\/wp-content\/uploads\/2021\/09\/sm20-3000-2048x2048.jpg 2048w, https:\/\/operafuoco.fr\/wp-content\/uploads\/2021\/09\/sm20-3000-12x12.jpg 12w, https:\/\/operafuoco.fr\/wp-content\/uploads\/2021\/09\/sm20-3000-scaled.jpg 2000w\" data-sizes=\"auto\" loading=\"eager\">\n\t\t<\/a>\t<\/div>\n<\/div>\n\t<figcaption class=\"vp-portfolio__item-overlay vp-portfolio__item-overlay-text-align-center\">\n\t\t<div class=\"vp-portfolio__item-meta-wrap vp-portfolio__custom-scrollbar\">\n\t\t\t\t<a\n\t\thref=\"https:\/\/operafuoco.fr\/en\/lamor-conjugale-giovanni-simone-mayr-2\/\"\n\t\ttabindex=\"-1\" class=\"vp-portfolio__item-meta\" \t>\n\t\n<div class=\"vp-portfolio__item-meta-categories\">\n\t\t\t<div class=\"vp-portfolio__item-meta-category\">\n\t\t\t\t<span\t\t\t>\n\tOperas<\/span>\t\t<\/div>\n\t\t<\/div>\n\n<h2 class=\"vp-portfolio__item-meta-title\">\n\tL&rsquo;amor conjugale &#8211; Giovanni Simone Mayr<\/h2>\n<\/a>\t\t<\/div>\n\t<\/figcaption>\n\t\t\t<\/figure>\n\t\t\t\t\t<\/article>\n\t\t\n\t\t<article\t\tclass=\"vp-portfolio__item-wrap post-4506 post type-post status-publish format-standard has-post-thumbnail hentry category-operas tag-archive vp-portfolio__item-uid-2616e05f\" data-vp-filter=\"operas\" \t\t>\n\t\t\t\t\t\t\t\t\t<figure class=\"vp-portfolio__item\">\n\t\t\t\t\n<div class=\"vp-portfolio__item-img-wrap\">\n\t<div class=\"vp-portfolio__item-img\">\n\t\t\t<a\n\t\thref=\"https:\/\/operafuoco.fr\/en\/les-noces-de-figaro-wolfgang-amadeus-mozart-2\/\"\n\t\t\t>\n\t\n\t\t<noscript><img loading=\"lazy\" decoding=\"async\" width=\"1500\" height=\"1000\" data-skip-lazy src=\"https:\/\/operafuoco.fr\/wp-content\/uploads\/2019\/04\/Opera-Nozze-di-Figaro.jpg\" class=\"wp-image-3731\" alt=\"\" srcset=\"https:\/\/operafuoco.fr\/wp-content\/uploads\/2019\/04\/Opera-Nozze-di-Figaro.jpg 1500w, https:\/\/operafuoco.fr\/wp-content\/uploads\/2019\/04\/Opera-Nozze-di-Figaro-300x200.jpg 300w, https:\/\/operafuoco.fr\/wp-content\/uploads\/2019\/04\/Opera-Nozze-di-Figaro-1024x683.jpg 1024w, https:\/\/operafuoco.fr\/wp-content\/uploads\/2019\/04\/Opera-Nozze-di-Figaro-768x512.jpg 768w, https:\/\/operafuoco.fr\/wp-content\/uploads\/2019\/04\/Opera-Nozze-di-Figaro-391x260.jpg 391w, https:\/\/operafuoco.fr\/wp-content\/uploads\/2019\/04\/Opera-Nozze-di-Figaro-18x12.jpg 18w, https:\/\/operafuoco.fr\/wp-content\/uploads\/2019\/04\/Opera-Nozze-di-Figaro-500x333.jpg 500w, https:\/\/operafuoco.fr\/wp-content\/uploads\/2019\/04\/Opera-Nozze-di-Figaro-800x533.jpg 800w, https:\/\/operafuoco.fr\/wp-content\/uploads\/2019\/04\/Opera-Nozze-di-Figaro-1280x853.jpg 1280w\" sizes=\"(max-width: 1500px) 100vw, 1500px\" \/><\/noscript><img decoding=\"async\" width=\"1500\" height=\"1000\" src=\"https:\/\/operafuoco.fr\/wp-content\/uploads\/2019\/04\/Opera-Nozze-di-Figaro.jpg\" class=\"wp-image-3731 vp-lazyload\" alt srcset=\"data:image\/svg+xml;base64,PHN2ZyB3aWR0aD0iMTUwMCIgaGVpZ2h0PSIxMDAwIiB2aWV3Qm94PSIwIDAgMTUwMCAxMDAwIiBmaWxsPSJub25lIiB4bWxucz0iaHR0cDovL3d3dy53My5vcmcvMjAwMC9zdmciPjwvc3ZnPg==\" data-src=\"https:\/\/operafuoco.fr\/wp-content\/uploads\/2019\/04\/Opera-Nozze-di-Figaro.jpg\" data-srcset=\"https:\/\/operafuoco.fr\/wp-content\/uploads\/2019\/04\/Opera-Nozze-di-Figaro.jpg 1500w, https:\/\/operafuoco.fr\/wp-content\/uploads\/2019\/04\/Opera-Nozze-di-Figaro-300x200.jpg 300w, https:\/\/operafuoco.fr\/wp-content\/uploads\/2019\/04\/Opera-Nozze-di-Figaro-1024x683.jpg 1024w, https:\/\/operafuoco.fr\/wp-content\/uploads\/2019\/04\/Opera-Nozze-di-Figaro-768x512.jpg 768w, https:\/\/operafuoco.fr\/wp-content\/uploads\/2019\/04\/Opera-Nozze-di-Figaro-391x260.jpg 391w, https:\/\/operafuoco.fr\/wp-content\/uploads\/2019\/04\/Opera-Nozze-di-Figaro-18x12.jpg 18w, https:\/\/operafuoco.fr\/wp-content\/uploads\/2019\/04\/Opera-Nozze-di-Figaro-500x333.jpg 500w, https:\/\/operafuoco.fr\/wp-content\/uploads\/2019\/04\/Opera-Nozze-di-Figaro-800x533.jpg 800w, https:\/\/operafuoco.fr\/wp-content\/uploads\/2019\/04\/Opera-Nozze-di-Figaro-1280x853.jpg 1280w\" data-sizes=\"auto\" loading=\"eager\">\n\t\t<\/a>\t<\/div>\n<\/div>\n\t<figcaption class=\"vp-portfolio__item-overlay vp-portfolio__item-overlay-text-align-center\">\n\t\t<div class=\"vp-portfolio__item-meta-wrap vp-portfolio__custom-scrollbar\">\n\t\t\t\t<a\n\t\thref=\"https:\/\/operafuoco.fr\/en\/les-noces-de-figaro-wolfgang-amadeus-mozart-2\/\"\n\t\ttabindex=\"-1\" class=\"vp-portfolio__item-meta\" \t>\n\t\n<div class=\"vp-portfolio__item-meta-categories\">\n\t\t\t<div class=\"vp-portfolio__item-meta-category\">\n\t\t\t\t<span\t\t\t>\n\tOperas<\/span>\t\t<\/div>\n\t\t<\/div>\n\n<h2 class=\"vp-portfolio__item-meta-title\">\n\tLe Nozze di Figaro - Wolfgang Amadeus Mozart<\/h2>\n<\/a>\t\t<\/div>\n\t<\/figcaption>\n\t\t\t<\/figure>\n\t\t\t\t\t<\/article>\n\t\t\n\t\t<article\t\tclass=\"vp-portfolio__item-wrap post-4606 post type-post status-publish format-standard has-post-thumbnail hentry category-operas tag-archive vp-portfolio__item-uid-24505e06\" data-vp-filter=\"operas\" \t\t>\n\t\t\t\t\t\t\t\t\t<figure class=\"vp-portfolio__item\">\n\t\t\t\t\n<div class=\"vp-portfolio__item-img-wrap\">\n\t<div class=\"vp-portfolio__item-img\">\n\t\t\t<a\n\t\thref=\"https:\/\/operafuoco.fr\/en\/amor-diletto-fuoco-obbligato-tournee\/\"\n\t\t\t>\n\t\n\t\t<noscript><img loading=\"lazy\" decoding=\"async\" width=\"466\" height=\"625\" data-skip-lazy src=\"https:\/\/operafuoco.fr\/wp-content\/uploads\/2023\/07\/7.-Amor-Diletto.jpg\" class=\"wp-image-4590\" alt=\"\" srcset=\"https:\/\/operafuoco.fr\/wp-content\/uploads\/2023\/07\/7.-Amor-Diletto.jpg 466w, https:\/\/operafuoco.fr\/wp-content\/uploads\/2023\/07\/7.-Amor-Diletto-224x300.jpg 224w, https:\/\/operafuoco.fr\/wp-content\/uploads\/2023\/07\/7.-Amor-Diletto-9x12.jpg 9w\" sizes=\"(max-width: 466px) 100vw, 466px\" \/><\/noscript><img decoding=\"async\" width=\"466\" height=\"625\" src=\"https:\/\/operafuoco.fr\/wp-content\/uploads\/2023\/07\/7.-Amor-Diletto.jpg\" class=\"wp-image-4590 vp-lazyload\" alt srcset=\"data:image\/svg+xml;base64,PHN2ZyB3aWR0aD0iNDY2IiBoZWlnaHQ9IjYyNSIgdmlld0JveD0iMCAwIDQ2NiA2MjUiIGZpbGw9Im5vbmUiIHhtbG5zPSJodHRwOi8vd3d3LnczLm9yZy8yMDAwL3N2ZyI+PC9zdmc+\" data-src=\"https:\/\/operafuoco.fr\/wp-content\/uploads\/2023\/07\/7.-Amor-Diletto.jpg\" data-srcset=\"https:\/\/operafuoco.fr\/wp-content\/uploads\/2023\/07\/7.-Amor-Diletto.jpg 466w, https:\/\/operafuoco.fr\/wp-content\/uploads\/2023\/07\/7.-Amor-Diletto-224x300.jpg 224w, https:\/\/operafuoco.fr\/wp-content\/uploads\/2023\/07\/7.-Amor-Diletto-9x12.jpg 9w\" data-sizes=\"auto\" loading=\"eager\">\n\t\t<\/a>\t<\/div>\n<\/div>\n\t<figcaption class=\"vp-portfolio__item-overlay vp-portfolio__item-overlay-text-align-center\">\n\t\t<div class=\"vp-portfolio__item-meta-wrap vp-portfolio__custom-scrollbar\">\n\t\t\t\t<a\n\t\thref=\"https:\/\/operafuoco.fr\/en\/amor-diletto-fuoco-obbligato-tournee\/\"\n\t\ttabindex=\"-1\" class=\"vp-portfolio__item-meta\" \t>\n\t\n<div class=\"vp-portfolio__item-meta-categories\">\n\t\t\t<div class=\"vp-portfolio__item-meta-category\">\n\t\t\t\t<span\t\t\t>\n\tOperas<\/span>\t\t<\/div>\n\t\t<\/div>\n\n<h2 class=\"vp-portfolio__item-meta-title\">\n\tAmor Diletto \u2013 Fuoco Obbligato (Tour)<\/h2>\n<\/a>\t\t<\/div>\n\t<\/figcaption>\n\t\t\t<\/figure>\n\t\t\t\t\t<\/article>\n\t\t\n\t\t<article\t\tclass=\"vp-portfolio__item-wrap post-4609 post type-post status-publish format-standard has-post-thumbnail hentry category-concerts tag-archive vp-portfolio__item-uid-b4ef4397\" data-vp-filter=\"concerts\" style=\"--vp-images__object-position: 51% 52%;\" \t\t>\n\t\t\t\t\t\t\t\t\t<figure class=\"vp-portfolio__item\">\n\t\t\t\t\n<div class=\"vp-portfolio__item-img-wrap\">\n\t<div class=\"vp-portfolio__item-img\">\n\t\t\t<a\n\t\thref=\"https:\/\/operafuoco.fr\/en\/champagne-on-broadway\/\"\n\t\t\t>\n\t\n\t\t<noscript><img loading=\"lazy\" decoding=\"async\" width=\"768\" height=\"480\" data-skip-lazy src=\"https:\/\/operafuoco.fr\/wp-content\/uploads\/2023\/07\/Champagne-on-Broadway.jpg\" class=\"wp-image-4588\" alt=\"\" srcset=\"https:\/\/operafuoco.fr\/wp-content\/uploads\/2023\/07\/Champagne-on-Broadway.jpg 768w, https:\/\/operafuoco.fr\/wp-content\/uploads\/2023\/07\/Champagne-on-Broadway-300x188.jpg 300w, https:\/\/operafuoco.fr\/wp-content\/uploads\/2023\/07\/Champagne-on-Broadway-18x12.jpg 18w, https:\/\/operafuoco.fr\/wp-content\/uploads\/2023\/07\/Champagne-on-Broadway-500x313.jpg 500w\" sizes=\"(max-width: 768px) 100vw, 768px\" \/><\/noscript><img decoding=\"async\" width=\"768\" height=\"480\" src=\"https:\/\/operafuoco.fr\/wp-content\/uploads\/2023\/07\/Champagne-on-Broadway.jpg\" class=\"wp-image-4588 vp-lazyload\" alt srcset=\"data:image\/svg+xml;base64,PHN2ZyB3aWR0aD0iNzY4IiBoZWlnaHQ9IjQ4MCIgdmlld0JveD0iMCAwIDc2OCA0ODAiIGZpbGw9Im5vbmUiIHhtbG5zPSJodHRwOi8vd3d3LnczLm9yZy8yMDAwL3N2ZyI+PC9zdmc+\" data-src=\"https:\/\/operafuoco.fr\/wp-content\/uploads\/2023\/07\/Champagne-on-Broadway.jpg\" data-srcset=\"https:\/\/operafuoco.fr\/wp-content\/uploads\/2023\/07\/Champagne-on-Broadway.jpg 768w, https:\/\/operafuoco.fr\/wp-content\/uploads\/2023\/07\/Champagne-on-Broadway-300x188.jpg 300w, https:\/\/operafuoco.fr\/wp-content\/uploads\/2023\/07\/Champagne-on-Broadway-18x12.jpg 18w, https:\/\/operafuoco.fr\/wp-content\/uploads\/2023\/07\/Champagne-on-Broadway-500x313.jpg 500w\" data-sizes=\"auto\" loading=\"eager\">\n\t\t<\/a>\t<\/div>\n<\/div>\n\t<figcaption class=\"vp-portfolio__item-overlay vp-portfolio__item-overlay-text-align-center\">\n\t\t<div class=\"vp-portfolio__item-meta-wrap vp-portfolio__custom-scrollbar\">\n\t\t\t\t<a\n\t\thref=\"https:\/\/operafuoco.fr\/en\/champagne-on-broadway\/\"\n\t\ttabindex=\"-1\" class=\"vp-portfolio__item-meta\" \t>\n\t\n<div class=\"vp-portfolio__item-meta-categories\">\n\t\t\t<div class=\"vp-portfolio__item-meta-category\">\n\t\t\t\t<span\t\t\t>\n\tConcerts<\/span>\t\t<\/div>\n\t\t<\/div>\n\n<h2 class=\"vp-portfolio__item-meta-title\">\n\tChampagne on Broadway!<\/h2>\n<\/a>\t\t<\/div>\n\t<\/figcaption>\n\t\t\t<\/figure>\n\t\t\t\t\t<\/article>\n\t\t\n\t\t<article\t\tclass=\"vp-portfolio__item-wrap post-4274 post type-post status-publish format-standard has-post-thumbnail hentry category-operas tag-archive tag-fuoco-obbligato vp-portfolio__item-uid-82160131\" data-vp-filter=\"operas\" \t\t>\n\t\t\t\t\t\t\t\t\t<figure class=\"vp-portfolio__item\">\n\t\t\t\t\n<div class=\"vp-portfolio__item-img-wrap\">\n\t<div class=\"vp-portfolio__item-img\">\n\t\t\t<a\n\t\thref=\"https:\/\/operafuoco.fr\/en\/latte-e-mele-fuoco-obbligato\/\"\n\t\t\t>\n\t\n\t\t<noscript><img loading=\"lazy\" decoding=\"async\" width=\"540\" height=\"540\" data-skip-lazy src=\"https:\/\/operafuoco.fr\/wp-content\/uploads\/2022\/06\/Latte-e-Miele.jpg\" class=\"wp-image-4309\" alt=\"\" srcset=\"https:\/\/operafuoco.fr\/wp-content\/uploads\/2022\/06\/Latte-e-Miele.jpg 540w, https:\/\/operafuoco.fr\/wp-content\/uploads\/2022\/06\/Latte-e-Miele-300x300.jpg 300w, https:\/\/operafuoco.fr\/wp-content\/uploads\/2022\/06\/Latte-e-Miele-150x150.jpg 150w, https:\/\/operafuoco.fr\/wp-content\/uploads\/2022\/06\/Latte-e-Miele-12x12.jpg 12w, https:\/\/operafuoco.fr\/wp-content\/uploads\/2022\/06\/Latte-e-Miele-500x500.jpg 500w\" sizes=\"(max-width: 540px) 100vw, 540px\" \/><\/noscript><img decoding=\"async\" width=\"540\" height=\"540\" src=\"https:\/\/operafuoco.fr\/wp-content\/uploads\/2022\/06\/Latte-e-Miele.jpg\" class=\"wp-image-4309 vp-lazyload\" alt srcset=\"data:image\/svg+xml;base64,PHN2ZyB3aWR0aD0iNTQwIiBoZWlnaHQ9IjU0MCIgdmlld0JveD0iMCAwIDU0MCA1NDAiIGZpbGw9Im5vbmUiIHhtbG5zPSJodHRwOi8vd3d3LnczLm9yZy8yMDAwL3N2ZyI+PC9zdmc+\" data-src=\"https:\/\/operafuoco.fr\/wp-content\/uploads\/2022\/06\/Latte-e-Miele.jpg\" data-srcset=\"https:\/\/operafuoco.fr\/wp-content\/uploads\/2022\/06\/Latte-e-Miele.jpg 540w, https:\/\/operafuoco.fr\/wp-content\/uploads\/2022\/06\/Latte-e-Miele-300x300.jpg 300w, https:\/\/operafuoco.fr\/wp-content\/uploads\/2022\/06\/Latte-e-Miele-150x150.jpg 150w, https:\/\/operafuoco.fr\/wp-content\/uploads\/2022\/06\/Latte-e-Miele-12x12.jpg 12w, https:\/\/operafuoco.fr\/wp-content\/uploads\/2022\/06\/Latte-e-Miele-500x500.jpg 500w\" data-sizes=\"auto\" loading=\"eager\">\n\t\t<\/a>\t<\/div>\n<\/div>\n\t<figcaption class=\"vp-portfolio__item-overlay vp-portfolio__item-overlay-text-align-center\">\n\t\t<div class=\"vp-portfolio__item-meta-wrap vp-portfolio__custom-scrollbar\">\n\t\t\t\t<a\n\t\thref=\"https:\/\/operafuoco.fr\/en\/latte-e-mele-fuoco-obbligato\/\"\n\t\ttabindex=\"-1\" class=\"vp-portfolio__item-meta\" \t>\n\t\n<div class=\"vp-portfolio__item-meta-categories\">\n\t\t\t<div class=\"vp-portfolio__item-meta-category\">\n\t\t\t\t<span\t\t\t>\n\tOperas<\/span>\t\t<\/div>\n\t\t<\/div>\n\n<h2 class=\"vp-portfolio__item-meta-title\">\n\tLatte e Miele &#8211; Fuoco Obbligato<\/h2>\n<\/a>\t\t<\/div>\n\t<\/figcaption>\n\t\t\t<\/figure>\n\t\t\t\t\t<\/article>\n\t\t\n\t\t<article\t\tclass=\"vp-portfolio__item-wrap post-4262 post type-post status-publish format-standard has-post-thumbnail hentry category-operas tag-archive vp-portfolio__item-uid-726e9545\" data-vp-filter=\"operas\" \t\t>\n\t\t\t\t\t\t\t\t\t<figure class=\"vp-portfolio__item\">\n\t\t\t\t\n<div class=\"vp-portfolio__item-img-wrap\">\n\t<div class=\"vp-portfolio__item-img\">\n\t\t\t<a\n\t\thref=\"https:\/\/operafuoco.fr\/en\/la-boheme-giacomo-puccini\/\"\n\t\t\t>\n\t\n\t\t<noscript><img loading=\"lazy\" decoding=\"async\" width=\"540\" height=\"540\" data-skip-lazy src=\"https:\/\/operafuoco.fr\/wp-content\/uploads\/2022\/06\/La-Boheme.jpg\" class=\"wp-image-4308\" alt=\"\" srcset=\"https:\/\/operafuoco.fr\/wp-content\/uploads\/2022\/06\/La-Boheme.jpg 540w, https:\/\/operafuoco.fr\/wp-content\/uploads\/2022\/06\/La-Boheme-300x300.jpg 300w, https:\/\/operafuoco.fr\/wp-content\/uploads\/2022\/06\/La-Boheme-150x150.jpg 150w, https:\/\/operafuoco.fr\/wp-content\/uploads\/2022\/06\/La-Boheme-12x12.jpg 12w, https:\/\/operafuoco.fr\/wp-content\/uploads\/2022\/06\/La-Boheme-500x500.jpg 500w\" sizes=\"(max-width: 540px) 100vw, 540px\" \/><\/noscript><img decoding=\"async\" width=\"540\" height=\"540\" src=\"https:\/\/operafuoco.fr\/wp-content\/uploads\/2022\/06\/La-Boheme.jpg\" class=\"wp-image-4308 vp-lazyload\" alt srcset=\"data:image\/svg+xml;base64,PHN2ZyB3aWR0aD0iNTQwIiBoZWlnaHQ9IjU0MCIgdmlld0JveD0iMCAwIDU0MCA1NDAiIGZpbGw9Im5vbmUiIHhtbG5zPSJodHRwOi8vd3d3LnczLm9yZy8yMDAwL3N2ZyI+PC9zdmc+\" data-src=\"https:\/\/operafuoco.fr\/wp-content\/uploads\/2022\/06\/La-Boheme.jpg\" data-srcset=\"https:\/\/operafuoco.fr\/wp-content\/uploads\/2022\/06\/La-Boheme.jpg 540w, https:\/\/operafuoco.fr\/wp-content\/uploads\/2022\/06\/La-Boheme-300x300.jpg 300w, https:\/\/operafuoco.fr\/wp-content\/uploads\/2022\/06\/La-Boheme-150x150.jpg 150w, https:\/\/operafuoco.fr\/wp-content\/uploads\/2022\/06\/La-Boheme-12x12.jpg 12w, https:\/\/operafuoco.fr\/wp-content\/uploads\/2022\/06\/La-Boheme-500x500.jpg 500w\" data-sizes=\"auto\" loading=\"eager\">\n\t\t<\/a>\t<\/div>\n<\/div>\n\t<figcaption class=\"vp-portfolio__item-overlay vp-portfolio__item-overlay-text-align-center\">\n\t\t<div class=\"vp-portfolio__item-meta-wrap vp-portfolio__custom-scrollbar\">\n\t\t\t\t<a\n\t\thref=\"https:\/\/operafuoco.fr\/en\/la-boheme-giacomo-puccini\/\"\n\t\ttabindex=\"-1\" class=\"vp-portfolio__item-meta\" \t>\n\t\n<div class=\"vp-portfolio__item-meta-categories\">\n\t\t\t<div class=\"vp-portfolio__item-meta-category\">\n\t\t\t\t<span\t\t\t>\n\tOperas<\/span>\t\t<\/div>\n\t\t<\/div>\n\n<h2 class=\"vp-portfolio__item-meta-title\">\n\tLa Boh\u00e8me &#8211; Giacomo Puccini<\/h2>\n<\/a>\t\t<\/div>\n\t<\/figcaption>\n\t\t\t<\/figure>\n\t\t\t\t\t<\/article>\n\t\t\n\t\t<article\t\tclass=\"vp-portfolio__item-wrap post-4321 post type-post status-publish format-standard has-post-thumbnail hentry category-concerts-rencontres tag-archive vp-portfolio__item-uid-8ec96bcc\" data-vp-filter=\"concerts-rencontres\" style=\"--vp-images__object-position: 52% 50%;\" \t\t>\n\t\t\t\t\t\t\t\t\t<figure class=\"vp-portfolio__item\">\n\t\t\t\t\n<div class=\"vp-portfolio__item-img-wrap\">\n\t<div class=\"vp-portfolio__item-img\">\n\t\t\t<a\n\t\thref=\"https:\/\/operafuoco.fr\/en\/master-classe-natures-humaines\/\"\n\t\t\t>\n\t\n\t\t<noscript><img loading=\"lazy\" decoding=\"async\" width=\"635\" height=\"357\" data-skip-lazy src=\"https:\/\/operafuoco.fr\/wp-content\/uploads\/2022\/07\/MC-Mozart_Strauss.jpg\" class=\"wp-image-4322\" alt=\"\" srcset=\"https:\/\/operafuoco.fr\/wp-content\/uploads\/2022\/07\/MC-Mozart_Strauss.jpg 635w, https:\/\/operafuoco.fr\/wp-content\/uploads\/2022\/07\/MC-Mozart_Strauss-300x169.jpg 300w, https:\/\/operafuoco.fr\/wp-content\/uploads\/2022\/07\/MC-Mozart_Strauss-18x10.jpg 18w, https:\/\/operafuoco.fr\/wp-content\/uploads\/2022\/07\/MC-Mozart_Strauss-500x281.jpg 500w\" sizes=\"(max-width: 635px) 100vw, 635px\" \/><\/noscript><img decoding=\"async\" width=\"635\" height=\"357\" src=\"https:\/\/operafuoco.fr\/wp-content\/uploads\/2022\/07\/MC-Mozart_Strauss.jpg\" class=\"wp-image-4322 vp-lazyload\" alt srcset=\"data:image\/svg+xml;base64,PHN2ZyB3aWR0aD0iNjM1IiBoZWlnaHQ9IjM1NyIgdmlld0JveD0iMCAwIDYzNSAzNTciIGZpbGw9Im5vbmUiIHhtbG5zPSJodHRwOi8vd3d3LnczLm9yZy8yMDAwL3N2ZyI+PC9zdmc+\" data-src=\"https:\/\/operafuoco.fr\/wp-content\/uploads\/2022\/07\/MC-Mozart_Strauss.jpg\" data-srcset=\"https:\/\/operafuoco.fr\/wp-content\/uploads\/2022\/07\/MC-Mozart_Strauss.jpg 635w, https:\/\/operafuoco.fr\/wp-content\/uploads\/2022\/07\/MC-Mozart_Strauss-300x169.jpg 300w, https:\/\/operafuoco.fr\/wp-content\/uploads\/2022\/07\/MC-Mozart_Strauss-18x10.jpg 18w, https:\/\/operafuoco.fr\/wp-content\/uploads\/2022\/07\/MC-Mozart_Strauss-500x281.jpg 500w\" data-sizes=\"auto\" loading=\"eager\">\n\t\t<\/a>\t<\/div>\n<\/div>\n\t<figcaption class=\"vp-portfolio__item-overlay vp-portfolio__item-overlay-text-align-center\">\n\t\t<div class=\"vp-portfolio__item-meta-wrap vp-portfolio__custom-scrollbar\">\n\t\t\t\t<a\n\t\thref=\"https:\/\/operafuoco.fr\/en\/master-classe-natures-humaines\/\"\n\t\ttabindex=\"-1\" class=\"vp-portfolio__item-meta\" \t>\n\t\n<div class=\"vp-portfolio__item-meta-categories\">\n\t\t\t<div class=\"vp-portfolio__item-meta-category\">\n\t\t\t\t<span\t\t\t>\n\tEncounter-concerts<\/span>\t\t<\/div>\n\t\t<\/div>\n\n<h2 class=\"vp-portfolio__item-meta-title\">\n\tMaster class \u2013 Natures\/Humans<\/h2>\n<\/a>\t\t<\/div>\n\t<\/figcaption>\n\t\t\t<\/figure>\n\t\t\t\t\t<\/article>\n\t\t\n\t\t<article\t\tclass=\"vp-portfolio__item-wrap post-4318 post type-post status-publish format-standard has-post-thumbnail hentry category-concerts tag-archive vp-portfolio__item-uid-dc3880ab\" data-vp-filter=\"concerts\" \t\t>\n\t\t\t\t\t\t\t\t\t<figure class=\"vp-portfolio__item\">\n\t\t\t\t\n<div class=\"vp-portfolio__item-img-wrap\">\n\t<div class=\"vp-portfolio__item-img\">\n\t\t\t<a\n\t\thref=\"https:\/\/operafuoco.fr\/en\/amici-e-rivali-les-grandes-voix\/\"\n\t\t\t>\n\t\n\t\t<noscript><img loading=\"lazy\" decoding=\"async\" width=\"900\" height=\"1000\" data-skip-lazy src=\"https:\/\/operafuoco.fr\/wp-content\/uploads\/2022\/07\/Rivali-e-Amici.jpg\" class=\"wp-image-4319\" alt=\"\" srcset=\"https:\/\/operafuoco.fr\/wp-content\/uploads\/2022\/07\/Rivali-e-Amici.jpg 900w, https:\/\/operafuoco.fr\/wp-content\/uploads\/2022\/07\/Rivali-e-Amici-270x300.jpg 270w, https:\/\/operafuoco.fr\/wp-content\/uploads\/2022\/07\/Rivali-e-Amici-768x853.jpg 768w, https:\/\/operafuoco.fr\/wp-content\/uploads\/2022\/07\/Rivali-e-Amici-11x12.jpg 11w, https:\/\/operafuoco.fr\/wp-content\/uploads\/2022\/07\/Rivali-e-Amici-500x556.jpg 500w, https:\/\/operafuoco.fr\/wp-content\/uploads\/2022\/07\/Rivali-e-Amici-800x889.jpg 800w\" sizes=\"(max-width: 900px) 100vw, 900px\" \/><\/noscript><img decoding=\"async\" width=\"900\" height=\"1000\" src=\"https:\/\/operafuoco.fr\/wp-content\/uploads\/2022\/07\/Rivali-e-Amici.jpg\" class=\"wp-image-4319 vp-lazyload\" alt srcset=\"data:image\/svg+xml;base64,PHN2ZyB3aWR0aD0iOTAwIiBoZWlnaHQ9IjEwMDAiIHZpZXdCb3g9IjAgMCA5MDAgMTAwMCIgZmlsbD0ibm9uZSIgeG1sbnM9Imh0dHA6Ly93d3cudzMub3JnLzIwMDAvc3ZnIj48L3N2Zz4=\" data-src=\"https:\/\/operafuoco.fr\/wp-content\/uploads\/2022\/07\/Rivali-e-Amici.jpg\" data-srcset=\"https:\/\/operafuoco.fr\/wp-content\/uploads\/2022\/07\/Rivali-e-Amici.jpg 900w, https:\/\/operafuoco.fr\/wp-content\/uploads\/2022\/07\/Rivali-e-Amici-270x300.jpg 270w, https:\/\/operafuoco.fr\/wp-content\/uploads\/2022\/07\/Rivali-e-Amici-768x853.jpg 768w, https:\/\/operafuoco.fr\/wp-content\/uploads\/2022\/07\/Rivali-e-Amici-11x12.jpg 11w, https:\/\/operafuoco.fr\/wp-content\/uploads\/2022\/07\/Rivali-e-Amici-500x556.jpg 500w, https:\/\/operafuoco.fr\/wp-content\/uploads\/2022\/07\/Rivali-e-Amici-800x889.jpg 800w\" data-sizes=\"auto\" loading=\"eager\">\n\t\t<\/a>\t<\/div>\n<\/div>\n\t<figcaption class=\"vp-portfolio__item-overlay vp-portfolio__item-overlay-text-align-center\">\n\t\t<div class=\"vp-portfolio__item-meta-wrap vp-portfolio__custom-scrollbar\">\n\t\t\t\t<a\n\t\thref=\"https:\/\/operafuoco.fr\/en\/amici-e-rivali-les-grandes-voix\/\"\n\t\ttabindex=\"-1\" class=\"vp-portfolio__item-meta\" \t>\n\t\n<div class=\"vp-portfolio__item-meta-categories\">\n\t\t\t<div class=\"vp-portfolio__item-meta-category\">\n\t\t\t\t<span\t\t\t>\n\tConcerts<\/span>\t\t<\/div>\n\t\t<\/div>\n\n<h2 class=\"vp-portfolio__item-meta-title\">\n\tAmici e Rivali &#8211; Les Grandes Voix<\/h2>\n<\/a>\t\t<\/div>\n\t<\/figcaption>\n\t\t\t<\/figure>\n\t\t\t\t\t<\/article>\n\t\t\n\t\t<article\t\tclass=\"vp-portfolio__item-wrap post-4315 post type-post status-publish format-standard has-post-thumbnail hentry category-concerts tag-archive vp-portfolio__item-uid-a289fc16\" data-vp-filter=\"concerts\" style=\"--vp-images__object-position: 52% 43%;\" \t\t>\n\t\t\t\t\t\t\t\t\t<figure class=\"vp-portfolio__item\">\n\t\t\t\t\n<div class=\"vp-portfolio__item-img-wrap\">\n\t<div class=\"vp-portfolio__item-img\">\n\t\t\t<a\n\t\thref=\"https:\/\/operafuoco.fr\/en\/lumieres-ditalie-2\/\"\n\t\t\t>\n\t\n\t\t<noscript><img loading=\"lazy\" decoding=\"async\" width=\"700\" height=\"500\" data-skip-lazy src=\"https:\/\/operafuoco.fr\/wp-content\/uploads\/2022\/09\/lumieres-ditalie2.jpg\" class=\"wp-image-4466\" alt=\"\" srcset=\"https:\/\/operafuoco.fr\/wp-content\/uploads\/2022\/09\/lumieres-ditalie2.jpg 700w, https:\/\/operafuoco.fr\/wp-content\/uploads\/2022\/09\/lumieres-ditalie2-300x214.jpg 300w, https:\/\/operafuoco.fr\/wp-content\/uploads\/2022\/09\/lumieres-ditalie2-18x12.jpg 18w, https:\/\/operafuoco.fr\/wp-content\/uploads\/2022\/09\/lumieres-ditalie2-140x100.jpg 140w, https:\/\/operafuoco.fr\/wp-content\/uploads\/2022\/09\/lumieres-ditalie2-500x357.jpg 500w\" sizes=\"(max-width: 700px) 100vw, 700px\" \/><\/noscript><img decoding=\"async\" width=\"700\" height=\"500\" src=\"https:\/\/operafuoco.fr\/wp-content\/uploads\/2022\/09\/lumieres-ditalie2.jpg\" class=\"wp-image-4466 vp-lazyload\" alt srcset=\"data:image\/svg+xml;base64,PHN2ZyB3aWR0aD0iNzAwIiBoZWlnaHQ9IjUwMCIgdmlld0JveD0iMCAwIDcwMCA1MDAiIGZpbGw9Im5vbmUiIHhtbG5zPSJodHRwOi8vd3d3LnczLm9yZy8yMDAwL3N2ZyI+PC9zdmc+\" data-src=\"https:\/\/operafuoco.fr\/wp-content\/uploads\/2022\/09\/lumieres-ditalie2.jpg\" data-srcset=\"https:\/\/operafuoco.fr\/wp-content\/uploads\/2022\/09\/lumieres-ditalie2.jpg 700w, https:\/\/operafuoco.fr\/wp-content\/uploads\/2022\/09\/lumieres-ditalie2-300x214.jpg 300w, https:\/\/operafuoco.fr\/wp-content\/uploads\/2022\/09\/lumieres-ditalie2-18x12.jpg 18w, https:\/\/operafuoco.fr\/wp-content\/uploads\/2022\/09\/lumieres-ditalie2-140x100.jpg 140w, https:\/\/operafuoco.fr\/wp-content\/uploads\/2022\/09\/lumieres-ditalie2-500x357.jpg 500w\" data-sizes=\"auto\" loading=\"eager\">\n\t\t<\/a>\t<\/div>\n<\/div>\n\t<figcaption class=\"vp-portfolio__item-overlay vp-portfolio__item-overlay-text-align-center\">\n\t\t<div class=\"vp-portfolio__item-meta-wrap vp-portfolio__custom-scrollbar\">\n\t\t\t\t<a\n\t\thref=\"https:\/\/operafuoco.fr\/en\/lumieres-ditalie-2\/\"\n\t\ttabindex=\"-1\" class=\"vp-portfolio__item-meta\" \t>\n\t\n<div class=\"vp-portfolio__item-meta-categories\">\n\t\t\t<div class=\"vp-portfolio__item-meta-category\">\n\t\t\t\t<span\t\t\t>\n\tConcerts<\/span>\t\t<\/div>\n\t\t<\/div>\n\n<h2 class=\"vp-portfolio__item-meta-title\">\n\tLights of Italy<\/h2>\n<\/a>\t\t<\/div>\n\t<\/figcaption>\n\t\t\t<\/figure>\n\t\t\t\t\t<\/article>\n\t\t\n\t\t<article\t\tclass=\"vp-portfolio__item-wrap post-4539 post type-post status-publish format-standard has-post-thumbnail hentry category-concerts-rencontres tag-archive vp-portfolio__item-uid-9d84ae0d\" data-vp-filter=\"concerts-rencontres\" style=\"--vp-images__object-position: 72% 47%;\" \t\t>\n\t\t\t\t\t\t\t\t\t<figure class=\"vp-portfolio__item\">\n\t\t\t\t\n<div class=\"vp-portfolio__item-img-wrap\">\n\t<div class=\"vp-portfolio__item-img\">\n\t\t\t<a\n\t\thref=\"https:\/\/operafuoco.fr\/en\/master-classe-la-muse-du-siecle\/\"\n\t\t\t>\n\t\n\t\t<noscript><img loading=\"lazy\" decoding=\"async\" width=\"469\" height=\"585\" data-skip-lazy src=\"https:\/\/operafuoco.fr\/wp-content\/uploads\/2023\/03\/lpdp_143990-10.jpg\" class=\"wp-image-4542\" alt=\"\" srcset=\"https:\/\/operafuoco.fr\/wp-content\/uploads\/2023\/03\/lpdp_143990-10.jpg 469w, https:\/\/operafuoco.fr\/wp-content\/uploads\/2023\/03\/lpdp_143990-10-241x300.jpg 241w, https:\/\/operafuoco.fr\/wp-content\/uploads\/2023\/03\/lpdp_143990-10-10x12.jpg 10w\" sizes=\"(max-width: 469px) 100vw, 469px\" \/><\/noscript><img decoding=\"async\" width=\"469\" height=\"585\" src=\"https:\/\/operafuoco.fr\/wp-content\/uploads\/2023\/03\/lpdp_143990-10.jpg\" class=\"wp-image-4542 vp-lazyload\" alt srcset=\"data:image\/svg+xml;base64,PHN2ZyB3aWR0aD0iNDY5IiBoZWlnaHQ9IjU4NSIgdmlld0JveD0iMCAwIDQ2OSA1ODUiIGZpbGw9Im5vbmUiIHhtbG5zPSJodHRwOi8vd3d3LnczLm9yZy8yMDAwL3N2ZyI+PC9zdmc+\" data-src=\"https:\/\/operafuoco.fr\/wp-content\/uploads\/2023\/03\/lpdp_143990-10.jpg\" data-srcset=\"https:\/\/operafuoco.fr\/wp-content\/uploads\/2023\/03\/lpdp_143990-10.jpg 469w, https:\/\/operafuoco.fr\/wp-content\/uploads\/2023\/03\/lpdp_143990-10-241x300.jpg 241w, https:\/\/operafuoco.fr\/wp-content\/uploads\/2023\/03\/lpdp_143990-10-10x12.jpg 10w\" data-sizes=\"auto\" loading=\"eager\">\n\t\t<\/a>\t<\/div>\n<\/div>\n\t<figcaption class=\"vp-portfolio__item-overlay vp-portfolio__item-overlay-text-align-center\">\n\t\t<div class=\"vp-portfolio__item-meta-wrap vp-portfolio__custom-scrollbar\">\n\t\t\t\t<a\n\t\thref=\"https:\/\/operafuoco.fr\/en\/master-classe-la-muse-du-siecle\/\"\n\t\ttabindex=\"-1\" class=\"vp-portfolio__item-meta\" \t>\n\t\n<div class=\"vp-portfolio__item-meta-categories\">\n\t\t\t<div class=\"vp-portfolio__item-meta-category\">\n\t\t\t\t<span\t\t\t>\n\tEncounter-concerts<\/span>\t\t<\/div>\n\t\t<\/div>\n\n<h2 class=\"vp-portfolio__item-meta-title\">\n\tMasterclass - The muse of the century<\/h2>\n<\/a>\t\t<\/div>\n\t<\/figcaption>\n\t\t\t<\/figure>\n\t\t\t\t\t<\/article>\n\t\t\n\t\t<article\t\tclass=\"vp-portfolio__item-wrap post-4297 post type-post status-publish format-standard has-post-thumbnail hentry category-operas tag-archive vp-portfolio__item-uid-859c7d05\" data-vp-filter=\"operas\" \t\t>\n\t\t\t\t\t\t\t\t\t<figure class=\"vp-portfolio__item\">\n\t\t\t\t\n<div class=\"vp-portfolio__item-img-wrap\">\n\t<div class=\"vp-portfolio__item-img\">\n\t\t\t<a\n\t\thref=\"https:\/\/operafuoco.fr\/en\/we-are-eternal-les-memoires-fabuleuses-de-lorenzo-da-ponte\/\"\n\t\t\t>\n\t\n\t\t<noscript><img loading=\"lazy\" decoding=\"async\" width=\"960\" height=\"960\" data-skip-lazy src=\"https:\/\/operafuoco.fr\/wp-content\/uploads\/2022\/09\/We-Are-Eternal-visuels-.png\" class=\"wp-image-4425\" alt=\"\" srcset=\"https:\/\/operafuoco.fr\/wp-content\/uploads\/2022\/09\/We-Are-Eternal-visuels-.png 960w, https:\/\/operafuoco.fr\/wp-content\/uploads\/2022\/09\/We-Are-Eternal-visuels--300x300.png 300w, https:\/\/operafuoco.fr\/wp-content\/uploads\/2022\/09\/We-Are-Eternal-visuels--150x150.png 150w, https:\/\/operafuoco.fr\/wp-content\/uploads\/2022\/09\/We-Are-Eternal-visuels--768x768.png 768w, https:\/\/operafuoco.fr\/wp-content\/uploads\/2022\/09\/We-Are-Eternal-visuels--12x12.png 12w, https:\/\/operafuoco.fr\/wp-content\/uploads\/2022\/09\/We-Are-Eternal-visuels--500x500.png 500w, https:\/\/operafuoco.fr\/wp-content\/uploads\/2022\/09\/We-Are-Eternal-visuels--800x800.png 800w\" sizes=\"(max-width: 960px) 100vw, 960px\" \/><\/noscript><img decoding=\"async\" width=\"960\" height=\"960\" src=\"https:\/\/operafuoco.fr\/wp-content\/uploads\/2022\/09\/We-Are-Eternal-visuels-.png\" class=\"wp-image-4425 vp-lazyload\" alt srcset=\"data:image\/svg+xml;base64,PHN2ZyB3aWR0aD0iOTYwIiBoZWlnaHQ9Ijk2MCIgdmlld0JveD0iMCAwIDk2MCA5NjAiIGZpbGw9Im5vbmUiIHhtbG5zPSJodHRwOi8vd3d3LnczLm9yZy8yMDAwL3N2ZyI+PC9zdmc+\" data-src=\"https:\/\/operafuoco.fr\/wp-content\/uploads\/2022\/09\/We-Are-Eternal-visuels-.png\" data-srcset=\"https:\/\/operafuoco.fr\/wp-content\/uploads\/2022\/09\/We-Are-Eternal-visuels-.png 960w, https:\/\/operafuoco.fr\/wp-content\/uploads\/2022\/09\/We-Are-Eternal-visuels--300x300.png 300w, https:\/\/operafuoco.fr\/wp-content\/uploads\/2022\/09\/We-Are-Eternal-visuels--150x150.png 150w, https:\/\/operafuoco.fr\/wp-content\/uploads\/2022\/09\/We-Are-Eternal-visuels--768x768.png 768w, https:\/\/operafuoco.fr\/wp-content\/uploads\/2022\/09\/We-Are-Eternal-visuels--12x12.png 12w, https:\/\/operafuoco.fr\/wp-content\/uploads\/2022\/09\/We-Are-Eternal-visuels--500x500.png 500w, https:\/\/operafuoco.fr\/wp-content\/uploads\/2022\/09\/We-Are-Eternal-visuels--800x800.png 800w\" data-sizes=\"auto\" loading=\"eager\">\n\t\t<\/a>\t<\/div>\n<\/div>\n\t<figcaption class=\"vp-portfolio__item-overlay vp-portfolio__item-overlay-text-align-center\">\n\t\t<div class=\"vp-portfolio__item-meta-wrap vp-portfolio__custom-scrollbar\">\n\t\t\t\t<a\n\t\thref=\"https:\/\/operafuoco.fr\/en\/we-are-eternal-les-memoires-fabuleuses-de-lorenzo-da-ponte\/\"\n\t\ttabindex=\"-1\" class=\"vp-portfolio__item-meta\" \t>\n\t\n<div class=\"vp-portfolio__item-meta-categories\">\n\t\t\t<div class=\"vp-portfolio__item-meta-category\">\n\t\t\t\t<span\t\t\t>\n\tOperas<\/span>\t\t<\/div>\n\t\t<\/div>\n\n<h2 class=\"vp-portfolio__item-meta-title\">\n\tWe are eternal \u2013 The Fabulous Memoirs of Lorenzo Da Ponte<\/h2>\n<\/a>\t\t<\/div>\n\t<\/figcaption>\n\t\t\t<\/figure>\n\t\t\t\t\t<\/article>\n\t\t\n\t\t<article\t\tclass=\"vp-portfolio__item-wrap post-3969 post type-post status-publish format-standard has-post-thumbnail hentry category-operas tag-archive vp-portfolio__item-uid-743e9b95\" data-vp-filter=\"operas\" style=\"--vp-images__object-position: 51% 52%;\" \t\t>\n\t\t\t\t\t\t\t\t\t<figure class=\"vp-portfolio__item\">\n\t\t\t\t\n<div class=\"vp-portfolio__item-img-wrap\">\n\t<div class=\"vp-portfolio__item-img\">\n\t\t\t<a\n\t\thref=\"https:\/\/operafuoco.fr\/en\/lamor-conjugale-giovanni-simone-mayr\/\"\n\t\t\t>\n\t\n\t\t<noscript><img loading=\"lazy\" decoding=\"async\" width=\"300\" height=\"277\" data-skip-lazy src=\"https:\/\/operafuoco.fr\/wp-content\/uploads\/2020\/09\/Visuel-Amor-Conjugale-VF-e1637678685542.jpg\" class=\"wp-image-2690\" alt=\"\" srcset=\"https:\/\/operafuoco.fr\/wp-content\/uploads\/2020\/09\/Visuel-Amor-Conjugale-VF-e1637678685542.jpg 300w, https:\/\/operafuoco.fr\/wp-content\/uploads\/2020\/09\/Visuel-Amor-Conjugale-VF-e1637678685542-13x12.jpg 13w\" sizes=\"(max-width: 300px) 100vw, 300px\" \/><\/noscript><img decoding=\"async\" width=\"300\" height=\"277\" src=\"https:\/\/operafuoco.fr\/wp-content\/uploads\/2020\/09\/Visuel-Amor-Conjugale-VF-e1637678685542.jpg\" class=\"wp-image-2690 vp-lazyload\" alt srcset=\"data:image\/svg+xml;base64,PHN2ZyB3aWR0aD0iMzAwIiBoZWlnaHQ9IjI3NyIgdmlld0JveD0iMCAwIDMwMCAyNzciIGZpbGw9Im5vbmUiIHhtbG5zPSJodHRwOi8vd3d3LnczLm9yZy8yMDAwL3N2ZyI+PC9zdmc+\" data-src=\"https:\/\/operafuoco.fr\/wp-content\/uploads\/2020\/09\/Visuel-Amor-Conjugale-VF-e1637678685542.jpg\" data-srcset=\"https:\/\/operafuoco.fr\/wp-content\/uploads\/2020\/09\/Visuel-Amor-Conjugale-VF-e1637678685542.jpg 300w, https:\/\/operafuoco.fr\/wp-content\/uploads\/2020\/09\/Visuel-Amor-Conjugale-VF-e1637678685542-13x12.jpg 13w\" data-sizes=\"auto\" loading=\"eager\">\n\t\t<\/a>\t<\/div>\n<\/div>\n\t<figcaption class=\"vp-portfolio__item-overlay vp-portfolio__item-overlay-text-align-center\">\n\t\t<div class=\"vp-portfolio__item-meta-wrap vp-portfolio__custom-scrollbar\">\n\t\t\t\t<a\n\t\thref=\"https:\/\/operafuoco.fr\/en\/lamor-conjugale-giovanni-simone-mayr\/\"\n\t\ttabindex=\"-1\" class=\"vp-portfolio__item-meta\" \t>\n\t\n<div class=\"vp-portfolio__item-meta-categories\">\n\t\t\t<div class=\"vp-portfolio__item-meta-category\">\n\t\t\t\t<span\t\t\t>\n\tOperas<\/span>\t\t<\/div>\n\t\t<\/div>\n\n<h2 class=\"vp-portfolio__item-meta-title\">\n\tL&rsquo;amor conjugale &#8211; Giovanni Simone Mayr<\/h2>\n<\/a>\t\t<\/div>\n\t<\/figcaption>\n\t\t\t<\/figure>\n\t\t\t\t\t<\/article>\n\t\t\n\t\t<article\t\tclass=\"vp-portfolio__item-wrap post-4004 post type-post status-publish format-standard has-post-thumbnail hentry category-disque category-operas tag-archive vp-portfolio__item-uid-ced34398\" data-vp-filter=\"disque,operas\" style=\"--vp-images__object-position: 51% 52%;\" \t\t>\n\t\t\t\t\t\t\t\t\t<figure class=\"vp-portfolio__item\">\n\t\t\t\t\n<div class=\"vp-portfolio__item-img-wrap\">\n\t<div class=\"vp-portfolio__item-img\">\n\t\t\t<a\n\t\thref=\"https:\/\/operafuoco.fr\/en\/lamor-conjugale-giovanni-simone-mayr-sortie-de-disque\/\"\n\t\t\t>\n\t\n\t\t<noscript><img loading=\"lazy\" decoding=\"async\" width=\"1920\" height=\"1920\" data-skip-lazy src=\"https:\/\/operafuoco.fr\/wp-content\/uploads\/2021\/09\/sm20-3000-1920x1920.jpg\" class=\"wp-image-3256\" alt=\"\" srcset=\"https:\/\/operafuoco.fr\/wp-content\/uploads\/2021\/09\/sm20-3000-1920x1920.jpg 1920w, https:\/\/operafuoco.fr\/wp-content\/uploads\/2021\/09\/sm20-3000-300x300.jpg 300w, https:\/\/operafuoco.fr\/wp-content\/uploads\/2021\/09\/sm20-3000-1024x1024.jpg 1024w, https:\/\/operafuoco.fr\/wp-content\/uploads\/2021\/09\/sm20-3000-150x150.jpg 150w, https:\/\/operafuoco.fr\/wp-content\/uploads\/2021\/09\/sm20-3000-768x768.jpg 768w, https:\/\/operafuoco.fr\/wp-content\/uploads\/2021\/09\/sm20-3000-500x500.jpg 500w, https:\/\/operafuoco.fr\/wp-content\/uploads\/2021\/09\/sm20-3000-800x800.jpg 800w, https:\/\/operafuoco.fr\/wp-content\/uploads\/2021\/09\/sm20-3000-1280x1280.jpg 1280w, https:\/\/operafuoco.fr\/wp-content\/uploads\/2021\/09\/sm20-3000-1536x1536.jpg 1536w, https:\/\/operafuoco.fr\/wp-content\/uploads\/2021\/09\/sm20-3000-2048x2048.jpg 2048w, https:\/\/operafuoco.fr\/wp-content\/uploads\/2021\/09\/sm20-3000-12x12.jpg 12w, https:\/\/operafuoco.fr\/wp-content\/uploads\/2021\/09\/sm20-3000-scaled.jpg 2000w\" sizes=\"(max-width: 1920px) 100vw, 1920px\" \/><\/noscript><img decoding=\"async\" width=\"1920\" height=\"1920\" src=\"https:\/\/operafuoco.fr\/wp-content\/uploads\/2021\/09\/sm20-3000-1920x1920.jpg\" class=\"wp-image-3256 vp-lazyload\" alt srcset=\"data:image\/svg+xml;base64,PHN2ZyB3aWR0aD0iMTkyMCIgaGVpZ2h0PSIxOTIwIiB2aWV3Qm94PSIwIDAgMTkyMCAxOTIwIiBmaWxsPSJub25lIiB4bWxucz0iaHR0cDovL3d3dy53My5vcmcvMjAwMC9zdmciPjwvc3ZnPg==\" data-src=\"https:\/\/operafuoco.fr\/wp-content\/uploads\/2021\/09\/sm20-3000-1920x1920.jpg\" data-srcset=\"https:\/\/operafuoco.fr\/wp-content\/uploads\/2021\/09\/sm20-3000-1920x1920.jpg 1920w, https:\/\/operafuoco.fr\/wp-content\/uploads\/2021\/09\/sm20-3000-300x300.jpg 300w, https:\/\/operafuoco.fr\/wp-content\/uploads\/2021\/09\/sm20-3000-1024x1024.jpg 1024w, https:\/\/operafuoco.fr\/wp-content\/uploads\/2021\/09\/sm20-3000-150x150.jpg 150w, https:\/\/operafuoco.fr\/wp-content\/uploads\/2021\/09\/sm20-3000-768x768.jpg 768w, https:\/\/operafuoco.fr\/wp-content\/uploads\/2021\/09\/sm20-3000-500x500.jpg 500w, https:\/\/operafuoco.fr\/wp-content\/uploads\/2021\/09\/sm20-3000-800x800.jpg 800w, https:\/\/operafuoco.fr\/wp-content\/uploads\/2021\/09\/sm20-3000-1280x1280.jpg 1280w, https:\/\/operafuoco.fr\/wp-content\/uploads\/2021\/09\/sm20-3000-1536x1536.jpg 1536w, https:\/\/operafuoco.fr\/wp-content\/uploads\/2021\/09\/sm20-3000-2048x2048.jpg 2048w, https:\/\/operafuoco.fr\/wp-content\/uploads\/2021\/09\/sm20-3000-12x12.jpg 12w, https:\/\/operafuoco.fr\/wp-content\/uploads\/2021\/09\/sm20-3000-scaled.jpg 2000w\" data-sizes=\"auto\" loading=\"eager\">\n\t\t<\/a>\t<\/div>\n<\/div>\n\t<figcaption class=\"vp-portfolio__item-overlay vp-portfolio__item-overlay-text-align-center\">\n\t\t<div class=\"vp-portfolio__item-meta-wrap vp-portfolio__custom-scrollbar\">\n\t\t\t\t<a\n\t\thref=\"https:\/\/operafuoco.fr\/en\/lamor-conjugale-giovanni-simone-mayr-sortie-de-disque\/\"\n\t\ttabindex=\"-1\" class=\"vp-portfolio__item-meta\" \t>\n\t\n<div class=\"vp-portfolio__item-meta-categories\">\n\t\t\t<div class=\"vp-portfolio__item-meta-category\">\n\t\t\t\t<span\t\t\t>\n\tDisque<\/span>\t\t<\/div>\n\t\t<\/div>\n\n<h2 class=\"vp-portfolio__item-meta-title\">\n\tCD Release - L\u2019amor conjugale, Giovanni Simone Mayr<\/h2>\n<\/a>\t\t<\/div>\n\t<\/figcaption>\n\t\t\t<\/figure>\n\t\t\t\t\t<\/article>\n\t\t\n\t\t<article\t\tclass=\"vp-portfolio__item-wrap post-3999 post type-post status-publish format-standard has-post-thumbnail hentry category-operas tag-archive vp-portfolio__item-uid-f3a6875a\" data-vp-filter=\"operas\" style=\"--vp-images__object-position: 51% 52%;\" \t\t>\n\t\t\t\t\t\t\t\t\t<figure class=\"vp-portfolio__item\">\n\t\t\t\t\n<div class=\"vp-portfolio__item-img-wrap\">\n\t<div class=\"vp-portfolio__item-img\">\n\t\t\t<a\n\t\thref=\"https:\/\/operafuoco.fr\/en\/candide-leonard-bernstein\/\"\n\t\t\t>\n\t\n\t\t<noscript><img loading=\"lazy\" decoding=\"async\" width=\"1500\" height=\"1000\" data-skip-lazy src=\"https:\/\/operafuoco.fr\/wp-content\/uploads\/2019\/04\/Operette-Candide.jpg\" class=\"wp-image-3732\" alt=\"\" srcset=\"https:\/\/operafuoco.fr\/wp-content\/uploads\/2019\/04\/Operette-Candide.jpg 1500w, https:\/\/operafuoco.fr\/wp-content\/uploads\/2019\/04\/Operette-Candide-300x200.jpg 300w, https:\/\/operafuoco.fr\/wp-content\/uploads\/2019\/04\/Operette-Candide-1024x683.jpg 1024w, https:\/\/operafuoco.fr\/wp-content\/uploads\/2019\/04\/Operette-Candide-768x512.jpg 768w, https:\/\/operafuoco.fr\/wp-content\/uploads\/2019\/04\/Operette-Candide-391x260.jpg 391w, https:\/\/operafuoco.fr\/wp-content\/uploads\/2019\/04\/Operette-Candide-18x12.jpg 18w, https:\/\/operafuoco.fr\/wp-content\/uploads\/2019\/04\/Operette-Candide-500x333.jpg 500w, https:\/\/operafuoco.fr\/wp-content\/uploads\/2019\/04\/Operette-Candide-800x533.jpg 800w, https:\/\/operafuoco.fr\/wp-content\/uploads\/2019\/04\/Operette-Candide-1280x853.jpg 1280w\" sizes=\"(max-width: 1500px) 100vw, 1500px\" \/><\/noscript><img decoding=\"async\" width=\"1500\" height=\"1000\" src=\"https:\/\/operafuoco.fr\/wp-content\/uploads\/2019\/04\/Operette-Candide.jpg\" class=\"wp-image-3732 vp-lazyload\" alt srcset=\"data:image\/svg+xml;base64,PHN2ZyB3aWR0aD0iMTUwMCIgaGVpZ2h0PSIxMDAwIiB2aWV3Qm94PSIwIDAgMTUwMCAxMDAwIiBmaWxsPSJub25lIiB4bWxucz0iaHR0cDovL3d3dy53My5vcmcvMjAwMC9zdmciPjwvc3ZnPg==\" data-src=\"https:\/\/operafuoco.fr\/wp-content\/uploads\/2019\/04\/Operette-Candide.jpg\" data-srcset=\"https:\/\/operafuoco.fr\/wp-content\/uploads\/2019\/04\/Operette-Candide.jpg 1500w, https:\/\/operafuoco.fr\/wp-content\/uploads\/2019\/04\/Operette-Candide-300x200.jpg 300w, https:\/\/operafuoco.fr\/wp-content\/uploads\/2019\/04\/Operette-Candide-1024x683.jpg 1024w, https:\/\/operafuoco.fr\/wp-content\/uploads\/2019\/04\/Operette-Candide-768x512.jpg 768w, https:\/\/operafuoco.fr\/wp-content\/uploads\/2019\/04\/Operette-Candide-391x260.jpg 391w, https:\/\/operafuoco.fr\/wp-content\/uploads\/2019\/04\/Operette-Candide-18x12.jpg 18w, https:\/\/operafuoco.fr\/wp-content\/uploads\/2019\/04\/Operette-Candide-500x333.jpg 500w, https:\/\/operafuoco.fr\/wp-content\/uploads\/2019\/04\/Operette-Candide-800x533.jpg 800w, https:\/\/operafuoco.fr\/wp-content\/uploads\/2019\/04\/Operette-Candide-1280x853.jpg 1280w\" data-sizes=\"auto\" loading=\"eager\">\n\t\t<\/a>\t<\/div>\n<\/div>\n\t<figcaption class=\"vp-portfolio__item-overlay vp-portfolio__item-overlay-text-align-center\">\n\t\t<div class=\"vp-portfolio__item-meta-wrap vp-portfolio__custom-scrollbar\">\n\t\t\t\t<a\n\t\thref=\"https:\/\/operafuoco.fr\/en\/candide-leonard-bernstein\/\"\n\t\ttabindex=\"-1\" class=\"vp-portfolio__item-meta\" \t>\n\t\n<div class=\"vp-portfolio__item-meta-categories\">\n\t\t\t<div class=\"vp-portfolio__item-meta-category\">\n\t\t\t\t<span\t\t\t>\n\tOperas<\/span>\t\t<\/div>\n\t\t<\/div>\n\n<h2 class=\"vp-portfolio__item-meta-title\">\n\tCandide &#8211; Leonard Bernstein<\/h2>\n<\/a>\t\t<\/div>\n\t<\/figcaption>\n\t\t\t<\/figure>\n\t\t\t\t\t<\/article>\n\t\t\n\t\t<article\t\tclass=\"vp-portfolio__item-wrap post-4016 post type-post status-publish format-standard has-post-thumbnail hentry category-concerts-rencontres tag-archive vp-portfolio__item-uid-39c613f5\" data-vp-filter=\"concerts-rencontres\" style=\"--vp-images__object-position: 52% 50%;\" \t\t>\n\t\t\t\t\t\t\t\t\t<figure class=\"vp-portfolio__item\">\n\t\t\t\t\n<div class=\"vp-portfolio__item-img-wrap\">\n\t<div class=\"vp-portfolio__item-img\">\n\t\t\t<a\n\t\thref=\"https:\/\/operafuoco.fr\/en\/master-classe-lunivers-vocal-de-kaija-saariaho\/\"\n\t\t\t>\n\t\n\t\t<noscript><img loading=\"lazy\" decoding=\"async\" width=\"1500\" height=\"1001\" data-skip-lazy src=\"https:\/\/operafuoco.fr\/wp-content\/uploads\/2019\/04\/Masterclasse-Concert-Rencontre-KaijaSaariaho.jpg\" class=\"wp-image-3729\" alt=\"\" srcset=\"https:\/\/operafuoco.fr\/wp-content\/uploads\/2019\/04\/Masterclasse-Concert-Rencontre-KaijaSaariaho.jpg 1500w, https:\/\/operafuoco.fr\/wp-content\/uploads\/2019\/04\/Masterclasse-Concert-Rencontre-KaijaSaariaho-300x200.jpg 300w, https:\/\/operafuoco.fr\/wp-content\/uploads\/2019\/04\/Masterclasse-Concert-Rencontre-KaijaSaariaho-1024x683.jpg 1024w, https:\/\/operafuoco.fr\/wp-content\/uploads\/2019\/04\/Masterclasse-Concert-Rencontre-KaijaSaariaho-768x513.jpg 768w, https:\/\/operafuoco.fr\/wp-content\/uploads\/2019\/04\/Masterclasse-Concert-Rencontre-KaijaSaariaho-391x260.jpg 391w, https:\/\/operafuoco.fr\/wp-content\/uploads\/2019\/04\/Masterclasse-Concert-Rencontre-KaijaSaariaho-18x12.jpg 18w, https:\/\/operafuoco.fr\/wp-content\/uploads\/2019\/04\/Masterclasse-Concert-Rencontre-KaijaSaariaho-500x334.jpg 500w, https:\/\/operafuoco.fr\/wp-content\/uploads\/2019\/04\/Masterclasse-Concert-Rencontre-KaijaSaariaho-800x534.jpg 800w, https:\/\/operafuoco.fr\/wp-content\/uploads\/2019\/04\/Masterclasse-Concert-Rencontre-KaijaSaariaho-1280x854.jpg 1280w\" sizes=\"(max-width: 1500px) 100vw, 1500px\" \/><\/noscript><img decoding=\"async\" width=\"1500\" height=\"1001\" src=\"https:\/\/operafuoco.fr\/wp-content\/uploads\/2019\/04\/Masterclasse-Concert-Rencontre-KaijaSaariaho.jpg\" class=\"wp-image-3729 vp-lazyload\" alt srcset=\"data:image\/svg+xml;base64,PHN2ZyB3aWR0aD0iMTUwMCIgaGVpZ2h0PSIxMDAxIiB2aWV3Qm94PSIwIDAgMTUwMCAxMDAxIiBmaWxsPSJub25lIiB4bWxucz0iaHR0cDovL3d3dy53My5vcmcvMjAwMC9zdmciPjwvc3ZnPg==\" data-src=\"https:\/\/operafuoco.fr\/wp-content\/uploads\/2019\/04\/Masterclasse-Concert-Rencontre-KaijaSaariaho.jpg\" data-srcset=\"https:\/\/operafuoco.fr\/wp-content\/uploads\/2019\/04\/Masterclasse-Concert-Rencontre-KaijaSaariaho.jpg 1500w, https:\/\/operafuoco.fr\/wp-content\/uploads\/2019\/04\/Masterclasse-Concert-Rencontre-KaijaSaariaho-300x200.jpg 300w, https:\/\/operafuoco.fr\/wp-content\/uploads\/2019\/04\/Masterclasse-Concert-Rencontre-KaijaSaariaho-1024x683.jpg 1024w, https:\/\/operafuoco.fr\/wp-content\/uploads\/2019\/04\/Masterclasse-Concert-Rencontre-KaijaSaariaho-768x513.jpg 768w, https:\/\/operafuoco.fr\/wp-content\/uploads\/2019\/04\/Masterclasse-Concert-Rencontre-KaijaSaariaho-391x260.jpg 391w, https:\/\/operafuoco.fr\/wp-content\/uploads\/2019\/04\/Masterclasse-Concert-Rencontre-KaijaSaariaho-18x12.jpg 18w, https:\/\/operafuoco.fr\/wp-content\/uploads\/2019\/04\/Masterclasse-Concert-Rencontre-KaijaSaariaho-500x334.jpg 500w, https:\/\/operafuoco.fr\/wp-content\/uploads\/2019\/04\/Masterclasse-Concert-Rencontre-KaijaSaariaho-800x534.jpg 800w, https:\/\/operafuoco.fr\/wp-content\/uploads\/2019\/04\/Masterclasse-Concert-Rencontre-KaijaSaariaho-1280x854.jpg 1280w\" data-sizes=\"auto\" loading=\"eager\">\n\t\t<\/a>\t<\/div>\n<\/div>\n\t<figcaption class=\"vp-portfolio__item-overlay vp-portfolio__item-overlay-text-align-center\">\n\t\t<div class=\"vp-portfolio__item-meta-wrap vp-portfolio__custom-scrollbar\">\n\t\t\t\t<a\n\t\thref=\"https:\/\/operafuoco.fr\/en\/master-classe-lunivers-vocal-de-kaija-saariaho\/\"\n\t\ttabindex=\"-1\" class=\"vp-portfolio__item-meta\" \t>\n\t\n<div class=\"vp-portfolio__item-meta-categories\">\n\t\t\t<div class=\"vp-portfolio__item-meta-category\">\n\t\t\t\t<span\t\t\t>\n\tEncounter-concerts<\/span>\t\t<\/div>\n\t\t<\/div>\n\n<h2 class=\"vp-portfolio__item-meta-title\">\n\tMasterclass - The Vocal Universe of Kaija Saariaho<\/h2>\n<\/a>\t\t<\/div>\n\t<\/figcaption>\n\t\t\t<\/figure>\n\t\t\t\t\t<\/article>\n\t\t\n\t\t<article\t\tclass=\"vp-portfolio__item-wrap post-4013 post type-post status-publish format-standard has-post-thumbnail hentry category-concerts-rencontres tag-archive vp-portfolio__item-uid-49ace77a\" data-vp-filter=\"concerts-rencontres\" style=\"--vp-images__object-position: 52% 50%;\" \t\t>\n\t\t\t\t\t\t\t\t\t<figure class=\"vp-portfolio__item\">\n\t\t\t\t\n<div class=\"vp-portfolio__item-img-wrap\">\n\t<div class=\"vp-portfolio__item-img\">\n\t\t\t<a\n\t\thref=\"https:\/\/operafuoco.fr\/en\/master-classe-lage-dor-de-lopera-russe\/\"\n\t\t\t>\n\t\n\t\t<noscript><img loading=\"lazy\" decoding=\"async\" width=\"1500\" height=\"1000\" data-skip-lazy src=\"https:\/\/operafuoco.fr\/wp-content\/uploads\/2019\/04\/Masterclass-Concert-Rencontre-Opera-Russe.jpg\" class=\"wp-image-3728\" alt=\"\" srcset=\"https:\/\/operafuoco.fr\/wp-content\/uploads\/2019\/04\/Masterclass-Concert-Rencontre-Opera-Russe.jpg 1500w, https:\/\/operafuoco.fr\/wp-content\/uploads\/2019\/04\/Masterclass-Concert-Rencontre-Opera-Russe-300x200.jpg 300w, https:\/\/operafuoco.fr\/wp-content\/uploads\/2019\/04\/Masterclass-Concert-Rencontre-Opera-Russe-1024x683.jpg 1024w, https:\/\/operafuoco.fr\/wp-content\/uploads\/2019\/04\/Masterclass-Concert-Rencontre-Opera-Russe-768x512.jpg 768w, https:\/\/operafuoco.fr\/wp-content\/uploads\/2019\/04\/Masterclass-Concert-Rencontre-Opera-Russe-391x260.jpg 391w, https:\/\/operafuoco.fr\/wp-content\/uploads\/2019\/04\/Masterclass-Concert-Rencontre-Opera-Russe-18x12.jpg 18w, https:\/\/operafuoco.fr\/wp-content\/uploads\/2019\/04\/Masterclass-Concert-Rencontre-Opera-Russe-500x333.jpg 500w, https:\/\/operafuoco.fr\/wp-content\/uploads\/2019\/04\/Masterclass-Concert-Rencontre-Opera-Russe-800x533.jpg 800w, https:\/\/operafuoco.fr\/wp-content\/uploads\/2019\/04\/Masterclass-Concert-Rencontre-Opera-Russe-1280x853.jpg 1280w\" sizes=\"(max-width: 1500px) 100vw, 1500px\" \/><\/noscript><img decoding=\"async\" width=\"1500\" height=\"1000\" src=\"https:\/\/operafuoco.fr\/wp-content\/uploads\/2019\/04\/Masterclass-Concert-Rencontre-Opera-Russe.jpg\" class=\"wp-image-3728 vp-lazyload\" alt srcset=\"data:image\/svg+xml;base64,PHN2ZyB3aWR0aD0iMTUwMCIgaGVpZ2h0PSIxMDAwIiB2aWV3Qm94PSIwIDAgMTUwMCAxMDAwIiBmaWxsPSJub25lIiB4bWxucz0iaHR0cDovL3d3dy53My5vcmcvMjAwMC9zdmciPjwvc3ZnPg==\" data-src=\"https:\/\/operafuoco.fr\/wp-content\/uploads\/2019\/04\/Masterclass-Concert-Rencontre-Opera-Russe.jpg\" data-srcset=\"https:\/\/operafuoco.fr\/wp-content\/uploads\/2019\/04\/Masterclass-Concert-Rencontre-Opera-Russe.jpg 1500w, https:\/\/operafuoco.fr\/wp-content\/uploads\/2019\/04\/Masterclass-Concert-Rencontre-Opera-Russe-300x200.jpg 300w, https:\/\/operafuoco.fr\/wp-content\/uploads\/2019\/04\/Masterclass-Concert-Rencontre-Opera-Russe-1024x683.jpg 1024w, https:\/\/operafuoco.fr\/wp-content\/uploads\/2019\/04\/Masterclass-Concert-Rencontre-Opera-Russe-768x512.jpg 768w, https:\/\/operafuoco.fr\/wp-content\/uploads\/2019\/04\/Masterclass-Concert-Rencontre-Opera-Russe-391x260.jpg 391w, https:\/\/operafuoco.fr\/wp-content\/uploads\/2019\/04\/Masterclass-Concert-Rencontre-Opera-Russe-18x12.jpg 18w, https:\/\/operafuoco.fr\/wp-content\/uploads\/2019\/04\/Masterclass-Concert-Rencontre-Opera-Russe-500x333.jpg 500w, https:\/\/operafuoco.fr\/wp-content\/uploads\/2019\/04\/Masterclass-Concert-Rencontre-Opera-Russe-800x533.jpg 800w, https:\/\/operafuoco.fr\/wp-content\/uploads\/2019\/04\/Masterclass-Concert-Rencontre-Opera-Russe-1280x853.jpg 1280w\" data-sizes=\"auto\" loading=\"eager\">\n\t\t<\/a>\t<\/div>\n<\/div>\n\t<figcaption class=\"vp-portfolio__item-overlay vp-portfolio__item-overlay-text-align-center\">\n\t\t<div class=\"vp-portfolio__item-meta-wrap vp-portfolio__custom-scrollbar\">\n\t\t\t\t<a\n\t\thref=\"https:\/\/operafuoco.fr\/en\/master-classe-lage-dor-de-lopera-russe\/\"\n\t\ttabindex=\"-1\" class=\"vp-portfolio__item-meta\" \t>\n\t\n<div class=\"vp-portfolio__item-meta-categories\">\n\t\t\t<div class=\"vp-portfolio__item-meta-category\">\n\t\t\t\t<span\t\t\t>\n\tEncounter-concerts<\/span>\t\t<\/div>\n\t\t<\/div>\n\n<h2 class=\"vp-portfolio__item-meta-title\">\n\tMasterclass - The Golden Age of Russian Opera<\/h2>\n<\/a>\t\t<\/div>\n\t<\/figcaption>\n\t\t\t<\/figure>\n\t\t\t\t\t<\/article>\n\t\t\n\t\t<article\t\tclass=\"vp-portfolio__item-wrap post-3968 post type-post status-publish format-standard has-post-thumbnail hentry category-operas tag-archive vp-portfolio__item-uid-0339ab03\" data-vp-filter=\"operas\" \t\t>\n\t\t\t\t\t\t\t\t\t<figure class=\"vp-portfolio__item\">\n\t\t\t\t\n<div class=\"vp-portfolio__item-img-wrap\">\n\t<div class=\"vp-portfolio__item-img\">\n\t\t\t<a\n\t\thref=\"https:\/\/operafuoco.fr\/en\/les-noces-de-figaro-wolfgang-amadeus-mozart\/\"\n\t\t\t>\n\t\n\t\t<noscript><img loading=\"lazy\" decoding=\"async\" width=\"1500\" height=\"1000\" data-skip-lazy src=\"https:\/\/operafuoco.fr\/wp-content\/uploads\/2019\/04\/Opera-Nozze-di-Figaro.jpg\" class=\"wp-image-3731\" alt=\"\" srcset=\"https:\/\/operafuoco.fr\/wp-content\/uploads\/2019\/04\/Opera-Nozze-di-Figaro.jpg 1500w, https:\/\/operafuoco.fr\/wp-content\/uploads\/2019\/04\/Opera-Nozze-di-Figaro-300x200.jpg 300w, https:\/\/operafuoco.fr\/wp-content\/uploads\/2019\/04\/Opera-Nozze-di-Figaro-1024x683.jpg 1024w, https:\/\/operafuoco.fr\/wp-content\/uploads\/2019\/04\/Opera-Nozze-di-Figaro-768x512.jpg 768w, https:\/\/operafuoco.fr\/wp-content\/uploads\/2019\/04\/Opera-Nozze-di-Figaro-391x260.jpg 391w, https:\/\/operafuoco.fr\/wp-content\/uploads\/2019\/04\/Opera-Nozze-di-Figaro-18x12.jpg 18w, https:\/\/operafuoco.fr\/wp-content\/uploads\/2019\/04\/Opera-Nozze-di-Figaro-500x333.jpg 500w, https:\/\/operafuoco.fr\/wp-content\/uploads\/2019\/04\/Opera-Nozze-di-Figaro-800x533.jpg 800w, https:\/\/operafuoco.fr\/wp-content\/uploads\/2019\/04\/Opera-Nozze-di-Figaro-1280x853.jpg 1280w\" sizes=\"(max-width: 1500px) 100vw, 1500px\" \/><\/noscript><img decoding=\"async\" width=\"1500\" height=\"1000\" src=\"https:\/\/operafuoco.fr\/wp-content\/uploads\/2019\/04\/Opera-Nozze-di-Figaro.jpg\" class=\"wp-image-3731 vp-lazyload\" alt srcset=\"data:image\/svg+xml;base64,PHN2ZyB3aWR0aD0iMTUwMCIgaGVpZ2h0PSIxMDAwIiB2aWV3Qm94PSIwIDAgMTUwMCAxMDAwIiBmaWxsPSJub25lIiB4bWxucz0iaHR0cDovL3d3dy53My5vcmcvMjAwMC9zdmciPjwvc3ZnPg==\" data-src=\"https:\/\/operafuoco.fr\/wp-content\/uploads\/2019\/04\/Opera-Nozze-di-Figaro.jpg\" data-srcset=\"https:\/\/operafuoco.fr\/wp-content\/uploads\/2019\/04\/Opera-Nozze-di-Figaro.jpg 1500w, https:\/\/operafuoco.fr\/wp-content\/uploads\/2019\/04\/Opera-Nozze-di-Figaro-300x200.jpg 300w, https:\/\/operafuoco.fr\/wp-content\/uploads\/2019\/04\/Opera-Nozze-di-Figaro-1024x683.jpg 1024w, https:\/\/operafuoco.fr\/wp-content\/uploads\/2019\/04\/Opera-Nozze-di-Figaro-768x512.jpg 768w, https:\/\/operafuoco.fr\/wp-content\/uploads\/2019\/04\/Opera-Nozze-di-Figaro-391x260.jpg 391w, https:\/\/operafuoco.fr\/wp-content\/uploads\/2019\/04\/Opera-Nozze-di-Figaro-18x12.jpg 18w, https:\/\/operafuoco.fr\/wp-content\/uploads\/2019\/04\/Opera-Nozze-di-Figaro-500x333.jpg 500w, https:\/\/operafuoco.fr\/wp-content\/uploads\/2019\/04\/Opera-Nozze-di-Figaro-800x533.jpg 800w, https:\/\/operafuoco.fr\/wp-content\/uploads\/2019\/04\/Opera-Nozze-di-Figaro-1280x853.jpg 1280w\" data-sizes=\"auto\" loading=\"eager\">\n\t\t<\/a>\t<\/div>\n<\/div>\n\t<figcaption class=\"vp-portfolio__item-overlay vp-portfolio__item-overlay-text-align-center\">\n\t\t<div class=\"vp-portfolio__item-meta-wrap vp-portfolio__custom-scrollbar\">\n\t\t\t\t<a\n\t\thref=\"https:\/\/operafuoco.fr\/en\/les-noces-de-figaro-wolfgang-amadeus-mozart\/\"\n\t\ttabindex=\"-1\" class=\"vp-portfolio__item-meta\" \t>\n\t\n<div class=\"vp-portfolio__item-meta-categories\">\n\t\t\t<div class=\"vp-portfolio__item-meta-category\">\n\t\t\t\t<span\t\t\t>\n\tOperas<\/span>\t\t<\/div>\n\t\t<\/div>\n\n<h2 class=\"vp-portfolio__item-meta-title\">\n\tLe Nozze di Figaro - Wolfgang Amadeus Mozart<\/h2>\n<\/a>\t\t<\/div>\n\t<\/figcaption>\n\t\t\t<\/figure>\n\t\t\t\t\t<\/article>\n\t\t\n\t\t<article\t\tclass=\"vp-portfolio__item-wrap post-3577 post type-post status-publish format-standard has-post-thumbnail hentry category-concerts tag-archive vp-portfolio__item-uid-83877eb7\" data-vp-filter=\"concerts\" \t\t>\n\t\t\t\t\t\t\t\t\t<figure class=\"vp-portfolio__item\">\n\t\t\t\t\n<div class=\"vp-portfolio__item-img-wrap\">\n\t<div class=\"vp-portfolio__item-img\">\n\t\t\t<a\n\t\thref=\"https:\/\/operafuoco.fr\/en\/baritenor-les-grandes-voix\/\"\n\t\t\t>\n\t\n\t\t<noscript><img loading=\"lazy\" decoding=\"async\" width=\"1920\" height=\"1246\" data-skip-lazy src=\"https:\/\/operafuoco.fr\/wp-content\/uploads\/2021\/09\/Michael-Spyres-credit-Marco-Borrelli-1920x1246.jpg\" class=\"wp-image-3186\" alt=\"\" srcset=\"https:\/\/operafuoco.fr\/wp-content\/uploads\/2021\/09\/Michael-Spyres-credit-Marco-Borrelli-1920x1246.jpg 1920w, https:\/\/operafuoco.fr\/wp-content\/uploads\/2021\/09\/Michael-Spyres-credit-Marco-Borrelli-300x195.jpg 300w, https:\/\/operafuoco.fr\/wp-content\/uploads\/2021\/09\/Michael-Spyres-credit-Marco-Borrelli-1024x664.jpg 1024w, https:\/\/operafuoco.fr\/wp-content\/uploads\/2021\/09\/Michael-Spyres-credit-Marco-Borrelli-768x498.jpg 768w, https:\/\/operafuoco.fr\/wp-content\/uploads\/2021\/09\/Michael-Spyres-credit-Marco-Borrelli-500x324.jpg 500w, https:\/\/operafuoco.fr\/wp-content\/uploads\/2021\/09\/Michael-Spyres-credit-Marco-Borrelli-800x519.jpg 800w, https:\/\/operafuoco.fr\/wp-content\/uploads\/2021\/09\/Michael-Spyres-credit-Marco-Borrelli-1280x830.jpg 1280w, https:\/\/operafuoco.fr\/wp-content\/uploads\/2021\/09\/Michael-Spyres-credit-Marco-Borrelli-1536x997.jpg 1536w, https:\/\/operafuoco.fr\/wp-content\/uploads\/2021\/09\/Michael-Spyres-credit-Marco-Borrelli-2048x1329.jpg 2048w, https:\/\/operafuoco.fr\/wp-content\/uploads\/2021\/09\/Michael-Spyres-credit-Marco-Borrelli-16x10.jpg 16w, https:\/\/operafuoco.fr\/wp-content\/uploads\/2021\/09\/Michael-Spyres-credit-Marco-Borrelli.jpg 2000w\" sizes=\"(max-width: 1920px) 100vw, 1920px\" \/><\/noscript><img decoding=\"async\" width=\"1920\" height=\"1246\" src=\"https:\/\/operafuoco.fr\/wp-content\/uploads\/2021\/09\/Michael-Spyres-credit-Marco-Borrelli-1920x1246.jpg\" class=\"wp-image-3186 vp-lazyload\" alt srcset=\"data:image\/svg+xml;base64,PHN2ZyB3aWR0aD0iMTkyMCIgaGVpZ2h0PSIxMjQ2IiB2aWV3Qm94PSIwIDAgMTkyMCAxMjQ2IiBmaWxsPSJub25lIiB4bWxucz0iaHR0cDovL3d3dy53My5vcmcvMjAwMC9zdmciPjwvc3ZnPg==\" data-src=\"https:\/\/operafuoco.fr\/wp-content\/uploads\/2021\/09\/Michael-Spyres-credit-Marco-Borrelli-1920x1246.jpg\" data-srcset=\"https:\/\/operafuoco.fr\/wp-content\/uploads\/2021\/09\/Michael-Spyres-credit-Marco-Borrelli-1920x1246.jpg 1920w, https:\/\/operafuoco.fr\/wp-content\/uploads\/2021\/09\/Michael-Spyres-credit-Marco-Borrelli-300x195.jpg 300w, https:\/\/operafuoco.fr\/wp-content\/uploads\/2021\/09\/Michael-Spyres-credit-Marco-Borrelli-1024x664.jpg 1024w, https:\/\/operafuoco.fr\/wp-content\/uploads\/2021\/09\/Michael-Spyres-credit-Marco-Borrelli-768x498.jpg 768w, https:\/\/operafuoco.fr\/wp-content\/uploads\/2021\/09\/Michael-Spyres-credit-Marco-Borrelli-500x324.jpg 500w, https:\/\/operafuoco.fr\/wp-content\/uploads\/2021\/09\/Michael-Spyres-credit-Marco-Borrelli-800x519.jpg 800w, https:\/\/operafuoco.fr\/wp-content\/uploads\/2021\/09\/Michael-Spyres-credit-Marco-Borrelli-1280x830.jpg 1280w, https:\/\/operafuoco.fr\/wp-content\/uploads\/2021\/09\/Michael-Spyres-credit-Marco-Borrelli-1536x997.jpg 1536w, https:\/\/operafuoco.fr\/wp-content\/uploads\/2021\/09\/Michael-Spyres-credit-Marco-Borrelli-2048x1329.jpg 2048w, https:\/\/operafuoco.fr\/wp-content\/uploads\/2021\/09\/Michael-Spyres-credit-Marco-Borrelli-16x10.jpg 16w, https:\/\/operafuoco.fr\/wp-content\/uploads\/2021\/09\/Michael-Spyres-credit-Marco-Borrelli.jpg 2000w\" data-sizes=\"auto\" loading=\"eager\">\n\t\t<\/a>\t<\/div>\n<\/div>\n\t<figcaption class=\"vp-portfolio__item-overlay vp-portfolio__item-overlay-text-align-center\">\n\t\t<div class=\"vp-portfolio__item-meta-wrap vp-portfolio__custom-scrollbar\">\n\t\t\t\t<a\n\t\thref=\"https:\/\/operafuoco.fr\/en\/baritenor-les-grandes-voix\/\"\n\t\ttabindex=\"-1\" class=\"vp-portfolio__item-meta\" \t>\n\t\n<div class=\"vp-portfolio__item-meta-categories\">\n\t\t\t<div class=\"vp-portfolio__item-meta-category\">\n\t\t\t\t<span\t\t\t>\n\tConcerts<\/span>\t\t<\/div>\n\t\t<\/div>\n\n<h2 class=\"vp-portfolio__item-meta-title\">\n\tBariTenor &#8211; Les Grandes Voix<\/h2>\n<\/a>\t\t<\/div>\n\t<\/figcaption>\n\t\t\t<\/figure>\n\t\t\t\t\t<\/article>\n\t\t\n\t\t<article\t\tclass=\"vp-portfolio__item-wrap post-4052 post type-post status-publish format-standard has-post-thumbnail hentry category-concerts-rencontres tag-archive vp-portfolio__item-uid-5ac712e8\" data-vp-filter=\"concerts-rencontres\" style=\"--vp-images__object-position: 52% 50%;\" \t\t>\n\t\t\t\t\t\t\t\t\t<figure class=\"vp-portfolio__item\">\n\t\t\t\t\n<div class=\"vp-portfolio__item-img-wrap\">\n\t<div class=\"vp-portfolio__item-img\">\n\t\t\t<a\n\t\thref=\"https:\/\/operafuoco.fr\/en\/master-classe-un-portrait-de-giuseppe-verdi\/\"\n\t\t\t>\n\t\n\t\t<noscript><img loading=\"lazy\" decoding=\"async\" width=\"875\" height=\"1080\" data-skip-lazy src=\"https:\/\/operafuoco.fr\/wp-content\/uploads\/2019\/04\/Verdi_by_Giovanni_Boldini.jpg\" class=\"wp-image-4033\" alt=\"\" srcset=\"https:\/\/operafuoco.fr\/wp-content\/uploads\/2019\/04\/Verdi_by_Giovanni_Boldini.jpg 875w, https:\/\/operafuoco.fr\/wp-content\/uploads\/2019\/04\/Verdi_by_Giovanni_Boldini-243x300.jpg 243w, https:\/\/operafuoco.fr\/wp-content\/uploads\/2019\/04\/Verdi_by_Giovanni_Boldini-830x1024.jpg 830w, https:\/\/operafuoco.fr\/wp-content\/uploads\/2019\/04\/Verdi_by_Giovanni_Boldini-768x948.jpg 768w, https:\/\/operafuoco.fr\/wp-content\/uploads\/2019\/04\/Verdi_by_Giovanni_Boldini-10x12.jpg 10w, https:\/\/operafuoco.fr\/wp-content\/uploads\/2019\/04\/Verdi_by_Giovanni_Boldini-500x617.jpg 500w, https:\/\/operafuoco.fr\/wp-content\/uploads\/2019\/04\/Verdi_by_Giovanni_Boldini-800x987.jpg 800w\" sizes=\"(max-width: 875px) 100vw, 875px\" \/><\/noscript><img decoding=\"async\" width=\"875\" height=\"1080\" src=\"https:\/\/operafuoco.fr\/wp-content\/uploads\/2019\/04\/Verdi_by_Giovanni_Boldini.jpg\" class=\"wp-image-4033 vp-lazyload\" alt srcset=\"data:image\/svg+xml;base64,PHN2ZyB3aWR0aD0iODc1IiBoZWlnaHQ9IjEwODAiIHZpZXdCb3g9IjAgMCA4NzUgMTA4MCIgZmlsbD0ibm9uZSIgeG1sbnM9Imh0dHA6Ly93d3cudzMub3JnLzIwMDAvc3ZnIj48L3N2Zz4=\" data-src=\"https:\/\/operafuoco.fr\/wp-content\/uploads\/2019\/04\/Verdi_by_Giovanni_Boldini.jpg\" data-srcset=\"https:\/\/operafuoco.fr\/wp-content\/uploads\/2019\/04\/Verdi_by_Giovanni_Boldini.jpg 875w, https:\/\/operafuoco.fr\/wp-content\/uploads\/2019\/04\/Verdi_by_Giovanni_Boldini-243x300.jpg 243w, https:\/\/operafuoco.fr\/wp-content\/uploads\/2019\/04\/Verdi_by_Giovanni_Boldini-830x1024.jpg 830w, https:\/\/operafuoco.fr\/wp-content\/uploads\/2019\/04\/Verdi_by_Giovanni_Boldini-768x948.jpg 768w, https:\/\/operafuoco.fr\/wp-content\/uploads\/2019\/04\/Verdi_by_Giovanni_Boldini-10x12.jpg 10w, https:\/\/operafuoco.fr\/wp-content\/uploads\/2019\/04\/Verdi_by_Giovanni_Boldini-500x617.jpg 500w, https:\/\/operafuoco.fr\/wp-content\/uploads\/2019\/04\/Verdi_by_Giovanni_Boldini-800x987.jpg 800w\" data-sizes=\"auto\" loading=\"eager\">\n\t\t<\/a>\t<\/div>\n<\/div>\n\t<figcaption class=\"vp-portfolio__item-overlay vp-portfolio__item-overlay-text-align-center\">\n\t\t<div class=\"vp-portfolio__item-meta-wrap vp-portfolio__custom-scrollbar\">\n\t\t\t\t<a\n\t\thref=\"https:\/\/operafuoco.fr\/en\/master-classe-un-portrait-de-giuseppe-verdi\/\"\n\t\ttabindex=\"-1\" class=\"vp-portfolio__item-meta\" \t>\n\t\n<div class=\"vp-portfolio__item-meta-categories\">\n\t\t\t<div class=\"vp-portfolio__item-meta-category\">\n\t\t\t\t<span\t\t\t>\n\tEncounter-concerts<\/span>\t\t<\/div>\n\t\t<\/div>\n\n<h2 class=\"vp-portfolio__item-meta-title\">\n\tMasterclass - A portrait of Giuseppe Verdi<\/h2>\n<\/a>\t\t<\/div>\n\t<\/figcaption>\n\t\t\t<\/figure>\n\t\t\t\t\t<\/article>\n\t\t\n\t\t<article\t\tclass=\"vp-portfolio__item-wrap post-4242 post type-post status-publish format-standard has-post-thumbnail hentry category-concerts tag-archive vp-portfolio__item-uid-4058f7c7\" data-vp-filter=\"concerts\" style=\"--vp-images__object-position: 52% 43%;\" \t\t>\n\t\t\t\t\t\t\t\t\t<figure class=\"vp-portfolio__item\">\n\t\t\t\t\n<div class=\"vp-portfolio__item-img-wrap\">\n\t<div class=\"vp-portfolio__item-img\">\n\t\t\t<a\n\t\thref=\"https:\/\/operafuoco.fr\/en\/lumieres-ditalie\/\"\n\t\t\t>\n\t\n\t\t<noscript><img loading=\"lazy\" decoding=\"async\" width=\"1000\" height=\"1250\" data-skip-lazy src=\"https:\/\/operafuoco.fr\/wp-content\/uploads\/2022\/04\/272026245_4973132292778560_1860046843599031841_n-e1649410725292.jpg\" class=\"wp-image-4246\" alt=\"\" \/><\/noscript><img decoding=\"async\" width=\"1000\" height=\"1250\" src=\"data:image\/svg+xml;base64,PHN2ZyB3aWR0aD0iMTAwMCIgaGVpZ2h0PSIxMjUwIiB2aWV3Qm94PSIwIDAgMTAwMCAxMjUwIiBmaWxsPSJub25lIiB4bWxucz0iaHR0cDovL3d3dy53My5vcmcvMjAwMC9zdmciPjwvc3ZnPg==\" class=\"wp-image-4246 vp-lazyload\" alt data-src=\"https:\/\/operafuoco.fr\/wp-content\/uploads\/2022\/04\/272026245_4973132292778560_1860046843599031841_n-e1649410725292.jpg\" data-sizes=\"auto\" loading=\"eager\">\n\t\t<\/a>\t<\/div>\n<\/div>\n\t<figcaption class=\"vp-portfolio__item-overlay vp-portfolio__item-overlay-text-align-center\">\n\t\t<div class=\"vp-portfolio__item-meta-wrap vp-portfolio__custom-scrollbar\">\n\t\t\t\t<a\n\t\thref=\"https:\/\/operafuoco.fr\/en\/lumieres-ditalie\/\"\n\t\ttabindex=\"-1\" class=\"vp-portfolio__item-meta\" \t>\n\t\n<div class=\"vp-portfolio__item-meta-categories\">\n\t\t\t<div class=\"vp-portfolio__item-meta-category\">\n\t\t\t\t<span\t\t\t>\n\tConcerts<\/span>\t\t<\/div>\n\t\t<\/div>\n\n<h2 class=\"vp-portfolio__item-meta-title\">\n\tLights of Italy<\/h2>\n<\/a>\t\t<\/div>\n\t<\/figcaption>\n\t\t\t<\/figure>\n\t\t\t\t\t<\/article>\n\t\t\n\t\t<article\t\tclass=\"vp-portfolio__item-wrap post-4023 post type-post status-publish format-standard has-post-thumbnail hentry category-concerts tag-archive tag-fuoco-obbligato vp-portfolio__item-uid-6281b4b9\" data-vp-filter=\"concerts\" \t\t>\n\t\t\t\t\t\t\t\t\t<figure class=\"vp-portfolio__item\">\n\t\t\t\t\n<div class=\"vp-portfolio__item-img-wrap\">\n\t<div class=\"vp-portfolio__item-img\">\n\t\t\t<a\n\t\thref=\"https:\/\/operafuoco.fr\/en\/fuoco-obbligato-tete-a-tete-2\/\"\n\t\t\t>\n\t\n\t\t<noscript><img loading=\"lazy\" decoding=\"async\" width=\"1500\" height=\"1000\" data-skip-lazy src=\"https:\/\/operafuoco.fr\/wp-content\/uploads\/2019\/04\/Concert-Fuoco-Obbligato-.jpg\" class=\"wp-image-3726\" alt=\"\" srcset=\"https:\/\/operafuoco.fr\/wp-content\/uploads\/2019\/04\/Concert-Fuoco-Obbligato-.jpg 1500w, https:\/\/operafuoco.fr\/wp-content\/uploads\/2019\/04\/Concert-Fuoco-Obbligato--300x200.jpg 300w, https:\/\/operafuoco.fr\/wp-content\/uploads\/2019\/04\/Concert-Fuoco-Obbligato--1024x683.jpg 1024w, https:\/\/operafuoco.fr\/wp-content\/uploads\/2019\/04\/Concert-Fuoco-Obbligato--768x512.jpg 768w, https:\/\/operafuoco.fr\/wp-content\/uploads\/2019\/04\/Concert-Fuoco-Obbligato--391x260.jpg 391w, https:\/\/operafuoco.fr\/wp-content\/uploads\/2019\/04\/Concert-Fuoco-Obbligato--18x12.jpg 18w, https:\/\/operafuoco.fr\/wp-content\/uploads\/2019\/04\/Concert-Fuoco-Obbligato--500x333.jpg 500w, https:\/\/operafuoco.fr\/wp-content\/uploads\/2019\/04\/Concert-Fuoco-Obbligato--800x533.jpg 800w, https:\/\/operafuoco.fr\/wp-content\/uploads\/2019\/04\/Concert-Fuoco-Obbligato--1280x853.jpg 1280w\" sizes=\"(max-width: 1500px) 100vw, 1500px\" \/><\/noscript><img decoding=\"async\" width=\"1500\" height=\"1000\" src=\"https:\/\/operafuoco.fr\/wp-content\/uploads\/2019\/04\/Concert-Fuoco-Obbligato-.jpg\" class=\"wp-image-3726 vp-lazyload\" alt srcset=\"data:image\/svg+xml;base64,PHN2ZyB3aWR0aD0iMTUwMCIgaGVpZ2h0PSIxMDAwIiB2aWV3Qm94PSIwIDAgMTUwMCAxMDAwIiBmaWxsPSJub25lIiB4bWxucz0iaHR0cDovL3d3dy53My5vcmcvMjAwMC9zdmciPjwvc3ZnPg==\" data-src=\"https:\/\/operafuoco.fr\/wp-content\/uploads\/2019\/04\/Concert-Fuoco-Obbligato-.jpg\" data-srcset=\"https:\/\/operafuoco.fr\/wp-content\/uploads\/2019\/04\/Concert-Fuoco-Obbligato-.jpg 1500w, https:\/\/operafuoco.fr\/wp-content\/uploads\/2019\/04\/Concert-Fuoco-Obbligato--300x200.jpg 300w, https:\/\/operafuoco.fr\/wp-content\/uploads\/2019\/04\/Concert-Fuoco-Obbligato--1024x683.jpg 1024w, https:\/\/operafuoco.fr\/wp-content\/uploads\/2019\/04\/Concert-Fuoco-Obbligato--768x512.jpg 768w, https:\/\/operafuoco.fr\/wp-content\/uploads\/2019\/04\/Concert-Fuoco-Obbligato--391x260.jpg 391w, https:\/\/operafuoco.fr\/wp-content\/uploads\/2019\/04\/Concert-Fuoco-Obbligato--18x12.jpg 18w, https:\/\/operafuoco.fr\/wp-content\/uploads\/2019\/04\/Concert-Fuoco-Obbligato--500x333.jpg 500w, https:\/\/operafuoco.fr\/wp-content\/uploads\/2019\/04\/Concert-Fuoco-Obbligato--800x533.jpg 800w, https:\/\/operafuoco.fr\/wp-content\/uploads\/2019\/04\/Concert-Fuoco-Obbligato--1280x853.jpg 1280w\" data-sizes=\"auto\" loading=\"eager\">\n\t\t<\/a>\t<\/div>\n<\/div>\n\t<figcaption class=\"vp-portfolio__item-overlay vp-portfolio__item-overlay-text-align-center\">\n\t\t<div class=\"vp-portfolio__item-meta-wrap vp-portfolio__custom-scrollbar\">\n\t\t\t\t<a\n\t\thref=\"https:\/\/operafuoco.fr\/en\/fuoco-obbligato-tete-a-tete-2\/\"\n\t\ttabindex=\"-1\" class=\"vp-portfolio__item-meta\" \t>\n\t\n<div class=\"vp-portfolio__item-meta-categories\">\n\t\t\t<div class=\"vp-portfolio__item-meta-category\">\n\t\t\t\t<span\t\t\t>\n\tConcerts<\/span>\t\t<\/div>\n\t\t<\/div>\n\n<h2 class=\"vp-portfolio__item-meta-title\">\n\tT\u00eate-\u00e0-t\u00eate &#8211; Fuoco Obbligato<\/h2>\n<\/a>\t\t<\/div>\n\t<\/figcaption>\n\t\t\t<\/figure>\n\t\t\t\t\t<\/article>\n\t\t\n\t\t<article\t\tclass=\"vp-portfolio__item-wrap post-3124 post type-post status-publish format-standard has-post-thumbnail hentry category-operas tag-archive vp-portfolio__item-uid-60f07394\" data-vp-filter=\"operas\" style=\"--vp-images__object-position: 49% 50%;\" \t\t>\n\t\t\t\t\t\t\t\t\t<figure class=\"vp-portfolio__item\">\n\t\t\t\t\n<div class=\"vp-portfolio__item-img-wrap\">\n\t<div class=\"vp-portfolio__item-img\">\n\t\t\t<a\n\t\thref=\"https:\/\/operafuoco.fr\/en\/cosi-fan-tutte\/\"\n\t\t\t>\n\t\n\t\t<noscript><img loading=\"lazy\" decoding=\"async\" width=\"1920\" height=\"2880\" data-skip-lazy src=\"https:\/\/operafuoco.fr\/wp-content\/uploads\/2021\/06\/DSC05861-1920x2880.jpeg\" class=\"wp-image-3152\" alt=\"\" srcset=\"https:\/\/operafuoco.fr\/wp-content\/uploads\/2021\/06\/DSC05861-1920x2880.jpeg 1920w, https:\/\/operafuoco.fr\/wp-content\/uploads\/2021\/06\/DSC05861-200x300.jpeg 200w, https:\/\/operafuoco.fr\/wp-content\/uploads\/2021\/06\/DSC05861-683x1024.jpeg 683w, https:\/\/operafuoco.fr\/wp-content\/uploads\/2021\/06\/DSC05861-768x1152.jpeg 768w, https:\/\/operafuoco.fr\/wp-content\/uploads\/2021\/06\/DSC05861-500x750.jpeg 500w, https:\/\/operafuoco.fr\/wp-content\/uploads\/2021\/06\/DSC05861-800x1200.jpeg 800w, https:\/\/operafuoco.fr\/wp-content\/uploads\/2021\/06\/DSC05861-1280x1920.jpeg 1280w, https:\/\/operafuoco.fr\/wp-content\/uploads\/2021\/06\/DSC05861-1024x1536.jpeg 1024w, https:\/\/operafuoco.fr\/wp-content\/uploads\/2021\/06\/DSC05861-1365x2048.jpeg 1365w, https:\/\/operafuoco.fr\/wp-content\/uploads\/2021\/06\/DSC05861-8x12.jpeg 8w, https:\/\/operafuoco.fr\/wp-content\/uploads\/2021\/06\/DSC05861.jpeg 1067w\" sizes=\"(max-width: 1920px) 100vw, 1920px\" \/><\/noscript><img decoding=\"async\" width=\"1920\" height=\"2880\" src=\"https:\/\/operafuoco.fr\/wp-content\/uploads\/2021\/06\/DSC05861-1920x2880.jpeg\" class=\"wp-image-3152 vp-lazyload\" alt srcset=\"data:image\/svg+xml;base64,PHN2ZyB3aWR0aD0iMTkyMCIgaGVpZ2h0PSIyODgwIiB2aWV3Qm94PSIwIDAgMTkyMCAyODgwIiBmaWxsPSJub25lIiB4bWxucz0iaHR0cDovL3d3dy53My5vcmcvMjAwMC9zdmciPjwvc3ZnPg==\" data-src=\"https:\/\/operafuoco.fr\/wp-content\/uploads\/2021\/06\/DSC05861-1920x2880.jpeg\" data-srcset=\"https:\/\/operafuoco.fr\/wp-content\/uploads\/2021\/06\/DSC05861-1920x2880.jpeg 1920w, https:\/\/operafuoco.fr\/wp-content\/uploads\/2021\/06\/DSC05861-200x300.jpeg 200w, https:\/\/operafuoco.fr\/wp-content\/uploads\/2021\/06\/DSC05861-683x1024.jpeg 683w, https:\/\/operafuoco.fr\/wp-content\/uploads\/2021\/06\/DSC05861-768x1152.jpeg 768w, https:\/\/operafuoco.fr\/wp-content\/uploads\/2021\/06\/DSC05861-500x750.jpeg 500w, https:\/\/operafuoco.fr\/wp-content\/uploads\/2021\/06\/DSC05861-800x1200.jpeg 800w, https:\/\/operafuoco.fr\/wp-content\/uploads\/2021\/06\/DSC05861-1280x1920.jpeg 1280w, https:\/\/operafuoco.fr\/wp-content\/uploads\/2021\/06\/DSC05861-1024x1536.jpeg 1024w, https:\/\/operafuoco.fr\/wp-content\/uploads\/2021\/06\/DSC05861-1365x2048.jpeg 1365w, https:\/\/operafuoco.fr\/wp-content\/uploads\/2021\/06\/DSC05861-8x12.jpeg 8w, https:\/\/operafuoco.fr\/wp-content\/uploads\/2021\/06\/DSC05861.jpeg 1067w\" data-sizes=\"auto\" loading=\"eager\">\n\t\t<\/a>\t<\/div>\n<\/div>\n\t<figcaption class=\"vp-portfolio__item-overlay vp-portfolio__item-overlay-text-align-center\">\n\t\t<div class=\"vp-portfolio__item-meta-wrap vp-portfolio__custom-scrollbar\">\n\t\t\t\t<a\n\t\thref=\"https:\/\/operafuoco.fr\/en\/cosi-fan-tutte\/\"\n\t\ttabindex=\"-1\" class=\"vp-portfolio__item-meta\" \t>\n\t\n<div class=\"vp-portfolio__item-meta-categories\">\n\t\t\t<div class=\"vp-portfolio__item-meta-category\">\n\t\t\t\t<span\t\t\t>\n\tOperas<\/span>\t\t<\/div>\n\t\t<\/div>\n\n<h2 class=\"vp-portfolio__item-meta-title\">\n\tCos\u00ec fan tutte<\/h2>\n<\/a>\t\t<\/div>\n\t<\/figcaption>\n\t\t\t<\/figure>\n\t\t\t\t\t<\/article>\n\t\t\n\t\t<article\t\tclass=\"vp-portfolio__item-wrap post-3016 post type-post status-publish format-standard has-post-thumbnail hentry category-concerts-rencontres tag-archive vp-portfolio__item-uid-a4112b4c\" data-vp-filter=\"concerts-rencontres\" style=\"--vp-images__object-position: 50% 50%;\" \t\t>\n\t\t\t\t\t\t\t\t\t<figure class=\"vp-portfolio__item\">\n\t\t\t\t\n<div class=\"vp-portfolio__item-img-wrap\">\n\t<div class=\"vp-portfolio__item-img\">\n\t\t\t<a\n\t\thref=\"https:\/\/operafuoco.fr\/en\/master-classe-la-boheme-inva-mula\/\"\n\t\t\t>\n\t\n\t\t<noscript><img loading=\"lazy\" decoding=\"async\" width=\"1000\" height=\"563\" data-skip-lazy src=\"https:\/\/operafuoco.fr\/wp-content\/uploads\/2021\/03\/MASTER-CLASSE-La-Boheme-Giacomo-Puccini-e1622444871926.png\" class=\"wp-image-3117\" alt=\"\" \/><\/noscript><img decoding=\"async\" width=\"1000\" height=\"563\" src=\"data:image\/svg+xml;base64,PHN2ZyB3aWR0aD0iMTAwMCIgaGVpZ2h0PSI1NjMiIHZpZXdCb3g9IjAgMCAxMDAwIDU2MyIgZmlsbD0ibm9uZSIgeG1sbnM9Imh0dHA6Ly93d3cudzMub3JnLzIwMDAvc3ZnIj48L3N2Zz4=\" class=\"wp-image-3117 vp-lazyload\" alt data-src=\"https:\/\/operafuoco.fr\/wp-content\/uploads\/2021\/03\/MASTER-CLASSE-La-Boheme-Giacomo-Puccini-e1622444871926.png\" data-sizes=\"auto\" loading=\"eager\">\n\t\t<\/a>\t<\/div>\n<\/div>\n\t<figcaption class=\"vp-portfolio__item-overlay vp-portfolio__item-overlay-text-align-center\">\n\t\t<div class=\"vp-portfolio__item-meta-wrap vp-portfolio__custom-scrollbar\">\n\t\t\t\t<a\n\t\thref=\"https:\/\/operafuoco.fr\/en\/master-classe-la-boheme-inva-mula\/\"\n\t\ttabindex=\"-1\" class=\"vp-portfolio__item-meta\" \t>\n\t\n<div class=\"vp-portfolio__item-meta-categories\">\n\t\t\t<div class=\"vp-portfolio__item-meta-category\">\n\t\t\t\t<span\t\t\t>\n\tEncounter-concerts<\/span>\t\t<\/div>\n\t\t<\/div>\n\n<h2 class=\"vp-portfolio__item-meta-title\">\n\tMaster class La Boh\u00e8me \u2013 Inva Mula<\/h2>\n<\/a>\t\t<\/div>\n\t<\/figcaption>\n\t\t\t<\/figure>\n\t\t\t\t\t<\/article>\n\t\t\n\t\t<article\t\tclass=\"vp-portfolio__item-wrap post-3008 post type-post status-publish format-standard has-post-thumbnail hentry category-enregistrement tag-archive vp-portfolio__item-uid-5ab2370a\" data-vp-filter=\"enregistrement\" \t\t>\n\t\t\t\t\t\t\t\t\t<figure class=\"vp-portfolio__item\">\n\t\t\t\t\n<div class=\"vp-portfolio__item-img-wrap\">\n\t<div class=\"vp-portfolio__item-img\">\n\t\t\t<a\n\t\thref=\"https:\/\/operafuoco.fr\/en\/amor-conjugale-mayr-enregistrement\/\"\n\t\t\t>\n\t\n\t\t<noscript><img loading=\"lazy\" decoding=\"async\" width=\"300\" height=\"277\" data-skip-lazy src=\"https:\/\/operafuoco.fr\/wp-content\/uploads\/2020\/09\/Visuel-Amor-Conjugale-VF-e1637678685542.jpg\" class=\"wp-image-2690\" alt=\"\" srcset=\"https:\/\/operafuoco.fr\/wp-content\/uploads\/2020\/09\/Visuel-Amor-Conjugale-VF-e1637678685542.jpg 300w, https:\/\/operafuoco.fr\/wp-content\/uploads\/2020\/09\/Visuel-Amor-Conjugale-VF-e1637678685542-13x12.jpg 13w\" sizes=\"(max-width: 300px) 100vw, 300px\" \/><\/noscript><img decoding=\"async\" width=\"300\" height=\"277\" src=\"https:\/\/operafuoco.fr\/wp-content\/uploads\/2020\/09\/Visuel-Amor-Conjugale-VF-e1637678685542.jpg\" class=\"wp-image-2690 vp-lazyload\" alt srcset=\"data:image\/svg+xml;base64,PHN2ZyB3aWR0aD0iMzAwIiBoZWlnaHQ9IjI3NyIgdmlld0JveD0iMCAwIDMwMCAyNzciIGZpbGw9Im5vbmUiIHhtbG5zPSJodHRwOi8vd3d3LnczLm9yZy8yMDAwL3N2ZyI+PC9zdmc+\" data-src=\"https:\/\/operafuoco.fr\/wp-content\/uploads\/2020\/09\/Visuel-Amor-Conjugale-VF-e1637678685542.jpg\" data-srcset=\"https:\/\/operafuoco.fr\/wp-content\/uploads\/2020\/09\/Visuel-Amor-Conjugale-VF-e1637678685542.jpg 300w, https:\/\/operafuoco.fr\/wp-content\/uploads\/2020\/09\/Visuel-Amor-Conjugale-VF-e1637678685542-13x12.jpg 13w\" data-sizes=\"auto\" loading=\"eager\">\n\t\t<\/a>\t<\/div>\n<\/div>\n\t<figcaption class=\"vp-portfolio__item-overlay vp-portfolio__item-overlay-text-align-center\">\n\t\t<div class=\"vp-portfolio__item-meta-wrap vp-portfolio__custom-scrollbar\">\n\t\t\t\t<a\n\t\thref=\"https:\/\/operafuoco.fr\/en\/amor-conjugale-mayr-enregistrement\/\"\n\t\ttabindex=\"-1\" class=\"vp-portfolio__item-meta\" \t>\n\t\n<div class=\"vp-portfolio__item-meta-categories\">\n\t\t\t<div class=\"vp-portfolio__item-meta-category\">\n\t\t\t\t<span\t\t\t>\n\tRecording<\/span>\t\t<\/div>\n\t\t<\/div>\n\n<h2 class=\"vp-portfolio__item-meta-title\">\n\tAmor Conjugale, Mayr &#8211; Enregistrement<\/h2>\n<\/a>\t\t<\/div>\n\t<\/figcaption>\n\t\t\t<\/figure>\n\t\t\t\t\t<\/article>\n\t\t\n\t\t<article\t\tclass=\"vp-portfolio__item-wrap post-2722 post type-post status-publish format-standard has-post-thumbnail hentry category-concerts tag-archive vp-portfolio__item-uid-35a2cd76\" data-vp-filter=\"concerts\" \t\t>\n\t\t\t\t\t\t\t\t\t<figure class=\"vp-portfolio__item\">\n\t\t\t\t\n<div class=\"vp-portfolio__item-img-wrap\">\n\t<div class=\"vp-portfolio__item-img\">\n\t\t\t<a\n\t\thref=\"https:\/\/operafuoco.fr\/en\/american-art-book\/\"\n\t\t\t>\n\t\n\t\t<noscript><img loading=\"lazy\" decoding=\"async\" width=\"1440\" height=\"900\" data-skip-lazy src=\"https:\/\/operafuoco.fr\/wp-content\/uploads\/2020\/09\/image007.png\" class=\"wp-image-3065\" alt=\"\" srcset=\"https:\/\/operafuoco.fr\/wp-content\/uploads\/2020\/09\/image007.png 1440w, https:\/\/operafuoco.fr\/wp-content\/uploads\/2020\/09\/image007-300x188.png 300w, https:\/\/operafuoco.fr\/wp-content\/uploads\/2020\/09\/image007-1024x640.png 1024w, https:\/\/operafuoco.fr\/wp-content\/uploads\/2020\/09\/image007-768x480.png 768w, https:\/\/operafuoco.fr\/wp-content\/uploads\/2020\/09\/image007-500x313.png 500w, https:\/\/operafuoco.fr\/wp-content\/uploads\/2020\/09\/image007-800x500.png 800w, https:\/\/operafuoco.fr\/wp-content\/uploads\/2020\/09\/image007-1280x800.png 1280w, https:\/\/operafuoco.fr\/wp-content\/uploads\/2020\/09\/image007-16x10.png 16w\" sizes=\"(max-width: 1440px) 100vw, 1440px\" \/><\/noscript><img decoding=\"async\" width=\"1440\" height=\"900\" src=\"https:\/\/operafuoco.fr\/wp-content\/uploads\/2020\/09\/image007.png\" class=\"wp-image-3065 vp-lazyload\" alt srcset=\"data:image\/svg+xml;base64,PHN2ZyB3aWR0aD0iMTQ0MCIgaGVpZ2h0PSI5MDAiIHZpZXdCb3g9IjAgMCAxNDQwIDkwMCIgZmlsbD0ibm9uZSIgeG1sbnM9Imh0dHA6Ly93d3cudzMub3JnLzIwMDAvc3ZnIj48L3N2Zz4=\" data-src=\"https:\/\/operafuoco.fr\/wp-content\/uploads\/2020\/09\/image007.png\" data-srcset=\"https:\/\/operafuoco.fr\/wp-content\/uploads\/2020\/09\/image007.png 1440w, https:\/\/operafuoco.fr\/wp-content\/uploads\/2020\/09\/image007-300x188.png 300w, https:\/\/operafuoco.fr\/wp-content\/uploads\/2020\/09\/image007-1024x640.png 1024w, https:\/\/operafuoco.fr\/wp-content\/uploads\/2020\/09\/image007-768x480.png 768w, https:\/\/operafuoco.fr\/wp-content\/uploads\/2020\/09\/image007-500x313.png 500w, https:\/\/operafuoco.fr\/wp-content\/uploads\/2020\/09\/image007-800x500.png 800w, https:\/\/operafuoco.fr\/wp-content\/uploads\/2020\/09\/image007-1280x800.png 1280w, https:\/\/operafuoco.fr\/wp-content\/uploads\/2020\/09\/image007-16x10.png 16w\" data-sizes=\"auto\" loading=\"eager\">\n\t\t<\/a>\t<\/div>\n<\/div>\n\t<figcaption class=\"vp-portfolio__item-overlay vp-portfolio__item-overlay-text-align-center\">\n\t\t<div class=\"vp-portfolio__item-meta-wrap vp-portfolio__custom-scrollbar\">\n\t\t\t\t<a\n\t\thref=\"https:\/\/operafuoco.fr\/en\/american-art-book\/\"\n\t\ttabindex=\"-1\" class=\"vp-portfolio__item-meta\" \t>\n\t\n<div class=\"vp-portfolio__item-meta-categories\">\n\t\t\t<div class=\"vp-portfolio__item-meta-category\">\n\t\t\t\t<span\t\t\t>\n\tConcerts<\/span>\t\t<\/div>\n\t\t<\/div>\n\n<h2 class=\"vp-portfolio__item-meta-title\">\n\tFuoco Jazz &#8211; Palimpsest<\/h2>\n<\/a>\t\t<\/div>\n\t<\/figcaption>\n\t\t\t<\/figure>\n\t\t\t\t\t<\/article>\n\t\t\n\t\t<article\t\tclass=\"vp-portfolio__item-wrap post-2889 post type-post status-publish format-standard has-post-thumbnail hentry category-concerts tag-archive vp-portfolio__item-uid-53c3bb49\" data-vp-filter=\"concerts\" style=\"--vp-images__object-position: 50% 50%;\" \t\t>\n\t\t\t\t\t\t\t\t\t<figure class=\"vp-portfolio__item\">\n\t\t\t\t\n<div class=\"vp-portfolio__item-img-wrap\">\n\t<div class=\"vp-portfolio__item-img\">\n\t\t\t<a\n\t\thref=\"https:\/\/operafuoco.fr\/en\/gershwin-a-lopera-de-massy-mini-concert-video\/\"\n\t\t\t>\n\t\n\t\t<noscript><img loading=\"lazy\" decoding=\"async\" width=\"640\" height=\"480\" data-skip-lazy src=\"https:\/\/operafuoco.fr\/wp-content\/uploads\/2020\/12\/IMG_7440.jpg\" class=\"wp-image-2895\" alt=\"\" srcset=\"https:\/\/operafuoco.fr\/wp-content\/uploads\/2020\/12\/IMG_7440.jpg 640w, https:\/\/operafuoco.fr\/wp-content\/uploads\/2020\/12\/IMG_7440-300x225.jpg 300w, https:\/\/operafuoco.fr\/wp-content\/uploads\/2020\/12\/IMG_7440-500x375.jpg 500w, https:\/\/operafuoco.fr\/wp-content\/uploads\/2020\/12\/IMG_7440-16x12.jpg 16w\" sizes=\"(max-width: 640px) 100vw, 640px\" \/><\/noscript><img decoding=\"async\" width=\"640\" height=\"480\" src=\"https:\/\/operafuoco.fr\/wp-content\/uploads\/2020\/12\/IMG_7440.jpg\" class=\"wp-image-2895 vp-lazyload\" alt srcset=\"data:image\/svg+xml;base64,PHN2ZyB3aWR0aD0iNjQwIiBoZWlnaHQ9IjQ4MCIgdmlld0JveD0iMCAwIDY0MCA0ODAiIGZpbGw9Im5vbmUiIHhtbG5zPSJodHRwOi8vd3d3LnczLm9yZy8yMDAwL3N2ZyI+PC9zdmc+\" data-src=\"https:\/\/operafuoco.fr\/wp-content\/uploads\/2020\/12\/IMG_7440.jpg\" data-srcset=\"https:\/\/operafuoco.fr\/wp-content\/uploads\/2020\/12\/IMG_7440.jpg 640w, https:\/\/operafuoco.fr\/wp-content\/uploads\/2020\/12\/IMG_7440-300x225.jpg 300w, https:\/\/operafuoco.fr\/wp-content\/uploads\/2020\/12\/IMG_7440-500x375.jpg 500w, https:\/\/operafuoco.fr\/wp-content\/uploads\/2020\/12\/IMG_7440-16x12.jpg 16w\" data-sizes=\"auto\" loading=\"eager\">\n\t\t<\/a>\t<\/div>\n<\/div>\n\t<figcaption class=\"vp-portfolio__item-overlay vp-portfolio__item-overlay-text-align-center\">\n\t\t<div class=\"vp-portfolio__item-meta-wrap vp-portfolio__custom-scrollbar\">\n\t\t\t\t<a\n\t\thref=\"https:\/\/operafuoco.fr\/en\/gershwin-a-lopera-de-massy-mini-concert-video\/\"\n\t\ttabindex=\"-1\" class=\"vp-portfolio__item-meta\" \t>\n\t\n<div class=\"vp-portfolio__item-meta-categories\">\n\t\t\t<div class=\"vp-portfolio__item-meta-category\">\n\t\t\t\t<span\t\t\t>\n\tConcerts<\/span>\t\t<\/div>\n\t\t<\/div>\n\n<h2 class=\"vp-portfolio__item-meta-title\">\n\tGershwin \u00e0 l&rsquo;Op\u00e9ra de Massy &#8211; Mini-concert vid\u00e9o<\/h2>\n<\/a>\t\t<\/div>\n\t<\/figcaption>\n\t\t\t<\/figure>\n\t\t\t\t\t<\/article>\n\t\t\n\t\t<article\t\tclass=\"vp-portfolio__item-wrap post-2708 post type-post status-publish format-standard has-post-thumbnail hentry category-concerts tag-archive vp-portfolio__item-uid-e74146ea\" data-vp-filter=\"concerts\" \t\t>\n\t\t\t\t\t\t\t\t\t<figure class=\"vp-portfolio__item\">\n\t\t\t\t\n<div class=\"vp-portfolio__item-img-wrap\">\n\t<div class=\"vp-portfolio__item-img\">\n\t\t\t<a\n\t\thref=\"https:\/\/operafuoco.fr\/en\/tribute-to-isaac-stern\/\"\n\t\t\t>\n\t\n\t\t<noscript><img loading=\"lazy\" decoding=\"async\" width=\"433\" height=\"560\" data-skip-lazy src=\"https:\/\/operafuoco.fr\/wp-content\/uploads\/2019\/05\/Isaac-Stern.jpg\" class=\"wp-image-1745\" alt=\"\" srcset=\"https:\/\/operafuoco.fr\/wp-content\/uploads\/2019\/05\/Isaac-Stern.jpg 433w, https:\/\/operafuoco.fr\/wp-content\/uploads\/2019\/05\/Isaac-Stern-232x300.jpg 232w, https:\/\/operafuoco.fr\/wp-content\/uploads\/2019\/05\/Isaac-Stern-387x500.jpg 387w\" sizes=\"(max-width: 433px) 100vw, 433px\" \/><\/noscript><img decoding=\"async\" width=\"433\" height=\"560\" src=\"https:\/\/operafuoco.fr\/wp-content\/uploads\/2019\/05\/Isaac-Stern.jpg\" class=\"wp-image-1745 vp-lazyload\" alt srcset=\"data:image\/svg+xml;base64,PHN2ZyB3aWR0aD0iNDMzIiBoZWlnaHQ9IjU2MCIgdmlld0JveD0iMCAwIDQzMyA1NjAiIGZpbGw9Im5vbmUiIHhtbG5zPSJodHRwOi8vd3d3LnczLm9yZy8yMDAwL3N2ZyI+PC9zdmc+\" data-src=\"https:\/\/operafuoco.fr\/wp-content\/uploads\/2019\/05\/Isaac-Stern.jpg\" data-srcset=\"https:\/\/operafuoco.fr\/wp-content\/uploads\/2019\/05\/Isaac-Stern.jpg 433w, https:\/\/operafuoco.fr\/wp-content\/uploads\/2019\/05\/Isaac-Stern-232x300.jpg 232w, https:\/\/operafuoco.fr\/wp-content\/uploads\/2019\/05\/Isaac-Stern-387x500.jpg 387w\" data-sizes=\"auto\" loading=\"eager\">\n\t\t<\/a>\t<\/div>\n<\/div>\n\t<figcaption class=\"vp-portfolio__item-overlay vp-portfolio__item-overlay-text-align-center\">\n\t\t<div class=\"vp-portfolio__item-meta-wrap vp-portfolio__custom-scrollbar\">\n\t\t\t\t<a\n\t\thref=\"https:\/\/operafuoco.fr\/en\/tribute-to-isaac-stern\/\"\n\t\ttabindex=\"-1\" class=\"vp-portfolio__item-meta\" \t>\n\t\n<div class=\"vp-portfolio__item-meta-categories\">\n\t\t\t<div class=\"vp-portfolio__item-meta-category\">\n\t\t\t\t<span\t\t\t>\n\tConcerts<\/span>\t\t<\/div>\n\t\t<\/div>\n\n<h2 class=\"vp-portfolio__item-meta-title\">\n\tStern Filiations<\/h2>\n<\/a>\t\t<\/div>\n\t<\/figcaption>\n\t\t\t<\/figure>\n\t\t\t\t\t<\/article>\n\t\t\n\t\t<article\t\tclass=\"vp-portfolio__item-wrap post-2665 post type-post status-publish format-standard has-post-thumbnail hentry category-concerts tag-archive vp-portfolio__item-uid-ce68f7e6\" data-vp-filter=\"concerts\" \t\t>\n\t\t\t\t\t\t\t\t\t<figure class=\"vp-portfolio__item\">\n\t\t\t\t\n<div class=\"vp-portfolio__item-img-wrap\">\n\t<div class=\"vp-portfolio__item-img\">\n\t\t\t<a\n\t\thref=\"https:\/\/operafuoco.fr\/en\/pop-up-concerts\/\"\n\t\t\t>\n\t\n\t\t<noscript><img loading=\"lazy\" decoding=\"async\" width=\"1357\" height=\"1920\" data-skip-lazy src=\"https:\/\/operafuoco.fr\/wp-content\/uploads\/2020\/07\/7037190c-411b-4175-a043-1628547494e3-1357x1920.png\" class=\"wp-image-2734\" alt=\"\" srcset=\"https:\/\/operafuoco.fr\/wp-content\/uploads\/2020\/07\/7037190c-411b-4175-a043-1628547494e3-1357x1920.png 1357w, https:\/\/operafuoco.fr\/wp-content\/uploads\/2020\/07\/7037190c-411b-4175-a043-1628547494e3-212x300.png 212w, https:\/\/operafuoco.fr\/wp-content\/uploads\/2020\/07\/7037190c-411b-4175-a043-1628547494e3-724x1024.png 724w, https:\/\/operafuoco.fr\/wp-content\/uploads\/2020\/07\/7037190c-411b-4175-a043-1628547494e3-768x1086.png 768w, https:\/\/operafuoco.fr\/wp-content\/uploads\/2020\/07\/7037190c-411b-4175-a043-1628547494e3-353x500.png 353w, https:\/\/operafuoco.fr\/wp-content\/uploads\/2020\/07\/7037190c-411b-4175-a043-1628547494e3-566x800.png 566w, https:\/\/operafuoco.fr\/wp-content\/uploads\/2020\/07\/7037190c-411b-4175-a043-1628547494e3-905x1280.png 905w, https:\/\/operafuoco.fr\/wp-content\/uploads\/2020\/07\/7037190c-411b-4175-a043-1628547494e3-1086x1536.png 1086w, https:\/\/operafuoco.fr\/wp-content\/uploads\/2020\/07\/7037190c-411b-4175-a043-1628547494e3-1448x2048.png 1448w, https:\/\/operafuoco.fr\/wp-content\/uploads\/2020\/07\/7037190c-411b-4175-a043-1628547494e3.png 1131w\" sizes=\"(max-width: 1357px) 100vw, 1357px\" \/><\/noscript><img decoding=\"async\" width=\"1357\" height=\"1920\" src=\"https:\/\/operafuoco.fr\/wp-content\/uploads\/2020\/07\/7037190c-411b-4175-a043-1628547494e3-1357x1920.png\" class=\"wp-image-2734 vp-lazyload\" alt srcset=\"data:image\/svg+xml;base64,PHN2ZyB3aWR0aD0iMTM1NyIgaGVpZ2h0PSIxOTIwIiB2aWV3Qm94PSIwIDAgMTM1NyAxOTIwIiBmaWxsPSJub25lIiB4bWxucz0iaHR0cDovL3d3dy53My5vcmcvMjAwMC9zdmciPjwvc3ZnPg==\" data-src=\"https:\/\/operafuoco.fr\/wp-content\/uploads\/2020\/07\/7037190c-411b-4175-a043-1628547494e3-1357x1920.png\" data-srcset=\"https:\/\/operafuoco.fr\/wp-content\/uploads\/2020\/07\/7037190c-411b-4175-a043-1628547494e3-1357x1920.png 1357w, https:\/\/operafuoco.fr\/wp-content\/uploads\/2020\/07\/7037190c-411b-4175-a043-1628547494e3-212x300.png 212w, https:\/\/operafuoco.fr\/wp-content\/uploads\/2020\/07\/7037190c-411b-4175-a043-1628547494e3-724x1024.png 724w, https:\/\/operafuoco.fr\/wp-content\/uploads\/2020\/07\/7037190c-411b-4175-a043-1628547494e3-768x1086.png 768w, https:\/\/operafuoco.fr\/wp-content\/uploads\/2020\/07\/7037190c-411b-4175-a043-1628547494e3-353x500.png 353w, https:\/\/operafuoco.fr\/wp-content\/uploads\/2020\/07\/7037190c-411b-4175-a043-1628547494e3-566x800.png 566w, https:\/\/operafuoco.fr\/wp-content\/uploads\/2020\/07\/7037190c-411b-4175-a043-1628547494e3-905x1280.png 905w, https:\/\/operafuoco.fr\/wp-content\/uploads\/2020\/07\/7037190c-411b-4175-a043-1628547494e3-1086x1536.png 1086w, https:\/\/operafuoco.fr\/wp-content\/uploads\/2020\/07\/7037190c-411b-4175-a043-1628547494e3-1448x2048.png 1448w, https:\/\/operafuoco.fr\/wp-content\/uploads\/2020\/07\/7037190c-411b-4175-a043-1628547494e3.png 1131w\" data-sizes=\"auto\" loading=\"eager\">\n\t\t<\/a>\t<\/div>\n<\/div>\n\t<figcaption class=\"vp-portfolio__item-overlay vp-portfolio__item-overlay-text-align-center\">\n\t\t<div class=\"vp-portfolio__item-meta-wrap vp-portfolio__custom-scrollbar\">\n\t\t\t\t<a\n\t\thref=\"https:\/\/operafuoco.fr\/en\/pop-up-concerts\/\"\n\t\ttabindex=\"-1\" class=\"vp-portfolio__item-meta\" \t>\n\t\n<div class=\"vp-portfolio__item-meta-categories\">\n\t\t\t<div class=\"vp-portfolio__item-meta-category\">\n\t\t\t\t<span\t\t\t>\n\tConcerts<\/span>\t\t<\/div>\n\t\t<\/div>\n\n<h2 class=\"vp-portfolio__item-meta-title\">\n\tPop-Up Concerts<\/h2>\n<\/a>\t\t<\/div>\n\t<\/figcaption>\n\t\t\t<\/figure>\n\t\t\t\t\t<\/article>\n\t\t\n\t\t<article\t\tclass=\"vp-portfolio__item-wrap post-2732 post type-post status-publish format-standard has-post-thumbnail hentry category-concerts-rencontres tag-archive vp-portfolio__item-uid-2cb9fc37\" data-vp-filter=\"concerts-rencontres\" \t\t>\n\t\t\t\t\t\t\t\t\t<figure class=\"vp-portfolio__item\">\n\t\t\t\t\n<div class=\"vp-portfolio__item-img-wrap\">\n\t<div class=\"vp-portfolio__item-img\">\n\t\t\t<a\n\t\thref=\"https:\/\/operafuoco.fr\/en\/de-mao-a-mozart-les-aventures-disaac-stern-en-chine\/\"\n\t\t\t>\n\t\n\t\t<noscript><img loading=\"lazy\" decoding=\"async\" width=\"1000\" height=\"1451\" data-skip-lazy src=\"https:\/\/operafuoco.fr\/wp-content\/uploads\/2020\/09\/thumb_57295_film_poster_big.jpeg\" class=\"wp-image-2731\" alt=\"\" srcset=\"https:\/\/operafuoco.fr\/wp-content\/uploads\/2020\/09\/thumb_57295_film_poster_big.jpeg 1000w, https:\/\/operafuoco.fr\/wp-content\/uploads\/2020\/09\/thumb_57295_film_poster_big-207x300.jpeg 207w, https:\/\/operafuoco.fr\/wp-content\/uploads\/2020\/09\/thumb_57295_film_poster_big-706x1024.jpeg 706w, https:\/\/operafuoco.fr\/wp-content\/uploads\/2020\/09\/thumb_57295_film_poster_big-768x1114.jpeg 768w, https:\/\/operafuoco.fr\/wp-content\/uploads\/2020\/09\/thumb_57295_film_poster_big-345x500.jpeg 345w, https:\/\/operafuoco.fr\/wp-content\/uploads\/2020\/09\/thumb_57295_film_poster_big-551x800.jpeg 551w, https:\/\/operafuoco.fr\/wp-content\/uploads\/2020\/09\/thumb_57295_film_poster_big-882x1280.jpeg 882w\" sizes=\"(max-width: 1000px) 100vw, 1000px\" \/><\/noscript><img decoding=\"async\" width=\"1000\" height=\"1451\" src=\"https:\/\/operafuoco.fr\/wp-content\/uploads\/2020\/09\/thumb_57295_film_poster_big.jpeg\" class=\"wp-image-2731 vp-lazyload\" alt srcset=\"data:image\/svg+xml;base64,PHN2ZyB3aWR0aD0iMTAwMCIgaGVpZ2h0PSIxNDUxIiB2aWV3Qm94PSIwIDAgMTAwMCAxNDUxIiBmaWxsPSJub25lIiB4bWxucz0iaHR0cDovL3d3dy53My5vcmcvMjAwMC9zdmciPjwvc3ZnPg==\" data-src=\"https:\/\/operafuoco.fr\/wp-content\/uploads\/2020\/09\/thumb_57295_film_poster_big.jpeg\" data-srcset=\"https:\/\/operafuoco.fr\/wp-content\/uploads\/2020\/09\/thumb_57295_film_poster_big.jpeg 1000w, https:\/\/operafuoco.fr\/wp-content\/uploads\/2020\/09\/thumb_57295_film_poster_big-207x300.jpeg 207w, https:\/\/operafuoco.fr\/wp-content\/uploads\/2020\/09\/thumb_57295_film_poster_big-706x1024.jpeg 706w, https:\/\/operafuoco.fr\/wp-content\/uploads\/2020\/09\/thumb_57295_film_poster_big-768x1114.jpeg 768w, https:\/\/operafuoco.fr\/wp-content\/uploads\/2020\/09\/thumb_57295_film_poster_big-345x500.jpeg 345w, https:\/\/operafuoco.fr\/wp-content\/uploads\/2020\/09\/thumb_57295_film_poster_big-551x800.jpeg 551w, https:\/\/operafuoco.fr\/wp-content\/uploads\/2020\/09\/thumb_57295_film_poster_big-882x1280.jpeg 882w\" data-sizes=\"auto\" loading=\"eager\">\n\t\t<\/a>\t<\/div>\n<\/div>\n\t<figcaption class=\"vp-portfolio__item-overlay vp-portfolio__item-overlay-text-align-center\">\n\t\t<div class=\"vp-portfolio__item-meta-wrap vp-portfolio__custom-scrollbar\">\n\t\t\t\t<a\n\t\thref=\"https:\/\/operafuoco.fr\/en\/de-mao-a-mozart-les-aventures-disaac-stern-en-chine\/\"\n\t\ttabindex=\"-1\" class=\"vp-portfolio__item-meta\" \t>\n\t\n<div class=\"vp-portfolio__item-meta-categories\">\n\t\t\t<div class=\"vp-portfolio__item-meta-category\">\n\t\t\t\t<span\t\t\t>\n\tEncounter-concerts<\/span>\t\t<\/div>\n\t\t<\/div>\n\n<h2 class=\"vp-portfolio__item-meta-title\">\n\tDe Mao \u00e0 Mozart, les aventures d&rsquo;Isaac Stern en Chine<\/h2>\n<\/a>\t\t<\/div>\n\t<\/figcaption>\n\t\t\t<\/figure>\n\t\t\t\t\t<\/article>\n\t\t\n\t\t<article\t\tclass=\"vp-portfolio__item-wrap post-2678 post type-post status-publish format-standard has-post-thumbnail hentry category-operas tag-archive vp-portfolio__item-uid-a9c2ba1a\" data-vp-filter=\"operas\" \t\t>\n\t\t\t\t\t\t\t\t\t<figure class=\"vp-portfolio__item\">\n\t\t\t\t\n<div class=\"vp-portfolio__item-img-wrap\">\n\t<div class=\"vp-portfolio__item-img\">\n\t\t\t<a\n\t\thref=\"https:\/\/operafuoco.fr\/en\/noces-de-figaro-mozart\/\"\n\t\t\t>\n\t\n\t\t<noscript><img loading=\"lazy\" decoding=\"async\" width=\"1024\" height=\"818\" data-skip-lazy src=\"https:\/\/operafuoco.fr\/wp-content\/uploads\/2020\/07\/image00015.jpeg\" class=\"wp-image-2677\" alt=\"\" srcset=\"https:\/\/operafuoco.fr\/wp-content\/uploads\/2020\/07\/image00015.jpeg 1024w, https:\/\/operafuoco.fr\/wp-content\/uploads\/2020\/07\/image00015-300x240.jpeg 300w, https:\/\/operafuoco.fr\/wp-content\/uploads\/2020\/07\/image00015-768x614.jpeg 768w, https:\/\/operafuoco.fr\/wp-content\/uploads\/2020\/07\/image00015-500x399.jpeg 500w, https:\/\/operafuoco.fr\/wp-content\/uploads\/2020\/07\/image00015-800x639.jpeg 800w\" sizes=\"(max-width: 1024px) 100vw, 1024px\" \/><\/noscript><img decoding=\"async\" width=\"1024\" height=\"818\" src=\"https:\/\/operafuoco.fr\/wp-content\/uploads\/2020\/07\/image00015.jpeg\" class=\"wp-image-2677 vp-lazyload\" alt srcset=\"data:image\/svg+xml;base64,PHN2ZyB3aWR0aD0iMTAyNCIgaGVpZ2h0PSI4MTgiIHZpZXdCb3g9IjAgMCAxMDI0IDgxOCIgZmlsbD0ibm9uZSIgeG1sbnM9Imh0dHA6Ly93d3cudzMub3JnLzIwMDAvc3ZnIj48L3N2Zz4=\" data-src=\"https:\/\/operafuoco.fr\/wp-content\/uploads\/2020\/07\/image00015.jpeg\" data-srcset=\"https:\/\/operafuoco.fr\/wp-content\/uploads\/2020\/07\/image00015.jpeg 1024w, https:\/\/operafuoco.fr\/wp-content\/uploads\/2020\/07\/image00015-300x240.jpeg 300w, https:\/\/operafuoco.fr\/wp-content\/uploads\/2020\/07\/image00015-768x614.jpeg 768w, https:\/\/operafuoco.fr\/wp-content\/uploads\/2020\/07\/image00015-500x399.jpeg 500w, https:\/\/operafuoco.fr\/wp-content\/uploads\/2020\/07\/image00015-800x639.jpeg 800w\" data-sizes=\"auto\" loading=\"eager\">\n\t\t<\/a>\t<\/div>\n<\/div>\n\t<figcaption class=\"vp-portfolio__item-overlay vp-portfolio__item-overlay-text-align-center\">\n\t\t<div class=\"vp-portfolio__item-meta-wrap vp-portfolio__custom-scrollbar\">\n\t\t\t\t<a\n\t\thref=\"https:\/\/operafuoco.fr\/en\/noces-de-figaro-mozart\/\"\n\t\ttabindex=\"-1\" class=\"vp-portfolio__item-meta\" \t>\n\t\n<div class=\"vp-portfolio__item-meta-categories\">\n\t\t\t<div class=\"vp-portfolio__item-meta-category\">\n\t\t\t\t<span\t\t\t>\n\tOperas<\/span>\t\t<\/div>\n\t\t<\/div>\n\n<h2 class=\"vp-portfolio__item-meta-title\">\n\tNoces de Figaro &#8211; Mozart<\/h2>\n<\/a>\t\t<\/div>\n\t<\/figcaption>\n\t\t\t<\/figure>\n\t\t\t\t\t<\/article>\n\t\t\n\t\t<article\t\tclass=\"vp-portfolio__item-wrap post-2744 post type-post status-publish format-standard has-post-thumbnail hentry tag-archive vp-portfolio__item-uid-8a9bcfc5\" data-vp-filter=\"\" \t\t>\n\t\t\t\t\t\t\t\t\t<figure class=\"vp-portfolio__item\">\n\t\t\t\t\n<div class=\"vp-portfolio__item-img-wrap\">\n\t<div class=\"vp-portfolio__item-img\">\n\t\t\t<a\n\t\thref=\"https:\/\/operafuoco.fr\/en\/tous-a-lopera-figaro-in-the-city\/\"\n\t\t\t>\n\t\n\t\t<noscript><img loading=\"lazy\" decoding=\"async\" width=\"1024\" height=\"818\" data-skip-lazy src=\"https:\/\/operafuoco.fr\/wp-content\/uploads\/2020\/07\/image00015.jpeg\" class=\"wp-image-2677\" alt=\"\" srcset=\"https:\/\/operafuoco.fr\/wp-content\/uploads\/2020\/07\/image00015.jpeg 1024w, https:\/\/operafuoco.fr\/wp-content\/uploads\/2020\/07\/image00015-300x240.jpeg 300w, https:\/\/operafuoco.fr\/wp-content\/uploads\/2020\/07\/image00015-768x614.jpeg 768w, https:\/\/operafuoco.fr\/wp-content\/uploads\/2020\/07\/image00015-500x399.jpeg 500w, https:\/\/operafuoco.fr\/wp-content\/uploads\/2020\/07\/image00015-800x639.jpeg 800w\" sizes=\"(max-width: 1024px) 100vw, 1024px\" \/><\/noscript><img decoding=\"async\" width=\"1024\" height=\"818\" src=\"https:\/\/operafuoco.fr\/wp-content\/uploads\/2020\/07\/image00015.jpeg\" class=\"wp-image-2677 vp-lazyload\" alt srcset=\"data:image\/svg+xml;base64,PHN2ZyB3aWR0aD0iMTAyNCIgaGVpZ2h0PSI4MTgiIHZpZXdCb3g9IjAgMCAxMDI0IDgxOCIgZmlsbD0ibm9uZSIgeG1sbnM9Imh0dHA6Ly93d3cudzMub3JnLzIwMDAvc3ZnIj48L3N2Zz4=\" data-src=\"https:\/\/operafuoco.fr\/wp-content\/uploads\/2020\/07\/image00015.jpeg\" data-srcset=\"https:\/\/operafuoco.fr\/wp-content\/uploads\/2020\/07\/image00015.jpeg 1024w, https:\/\/operafuoco.fr\/wp-content\/uploads\/2020\/07\/image00015-300x240.jpeg 300w, https:\/\/operafuoco.fr\/wp-content\/uploads\/2020\/07\/image00015-768x614.jpeg 768w, https:\/\/operafuoco.fr\/wp-content\/uploads\/2020\/07\/image00015-500x399.jpeg 500w, https:\/\/operafuoco.fr\/wp-content\/uploads\/2020\/07\/image00015-800x639.jpeg 800w\" data-sizes=\"auto\" loading=\"eager\">\n\t\t<\/a>\t<\/div>\n<\/div>\n\t<figcaption class=\"vp-portfolio__item-overlay vp-portfolio__item-overlay-text-align-center\">\n\t\t<div class=\"vp-portfolio__item-meta-wrap vp-portfolio__custom-scrollbar\">\n\t\t\t\t<a\n\t\thref=\"https:\/\/operafuoco.fr\/en\/tous-a-lopera-figaro-in-the-city\/\"\n\t\ttabindex=\"-1\" class=\"vp-portfolio__item-meta\" \t>\n\t\n<h2 class=\"vp-portfolio__item-meta-title\">\n\tFigaro in the city - A 14-part mini-series<\/h2>\n<\/a>\t\t<\/div>\n\t<\/figcaption>\n\t\t\t<\/figure>\n\t\t\t\t\t<\/article>\n\t\t\n\t\t<article\t\tclass=\"vp-portfolio__item-wrap post-1992 post type-post status-publish format-standard has-post-thumbnail hentry category-concerts-rencontres tag-archive vp-portfolio__item-uid-ce7d9659\" data-vp-filter=\"concerts-rencontres\" \t\t>\n\t\t\t\t\t\t\t\t\t<figure class=\"vp-portfolio__item\">\n\t\t\t\t\n<div class=\"vp-portfolio__item-img-wrap\">\n\t<div class=\"vp-portfolio__item-img\">\n\t\t\t<a\n\t\thref=\"https:\/\/operafuoco.fr\/en\/masterclass-felicity-lott-offenbach-gilbert-sullivan\/\"\n\t\t\t>\n\t\n\t\t<noscript><img loading=\"lazy\" decoding=\"async\" width=\"800\" height=\"800\" data-skip-lazy src=\"https:\/\/operafuoco.fr\/wp-content\/uploads\/2019\/09\/Visuel-def-MC-Lott.jpg\" class=\"wp-image-2166\" alt=\"\" srcset=\"https:\/\/operafuoco.fr\/wp-content\/uploads\/2019\/09\/Visuel-def-MC-Lott.jpg 800w, https:\/\/operafuoco.fr\/wp-content\/uploads\/2019\/09\/Visuel-def-MC-Lott-300x300.jpg 300w, https:\/\/operafuoco.fr\/wp-content\/uploads\/2019\/09\/Visuel-def-MC-Lott-150x150.jpg 150w, https:\/\/operafuoco.fr\/wp-content\/uploads\/2019\/09\/Visuel-def-MC-Lott-768x768.jpg 768w, https:\/\/operafuoco.fr\/wp-content\/uploads\/2019\/09\/Visuel-def-MC-Lott-500x500.jpg 500w\" sizes=\"(max-width: 800px) 100vw, 800px\" \/><\/noscript><img decoding=\"async\" width=\"800\" height=\"800\" src=\"https:\/\/operafuoco.fr\/wp-content\/uploads\/2019\/09\/Visuel-def-MC-Lott.jpg\" class=\"wp-image-2166 vp-lazyload\" alt srcset=\"data:image\/svg+xml;base64,PHN2ZyB3aWR0aD0iODAwIiBoZWlnaHQ9IjgwMCIgdmlld0JveD0iMCAwIDgwMCA4MDAiIGZpbGw9Im5vbmUiIHhtbG5zPSJodHRwOi8vd3d3LnczLm9yZy8yMDAwL3N2ZyI+PC9zdmc+\" data-src=\"https:\/\/operafuoco.fr\/wp-content\/uploads\/2019\/09\/Visuel-def-MC-Lott.jpg\" data-srcset=\"https:\/\/operafuoco.fr\/wp-content\/uploads\/2019\/09\/Visuel-def-MC-Lott.jpg 800w, https:\/\/operafuoco.fr\/wp-content\/uploads\/2019\/09\/Visuel-def-MC-Lott-300x300.jpg 300w, https:\/\/operafuoco.fr\/wp-content\/uploads\/2019\/09\/Visuel-def-MC-Lott-150x150.jpg 150w, https:\/\/operafuoco.fr\/wp-content\/uploads\/2019\/09\/Visuel-def-MC-Lott-768x768.jpg 768w, https:\/\/operafuoco.fr\/wp-content\/uploads\/2019\/09\/Visuel-def-MC-Lott-500x500.jpg 500w\" data-sizes=\"auto\" loading=\"eager\">\n\t\t<\/a>\t<\/div>\n<\/div>\n\t<figcaption class=\"vp-portfolio__item-overlay vp-portfolio__item-overlay-text-align-center\">\n\t\t<div class=\"vp-portfolio__item-meta-wrap vp-portfolio__custom-scrollbar\">\n\t\t\t\t<a\n\t\thref=\"https:\/\/operafuoco.fr\/en\/masterclass-felicity-lott-offenbach-gilbert-sullivan\/\"\n\t\ttabindex=\"-1\" class=\"vp-portfolio__item-meta\" \t>\n\t\n<div class=\"vp-portfolio__item-meta-categories\">\n\t\t\t<div class=\"vp-portfolio__item-meta-category\">\n\t\t\t\t<span\t\t\t>\n\tEncounter-concerts<\/span>\t\t<\/div>\n\t\t<\/div>\n\n<h2 class=\"vp-portfolio__item-meta-title\">\n\tMaster classe Felicity Lott &#8211; Offenbach\/Gilbert &#038; Sullivan<\/h2>\n<\/a>\t\t<\/div>\n\t<\/figcaption>\n\t\t\t<\/figure>\n\t\t\t\t\t<\/article>\n\t\t\n\t\t<article\t\tclass=\"vp-portfolio__item-wrap post-1990 post type-post status-publish format-standard has-post-thumbnail hentry category-concerts tag-archive vp-portfolio__item-uid-2073f775\" data-vp-filter=\"concerts\" \t\t>\n\t\t\t\t\t\t\t\t\t<figure class=\"vp-portfolio__item\">\n\t\t\t\t\n<div class=\"vp-portfolio__item-img-wrap\">\n\t<div class=\"vp-portfolio__item-img\">\n\t\t\t<a\n\t\thref=\"https:\/\/operafuoco.fr\/en\/weill-lady-in-the-dark\/\"\n\t\t\t>\n\t\n\t\t<noscript><img loading=\"lazy\" decoding=\"async\" width=\"825\" height=\"825\" data-skip-lazy src=\"https:\/\/operafuoco.fr\/wp-content\/uploads\/2019\/09\/Visuel-Lady-in-the-dark-2020.jpeg\" class=\"wp-image-2008\" alt=\"\" srcset=\"https:\/\/operafuoco.fr\/wp-content\/uploads\/2019\/09\/Visuel-Lady-in-the-dark-2020.jpeg 825w, https:\/\/operafuoco.fr\/wp-content\/uploads\/2019\/09\/Visuel-Lady-in-the-dark-2020-150x150.jpeg 150w, https:\/\/operafuoco.fr\/wp-content\/uploads\/2019\/09\/Visuel-Lady-in-the-dark-2020-300x300.jpeg 300w, https:\/\/operafuoco.fr\/wp-content\/uploads\/2019\/09\/Visuel-Lady-in-the-dark-2020-768x768.jpeg 768w, https:\/\/operafuoco.fr\/wp-content\/uploads\/2019\/09\/Visuel-Lady-in-the-dark-2020-500x500.jpeg 500w, https:\/\/operafuoco.fr\/wp-content\/uploads\/2019\/09\/Visuel-Lady-in-the-dark-2020-800x800.jpeg 800w, https:\/\/operafuoco.fr\/wp-content\/uploads\/2019\/09\/Visuel-Lady-in-the-dark-2020-600x600.jpeg 600w\" sizes=\"(max-width: 825px) 100vw, 825px\" \/><\/noscript><img decoding=\"async\" width=\"825\" height=\"825\" src=\"https:\/\/operafuoco.fr\/wp-content\/uploads\/2019\/09\/Visuel-Lady-in-the-dark-2020.jpeg\" class=\"wp-image-2008 vp-lazyload\" alt srcset=\"data:image\/svg+xml;base64,PHN2ZyB3aWR0aD0iODI1IiBoZWlnaHQ9IjgyNSIgdmlld0JveD0iMCAwIDgyNSA4MjUiIGZpbGw9Im5vbmUiIHhtbG5zPSJodHRwOi8vd3d3LnczLm9yZy8yMDAwL3N2ZyI+PC9zdmc+\" data-src=\"https:\/\/operafuoco.fr\/wp-content\/uploads\/2019\/09\/Visuel-Lady-in-the-dark-2020.jpeg\" data-srcset=\"https:\/\/operafuoco.fr\/wp-content\/uploads\/2019\/09\/Visuel-Lady-in-the-dark-2020.jpeg 825w, https:\/\/operafuoco.fr\/wp-content\/uploads\/2019\/09\/Visuel-Lady-in-the-dark-2020-150x150.jpeg 150w, https:\/\/operafuoco.fr\/wp-content\/uploads\/2019\/09\/Visuel-Lady-in-the-dark-2020-300x300.jpeg 300w, https:\/\/operafuoco.fr\/wp-content\/uploads\/2019\/09\/Visuel-Lady-in-the-dark-2020-768x768.jpeg 768w, https:\/\/operafuoco.fr\/wp-content\/uploads\/2019\/09\/Visuel-Lady-in-the-dark-2020-500x500.jpeg 500w, https:\/\/operafuoco.fr\/wp-content\/uploads\/2019\/09\/Visuel-Lady-in-the-dark-2020-800x800.jpeg 800w, https:\/\/operafuoco.fr\/wp-content\/uploads\/2019\/09\/Visuel-Lady-in-the-dark-2020-600x600.jpeg 600w\" data-sizes=\"auto\" loading=\"eager\">\n\t\t<\/a>\t<\/div>\n<\/div>\n\t<figcaption class=\"vp-portfolio__item-overlay vp-portfolio__item-overlay-text-align-center\">\n\t\t<div class=\"vp-portfolio__item-meta-wrap vp-portfolio__custom-scrollbar\">\n\t\t\t\t<a\n\t\thref=\"https:\/\/operafuoco.fr\/en\/weill-lady-in-the-dark\/\"\n\t\ttabindex=\"-1\" class=\"vp-portfolio__item-meta\" \t>\n\t\n<div class=\"vp-portfolio__item-meta-categories\">\n\t\t\t<div class=\"vp-portfolio__item-meta-category\">\n\t\t\t\t<span\t\t\t>\n\tConcerts<\/span>\t\t<\/div>\n\t\t<\/div>\n\n<h2 class=\"vp-portfolio__item-meta-title\">\n\tWeill &#8211; Lady in the dark &#8211; preview<\/h2>\n<\/a>\t\t<\/div>\n\t<\/figcaption>\n\t\t\t<\/figure>\n\t\t\t\t\t<\/article>\n\t\t\n\t\t<article\t\tclass=\"vp-portfolio__item-wrap post-1988 post type-post status-publish format-standard has-post-thumbnail hentry category-concerts-rencontres tag-archive vp-portfolio__item-uid-37b34e06\" data-vp-filter=\"concerts-rencontres\" \t\t>\n\t\t\t\t\t\t\t\t\t<figure class=\"vp-portfolio__item\">\n\t\t\t\t\n<div class=\"vp-portfolio__item-img-wrap\">\n\t<div class=\"vp-portfolio__item-img\">\n\t\t\t<a\n\t\thref=\"https:\/\/operafuoco.fr\/en\/puccini-la-rondine\/\"\n\t\t\t>\n\t\n\t\t<noscript><img loading=\"lazy\" decoding=\"async\" width=\"1920\" height=\"1920\" data-skip-lazy src=\"https:\/\/operafuoco.fr\/wp-content\/uploads\/2019\/09\/Inva-Puccini-1920x1920.jpg\" class=\"wp-image-2009\" alt=\"\" srcset=\"https:\/\/operafuoco.fr\/wp-content\/uploads\/2019\/09\/Inva-Puccini-1920x1920.jpg 1920w, https:\/\/operafuoco.fr\/wp-content\/uploads\/2019\/09\/Inva-Puccini-150x150.jpg 150w, https:\/\/operafuoco.fr\/wp-content\/uploads\/2019\/09\/Inva-Puccini-300x300.jpg 300w, https:\/\/operafuoco.fr\/wp-content\/uploads\/2019\/09\/Inva-Puccini-768x768.jpg 768w, https:\/\/operafuoco.fr\/wp-content\/uploads\/2019\/09\/Inva-Puccini-1024x1024.jpg 1024w, https:\/\/operafuoco.fr\/wp-content\/uploads\/2019\/09\/Inva-Puccini-500x500.jpg 500w, https:\/\/operafuoco.fr\/wp-content\/uploads\/2019\/09\/Inva-Puccini-800x800.jpg 800w, https:\/\/operafuoco.fr\/wp-content\/uploads\/2019\/09\/Inva-Puccini-1280x1280.jpg 1280w, https:\/\/operafuoco.fr\/wp-content\/uploads\/2019\/09\/Inva-Puccini-1200x1200.jpg 1200w, https:\/\/operafuoco.fr\/wp-content\/uploads\/2019\/09\/Inva-Puccini-600x600.jpg 600w, https:\/\/operafuoco.fr\/wp-content\/uploads\/2019\/09\/Inva-Puccini.jpg 1600w\" sizes=\"(max-width: 1920px) 100vw, 1920px\" \/><\/noscript><img decoding=\"async\" width=\"1920\" height=\"1920\" src=\"https:\/\/operafuoco.fr\/wp-content\/uploads\/2019\/09\/Inva-Puccini-1920x1920.jpg\" class=\"wp-image-2009 vp-lazyload\" alt srcset=\"data:image\/svg+xml;base64,PHN2ZyB3aWR0aD0iMTkyMCIgaGVpZ2h0PSIxOTIwIiB2aWV3Qm94PSIwIDAgMTkyMCAxOTIwIiBmaWxsPSJub25lIiB4bWxucz0iaHR0cDovL3d3dy53My5vcmcvMjAwMC9zdmciPjwvc3ZnPg==\" data-src=\"https:\/\/operafuoco.fr\/wp-content\/uploads\/2019\/09\/Inva-Puccini-1920x1920.jpg\" data-srcset=\"https:\/\/operafuoco.fr\/wp-content\/uploads\/2019\/09\/Inva-Puccini-1920x1920.jpg 1920w, https:\/\/operafuoco.fr\/wp-content\/uploads\/2019\/09\/Inva-Puccini-150x150.jpg 150w, https:\/\/operafuoco.fr\/wp-content\/uploads\/2019\/09\/Inva-Puccini-300x300.jpg 300w, https:\/\/operafuoco.fr\/wp-content\/uploads\/2019\/09\/Inva-Puccini-768x768.jpg 768w, https:\/\/operafuoco.fr\/wp-content\/uploads\/2019\/09\/Inva-Puccini-1024x1024.jpg 1024w, https:\/\/operafuoco.fr\/wp-content\/uploads\/2019\/09\/Inva-Puccini-500x500.jpg 500w, https:\/\/operafuoco.fr\/wp-content\/uploads\/2019\/09\/Inva-Puccini-800x800.jpg 800w, https:\/\/operafuoco.fr\/wp-content\/uploads\/2019\/09\/Inva-Puccini-1280x1280.jpg 1280w, https:\/\/operafuoco.fr\/wp-content\/uploads\/2019\/09\/Inva-Puccini-1200x1200.jpg 1200w, https:\/\/operafuoco.fr\/wp-content\/uploads\/2019\/09\/Inva-Puccini-600x600.jpg 600w, https:\/\/operafuoco.fr\/wp-content\/uploads\/2019\/09\/Inva-Puccini.jpg 1600w\" data-sizes=\"auto\" loading=\"eager\">\n\t\t<\/a>\t<\/div>\n<\/div>\n\t<figcaption class=\"vp-portfolio__item-overlay vp-portfolio__item-overlay-text-align-center\">\n\t\t<div class=\"vp-portfolio__item-meta-wrap vp-portfolio__custom-scrollbar\">\n\t\t\t\t<a\n\t\thref=\"https:\/\/operafuoco.fr\/en\/puccini-la-rondine\/\"\n\t\ttabindex=\"-1\" class=\"vp-portfolio__item-meta\" \t>\n\t\n<div class=\"vp-portfolio__item-meta-categories\">\n\t\t\t<div class=\"vp-portfolio__item-meta-category\">\n\t\t\t\t<span\t\t\t>\n\tEncounter-concerts<\/span>\t\t<\/div>\n\t\t<\/div>\n\n<h2 class=\"vp-portfolio__item-meta-title\">\n\tPuccini &#8211; La Rondine<\/h2>\n<\/a>\t\t<\/div>\n\t<\/figcaption>\n\t\t\t<\/figure>\n\t\t\t\t\t<\/article>\n\t\t\n\t\t<article\t\tclass=\"vp-portfolio__item-wrap post-1985 post type-post status-publish format-standard has-post-thumbnail hentry category-concerts tag-archive vp-portfolio__item-uid-490232bb\" data-vp-filter=\"concerts\" \t\t>\n\t\t\t\t\t\t\t\t\t<figure class=\"vp-portfolio__item\">\n\t\t\t\t\n<div class=\"vp-portfolio__item-img-wrap\">\n\t<div class=\"vp-portfolio__item-img\">\n\t\t\t<a\n\t\thref=\"https:\/\/operafuoco.fr\/en\/handel-essential\/\"\n\t\t\t>\n\t\n\t\t<noscript><img loading=\"lazy\" decoding=\"async\" width=\"1505\" height=\"1600\" data-skip-lazy src=\"https:\/\/operafuoco.fr\/wp-content\/uploads\/2019\/09\/IMG_1106.jpg\" class=\"wp-image-2012\" alt=\"\" srcset=\"https:\/\/operafuoco.fr\/wp-content\/uploads\/2019\/09\/IMG_1106.jpg 1505w, https:\/\/operafuoco.fr\/wp-content\/uploads\/2019\/09\/IMG_1106-282x300.jpg 282w, https:\/\/operafuoco.fr\/wp-content\/uploads\/2019\/09\/IMG_1106-768x816.jpg 768w, https:\/\/operafuoco.fr\/wp-content\/uploads\/2019\/09\/IMG_1106-964x1024.jpg 964w, https:\/\/operafuoco.fr\/wp-content\/uploads\/2019\/09\/IMG_1106-470x500.jpg 470w, https:\/\/operafuoco.fr\/wp-content\/uploads\/2019\/09\/IMG_1106-753x800.jpg 753w, https:\/\/operafuoco.fr\/wp-content\/uploads\/2019\/09\/IMG_1106-1204x1280.jpg 1204w\" sizes=\"(max-width: 1505px) 100vw, 1505px\" \/><\/noscript><img decoding=\"async\" width=\"1505\" height=\"1600\" src=\"https:\/\/operafuoco.fr\/wp-content\/uploads\/2019\/09\/IMG_1106.jpg\" class=\"wp-image-2012 vp-lazyload\" alt srcset=\"data:image\/svg+xml;base64,PHN2ZyB3aWR0aD0iMTUwNSIgaGVpZ2h0PSIxNjAwIiB2aWV3Qm94PSIwIDAgMTUwNSAxNjAwIiBmaWxsPSJub25lIiB4bWxucz0iaHR0cDovL3d3dy53My5vcmcvMjAwMC9zdmciPjwvc3ZnPg==\" data-src=\"https:\/\/operafuoco.fr\/wp-content\/uploads\/2019\/09\/IMG_1106.jpg\" data-srcset=\"https:\/\/operafuoco.fr\/wp-content\/uploads\/2019\/09\/IMG_1106.jpg 1505w, https:\/\/operafuoco.fr\/wp-content\/uploads\/2019\/09\/IMG_1106-282x300.jpg 282w, https:\/\/operafuoco.fr\/wp-content\/uploads\/2019\/09\/IMG_1106-768x816.jpg 768w, https:\/\/operafuoco.fr\/wp-content\/uploads\/2019\/09\/IMG_1106-964x1024.jpg 964w, https:\/\/operafuoco.fr\/wp-content\/uploads\/2019\/09\/IMG_1106-470x500.jpg 470w, https:\/\/operafuoco.fr\/wp-content\/uploads\/2019\/09\/IMG_1106-753x800.jpg 753w, https:\/\/operafuoco.fr\/wp-content\/uploads\/2019\/09\/IMG_1106-1204x1280.jpg 1204w\" data-sizes=\"auto\" loading=\"eager\">\n\t\t<\/a>\t<\/div>\n<\/div>\n\t<figcaption class=\"vp-portfolio__item-overlay vp-portfolio__item-overlay-text-align-center\">\n\t\t<div class=\"vp-portfolio__item-meta-wrap vp-portfolio__custom-scrollbar\">\n\t\t\t\t<a\n\t\thref=\"https:\/\/operafuoco.fr\/en\/handel-essential\/\"\n\t\ttabindex=\"-1\" class=\"vp-portfolio__item-meta\" \t>\n\t\n<div class=\"vp-portfolio__item-meta-categories\">\n\t\t\t<div class=\"vp-portfolio__item-meta-category\">\n\t\t\t\t<span\t\t\t>\n\tConcerts<\/span>\t\t<\/div>\n\t\t<\/div>\n\n<h2 class=\"vp-portfolio__item-meta-title\">\n\tEssential H\u00e4ndel<\/h2>\n<\/a>\t\t<\/div>\n\t<\/figcaption>\n\t\t\t<\/figure>\n\t\t\t\t\t<\/article>\n\t\t\n\t\t<article\t\tclass=\"vp-portfolio__item-wrap post-1982 post type-post status-publish format-standard has-post-thumbnail hentry category-operas tag-archive vp-portfolio__item-uid-d766a718\" data-vp-filter=\"operas\" \t\t>\n\t\t\t\t\t\t\t\t\t<figure class=\"vp-portfolio__item\">\n\t\t\t\t\n<div class=\"vp-portfolio__item-img-wrap\">\n\t<div class=\"vp-portfolio__item-img\">\n\t\t\t<a\n\t\thref=\"https:\/\/operafuoco.fr\/en\/handel-serse\/\"\n\t\t\t>\n\t\n\t\t<noscript><img loading=\"lazy\" decoding=\"async\" width=\"1080\" height=\"1528\" data-skip-lazy src=\"https:\/\/operafuoco.fr\/wp-content\/uploads\/2019\/09\/Affiche-Serse-BMF.jpg\" class=\"wp-image-2014\" alt=\"\" srcset=\"https:\/\/operafuoco.fr\/wp-content\/uploads\/2019\/09\/Affiche-Serse-BMF.jpg 1080w, https:\/\/operafuoco.fr\/wp-content\/uploads\/2019\/09\/Affiche-Serse-BMF-212x300.jpg 212w, https:\/\/operafuoco.fr\/wp-content\/uploads\/2019\/09\/Affiche-Serse-BMF-768x1087.jpg 768w, https:\/\/operafuoco.fr\/wp-content\/uploads\/2019\/09\/Affiche-Serse-BMF-724x1024.jpg 724w, https:\/\/operafuoco.fr\/wp-content\/uploads\/2019\/09\/Affiche-Serse-BMF-353x500.jpg 353w, https:\/\/operafuoco.fr\/wp-content\/uploads\/2019\/09\/Affiche-Serse-BMF-565x800.jpg 565w, https:\/\/operafuoco.fr\/wp-content\/uploads\/2019\/09\/Affiche-Serse-BMF-905x1280.jpg 905w\" sizes=\"(max-width: 1080px) 100vw, 1080px\" \/><\/noscript><img decoding=\"async\" width=\"1080\" height=\"1528\" src=\"https:\/\/operafuoco.fr\/wp-content\/uploads\/2019\/09\/Affiche-Serse-BMF.jpg\" class=\"wp-image-2014 vp-lazyload\" alt srcset=\"data:image\/svg+xml;base64,PHN2ZyB3aWR0aD0iMTA4MCIgaGVpZ2h0PSIxNTI4IiB2aWV3Qm94PSIwIDAgMTA4MCAxNTI4IiBmaWxsPSJub25lIiB4bWxucz0iaHR0cDovL3d3dy53My5vcmcvMjAwMC9zdmciPjwvc3ZnPg==\" data-src=\"https:\/\/operafuoco.fr\/wp-content\/uploads\/2019\/09\/Affiche-Serse-BMF.jpg\" data-srcset=\"https:\/\/operafuoco.fr\/wp-content\/uploads\/2019\/09\/Affiche-Serse-BMF.jpg 1080w, https:\/\/operafuoco.fr\/wp-content\/uploads\/2019\/09\/Affiche-Serse-BMF-212x300.jpg 212w, https:\/\/operafuoco.fr\/wp-content\/uploads\/2019\/09\/Affiche-Serse-BMF-768x1087.jpg 768w, https:\/\/operafuoco.fr\/wp-content\/uploads\/2019\/09\/Affiche-Serse-BMF-724x1024.jpg 724w, https:\/\/operafuoco.fr\/wp-content\/uploads\/2019\/09\/Affiche-Serse-BMF-353x500.jpg 353w, https:\/\/operafuoco.fr\/wp-content\/uploads\/2019\/09\/Affiche-Serse-BMF-565x800.jpg 565w, https:\/\/operafuoco.fr\/wp-content\/uploads\/2019\/09\/Affiche-Serse-BMF-905x1280.jpg 905w\" data-sizes=\"auto\" loading=\"eager\">\n\t\t<\/a>\t<\/div>\n<\/div>\n\t<figcaption class=\"vp-portfolio__item-overlay vp-portfolio__item-overlay-text-align-center\">\n\t\t<div class=\"vp-portfolio__item-meta-wrap vp-portfolio__custom-scrollbar\">\n\t\t\t\t<a\n\t\thref=\"https:\/\/operafuoco.fr\/en\/handel-serse\/\"\n\t\ttabindex=\"-1\" class=\"vp-portfolio__item-meta\" \t>\n\t\n<div class=\"vp-portfolio__item-meta-categories\">\n\t\t\t<div class=\"vp-portfolio__item-meta-category\">\n\t\t\t\t<span\t\t\t>\n\tOperas<\/span>\t\t<\/div>\n\t\t<\/div>\n\n<h2 class=\"vp-portfolio__item-meta-title\">\n\tH\u00e4ndel &#8211; Serse<\/h2>\n<\/a>\t\t<\/div>\n\t<\/figcaption>\n\t\t\t<\/figure>\n\t\t\t\t\t<\/article>\n\t\t\n\t\t<article\t\tclass=\"vp-portfolio__item-wrap post-1961 post type-post status-publish format-standard has-post-thumbnail hentry category-concerts tag-archive vp-portfolio__item-uid-d0ecdb2c\" data-vp-filter=\"concerts\" \t\t>\n\t\t\t\t\t\t\t\t\t<figure class=\"vp-portfolio__item\">\n\t\t\t\t\n<div class=\"vp-portfolio__item-img-wrap\">\n\t<div class=\"vp-portfolio__item-img\">\n\t\t\t<a\n\t\thref=\"https:\/\/operafuoco.fr\/en\/opera-fuoco-jazz-our-american-songbook\/\"\n\t\t\t>\n\t\n\t\t<noscript><img loading=\"lazy\" decoding=\"async\" width=\"561\" height=\"660\" data-skip-lazy src=\"https:\/\/operafuoco.fr\/wp-content\/uploads\/2019\/08\/Sophia-Stern.jpg\" class=\"wp-image-1962\" alt=\"\" srcset=\"https:\/\/operafuoco.fr\/wp-content\/uploads\/2019\/08\/Sophia-Stern.jpg 561w, https:\/\/operafuoco.fr\/wp-content\/uploads\/2019\/08\/Sophia-Stern-255x300.jpg 255w, https:\/\/operafuoco.fr\/wp-content\/uploads\/2019\/08\/Sophia-Stern-425x500.jpg 425w\" sizes=\"(max-width: 561px) 100vw, 561px\" \/><\/noscript><img decoding=\"async\" width=\"561\" height=\"660\" src=\"https:\/\/operafuoco.fr\/wp-content\/uploads\/2019\/08\/Sophia-Stern.jpg\" class=\"wp-image-1962 vp-lazyload\" alt srcset=\"data:image\/svg+xml;base64,PHN2ZyB3aWR0aD0iNTYxIiBoZWlnaHQ9IjY2MCIgdmlld0JveD0iMCAwIDU2MSA2NjAiIGZpbGw9Im5vbmUiIHhtbG5zPSJodHRwOi8vd3d3LnczLm9yZy8yMDAwL3N2ZyI+PC9zdmc+\" data-src=\"https:\/\/operafuoco.fr\/wp-content\/uploads\/2019\/08\/Sophia-Stern.jpg\" data-srcset=\"https:\/\/operafuoco.fr\/wp-content\/uploads\/2019\/08\/Sophia-Stern.jpg 561w, https:\/\/operafuoco.fr\/wp-content\/uploads\/2019\/08\/Sophia-Stern-255x300.jpg 255w, https:\/\/operafuoco.fr\/wp-content\/uploads\/2019\/08\/Sophia-Stern-425x500.jpg 425w\" data-sizes=\"auto\" loading=\"eager\">\n\t\t<\/a>\t<\/div>\n<\/div>\n\t<figcaption class=\"vp-portfolio__item-overlay vp-portfolio__item-overlay-text-align-center\">\n\t\t<div class=\"vp-portfolio__item-meta-wrap vp-portfolio__custom-scrollbar\">\n\t\t\t\t<a\n\t\thref=\"https:\/\/operafuoco.fr\/en\/opera-fuoco-jazz-our-american-songbook\/\"\n\t\ttabindex=\"-1\" class=\"vp-portfolio__item-meta\" \t>\n\t\n<div class=\"vp-portfolio__item-meta-categories\">\n\t\t\t<div class=\"vp-portfolio__item-meta-category\">\n\t\t\t\t<span\t\t\t>\n\tConcerts<\/span>\t\t<\/div>\n\t\t<\/div>\n\n<h2 class=\"vp-portfolio__item-meta-title\">\n\tOpera Fuoco Jazz &#8211; Our American songbook<\/h2>\n<\/a>\t\t<\/div>\n\t<\/figcaption>\n\t\t\t<\/figure>\n\t\t\t\t\t<\/article>\n\t\t\n\t\t<article\t\tclass=\"vp-portfolio__item-wrap post-261 post type-post status-publish format-standard has-post-thumbnail hentry category-concerts tag-archive vp-portfolio__item-uid-981d9cc7\" data-vp-filter=\"concerts\" \t\t>\n\t\t\t\t\t\t\t\t\t<figure class=\"vp-portfolio__item\">\n\t\t\t\t\n<div class=\"vp-portfolio__item-img-wrap\">\n\t<div class=\"vp-portfolio__item-img\">\n\t\t\t<a\n\t\thref=\"https:\/\/operafuoco.fr\/en\/messe-en-si-mineur-j-s-bach\/\"\n\t\t\t>\n\t\n\t\t<noscript><img loading=\"lazy\" decoding=\"async\" width=\"504\" height=\"504\" data-skip-lazy src=\"https:\/\/operafuoco.fr\/wp-content\/uploads\/2019\/03\/vignette-missa-finale-e1557063869201.jpg\" class=\"wp-image-256\" alt=\"\" srcset=\"https:\/\/operafuoco.fr\/wp-content\/uploads\/2019\/03\/vignette-missa-finale-e1557063869201.jpg 504w, https:\/\/operafuoco.fr\/wp-content\/uploads\/2019\/03\/vignette-missa-finale-e1557063869201-150x150.jpg 150w, https:\/\/operafuoco.fr\/wp-content\/uploads\/2019\/03\/vignette-missa-finale-e1557063869201-300x300.jpg 300w, https:\/\/operafuoco.fr\/wp-content\/uploads\/2019\/03\/vignette-missa-finale-e1557063869201-500x500.jpg 500w\" sizes=\"(max-width: 504px) 100vw, 504px\" \/><\/noscript><img decoding=\"async\" width=\"504\" height=\"504\" src=\"https:\/\/operafuoco.fr\/wp-content\/uploads\/2019\/03\/vignette-missa-finale-e1557063869201.jpg\" class=\"wp-image-256 vp-lazyload\" alt srcset=\"data:image\/svg+xml;base64,PHN2ZyB3aWR0aD0iNTA0IiBoZWlnaHQ9IjUwNCIgdmlld0JveD0iMCAwIDUwNCA1MDQiIGZpbGw9Im5vbmUiIHhtbG5zPSJodHRwOi8vd3d3LnczLm9yZy8yMDAwL3N2ZyI+PC9zdmc+\" data-src=\"https:\/\/operafuoco.fr\/wp-content\/uploads\/2019\/03\/vignette-missa-finale-e1557063869201.jpg\" data-srcset=\"https:\/\/operafuoco.fr\/wp-content\/uploads\/2019\/03\/vignette-missa-finale-e1557063869201.jpg 504w, https:\/\/operafuoco.fr\/wp-content\/uploads\/2019\/03\/vignette-missa-finale-e1557063869201-150x150.jpg 150w, https:\/\/operafuoco.fr\/wp-content\/uploads\/2019\/03\/vignette-missa-finale-e1557063869201-300x300.jpg 300w, https:\/\/operafuoco.fr\/wp-content\/uploads\/2019\/03\/vignette-missa-finale-e1557063869201-500x500.jpg 500w\" data-sizes=\"auto\" loading=\"eager\">\n\t\t<\/a>\t<\/div>\n<\/div>\n\t<figcaption class=\"vp-portfolio__item-overlay vp-portfolio__item-overlay-text-align-center\">\n\t\t<div class=\"vp-portfolio__item-meta-wrap vp-portfolio__custom-scrollbar\">\n\t\t\t\t<a\n\t\thref=\"https:\/\/operafuoco.fr\/en\/messe-en-si-mineur-j-s-bach\/\"\n\t\ttabindex=\"-1\" class=\"vp-portfolio__item-meta\" \t>\n\t\n<div class=\"vp-portfolio__item-meta-categories\">\n\t\t\t<div class=\"vp-portfolio__item-meta-category\">\n\t\t\t\t<span\t\t\t>\n\tConcerts<\/span>\t\t<\/div>\n\t\t<\/div>\n\n<h2 class=\"vp-portfolio__item-meta-title\">\n\tB-MINOR MASS \u2013 J.S. Bach<\/h2>\n<\/a>\t\t<\/div>\n\t<\/figcaption>\n\t\t\t<\/figure>\n\t\t\t\t\t<\/article>\n\t\t\n\t\t<article\t\tclass=\"vp-portfolio__item-wrap post-266 post type-post status-publish format-standard has-post-thumbnail hentry category-concerts tag-archive vp-portfolio__item-uid-06790964\" data-vp-filter=\"concerts\" \t\t>\n\t\t\t\t\t\t\t\t\t<figure class=\"vp-portfolio__item\">\n\t\t\t\t\n<div class=\"vp-portfolio__item-img-wrap\">\n\t<div class=\"vp-portfolio__item-img\">\n\t\t\t<a\n\t\thref=\"https:\/\/operafuoco.fr\/en\/the-golden-bride-rumshinsky\/\"\n\t\t\t>\n\t\n\t\t<noscript><img loading=\"lazy\" decoding=\"async\" width=\"635\" height=\"635\" data-skip-lazy src=\"https:\/\/operafuoco.fr\/wp-content\/uploads\/2019\/03\/honeymoon-in-rv-e1557074217952.jpg\" class=\"wp-image-267\" alt=\"\" srcset=\"https:\/\/operafuoco.fr\/wp-content\/uploads\/2019\/03\/honeymoon-in-rv-e1557074217952.jpg 635w, https:\/\/operafuoco.fr\/wp-content\/uploads\/2019\/03\/honeymoon-in-rv-e1557074217952-150x150.jpg 150w, https:\/\/operafuoco.fr\/wp-content\/uploads\/2019\/03\/honeymoon-in-rv-e1557074217952-300x300.jpg 300w, https:\/\/operafuoco.fr\/wp-content\/uploads\/2019\/03\/honeymoon-in-rv-e1557074217952-500x500.jpg 500w, https:\/\/operafuoco.fr\/wp-content\/uploads\/2019\/03\/honeymoon-in-rv-e1557074217952-600x600.jpg 600w\" sizes=\"(max-width: 635px) 100vw, 635px\" \/><\/noscript><img decoding=\"async\" width=\"635\" height=\"635\" src=\"https:\/\/operafuoco.fr\/wp-content\/uploads\/2019\/03\/honeymoon-in-rv-e1557074217952.jpg\" class=\"wp-image-267 vp-lazyload\" alt srcset=\"data:image\/svg+xml;base64,PHN2ZyB3aWR0aD0iNjM1IiBoZWlnaHQ9IjYzNSIgdmlld0JveD0iMCAwIDYzNSA2MzUiIGZpbGw9Im5vbmUiIHhtbG5zPSJodHRwOi8vd3d3LnczLm9yZy8yMDAwL3N2ZyI+PC9zdmc+\" data-src=\"https:\/\/operafuoco.fr\/wp-content\/uploads\/2019\/03\/honeymoon-in-rv-e1557074217952.jpg\" data-srcset=\"https:\/\/operafuoco.fr\/wp-content\/uploads\/2019\/03\/honeymoon-in-rv-e1557074217952.jpg 635w, https:\/\/operafuoco.fr\/wp-content\/uploads\/2019\/03\/honeymoon-in-rv-e1557074217952-150x150.jpg 150w, https:\/\/operafuoco.fr\/wp-content\/uploads\/2019\/03\/honeymoon-in-rv-e1557074217952-300x300.jpg 300w, https:\/\/operafuoco.fr\/wp-content\/uploads\/2019\/03\/honeymoon-in-rv-e1557074217952-500x500.jpg 500w, https:\/\/operafuoco.fr\/wp-content\/uploads\/2019\/03\/honeymoon-in-rv-e1557074217952-600x600.jpg 600w\" data-sizes=\"auto\" loading=\"eager\">\n\t\t<\/a>\t<\/div>\n<\/div>\n\t<figcaption class=\"vp-portfolio__item-overlay vp-portfolio__item-overlay-text-align-center\">\n\t\t<div class=\"vp-portfolio__item-meta-wrap vp-portfolio__custom-scrollbar\">\n\t\t\t\t<a\n\t\thref=\"https:\/\/operafuoco.fr\/en\/the-golden-bride-rumshinsky\/\"\n\t\ttabindex=\"-1\" class=\"vp-portfolio__item-meta\" \t>\n\t\n<div class=\"vp-portfolio__item-meta-categories\">\n\t\t\t<div class=\"vp-portfolio__item-meta-category\">\n\t\t\t\t<span\t\t\t>\n\tConcerts<\/span>\t\t<\/div>\n\t\t<\/div>\n\n<h2 class=\"vp-portfolio__item-meta-title\">\n\tThe Golden Bride \u2013 Rumshinsky<\/h2>\n<\/a>\t\t<\/div>\n\t<\/figcaption>\n\t\t\t<\/figure>\n\t\t\t\t\t<\/article>\n\t\t\n\t\t<article\t\tclass=\"vp-portfolio__item-wrap post-207 post type-post status-publish format-standard has-post-thumbnail hentry category-operas tag-archive vp-portfolio__item-uid-27249e74\" data-vp-filter=\"operas\" \t\t>\n\t\t\t\t\t\t\t\t\t<figure class=\"vp-portfolio__item\">\n\t\t\t\t\n<div class=\"vp-portfolio__item-img-wrap\">\n\t<div class=\"vp-portfolio__item-img\">\n\t\t\t<a\n\t\thref=\"https:\/\/operafuoco.fr\/en\/die-stumme-serenade-korngold\/\"\n\t\t\t>\n\t\n\t\t<noscript><img loading=\"lazy\" decoding=\"async\" width=\"1024\" height=\"512\" data-skip-lazy src=\"https:\/\/operafuoco.fr\/wp-content\/uploads\/2019\/03\/vignette-korngold.jpg\" class=\"wp-image-209\" alt=\"\" srcset=\"https:\/\/operafuoco.fr\/wp-content\/uploads\/2019\/03\/vignette-korngold.jpg 1024w, https:\/\/operafuoco.fr\/wp-content\/uploads\/2019\/03\/vignette-korngold-300x150.jpg 300w, https:\/\/operafuoco.fr\/wp-content\/uploads\/2019\/03\/vignette-korngold-768x384.jpg 768w\" sizes=\"(max-width: 1024px) 100vw, 1024px\" \/><\/noscript><img decoding=\"async\" width=\"1024\" height=\"512\" src=\"https:\/\/operafuoco.fr\/wp-content\/uploads\/2019\/03\/vignette-korngold.jpg\" class=\"wp-image-209 vp-lazyload\" alt srcset=\"data:image\/svg+xml;base64,PHN2ZyB3aWR0aD0iMTAyNCIgaGVpZ2h0PSI1MTIiIHZpZXdCb3g9IjAgMCAxMDI0IDUxMiIgZmlsbD0ibm9uZSIgeG1sbnM9Imh0dHA6Ly93d3cudzMub3JnLzIwMDAvc3ZnIj48L3N2Zz4=\" data-src=\"https:\/\/operafuoco.fr\/wp-content\/uploads\/2019\/03\/vignette-korngold.jpg\" data-srcset=\"https:\/\/operafuoco.fr\/wp-content\/uploads\/2019\/03\/vignette-korngold.jpg 1024w, https:\/\/operafuoco.fr\/wp-content\/uploads\/2019\/03\/vignette-korngold-300x150.jpg 300w, https:\/\/operafuoco.fr\/wp-content\/uploads\/2019\/03\/vignette-korngold-768x384.jpg 768w\" data-sizes=\"auto\" loading=\"eager\">\n\t\t<\/a>\t<\/div>\n<\/div>\n\t<figcaption class=\"vp-portfolio__item-overlay vp-portfolio__item-overlay-text-align-center\">\n\t\t<div class=\"vp-portfolio__item-meta-wrap vp-portfolio__custom-scrollbar\">\n\t\t\t\t<a\n\t\thref=\"https:\/\/operafuoco.fr\/en\/die-stumme-serenade-korngold\/\"\n\t\ttabindex=\"-1\" class=\"vp-portfolio__item-meta\" \t>\n\t\n<div class=\"vp-portfolio__item-meta-categories\">\n\t\t\t<div class=\"vp-portfolio__item-meta-category\">\n\t\t\t\t<span\t\t\t>\n\tOperas<\/span>\t\t<\/div>\n\t\t<\/div>\n\n<h2 class=\"vp-portfolio__item-meta-title\">\n\tDie Stumme Serenade \u2013 Korngold<\/h2>\n<\/a>\t\t<\/div>\n\t<\/figcaption>\n\t\t\t<\/figure>\n\t\t\t\t\t<\/article>\n\t\t\n\t\t<article\t\tclass=\"vp-portfolio__item-wrap post-1029 post type-post status-publish format-standard has-post-thumbnail hentry category-concerts-rencontres tag-archive vp-portfolio__item-uid-b58aad95\" data-vp-filter=\"concerts-rencontres\" \t\t>\n\t\t\t\t\t\t\t\t\t<figure class=\"vp-portfolio__item\">\n\t\t\t\t\n<div class=\"vp-portfolio__item-img-wrap\">\n\t<div class=\"vp-portfolio__item-img\">\n\t\t\t<a\n\t\thref=\"https:\/\/operafuoco.fr\/en\/les-plaisirs-de-la-seine-masterclasse\/\"\n\t\t\t>\n\t\n\t\t<noscript><img loading=\"lazy\" decoding=\"async\" width=\"798\" height=\"700\" data-skip-lazy src=\"https:\/\/operafuoco.fr\/wp-content\/uploads\/2019\/04\/Karine-Deshayes-web.jpg\" class=\"wp-image-1030\" alt=\"\" srcset=\"https:\/\/operafuoco.fr\/wp-content\/uploads\/2019\/04\/Karine-Deshayes-web.jpg 798w, https:\/\/operafuoco.fr\/wp-content\/uploads\/2019\/04\/Karine-Deshayes-web-300x263.jpg 300w, https:\/\/operafuoco.fr\/wp-content\/uploads\/2019\/04\/Karine-Deshayes-web-768x674.jpg 768w\" sizes=\"(max-width: 798px) 100vw, 798px\" \/><\/noscript><img decoding=\"async\" width=\"798\" height=\"700\" src=\"https:\/\/operafuoco.fr\/wp-content\/uploads\/2019\/04\/Karine-Deshayes-web.jpg\" class=\"wp-image-1030 vp-lazyload\" alt srcset=\"data:image\/svg+xml;base64,PHN2ZyB3aWR0aD0iNzk4IiBoZWlnaHQ9IjcwMCIgdmlld0JveD0iMCAwIDc5OCA3MDAiIGZpbGw9Im5vbmUiIHhtbG5zPSJodHRwOi8vd3d3LnczLm9yZy8yMDAwL3N2ZyI+PC9zdmc+\" data-src=\"https:\/\/operafuoco.fr\/wp-content\/uploads\/2019\/04\/Karine-Deshayes-web.jpg\" data-srcset=\"https:\/\/operafuoco.fr\/wp-content\/uploads\/2019\/04\/Karine-Deshayes-web.jpg 798w, https:\/\/operafuoco.fr\/wp-content\/uploads\/2019\/04\/Karine-Deshayes-web-300x263.jpg 300w, https:\/\/operafuoco.fr\/wp-content\/uploads\/2019\/04\/Karine-Deshayes-web-768x674.jpg 768w\" data-sizes=\"auto\" loading=\"eager\">\n\t\t<\/a>\t<\/div>\n<\/div>\n\t<figcaption class=\"vp-portfolio__item-overlay vp-portfolio__item-overlay-text-align-center\">\n\t\t<div class=\"vp-portfolio__item-meta-wrap vp-portfolio__custom-scrollbar\">\n\t\t\t\t<a\n\t\thref=\"https:\/\/operafuoco.fr\/en\/les-plaisirs-de-la-seine-masterclasse\/\"\n\t\ttabindex=\"-1\" class=\"vp-portfolio__item-meta\" \t>\n\t\n<div class=\"vp-portfolio__item-meta-categories\">\n\t\t\t<div class=\"vp-portfolio__item-meta-category\">\n\t\t\t\t<span\t\t\t>\n\tEncounter-concerts<\/span>\t\t<\/div>\n\t\t<\/div>\n\n<h2 class=\"vp-portfolio__item-meta-title\">\n\tOn the Banks of the Seine \u2013 Masterclass<\/h2>\n<\/a>\t\t<\/div>\n\t<\/figcaption>\n\t\t\t<\/figure>\n\t\t\t\t\t<\/article>\n\t\t\n\t\t<article\t\tclass=\"vp-portfolio__item-wrap post-257 post type-post status-publish format-standard has-post-thumbnail hentry category-concerts tag-archive vp-portfolio__item-uid-5a536a31\" data-vp-filter=\"concerts\" \t\t>\n\t\t\t\t\t\t\t\t\t<figure class=\"vp-portfolio__item\">\n\t\t\t\t\n<div class=\"vp-portfolio__item-img-wrap\">\n\t<div class=\"vp-portfolio__item-img\">\n\t\t\t<a\n\t\thref=\"https:\/\/operafuoco.fr\/en\/west-side-story-bernstein\/\"\n\t\t\t>\n\t\n\t\t<noscript><img loading=\"lazy\" decoding=\"async\" width=\"800\" height=\"800\" data-skip-lazy src=\"https:\/\/operafuoco.fr\/wp-content\/uploads\/2019\/03\/Site-Visuel-WSS.png\" class=\"wp-image-258\" alt=\"\" srcset=\"https:\/\/operafuoco.fr\/wp-content\/uploads\/2019\/03\/Site-Visuel-WSS.png 800w, https:\/\/operafuoco.fr\/wp-content\/uploads\/2019\/03\/Site-Visuel-WSS-150x150.png 150w, https:\/\/operafuoco.fr\/wp-content\/uploads\/2019\/03\/Site-Visuel-WSS-300x300.png 300w, https:\/\/operafuoco.fr\/wp-content\/uploads\/2019\/03\/Site-Visuel-WSS-768x768.png 768w\" sizes=\"(max-width: 800px) 100vw, 800px\" \/><\/noscript><img decoding=\"async\" width=\"800\" height=\"800\" src=\"https:\/\/operafuoco.fr\/wp-content\/uploads\/2019\/03\/Site-Visuel-WSS.png\" class=\"wp-image-258 vp-lazyload\" alt srcset=\"data:image\/svg+xml;base64,PHN2ZyB3aWR0aD0iODAwIiBoZWlnaHQ9IjgwMCIgdmlld0JveD0iMCAwIDgwMCA4MDAiIGZpbGw9Im5vbmUiIHhtbG5zPSJodHRwOi8vd3d3LnczLm9yZy8yMDAwL3N2ZyI+PC9zdmc+\" data-src=\"https:\/\/operafuoco.fr\/wp-content\/uploads\/2019\/03\/Site-Visuel-WSS.png\" data-srcset=\"https:\/\/operafuoco.fr\/wp-content\/uploads\/2019\/03\/Site-Visuel-WSS.png 800w, https:\/\/operafuoco.fr\/wp-content\/uploads\/2019\/03\/Site-Visuel-WSS-150x150.png 150w, https:\/\/operafuoco.fr\/wp-content\/uploads\/2019\/03\/Site-Visuel-WSS-300x300.png 300w, https:\/\/operafuoco.fr\/wp-content\/uploads\/2019\/03\/Site-Visuel-WSS-768x768.png 768w\" data-sizes=\"auto\" loading=\"eager\">\n\t\t<\/a>\t<\/div>\n<\/div>\n\t<figcaption class=\"vp-portfolio__item-overlay vp-portfolio__item-overlay-text-align-center\">\n\t\t<div class=\"vp-portfolio__item-meta-wrap vp-portfolio__custom-scrollbar\">\n\t\t\t\t<a\n\t\thref=\"https:\/\/operafuoco.fr\/en\/west-side-story-bernstein\/\"\n\t\ttabindex=\"-1\" class=\"vp-portfolio__item-meta\" \t>\n\t\n<div class=\"vp-portfolio__item-meta-categories\">\n\t\t\t<div class=\"vp-portfolio__item-meta-category\">\n\t\t\t\t<span\t\t\t>\n\tConcerts<\/span>\t\t<\/div>\n\t\t<\/div>\n\n<h2 class=\"vp-portfolio__item-meta-title\">\n\tWest Side Story \u2013 Bernstein<\/h2>\n<\/a>\t\t<\/div>\n\t<\/figcaption>\n\t\t\t<\/figure>\n\t\t\t\t\t<\/article>\n\t\t\n\t\t<article\t\tclass=\"vp-portfolio__item-wrap post-251 post type-post status-publish format-standard has-post-thumbnail hentry category-concerts tag-archive vp-portfolio__item-uid-b330cf04\" data-vp-filter=\"concerts\" \t\t>\n\t\t\t\t\t\t\t\t\t<figure class=\"vp-portfolio__item\">\n\t\t\t\t\n<div class=\"vp-portfolio__item-img-wrap\">\n\t<div class=\"vp-portfolio__item-img\">\n\t\t\t<a\n\t\thref=\"https:\/\/operafuoco.fr\/en\/berenice-che-fai-concert\/\"\n\t\t\t>\n\t\n\t\t<noscript><img loading=\"lazy\" decoding=\"async\" width=\"800\" height=\"800\" data-skip-lazy src=\"https:\/\/operafuoco.fr\/wp-content\/uploads\/2019\/03\/Pochette-CD-HD-def-e1556177349382.jpg\" class=\"wp-image-253\" alt=\"\" \/><\/noscript><img decoding=\"async\" width=\"800\" height=\"800\" src=\"data:image\/svg+xml;base64,PHN2ZyB3aWR0aD0iODAwIiBoZWlnaHQ9IjgwMCIgdmlld0JveD0iMCAwIDgwMCA4MDAiIGZpbGw9Im5vbmUiIHhtbG5zPSJodHRwOi8vd3d3LnczLm9yZy8yMDAwL3N2ZyI+PC9zdmc+\" class=\"wp-image-253 vp-lazyload\" alt data-src=\"https:\/\/operafuoco.fr\/wp-content\/uploads\/2019\/03\/Pochette-CD-HD-def-e1556177349382.jpg\" data-sizes=\"auto\" loading=\"eager\">\n\t\t<\/a>\t<\/div>\n<\/div>\n\t<figcaption class=\"vp-portfolio__item-overlay vp-portfolio__item-overlay-text-align-center\">\n\t\t<div class=\"vp-portfolio__item-meta-wrap vp-portfolio__custom-scrollbar\">\n\t\t\t\t<a\n\t\thref=\"https:\/\/operafuoco.fr\/en\/berenice-che-fai-concert\/\"\n\t\ttabindex=\"-1\" class=\"vp-portfolio__item-meta\" \t>\n\t\n<div class=\"vp-portfolio__item-meta-categories\">\n\t\t\t<div class=\"vp-portfolio__item-meta-category\">\n\t\t\t\t<span\t\t\t>\n\tConcerts<\/span>\t\t<\/div>\n\t\t<\/div>\n\n<h2 class=\"vp-portfolio__item-meta-title\">\n\tBerenice che fai ? \u2013 Concert<\/h2>\n<\/a>\t\t<\/div>\n\t<\/figcaption>\n\t\t\t<\/figure>\n\t\t\t\t\t<\/article>\n\t\t\n\t\t<article\t\tclass=\"vp-portfolio__item-wrap post-1011 post type-post status-publish format-standard has-post-thumbnail hentry category-concerts-rencontres tag-archive vp-portfolio__item-uid-907c7664\" data-vp-filter=\"concerts-rencontres\" \t\t>\n\t\t\t\t\t\t\t\t\t<figure class=\"vp-portfolio__item\">\n\t\t\t\t\n<div class=\"vp-portfolio__item-img-wrap\">\n\t<div class=\"vp-portfolio__item-img\">\n\t\t\t<a\n\t\thref=\"https:\/\/operafuoco.fr\/en\/coast-to-coast-masterclasse\/\"\n\t\t\t>\n\t\n\t\t<noscript><img loading=\"lazy\" decoding=\"async\" width=\"1024\" height=\"512\" data-skip-lazy src=\"https:\/\/operafuoco.fr\/wp-content\/uploads\/2019\/04\/vignette-MC-Coast-to-coast.jpg\" class=\"wp-image-368\" alt=\"\" srcset=\"https:\/\/operafuoco.fr\/wp-content\/uploads\/2019\/04\/vignette-MC-Coast-to-coast.jpg 1024w, https:\/\/operafuoco.fr\/wp-content\/uploads\/2019\/04\/vignette-MC-Coast-to-coast-300x150.jpg 300w, https:\/\/operafuoco.fr\/wp-content\/uploads\/2019\/04\/vignette-MC-Coast-to-coast-768x384.jpg 768w\" sizes=\"(max-width: 1024px) 100vw, 1024px\" \/><\/noscript><img decoding=\"async\" width=\"1024\" height=\"512\" src=\"https:\/\/operafuoco.fr\/wp-content\/uploads\/2019\/04\/vignette-MC-Coast-to-coast.jpg\" class=\"wp-image-368 vp-lazyload\" alt srcset=\"data:image\/svg+xml;base64,PHN2ZyB3aWR0aD0iMTAyNCIgaGVpZ2h0PSI1MTIiIHZpZXdCb3g9IjAgMCAxMDI0IDUxMiIgZmlsbD0ibm9uZSIgeG1sbnM9Imh0dHA6Ly93d3cudzMub3JnLzIwMDAvc3ZnIj48L3N2Zz4=\" data-src=\"https:\/\/operafuoco.fr\/wp-content\/uploads\/2019\/04\/vignette-MC-Coast-to-coast.jpg\" data-srcset=\"https:\/\/operafuoco.fr\/wp-content\/uploads\/2019\/04\/vignette-MC-Coast-to-coast.jpg 1024w, https:\/\/operafuoco.fr\/wp-content\/uploads\/2019\/04\/vignette-MC-Coast-to-coast-300x150.jpg 300w, https:\/\/operafuoco.fr\/wp-content\/uploads\/2019\/04\/vignette-MC-Coast-to-coast-768x384.jpg 768w\" data-sizes=\"auto\" loading=\"eager\">\n\t\t<\/a>\t<\/div>\n<\/div>\n\t<figcaption class=\"vp-portfolio__item-overlay vp-portfolio__item-overlay-text-align-center\">\n\t\t<div class=\"vp-portfolio__item-meta-wrap vp-portfolio__custom-scrollbar\">\n\t\t\t\t<a\n\t\thref=\"https:\/\/operafuoco.fr\/en\/coast-to-coast-masterclasse\/\"\n\t\ttabindex=\"-1\" class=\"vp-portfolio__item-meta\" \t>\n\t\n<div class=\"vp-portfolio__item-meta-categories\">\n\t\t\t<div class=\"vp-portfolio__item-meta-category\">\n\t\t\t\t<span\t\t\t>\n\tEncounter-concerts<\/span>\t\t<\/div>\n\t\t<\/div>\n\n<h2 class=\"vp-portfolio__item-meta-title\">\n\tCoast to coast \u2013 Masterclass<\/h2>\n<\/a>\t\t<\/div>\n\t<\/figcaption>\n\t\t\t<\/figure>\n\t\t\t\t\t<\/article>\n\t\t\n\t\t<article\t\tclass=\"vp-portfolio__item-wrap post-1734 post type-post status-publish format-standard has-post-thumbnail hentry tag-archive vp-portfolio__item-uid-d76ff6ec\" data-vp-filter=\"\" \t\t>\n\t\t\t\t\t\t\t\t\t<figure class=\"vp-portfolio__item\">\n\t\t\t\t\n<div class=\"vp-portfolio__item-img-wrap\">\n\t<div class=\"vp-portfolio__item-img\">\n\t\t\t<a\n\t\thref=\"https:\/\/operafuoco.fr\/en\/bach-en-scat\/\"\n\t\t\t>\n\t\n\t\t<noscript><img loading=\"lazy\" decoding=\"async\" width=\"809\" height=\"700\" data-skip-lazy src=\"https:\/\/operafuoco.fr\/wp-content\/uploads\/2019\/05\/AP1.jpg\" class=\"wp-image-1752\" alt=\"\" srcset=\"https:\/\/operafuoco.fr\/wp-content\/uploads\/2019\/05\/AP1.jpg 809w, https:\/\/operafuoco.fr\/wp-content\/uploads\/2019\/05\/AP1-300x260.jpg 300w, https:\/\/operafuoco.fr\/wp-content\/uploads\/2019\/05\/AP1-768x665.jpg 768w, https:\/\/operafuoco.fr\/wp-content\/uploads\/2019\/05\/AP1-500x433.jpg 500w, https:\/\/operafuoco.fr\/wp-content\/uploads\/2019\/05\/AP1-800x692.jpg 800w\" sizes=\"(max-width: 809px) 100vw, 809px\" \/><\/noscript><img decoding=\"async\" width=\"809\" height=\"700\" src=\"https:\/\/operafuoco.fr\/wp-content\/uploads\/2019\/05\/AP1.jpg\" class=\"wp-image-1752 vp-lazyload\" alt srcset=\"data:image\/svg+xml;base64,PHN2ZyB3aWR0aD0iODA5IiBoZWlnaHQ9IjcwMCIgdmlld0JveD0iMCAwIDgwOSA3MDAiIGZpbGw9Im5vbmUiIHhtbG5zPSJodHRwOi8vd3d3LnczLm9yZy8yMDAwL3N2ZyI+PC9zdmc+\" data-src=\"https:\/\/operafuoco.fr\/wp-content\/uploads\/2019\/05\/AP1.jpg\" data-srcset=\"https:\/\/operafuoco.fr\/wp-content\/uploads\/2019\/05\/AP1.jpg 809w, https:\/\/operafuoco.fr\/wp-content\/uploads\/2019\/05\/AP1-300x260.jpg 300w, https:\/\/operafuoco.fr\/wp-content\/uploads\/2019\/05\/AP1-768x665.jpg 768w, https:\/\/operafuoco.fr\/wp-content\/uploads\/2019\/05\/AP1-500x433.jpg 500w, https:\/\/operafuoco.fr\/wp-content\/uploads\/2019\/05\/AP1-800x692.jpg 800w\" data-sizes=\"auto\" loading=\"eager\">\n\t\t<\/a>\t<\/div>\n<\/div>\n\t<figcaption class=\"vp-portfolio__item-overlay vp-portfolio__item-overlay-text-align-center\">\n\t\t<div class=\"vp-portfolio__item-meta-wrap vp-portfolio__custom-scrollbar\">\n\t\t\t\t<a\n\t\thref=\"https:\/\/operafuoco.fr\/en\/bach-en-scat\/\"\n\t\ttabindex=\"-1\" class=\"vp-portfolio__item-meta\" \t>\n\t\n<h2 class=\"vp-portfolio__item-meta-title\">\n\tBach en scat<\/h2>\n<\/a>\t\t<\/div>\n\t<\/figcaption>\n\t\t\t<\/figure>\n\t\t\t\t\t<\/article>\n\t\t\n\t\t<article\t\tclass=\"vp-portfolio__item-wrap post-212 post type-post status-publish format-standard has-post-thumbnail hentry category-operas tag-archive vp-portfolio__item-uid-4e555bba\" data-vp-filter=\"operas\" \t\t>\n\t\t\t\t\t\t\t\t\t<figure class=\"vp-portfolio__item\">\n\t\t\t\t\n<div class=\"vp-portfolio__item-img-wrap\">\n\t<div class=\"vp-portfolio__item-img\">\n\t\t\t<a\n\t\thref=\"https:\/\/operafuoco.fr\/en\/idomeneo-mozart\/\"\n\t\t\t>\n\t\n\t\t<noscript><img loading=\"lazy\" decoding=\"async\" width=\"1024\" height=\"512\" data-skip-lazy src=\"https:\/\/operafuoco.fr\/wp-content\/uploads\/2019\/03\/vignette-idomeneo.jpg\" class=\"wp-image-213\" alt=\"\" srcset=\"https:\/\/operafuoco.fr\/wp-content\/uploads\/2019\/03\/vignette-idomeneo.jpg 1024w, https:\/\/operafuoco.fr\/wp-content\/uploads\/2019\/03\/vignette-idomeneo-300x150.jpg 300w, https:\/\/operafuoco.fr\/wp-content\/uploads\/2019\/03\/vignette-idomeneo-768x384.jpg 768w\" sizes=\"(max-width: 1024px) 100vw, 1024px\" \/><\/noscript><img decoding=\"async\" width=\"1024\" height=\"512\" src=\"https:\/\/operafuoco.fr\/wp-content\/uploads\/2019\/03\/vignette-idomeneo.jpg\" class=\"wp-image-213 vp-lazyload\" alt srcset=\"data:image\/svg+xml;base64,PHN2ZyB3aWR0aD0iMTAyNCIgaGVpZ2h0PSI1MTIiIHZpZXdCb3g9IjAgMCAxMDI0IDUxMiIgZmlsbD0ibm9uZSIgeG1sbnM9Imh0dHA6Ly93d3cudzMub3JnLzIwMDAvc3ZnIj48L3N2Zz4=\" data-src=\"https:\/\/operafuoco.fr\/wp-content\/uploads\/2019\/03\/vignette-idomeneo.jpg\" data-srcset=\"https:\/\/operafuoco.fr\/wp-content\/uploads\/2019\/03\/vignette-idomeneo.jpg 1024w, https:\/\/operafuoco.fr\/wp-content\/uploads\/2019\/03\/vignette-idomeneo-300x150.jpg 300w, https:\/\/operafuoco.fr\/wp-content\/uploads\/2019\/03\/vignette-idomeneo-768x384.jpg 768w\" data-sizes=\"auto\" loading=\"eager\">\n\t\t<\/a>\t<\/div>\n<\/div>\n\t<figcaption class=\"vp-portfolio__item-overlay vp-portfolio__item-overlay-text-align-center\">\n\t\t<div class=\"vp-portfolio__item-meta-wrap vp-portfolio__custom-scrollbar\">\n\t\t\t\t<a\n\t\thref=\"https:\/\/operafuoco.fr\/en\/idomeneo-mozart\/\"\n\t\ttabindex=\"-1\" class=\"vp-portfolio__item-meta\" \t>\n\t\n<div class=\"vp-portfolio__item-meta-categories\">\n\t\t\t<div class=\"vp-portfolio__item-meta-category\">\n\t\t\t\t<span\t\t\t>\n\tOperas<\/span>\t\t<\/div>\n\t\t<\/div>\n\n<h2 class=\"vp-portfolio__item-meta-title\">\n\tIdomeneo \u2013 Mozart<\/h2>\n<\/a>\t\t<\/div>\n\t<\/figcaption>\n\t\t\t<\/figure>\n\t\t\t\t\t<\/article>\n\t\t\n\t\t<article\t\tclass=\"vp-portfolio__item-wrap post-1107 post type-post status-publish format-standard has-post-thumbnail hentry category-concerts tag-archive vp-portfolio__item-uid-61c68827\" data-vp-filter=\"concerts\" \t\t>\n\t\t\t\t\t\t\t\t\t<figure class=\"vp-portfolio__item\">\n\t\t\t\t\n<div class=\"vp-portfolio__item-img-wrap\">\n\t<div class=\"vp-portfolio__item-img\">\n\t\t\t<a\n\t\thref=\"https:\/\/operafuoco.fr\/en\/de-semele-a-ino\/\"\n\t\t\t>\n\t\n\t\t<noscript><img loading=\"lazy\" decoding=\"async\" width=\"527\" height=\"600\" data-skip-lazy src=\"https:\/\/operafuoco.fr\/wp-content\/uploads\/2019\/04\/Danielle-de-Niese_web.jpg\" class=\"wp-image-1108\" alt=\"\" srcset=\"https:\/\/operafuoco.fr\/wp-content\/uploads\/2019\/04\/Danielle-de-Niese_web.jpg 527w, https:\/\/operafuoco.fr\/wp-content\/uploads\/2019\/04\/Danielle-de-Niese_web-264x300.jpg 264w\" sizes=\"(max-width: 527px) 100vw, 527px\" \/><\/noscript><img decoding=\"async\" width=\"527\" height=\"600\" src=\"https:\/\/operafuoco.fr\/wp-content\/uploads\/2019\/04\/Danielle-de-Niese_web.jpg\" class=\"wp-image-1108 vp-lazyload\" alt srcset=\"data:image\/svg+xml;base64,PHN2ZyB3aWR0aD0iNTI3IiBoZWlnaHQ9IjYwMCIgdmlld0JveD0iMCAwIDUyNyA2MDAiIGZpbGw9Im5vbmUiIHhtbG5zPSJodHRwOi8vd3d3LnczLm9yZy8yMDAwL3N2ZyI+PC9zdmc+\" data-src=\"https:\/\/operafuoco.fr\/wp-content\/uploads\/2019\/04\/Danielle-de-Niese_web.jpg\" data-srcset=\"https:\/\/operafuoco.fr\/wp-content\/uploads\/2019\/04\/Danielle-de-Niese_web.jpg 527w, https:\/\/operafuoco.fr\/wp-content\/uploads\/2019\/04\/Danielle-de-Niese_web-264x300.jpg 264w\" data-sizes=\"auto\" loading=\"eager\">\n\t\t<\/a>\t<\/div>\n<\/div>\n\t<figcaption class=\"vp-portfolio__item-overlay vp-portfolio__item-overlay-text-align-center\">\n\t\t<div class=\"vp-portfolio__item-meta-wrap vp-portfolio__custom-scrollbar\">\n\t\t\t\t<a\n\t\thref=\"https:\/\/operafuoco.fr\/en\/de-semele-a-ino\/\"\n\t\ttabindex=\"-1\" class=\"vp-portfolio__item-meta\" \t>\n\t\n<div class=\"vp-portfolio__item-meta-categories\">\n\t\t\t<div class=\"vp-portfolio__item-meta-category\">\n\t\t\t\t<span\t\t\t>\n\tConcerts<\/span>\t\t<\/div>\n\t\t<\/div>\n\n<h2 class=\"vp-portfolio__item-meta-title\">\n\tFrom Semele to Ino<\/h2>\n<\/a>\t\t<\/div>\n\t<\/figcaption>\n\t\t\t<\/figure>\n\t\t\t\t\t<\/article>\n\t\t\n\t\t<article\t\tclass=\"vp-portfolio__item-wrap post-223 post type-post status-publish format-standard has-post-thumbnail hentry category-operas tag-archive vp-portfolio__item-uid-127f38ef\" data-vp-filter=\"operas\" \t\t>\n\t\t\t\t\t\t\t\t\t<figure class=\"vp-portfolio__item\">\n\t\t\t\t\n<div class=\"vp-portfolio__item-img-wrap\">\n\t<div class=\"vp-portfolio__item-img\">\n\t\t\t<a\n\t\thref=\"https:\/\/operafuoco.fr\/en\/mozart-vs-salieri-concert\/\"\n\t\t\t>\n\t\n\t\t<noscript><img loading=\"lazy\" decoding=\"async\" width=\"1067\" height=\"800\" data-skip-lazy src=\"https:\/\/operafuoco.fr\/wp-content\/uploads\/2019\/03\/Visuel-Mozart-Salieri-e1556177275160.jpg\" class=\"wp-image-224\" alt=\"\" \/><\/noscript><img decoding=\"async\" width=\"1067\" height=\"800\" src=\"data:image\/svg+xml;base64,PHN2ZyB3aWR0aD0iMTA2NyIgaGVpZ2h0PSI4MDAiIHZpZXdCb3g9IjAgMCAxMDY3IDgwMCIgZmlsbD0ibm9uZSIgeG1sbnM9Imh0dHA6Ly93d3cudzMub3JnLzIwMDAvc3ZnIj48L3N2Zz4=\" class=\"wp-image-224 vp-lazyload\" alt data-src=\"https:\/\/operafuoco.fr\/wp-content\/uploads\/2019\/03\/Visuel-Mozart-Salieri-e1556177275160.jpg\" data-sizes=\"auto\" loading=\"eager\">\n\t\t<\/a>\t<\/div>\n<\/div>\n\t<figcaption class=\"vp-portfolio__item-overlay vp-portfolio__item-overlay-text-align-center\">\n\t\t<div class=\"vp-portfolio__item-meta-wrap vp-portfolio__custom-scrollbar\">\n\t\t\t\t<a\n\t\thref=\"https:\/\/operafuoco.fr\/en\/mozart-vs-salieri-concert\/\"\n\t\ttabindex=\"-1\" class=\"vp-portfolio__item-meta\" \t>\n\t\n<div class=\"vp-portfolio__item-meta-categories\">\n\t\t\t<div class=\"vp-portfolio__item-meta-category\">\n\t\t\t\t<span\t\t\t>\n\tOperas<\/span>\t\t<\/div>\n\t\t<\/div>\n\n<h2 class=\"vp-portfolio__item-meta-title\">\n\tMozart vs Salieri \u2013 Concert<\/h2>\n<\/a>\t\t<\/div>\n\t<\/figcaption>\n\t\t\t<\/figure>\n\t\t\t\t\t<\/article>\n\t\t\n\t\t<article\t\tclass=\"vp-portfolio__item-wrap post-1053 post type-post status-publish format-standard has-post-thumbnail hentry category-concerts-rencontres tag-archive vp-portfolio__item-uid-1a1ed24c\" data-vp-filter=\"concerts-rencontres\" \t\t>\n\t\t\t\t\t\t\t\t\t<figure class=\"vp-portfolio__item\">\n\t\t\t\t\n<div class=\"vp-portfolio__item-img-wrap\">\n\t<div class=\"vp-portfolio__item-img\">\n\t\t\t<a\n\t\thref=\"https:\/\/operafuoco.fr\/en\/mozart-ensembles-masterclasse\/\"\n\t\t\t>\n\t\n\t\t<noscript><img loading=\"lazy\" decoding=\"async\" width=\"278\" height=\"400\" data-skip-lazy src=\"https:\/\/operafuoco.fr\/wp-content\/uploads\/2019\/04\/0927f12a77e27c6b19bb0f0de05f3eb5-1.jpg\" class=\"wp-image-1055\" alt=\"\" srcset=\"https:\/\/operafuoco.fr\/wp-content\/uploads\/2019\/04\/0927f12a77e27c6b19bb0f0de05f3eb5-1.jpg 278w, https:\/\/operafuoco.fr\/wp-content\/uploads\/2019\/04\/0927f12a77e27c6b19bb0f0de05f3eb5-1-209x300.jpg 209w\" sizes=\"(max-width: 278px) 100vw, 278px\" \/><\/noscript><img decoding=\"async\" width=\"278\" height=\"400\" src=\"https:\/\/operafuoco.fr\/wp-content\/uploads\/2019\/04\/0927f12a77e27c6b19bb0f0de05f3eb5-1.jpg\" class=\"wp-image-1055 vp-lazyload\" alt srcset=\"data:image\/svg+xml;base64,PHN2ZyB3aWR0aD0iMjc4IiBoZWlnaHQ9IjQwMCIgdmlld0JveD0iMCAwIDI3OCA0MDAiIGZpbGw9Im5vbmUiIHhtbG5zPSJodHRwOi8vd3d3LnczLm9yZy8yMDAwL3N2ZyI+PC9zdmc+\" data-src=\"https:\/\/operafuoco.fr\/wp-content\/uploads\/2019\/04\/0927f12a77e27c6b19bb0f0de05f3eb5-1.jpg\" data-srcset=\"https:\/\/operafuoco.fr\/wp-content\/uploads\/2019\/04\/0927f12a77e27c6b19bb0f0de05f3eb5-1.jpg 278w, https:\/\/operafuoco.fr\/wp-content\/uploads\/2019\/04\/0927f12a77e27c6b19bb0f0de05f3eb5-1-209x300.jpg 209w\" data-sizes=\"auto\" loading=\"eager\">\n\t\t<\/a>\t<\/div>\n<\/div>\n\t<figcaption class=\"vp-portfolio__item-overlay vp-portfolio__item-overlay-text-align-center\">\n\t\t<div class=\"vp-portfolio__item-meta-wrap vp-portfolio__custom-scrollbar\">\n\t\t\t\t<a\n\t\thref=\"https:\/\/operafuoco.fr\/en\/mozart-ensembles-masterclasse\/\"\n\t\ttabindex=\"-1\" class=\"vp-portfolio__item-meta\" \t>\n\t\n<div class=\"vp-portfolio__item-meta-categories\">\n\t\t\t<div class=\"vp-portfolio__item-meta-category\">\n\t\t\t\t<span\t\t\t>\n\tEncounter-concerts<\/span>\t\t<\/div>\n\t\t<\/div>\n\n<h2 class=\"vp-portfolio__item-meta-title\">\n\tMozart \u00ab\u00a0Ensembles\u00a0\u00bb \u2013 Concert Encounter<\/h2>\n<\/a>\t\t<\/div>\n\t<\/figcaption>\n\t\t\t<\/figure>\n\t\t\t\t\t<\/article>\n\t\t\n\t\t<article\t\tclass=\"vp-portfolio__item-wrap post-244 post type-post status-publish format-standard has-post-thumbnail hentry category-operas tag-archive vp-portfolio__item-uid-da410aca\" data-vp-filter=\"operas\" \t\t>\n\t\t\t\t\t\t\t\t\t<figure class=\"vp-portfolio__item\">\n\t\t\t\t\n<div class=\"vp-portfolio__item-img-wrap\">\n\t<div class=\"vp-portfolio__item-img\">\n\t\t\t<a\n\t\thref=\"https:\/\/operafuoco.fr\/en\/richard-lowenherz-opera-mis-en-scene\/\"\n\t\t\t>\n\t\n\t\t<noscript><img loading=\"lazy\" decoding=\"async\" width=\"1280\" height=\"720\" data-skip-lazy src=\"https:\/\/operafuoco.fr\/wp-content\/uploads\/2019\/03\/Richardus.jpg\" class=\"wp-image-245\" alt=\"\" srcset=\"https:\/\/operafuoco.fr\/wp-content\/uploads\/2019\/03\/Richardus.jpg 1280w, https:\/\/operafuoco.fr\/wp-content\/uploads\/2019\/03\/Richardus-300x169.jpg 300w, https:\/\/operafuoco.fr\/wp-content\/uploads\/2019\/03\/Richardus-768x432.jpg 768w, https:\/\/operafuoco.fr\/wp-content\/uploads\/2019\/03\/Richardus-1024x576.jpg 1024w\" sizes=\"(max-width: 1280px) 100vw, 1280px\" \/><\/noscript><img decoding=\"async\" width=\"1280\" height=\"720\" src=\"https:\/\/operafuoco.fr\/wp-content\/uploads\/2019\/03\/Richardus.jpg\" class=\"wp-image-245 vp-lazyload\" alt srcset=\"data:image\/svg+xml;base64,PHN2ZyB3aWR0aD0iMTI4MCIgaGVpZ2h0PSI3MjAiIHZpZXdCb3g9IjAgMCAxMjgwIDcyMCIgZmlsbD0ibm9uZSIgeG1sbnM9Imh0dHA6Ly93d3cudzMub3JnLzIwMDAvc3ZnIj48L3N2Zz4=\" data-src=\"https:\/\/operafuoco.fr\/wp-content\/uploads\/2019\/03\/Richardus.jpg\" data-srcset=\"https:\/\/operafuoco.fr\/wp-content\/uploads\/2019\/03\/Richardus.jpg 1280w, https:\/\/operafuoco.fr\/wp-content\/uploads\/2019\/03\/Richardus-300x169.jpg 300w, https:\/\/operafuoco.fr\/wp-content\/uploads\/2019\/03\/Richardus-768x432.jpg 768w, https:\/\/operafuoco.fr\/wp-content\/uploads\/2019\/03\/Richardus-1024x576.jpg 1024w\" data-sizes=\"auto\" loading=\"eager\">\n\t\t<\/a>\t<\/div>\n<\/div>\n\t<figcaption class=\"vp-portfolio__item-overlay vp-portfolio__item-overlay-text-align-center\">\n\t\t<div class=\"vp-portfolio__item-meta-wrap vp-portfolio__custom-scrollbar\">\n\t\t\t\t<a\n\t\thref=\"https:\/\/operafuoco.fr\/en\/richard-lowenherz-opera-mis-en-scene\/\"\n\t\ttabindex=\"-1\" class=\"vp-portfolio__item-meta\" \t>\n\t\n<div class=\"vp-portfolio__item-meta-categories\">\n\t\t\t<div class=\"vp-portfolio__item-meta-category\">\n\t\t\t\t<span\t\t\t>\n\tOperas<\/span>\t\t<\/div>\n\t\t<\/div>\n\n<h2 class=\"vp-portfolio__item-meta-title\">\n\tRichard L\u00f6wenherz<\/h2>\n<\/a>\t\t<\/div>\n\t<\/figcaption>\n\t\t\t<\/figure>\n\t\t\t\t\t<\/article>\n\t\t\n\t\t<article\t\tclass=\"vp-portfolio__item-wrap post-263 post type-post status-publish format-standard has-post-thumbnail hentry category-concerts tag-archive vp-portfolio__item-uid-7613fdeb\" data-vp-filter=\"concerts\" \t\t>\n\t\t\t\t\t\t\t\t\t<figure class=\"vp-portfolio__item\">\n\t\t\t\t\n<div class=\"vp-portfolio__item-img-wrap\">\n\t<div class=\"vp-portfolio__item-img\">\n\t\t\t<a\n\t\thref=\"https:\/\/operafuoco.fr\/en\/blues-jazz-avec-sara-lazarus-make-a-wish\/\"\n\t\t\t>\n\t\n\t\t<noscript><img loading=\"lazy\" decoding=\"async\" width=\"1024\" height=\"512\" data-skip-lazy src=\"https:\/\/operafuoco.fr\/wp-content\/uploads\/2019\/03\/vignette-make-a-wish_modifie-1.jpg\" class=\"wp-image-249\" alt=\"\" srcset=\"https:\/\/operafuoco.fr\/wp-content\/uploads\/2019\/03\/vignette-make-a-wish_modifie-1.jpg 1024w, https:\/\/operafuoco.fr\/wp-content\/uploads\/2019\/03\/vignette-make-a-wish_modifie-1-300x150.jpg 300w, https:\/\/operafuoco.fr\/wp-content\/uploads\/2019\/03\/vignette-make-a-wish_modifie-1-768x384.jpg 768w, https:\/\/operafuoco.fr\/wp-content\/uploads\/2019\/03\/vignette-make-a-wish_modifie-1-500x250.jpg 500w, https:\/\/operafuoco.fr\/wp-content\/uploads\/2019\/03\/vignette-make-a-wish_modifie-1-800x400.jpg 800w\" sizes=\"(max-width: 1024px) 100vw, 1024px\" \/><\/noscript><img decoding=\"async\" width=\"1024\" height=\"512\" src=\"https:\/\/operafuoco.fr\/wp-content\/uploads\/2019\/03\/vignette-make-a-wish_modifie-1.jpg\" class=\"wp-image-249 vp-lazyload\" alt srcset=\"data:image\/svg+xml;base64,PHN2ZyB3aWR0aD0iMTAyNCIgaGVpZ2h0PSI1MTIiIHZpZXdCb3g9IjAgMCAxMDI0IDUxMiIgZmlsbD0ibm9uZSIgeG1sbnM9Imh0dHA6Ly93d3cudzMub3JnLzIwMDAvc3ZnIj48L3N2Zz4=\" data-src=\"https:\/\/operafuoco.fr\/wp-content\/uploads\/2019\/03\/vignette-make-a-wish_modifie-1.jpg\" data-srcset=\"https:\/\/operafuoco.fr\/wp-content\/uploads\/2019\/03\/vignette-make-a-wish_modifie-1.jpg 1024w, https:\/\/operafuoco.fr\/wp-content\/uploads\/2019\/03\/vignette-make-a-wish_modifie-1-300x150.jpg 300w, https:\/\/operafuoco.fr\/wp-content\/uploads\/2019\/03\/vignette-make-a-wish_modifie-1-768x384.jpg 768w, https:\/\/operafuoco.fr\/wp-content\/uploads\/2019\/03\/vignette-make-a-wish_modifie-1-500x250.jpg 500w, https:\/\/operafuoco.fr\/wp-content\/uploads\/2019\/03\/vignette-make-a-wish_modifie-1-800x400.jpg 800w\" data-sizes=\"auto\" loading=\"eager\">\n\t\t<\/a>\t<\/div>\n<\/div>\n\t<figcaption class=\"vp-portfolio__item-overlay vp-portfolio__item-overlay-text-align-center\">\n\t\t<div class=\"vp-portfolio__item-meta-wrap vp-portfolio__custom-scrollbar\">\n\t\t\t\t<a\n\t\thref=\"https:\/\/operafuoco.fr\/en\/blues-jazz-avec-sara-lazarus-make-a-wish\/\"\n\t\ttabindex=\"-1\" class=\"vp-portfolio__item-meta\" \t>\n\t\n<div class=\"vp-portfolio__item-meta-categories\">\n\t\t\t<div class=\"vp-portfolio__item-meta-category\">\n\t\t\t\t<span\t\t\t>\n\tConcerts<\/span>\t\t<\/div>\n\t\t<\/div>\n\n<h2 class=\"vp-portfolio__item-meta-title\">\n\tBlues &#038; Jazz avec Sara Lazarus \u2013 Make A Wish<\/h2>\n<\/a>\t\t<\/div>\n\t<\/figcaption>\n\t\t\t<\/figure>\n\t\t\t\t\t<\/article>\n\t\t\n\t\t<article\t\tclass=\"vp-portfolio__item-wrap post-1006 post type-post status-publish format-standard has-post-thumbnail hentry category-concerts-rencontres tag-archive vp-portfolio__item-uid-1703d286\" data-vp-filter=\"concerts-rencontres\" \t\t>\n\t\t\t\t\t\t\t\t\t<figure class=\"vp-portfolio__item\">\n\t\t\t\t\n<div class=\"vp-portfolio__item-img-wrap\">\n\t<div class=\"vp-portfolio__item-img\">\n\t\t\t<a\n\t\thref=\"https:\/\/operafuoco.fr\/en\/candide\/\"\n\t\t\t>\n\t\n\t\t<noscript><img loading=\"lazy\" decoding=\"async\" width=\"500\" height=\"417\" data-skip-lazy src=\"https:\/\/operafuoco.fr\/wp-content\/uploads\/2019\/04\/Candide-1.jpg\" class=\"wp-image-1008\" alt=\"\" srcset=\"https:\/\/operafuoco.fr\/wp-content\/uploads\/2019\/04\/Candide-1.jpg 500w, https:\/\/operafuoco.fr\/wp-content\/uploads\/2019\/04\/Candide-1-300x250.jpg 300w\" sizes=\"(max-width: 500px) 100vw, 500px\" \/><\/noscript><img decoding=\"async\" width=\"500\" height=\"417\" src=\"https:\/\/operafuoco.fr\/wp-content\/uploads\/2019\/04\/Candide-1.jpg\" class=\"wp-image-1008 vp-lazyload\" alt srcset=\"data:image\/svg+xml;base64,PHN2ZyB3aWR0aD0iNTAwIiBoZWlnaHQ9IjQxNyIgdmlld0JveD0iMCAwIDUwMCA0MTciIGZpbGw9Im5vbmUiIHhtbG5zPSJodHRwOi8vd3d3LnczLm9yZy8yMDAwL3N2ZyI+PC9zdmc+\" data-src=\"https:\/\/operafuoco.fr\/wp-content\/uploads\/2019\/04\/Candide-1.jpg\" data-srcset=\"https:\/\/operafuoco.fr\/wp-content\/uploads\/2019\/04\/Candide-1.jpg 500w, https:\/\/operafuoco.fr\/wp-content\/uploads\/2019\/04\/Candide-1-300x250.jpg 300w\" data-sizes=\"auto\" loading=\"eager\">\n\t\t<\/a>\t<\/div>\n<\/div>\n\t<figcaption class=\"vp-portfolio__item-overlay vp-portfolio__item-overlay-text-align-center\">\n\t\t<div class=\"vp-portfolio__item-meta-wrap vp-portfolio__custom-scrollbar\">\n\t\t\t\t<a\n\t\thref=\"https:\/\/operafuoco.fr\/en\/candide\/\"\n\t\ttabindex=\"-1\" class=\"vp-portfolio__item-meta\" \t>\n\t\n<div class=\"vp-portfolio__item-meta-categories\">\n\t\t\t<div class=\"vp-portfolio__item-meta-category\">\n\t\t\t\t<span\t\t\t>\n\tEncounter-concerts<\/span>\t\t<\/div>\n\t\t<\/div>\n\n<h2 class=\"vp-portfolio__item-meta-title\">\n\tCandide<\/h2>\n<\/a>\t\t<\/div>\n\t<\/figcaption>\n\t\t\t<\/figure>\n\t\t\t\t\t<\/article>\n\t\t\n\t\t<article\t\tclass=\"vp-portfolio__item-wrap post-815 post type-post status-publish format-standard has-post-thumbnail hentry category-operas tag-archive vp-portfolio__item-uid-dda64bcf\" data-vp-filter=\"operas\" \t\t>\n\t\t\t\t\t\t\t\t\t<figure class=\"vp-portfolio__item\">\n\t\t\t\t\n<div class=\"vp-portfolio__item-img-wrap\">\n\t<div class=\"vp-portfolio__item-img\">\n\t\t\t<a\n\t\thref=\"https:\/\/operafuoco.fr\/en\/alcina-de-handel\/\"\n\t\t\t>\n\t\n\t\t<noscript><img loading=\"lazy\" decoding=\"async\" width=\"582\" height=\"659\" data-skip-lazy src=\"https:\/\/operafuoco.fr\/wp-content\/uploads\/2019\/04\/alcina-stern-shanghai-raffaella-milanesi.jpg\" class=\"wp-image-823\" alt=\"\" srcset=\"https:\/\/operafuoco.fr\/wp-content\/uploads\/2019\/04\/alcina-stern-shanghai-raffaella-milanesi.jpg 582w, https:\/\/operafuoco.fr\/wp-content\/uploads\/2019\/04\/alcina-stern-shanghai-raffaella-milanesi-265x300.jpg 265w\" sizes=\"(max-width: 582px) 100vw, 582px\" \/><\/noscript><img decoding=\"async\" width=\"582\" height=\"659\" src=\"https:\/\/operafuoco.fr\/wp-content\/uploads\/2019\/04\/alcina-stern-shanghai-raffaella-milanesi.jpg\" class=\"wp-image-823 vp-lazyload\" alt srcset=\"data:image\/svg+xml;base64,PHN2ZyB3aWR0aD0iNTgyIiBoZWlnaHQ9IjY1OSIgdmlld0JveD0iMCAwIDU4MiA2NTkiIGZpbGw9Im5vbmUiIHhtbG5zPSJodHRwOi8vd3d3LnczLm9yZy8yMDAwL3N2ZyI+PC9zdmc+\" data-src=\"https:\/\/operafuoco.fr\/wp-content\/uploads\/2019\/04\/alcina-stern-shanghai-raffaella-milanesi.jpg\" data-srcset=\"https:\/\/operafuoco.fr\/wp-content\/uploads\/2019\/04\/alcina-stern-shanghai-raffaella-milanesi.jpg 582w, https:\/\/operafuoco.fr\/wp-content\/uploads\/2019\/04\/alcina-stern-shanghai-raffaella-milanesi-265x300.jpg 265w\" data-sizes=\"auto\" loading=\"eager\">\n\t\t<\/a>\t<\/div>\n<\/div>\n\t<figcaption class=\"vp-portfolio__item-overlay vp-portfolio__item-overlay-text-align-center\">\n\t\t<div class=\"vp-portfolio__item-meta-wrap vp-portfolio__custom-scrollbar\">\n\t\t\t\t<a\n\t\thref=\"https:\/\/operafuoco.fr\/en\/alcina-de-handel\/\"\n\t\ttabindex=\"-1\" class=\"vp-portfolio__item-meta\" \t>\n\t\n<div class=\"vp-portfolio__item-meta-categories\">\n\t\t\t<div class=\"vp-portfolio__item-meta-category\">\n\t\t\t\t<span\t\t\t>\n\tOperas<\/span>\t\t<\/div>\n\t\t<\/div>\n\n<h2 class=\"vp-portfolio__item-meta-title\">\n\tAlcina de Handel<\/h2>\n<\/a>\t\t<\/div>\n\t<\/figcaption>\n\t\t\t<\/figure>\n\t\t\t\t\t<\/article>\n\t\t\n\t\t<article\t\tclass=\"vp-portfolio__item-wrap post-1025 post type-post status-publish format-standard has-post-thumbnail hentry category-concerts-rencontres tag-archive vp-portfolio__item-uid-bc3ce1be\" data-vp-filter=\"concerts-rencontres\" \t\t>\n\t\t\t\t\t\t\t\t\t<figure class=\"vp-portfolio__item\">\n\t\t\t\t\n<div class=\"vp-portfolio__item-img-wrap\">\n\t<div class=\"vp-portfolio__item-img\">\n\t\t\t<a\n\t\thref=\"https:\/\/operafuoco.fr\/en\/les-noces-de-figaro-de-litalien-au-francais\/\"\n\t\t\t>\n\t\n\t\t<noscript><img loading=\"lazy\" decoding=\"async\" width=\"835\" height=\"473\" data-skip-lazy src=\"https:\/\/operafuoco.fr\/wp-content\/uploads\/2019\/04\/Gallery-EES-et-DS-835x473.jpg\" class=\"wp-image-1026\" alt=\"\" srcset=\"https:\/\/operafuoco.fr\/wp-content\/uploads\/2019\/04\/Gallery-EES-et-DS-835x473.jpg 835w, https:\/\/operafuoco.fr\/wp-content\/uploads\/2019\/04\/Gallery-EES-et-DS-835x473-300x170.jpg 300w, https:\/\/operafuoco.fr\/wp-content\/uploads\/2019\/04\/Gallery-EES-et-DS-835x473-768x435.jpg 768w\" sizes=\"(max-width: 835px) 100vw, 835px\" \/><\/noscript><img decoding=\"async\" width=\"835\" height=\"473\" src=\"https:\/\/operafuoco.fr\/wp-content\/uploads\/2019\/04\/Gallery-EES-et-DS-835x473.jpg\" class=\"wp-image-1026 vp-lazyload\" alt srcset=\"data:image\/svg+xml;base64,PHN2ZyB3aWR0aD0iODM1IiBoZWlnaHQ9IjQ3MyIgdmlld0JveD0iMCAwIDgzNSA0NzMiIGZpbGw9Im5vbmUiIHhtbG5zPSJodHRwOi8vd3d3LnczLm9yZy8yMDAwL3N2ZyI+PC9zdmc+\" data-src=\"https:\/\/operafuoco.fr\/wp-content\/uploads\/2019\/04\/Gallery-EES-et-DS-835x473.jpg\" data-srcset=\"https:\/\/operafuoco.fr\/wp-content\/uploads\/2019\/04\/Gallery-EES-et-DS-835x473.jpg 835w, https:\/\/operafuoco.fr\/wp-content\/uploads\/2019\/04\/Gallery-EES-et-DS-835x473-300x170.jpg 300w, https:\/\/operafuoco.fr\/wp-content\/uploads\/2019\/04\/Gallery-EES-et-DS-835x473-768x435.jpg 768w\" data-sizes=\"auto\" loading=\"eager\">\n\t\t<\/a>\t<\/div>\n<\/div>\n\t<figcaption class=\"vp-portfolio__item-overlay vp-portfolio__item-overlay-text-align-center\">\n\t\t<div class=\"vp-portfolio__item-meta-wrap vp-portfolio__custom-scrollbar\">\n\t\t\t\t<a\n\t\thref=\"https:\/\/operafuoco.fr\/en\/les-noces-de-figaro-de-litalien-au-francais\/\"\n\t\ttabindex=\"-1\" class=\"vp-portfolio__item-meta\" \t>\n\t\n<div class=\"vp-portfolio__item-meta-categories\">\n\t\t\t<div class=\"vp-portfolio__item-meta-category\">\n\t\t\t\t<span\t\t\t>\n\tEncounter-concerts<\/span>\t\t<\/div>\n\t\t<\/div>\n\n<h2 class=\"vp-portfolio__item-meta-title\">\n\tLes Noces de Figaro \u2013 de l\u2019italien au fran\u00e7ais<\/h2>\n<\/a>\t\t<\/div>\n\t<\/figcaption>\n\t\t\t<\/figure>\n\t\t\t\t\t<\/article>\n\t\t\n\t\t<article\t\tclass=\"vp-portfolio__item-wrap post-216 post type-post status-publish format-standard has-post-thumbnail hentry category-operas tag-archive vp-portfolio__item-uid-49389fa3\" data-vp-filter=\"operas\" \t\t>\n\t\t\t\t\t\t\t\t\t<figure class=\"vp-portfolio__item\">\n\t\t\t\t\n<div class=\"vp-portfolio__item-img-wrap\">\n\t<div class=\"vp-portfolio__item-img\">\n\t\t\t<a\n\t\thref=\"https:\/\/operafuoco.fr\/en\/kiss-me-kate-de-cole-porter\/\"\n\t\t\t>\n\t\n\t\t<noscript><img loading=\"lazy\" decoding=\"async\" width=\"835\" height=\"473\" data-skip-lazy src=\"https:\/\/operafuoco.fr\/wp-content\/uploads\/2019\/03\/DSC_0399-copie-LD-835x473-1.jpg\" class=\"wp-image-1550\" alt=\"\" srcset=\"https:\/\/operafuoco.fr\/wp-content\/uploads\/2019\/03\/DSC_0399-copie-LD-835x473-1.jpg 835w, https:\/\/operafuoco.fr\/wp-content\/uploads\/2019\/03\/DSC_0399-copie-LD-835x473-1-300x170.jpg 300w, https:\/\/operafuoco.fr\/wp-content\/uploads\/2019\/03\/DSC_0399-copie-LD-835x473-1-768x435.jpg 768w, https:\/\/operafuoco.fr\/wp-content\/uploads\/2019\/03\/DSC_0399-copie-LD-835x473-1-500x283.jpg 500w, https:\/\/operafuoco.fr\/wp-content\/uploads\/2019\/03\/DSC_0399-copie-LD-835x473-1-800x453.jpg 800w\" sizes=\"(max-width: 835px) 100vw, 835px\" \/><\/noscript><img decoding=\"async\" width=\"835\" height=\"473\" src=\"https:\/\/operafuoco.fr\/wp-content\/uploads\/2019\/03\/DSC_0399-copie-LD-835x473-1.jpg\" class=\"wp-image-1550 vp-lazyload\" alt srcset=\"data:image\/svg+xml;base64,PHN2ZyB3aWR0aD0iODM1IiBoZWlnaHQ9IjQ3MyIgdmlld0JveD0iMCAwIDgzNSA0NzMiIGZpbGw9Im5vbmUiIHhtbG5zPSJodHRwOi8vd3d3LnczLm9yZy8yMDAwL3N2ZyI+PC9zdmc+\" data-src=\"https:\/\/operafuoco.fr\/wp-content\/uploads\/2019\/03\/DSC_0399-copie-LD-835x473-1.jpg\" data-srcset=\"https:\/\/operafuoco.fr\/wp-content\/uploads\/2019\/03\/DSC_0399-copie-LD-835x473-1.jpg 835w, https:\/\/operafuoco.fr\/wp-content\/uploads\/2019\/03\/DSC_0399-copie-LD-835x473-1-300x170.jpg 300w, https:\/\/operafuoco.fr\/wp-content\/uploads\/2019\/03\/DSC_0399-copie-LD-835x473-1-768x435.jpg 768w, https:\/\/operafuoco.fr\/wp-content\/uploads\/2019\/03\/DSC_0399-copie-LD-835x473-1-500x283.jpg 500w, https:\/\/operafuoco.fr\/wp-content\/uploads\/2019\/03\/DSC_0399-copie-LD-835x473-1-800x453.jpg 800w\" data-sizes=\"auto\" loading=\"eager\">\n\t\t<\/a>\t<\/div>\n<\/div>\n\t<figcaption class=\"vp-portfolio__item-overlay vp-portfolio__item-overlay-text-align-center\">\n\t\t<div class=\"vp-portfolio__item-meta-wrap vp-portfolio__custom-scrollbar\">\n\t\t\t\t<a\n\t\thref=\"https:\/\/operafuoco.fr\/en\/kiss-me-kate-de-cole-porter\/\"\n\t\ttabindex=\"-1\" class=\"vp-portfolio__item-meta\" \t>\n\t\n<div class=\"vp-portfolio__item-meta-categories\">\n\t\t\t<div class=\"vp-portfolio__item-meta-category\">\n\t\t\t\t<span\t\t\t>\n\tOperas<\/span>\t\t<\/div>\n\t\t<\/div>\n\n<h2 class=\"vp-portfolio__item-meta-title\">\n\tKiss me Kate de Cole Porter<\/h2>\n<\/a>\t\t<\/div>\n\t<\/figcaption>\n\t\t\t<\/figure>\n\t\t\t\t\t<\/article>\n\t\t\n\t\t<article\t\tclass=\"vp-portfolio__item-wrap post-287 post type-post status-publish format-standard has-post-thumbnail hentry category-concerts-rencontres tag-archive vp-portfolio__item-uid-effd147c\" data-vp-filter=\"concerts-rencontres\" \t\t>\n\t\t\t\t\t\t\t\t\t<figure class=\"vp-portfolio__item\">\n\t\t\t\t\n<div class=\"vp-portfolio__item-img-wrap\">\n\t<div class=\"vp-portfolio__item-img\">\n\t\t\t<a\n\t\thref=\"https:\/\/operafuoco.fr\/en\/au-temps-de-monsieur-marmottan-masterclasse\/\"\n\t\t\t>\n\t\n\t\t<noscript><img loading=\"lazy\" decoding=\"async\" width=\"1200\" height=\"795\" data-skip-lazy src=\"https:\/\/operafuoco.fr\/wp-content\/uploads\/2019\/03\/mucha-art-nouveau2.jpg\" class=\"wp-image-288\" alt=\"\" srcset=\"https:\/\/operafuoco.fr\/wp-content\/uploads\/2019\/03\/mucha-art-nouveau2.jpg 1200w, https:\/\/operafuoco.fr\/wp-content\/uploads\/2019\/03\/mucha-art-nouveau2-300x199.jpg 300w, https:\/\/operafuoco.fr\/wp-content\/uploads\/2019\/03\/mucha-art-nouveau2-768x509.jpg 768w, https:\/\/operafuoco.fr\/wp-content\/uploads\/2019\/03\/mucha-art-nouveau2-1024x678.jpg 1024w\" sizes=\"(max-width: 1200px) 100vw, 1200px\" \/><\/noscript><img decoding=\"async\" width=\"1200\" height=\"795\" src=\"https:\/\/operafuoco.fr\/wp-content\/uploads\/2019\/03\/mucha-art-nouveau2.jpg\" class=\"wp-image-288 vp-lazyload\" alt srcset=\"data:image\/svg+xml;base64,PHN2ZyB3aWR0aD0iMTIwMCIgaGVpZ2h0PSI3OTUiIHZpZXdCb3g9IjAgMCAxMjAwIDc5NSIgZmlsbD0ibm9uZSIgeG1sbnM9Imh0dHA6Ly93d3cudzMub3JnLzIwMDAvc3ZnIj48L3N2Zz4=\" data-src=\"https:\/\/operafuoco.fr\/wp-content\/uploads\/2019\/03\/mucha-art-nouveau2.jpg\" data-srcset=\"https:\/\/operafuoco.fr\/wp-content\/uploads\/2019\/03\/mucha-art-nouveau2.jpg 1200w, https:\/\/operafuoco.fr\/wp-content\/uploads\/2019\/03\/mucha-art-nouveau2-300x199.jpg 300w, https:\/\/operafuoco.fr\/wp-content\/uploads\/2019\/03\/mucha-art-nouveau2-768x509.jpg 768w, https:\/\/operafuoco.fr\/wp-content\/uploads\/2019\/03\/mucha-art-nouveau2-1024x678.jpg 1024w\" data-sizes=\"auto\" loading=\"eager\">\n\t\t<\/a>\t<\/div>\n<\/div>\n\t<figcaption class=\"vp-portfolio__item-overlay vp-portfolio__item-overlay-text-align-center\">\n\t\t<div class=\"vp-portfolio__item-meta-wrap vp-portfolio__custom-scrollbar\">\n\t\t\t\t<a\n\t\thref=\"https:\/\/operafuoco.fr\/en\/au-temps-de-monsieur-marmottan-masterclasse\/\"\n\t\ttabindex=\"-1\" class=\"vp-portfolio__item-meta\" \t>\n\t\n<div class=\"vp-portfolio__item-meta-categories\">\n\t\t\t<div class=\"vp-portfolio__item-meta-category\">\n\t\t\t\t<span\t\t\t>\n\tEncounter-concerts<\/span>\t\t<\/div>\n\t\t<\/div>\n\n<h2 class=\"vp-portfolio__item-meta-title\">\n\tAu temps de Monsieur Marmottan \u2013 Masterclasse<\/h2>\n<\/a>\t\t<\/div>\n\t<\/figcaption>\n\t\t\t<\/figure>\n\t\t\t\t\t<\/article>\n\t\t\n\t\t<article\t\tclass=\"vp-portfolio__item-wrap post-986 post type-post status-publish format-standard has-post-thumbnail hentry category-concerts-rencontres tag-archive vp-portfolio__item-uid-94afcb0b\" data-vp-filter=\"concerts-rencontres\" \t\t>\n\t\t\t\t\t\t\t\t\t<figure class=\"vp-portfolio__item\">\n\t\t\t\t\n<div class=\"vp-portfolio__item-img-wrap\">\n\t<div class=\"vp-portfolio__item-img\">\n\t\t\t<a\n\t\thref=\"https:\/\/operafuoco.fr\/en\/baroque-venise\/\"\n\t\t\t>\n\t\n\t\t<noscript><img loading=\"lazy\" decoding=\"async\" width=\"1000\" height=\"700\" data-skip-lazy src=\"https:\/\/operafuoco.fr\/wp-content\/uploads\/2019\/04\/Baroque-visuel-web.jpg\" class=\"wp-image-987\" alt=\"\" srcset=\"https:\/\/operafuoco.fr\/wp-content\/uploads\/2019\/04\/Baroque-visuel-web.jpg 1000w, https:\/\/operafuoco.fr\/wp-content\/uploads\/2019\/04\/Baroque-visuel-web-300x210.jpg 300w, https:\/\/operafuoco.fr\/wp-content\/uploads\/2019\/04\/Baroque-visuel-web-768x538.jpg 768w\" sizes=\"(max-width: 1000px) 100vw, 1000px\" \/><\/noscript><img decoding=\"async\" width=\"1000\" height=\"700\" src=\"https:\/\/operafuoco.fr\/wp-content\/uploads\/2019\/04\/Baroque-visuel-web.jpg\" class=\"wp-image-987 vp-lazyload\" alt srcset=\"data:image\/svg+xml;base64,PHN2ZyB3aWR0aD0iMTAwMCIgaGVpZ2h0PSI3MDAiIHZpZXdCb3g9IjAgMCAxMDAwIDcwMCIgZmlsbD0ibm9uZSIgeG1sbnM9Imh0dHA6Ly93d3cudzMub3JnLzIwMDAvc3ZnIj48L3N2Zz4=\" data-src=\"https:\/\/operafuoco.fr\/wp-content\/uploads\/2019\/04\/Baroque-visuel-web.jpg\" data-srcset=\"https:\/\/operafuoco.fr\/wp-content\/uploads\/2019\/04\/Baroque-visuel-web.jpg 1000w, https:\/\/operafuoco.fr\/wp-content\/uploads\/2019\/04\/Baroque-visuel-web-300x210.jpg 300w, https:\/\/operafuoco.fr\/wp-content\/uploads\/2019\/04\/Baroque-visuel-web-768x538.jpg 768w\" data-sizes=\"auto\" loading=\"eager\">\n\t\t<\/a>\t<\/div>\n<\/div>\n\t<figcaption class=\"vp-portfolio__item-overlay vp-portfolio__item-overlay-text-align-center\">\n\t\t<div class=\"vp-portfolio__item-meta-wrap vp-portfolio__custom-scrollbar\">\n\t\t\t\t<a\n\t\thref=\"https:\/\/operafuoco.fr\/en\/baroque-venise\/\"\n\t\ttabindex=\"-1\" class=\"vp-portfolio__item-meta\" \t>\n\t\n<div class=\"vp-portfolio__item-meta-categories\">\n\t\t\t<div class=\"vp-portfolio__item-meta-category\">\n\t\t\t\t<span\t\t\t>\n\tEncounter-concerts<\/span>\t\t<\/div>\n\t\t<\/div>\n\n<h2 class=\"vp-portfolio__item-meta-title\">\n\tBaroque Venise<\/h2>\n<\/a>\t\t<\/div>\n\t<\/figcaption>\n\t\t\t<\/figure>\n\t\t\t\t\t<\/article>\n\t\t\n\t\t<article\t\tclass=\"vp-portfolio__item-wrap post-233 post type-post status-publish format-standard has-post-thumbnail hentry category-operas tag-archive vp-portfolio__item-uid-0b6409ae\" data-vp-filter=\"operas\" \t\t>\n\t\t\t\t\t\t\t\t\t<figure class=\"vp-portfolio__item\">\n\t\t\t\t\n<div class=\"vp-portfolio__item-img-wrap\">\n\t<div class=\"vp-portfolio__item-img\">\n\t\t\t<a\n\t\thref=\"https:\/\/operafuoco.fr\/en\/one-charming-night-annonce\/\"\n\t\t\t>\n\t\n\t\t<noscript><img loading=\"lazy\" decoding=\"async\" width=\"630\" height=\"350\" data-skip-lazy src=\"https:\/\/operafuoco.fr\/wp-content\/uploads\/2019\/03\/New-Shanghai-Symphony-Hall-in-Perfect-Harmony-MAIN3.png\" class=\"wp-image-242\" alt=\"\" srcset=\"https:\/\/operafuoco.fr\/wp-content\/uploads\/2019\/03\/New-Shanghai-Symphony-Hall-in-Perfect-Harmony-MAIN3.png 630w, https:\/\/operafuoco.fr\/wp-content\/uploads\/2019\/03\/New-Shanghai-Symphony-Hall-in-Perfect-Harmony-MAIN3-300x167.png 300w\" sizes=\"(max-width: 630px) 100vw, 630px\" \/><\/noscript><img decoding=\"async\" width=\"630\" height=\"350\" src=\"https:\/\/operafuoco.fr\/wp-content\/uploads\/2019\/03\/New-Shanghai-Symphony-Hall-in-Perfect-Harmony-MAIN3.png\" class=\"wp-image-242 vp-lazyload\" alt srcset=\"data:image\/svg+xml;base64,PHN2ZyB3aWR0aD0iNjMwIiBoZWlnaHQ9IjM1MCIgdmlld0JveD0iMCAwIDYzMCAzNTAiIGZpbGw9Im5vbmUiIHhtbG5zPSJodHRwOi8vd3d3LnczLm9yZy8yMDAwL3N2ZyI+PC9zdmc+\" data-src=\"https:\/\/operafuoco.fr\/wp-content\/uploads\/2019\/03\/New-Shanghai-Symphony-Hall-in-Perfect-Harmony-MAIN3.png\" data-srcset=\"https:\/\/operafuoco.fr\/wp-content\/uploads\/2019\/03\/New-Shanghai-Symphony-Hall-in-Perfect-Harmony-MAIN3.png 630w, https:\/\/operafuoco.fr\/wp-content\/uploads\/2019\/03\/New-Shanghai-Symphony-Hall-in-Perfect-Harmony-MAIN3-300x167.png 300w\" data-sizes=\"auto\" loading=\"eager\">\n\t\t<\/a>\t<\/div>\n<\/div>\n\t<figcaption class=\"vp-portfolio__item-overlay vp-portfolio__item-overlay-text-align-center\">\n\t\t<div class=\"vp-portfolio__item-meta-wrap vp-portfolio__custom-scrollbar\">\n\t\t\t\t<a\n\t\thref=\"https:\/\/operafuoco.fr\/en\/one-charming-night-annonce\/\"\n\t\ttabindex=\"-1\" class=\"vp-portfolio__item-meta\" \t>\n\t\n<div class=\"vp-portfolio__item-meta-categories\">\n\t\t\t<div class=\"vp-portfolio__item-meta-category\">\n\t\t\t\t<span\t\t\t>\n\tOperas<\/span>\t\t<\/div>\n\t\t<\/div>\n\n<h2 class=\"vp-portfolio__item-meta-title\">\n\tOne charming night \u2013 Annonce<\/h2>\n<\/a>\t\t<\/div>\n\t<\/figcaption>\n\t\t\t<\/figure>\n\t\t\t\t\t<\/article>\n\t\t\n\t\t<article\t\tclass=\"vp-portfolio__item-wrap post-801 post type-post status-publish format-standard has-post-thumbnail hentry category-operas tag-archive vp-portfolio__item-uid-c3d0be97\" data-vp-filter=\"operas\" \t\t>\n\t\t\t\t\t\t\t\t\t<figure class=\"vp-portfolio__item\">\n\t\t\t\t\n<div class=\"vp-portfolio__item-img-wrap\">\n\t<div class=\"vp-portfolio__item-img\">\n\t\t\t<a\n\t\thref=\"https:\/\/operafuoco.fr\/en\/damon-de-telemann\/\"\n\t\t\t>\n\t\n\t\t<noscript><img loading=\"lazy\" decoding=\"async\" width=\"1350\" height=\"900\" data-skip-lazy src=\"https:\/\/operafuoco.fr\/wp-content\/uploads\/2019\/04\/TheaterMD-Damon-OP_016_Foto_Andreas_Lander-copie-2.jpg\" class=\"wp-image-807\" alt=\"\" srcset=\"https:\/\/operafuoco.fr\/wp-content\/uploads\/2019\/04\/TheaterMD-Damon-OP_016_Foto_Andreas_Lander-copie-2.jpg 1350w, https:\/\/operafuoco.fr\/wp-content\/uploads\/2019\/04\/TheaterMD-Damon-OP_016_Foto_Andreas_Lander-copie-2-300x200.jpg 300w, https:\/\/operafuoco.fr\/wp-content\/uploads\/2019\/04\/TheaterMD-Damon-OP_016_Foto_Andreas_Lander-copie-2-768x512.jpg 768w, https:\/\/operafuoco.fr\/wp-content\/uploads\/2019\/04\/TheaterMD-Damon-OP_016_Foto_Andreas_Lander-copie-2-1024x683.jpg 1024w, https:\/\/operafuoco.fr\/wp-content\/uploads\/2019\/04\/TheaterMD-Damon-OP_016_Foto_Andreas_Lander-copie-2-1200x800.jpg 1200w, https:\/\/operafuoco.fr\/wp-content\/uploads\/2019\/04\/TheaterMD-Damon-OP_016_Foto_Andreas_Lander-copie-2-600x400.jpg 600w\" sizes=\"(max-width: 1350px) 100vw, 1350px\" \/><\/noscript><img decoding=\"async\" width=\"1350\" height=\"900\" src=\"https:\/\/operafuoco.fr\/wp-content\/uploads\/2019\/04\/TheaterMD-Damon-OP_016_Foto_Andreas_Lander-copie-2.jpg\" class=\"wp-image-807 vp-lazyload\" alt srcset=\"data:image\/svg+xml;base64,PHN2ZyB3aWR0aD0iMTM1MCIgaGVpZ2h0PSI5MDAiIHZpZXdCb3g9IjAgMCAxMzUwIDkwMCIgZmlsbD0ibm9uZSIgeG1sbnM9Imh0dHA6Ly93d3cudzMub3JnLzIwMDAvc3ZnIj48L3N2Zz4=\" data-src=\"https:\/\/operafuoco.fr\/wp-content\/uploads\/2019\/04\/TheaterMD-Damon-OP_016_Foto_Andreas_Lander-copie-2.jpg\" data-srcset=\"https:\/\/operafuoco.fr\/wp-content\/uploads\/2019\/04\/TheaterMD-Damon-OP_016_Foto_Andreas_Lander-copie-2.jpg 1350w, https:\/\/operafuoco.fr\/wp-content\/uploads\/2019\/04\/TheaterMD-Damon-OP_016_Foto_Andreas_Lander-copie-2-300x200.jpg 300w, https:\/\/operafuoco.fr\/wp-content\/uploads\/2019\/04\/TheaterMD-Damon-OP_016_Foto_Andreas_Lander-copie-2-768x512.jpg 768w, https:\/\/operafuoco.fr\/wp-content\/uploads\/2019\/04\/TheaterMD-Damon-OP_016_Foto_Andreas_Lander-copie-2-1024x683.jpg 1024w, https:\/\/operafuoco.fr\/wp-content\/uploads\/2019\/04\/TheaterMD-Damon-OP_016_Foto_Andreas_Lander-copie-2-1200x800.jpg 1200w, https:\/\/operafuoco.fr\/wp-content\/uploads\/2019\/04\/TheaterMD-Damon-OP_016_Foto_Andreas_Lander-copie-2-600x400.jpg 600w\" data-sizes=\"auto\" loading=\"eager\">\n\t\t<\/a>\t<\/div>\n<\/div>\n\t<figcaption class=\"vp-portfolio__item-overlay vp-portfolio__item-overlay-text-align-center\">\n\t\t<div class=\"vp-portfolio__item-meta-wrap vp-portfolio__custom-scrollbar\">\n\t\t\t\t<a\n\t\thref=\"https:\/\/operafuoco.fr\/en\/damon-de-telemann\/\"\n\t\ttabindex=\"-1\" class=\"vp-portfolio__item-meta\" \t>\n\t\n<div class=\"vp-portfolio__item-meta-categories\">\n\t\t\t<div class=\"vp-portfolio__item-meta-category\">\n\t\t\t\t<span\t\t\t>\n\tOperas<\/span>\t\t<\/div>\n\t\t<\/div>\n\n<h2 class=\"vp-portfolio__item-meta-title\">\n\tDamon by Telemann<\/h2>\n<\/a>\t\t<\/div>\n\t<\/figcaption>\n\t\t\t<\/figure>\n\t\t\t\t\t<\/article>\n\t\t\n\t\t<article\t\tclass=\"vp-portfolio__item-wrap post-1044 post type-post status-publish format-standard has-post-thumbnail hentry category-concerts-rencontres tag-archive vp-portfolio__item-uid-9d6176ae\" data-vp-filter=\"concerts-rencontres\" \t\t>\n\t\t\t\t\t\t\t\t\t<figure class=\"vp-portfolio__item\">\n\t\t\t\t\n<div class=\"vp-portfolio__item-img-wrap\">\n\t<div class=\"vp-portfolio__item-img\">\n\t\t\t<a\n\t\thref=\"https:\/\/operafuoco.fr\/en\/naissance-du-romantisme\/\"\n\t\t\t>\n\t\n\t\t<noscript><img loading=\"lazy\" decoding=\"async\" width=\"715\" height=\"500\" data-skip-lazy src=\"https:\/\/operafuoco.fr\/wp-content\/uploads\/2019\/04\/VG-et-Benoit-Rameau-web.jpg\" class=\"wp-image-1051\" alt=\"\" srcset=\"https:\/\/operafuoco.fr\/wp-content\/uploads\/2019\/04\/VG-et-Benoit-Rameau-web.jpg 715w, https:\/\/operafuoco.fr\/wp-content\/uploads\/2019\/04\/VG-et-Benoit-Rameau-web-300x210.jpg 300w\" sizes=\"(max-width: 715px) 100vw, 715px\" \/><\/noscript><img decoding=\"async\" width=\"715\" height=\"500\" src=\"https:\/\/operafuoco.fr\/wp-content\/uploads\/2019\/04\/VG-et-Benoit-Rameau-web.jpg\" class=\"wp-image-1051 vp-lazyload\" alt srcset=\"data:image\/svg+xml;base64,PHN2ZyB3aWR0aD0iNzE1IiBoZWlnaHQ9IjUwMCIgdmlld0JveD0iMCAwIDcxNSA1MDAiIGZpbGw9Im5vbmUiIHhtbG5zPSJodHRwOi8vd3d3LnczLm9yZy8yMDAwL3N2ZyI+PC9zdmc+\" data-src=\"https:\/\/operafuoco.fr\/wp-content\/uploads\/2019\/04\/VG-et-Benoit-Rameau-web.jpg\" data-srcset=\"https:\/\/operafuoco.fr\/wp-content\/uploads\/2019\/04\/VG-et-Benoit-Rameau-web.jpg 715w, https:\/\/operafuoco.fr\/wp-content\/uploads\/2019\/04\/VG-et-Benoit-Rameau-web-300x210.jpg 300w\" data-sizes=\"auto\" loading=\"eager\">\n\t\t<\/a>\t<\/div>\n<\/div>\n\t<figcaption class=\"vp-portfolio__item-overlay vp-portfolio__item-overlay-text-align-center\">\n\t\t<div class=\"vp-portfolio__item-meta-wrap vp-portfolio__custom-scrollbar\">\n\t\t\t\t<a\n\t\thref=\"https:\/\/operafuoco.fr\/en\/naissance-du-romantisme\/\"\n\t\ttabindex=\"-1\" class=\"vp-portfolio__item-meta\" \t>\n\t\n<div class=\"vp-portfolio__item-meta-categories\">\n\t\t\t<div class=\"vp-portfolio__item-meta-category\">\n\t\t\t\t<span\t\t\t>\n\tEncounter-concerts<\/span>\t\t<\/div>\n\t\t<\/div>\n\n<h2 class=\"vp-portfolio__item-meta-title\">\n\tNaissance du Romantisme<\/h2>\n<\/a>\t\t<\/div>\n\t<\/figcaption>\n\t\t\t<\/figure>\n\t\t\t\t\t<\/article>\n\t\t\n\t\t<article\t\tclass=\"vp-portfolio__item-wrap post-1013 post type-post status-publish format-standard has-post-thumbnail hentry category-concerts-rencontres tag-archive vp-portfolio__item-uid-7e721748\" data-vp-filter=\"concerts-rencontres\" \t\t>\n\t\t\t\t\t\t\t\t\t<figure class=\"vp-portfolio__item\">\n\t\t\t\t\n<div class=\"vp-portfolio__item-img-wrap\">\n\t<div class=\"vp-portfolio__item-img\">\n\t\t\t<a\n\t\thref=\"https:\/\/operafuoco.fr\/en\/1013\/\"\n\t\t\t>\n\t\n\t\t<noscript><img loading=\"lazy\" decoding=\"async\" width=\"1000\" height=\"700\" data-skip-lazy src=\"https:\/\/operafuoco.fr\/wp-content\/uploads\/2019\/04\/kmk5_web.jpg\" class=\"wp-image-1018\" alt=\"\" srcset=\"https:\/\/operafuoco.fr\/wp-content\/uploads\/2019\/04\/kmk5_web.jpg 1000w, https:\/\/operafuoco.fr\/wp-content\/uploads\/2019\/04\/kmk5_web-300x210.jpg 300w, https:\/\/operafuoco.fr\/wp-content\/uploads\/2019\/04\/kmk5_web-768x538.jpg 768w\" sizes=\"(max-width: 1000px) 100vw, 1000px\" \/><\/noscript><img decoding=\"async\" width=\"1000\" height=\"700\" src=\"https:\/\/operafuoco.fr\/wp-content\/uploads\/2019\/04\/kmk5_web.jpg\" class=\"wp-image-1018 vp-lazyload\" alt srcset=\"data:image\/svg+xml;base64,PHN2ZyB3aWR0aD0iMTAwMCIgaGVpZ2h0PSI3MDAiIHZpZXdCb3g9IjAgMCAxMDAwIDcwMCIgZmlsbD0ibm9uZSIgeG1sbnM9Imh0dHA6Ly93d3cudzMub3JnLzIwMDAvc3ZnIj48L3N2Zz4=\" data-src=\"https:\/\/operafuoco.fr\/wp-content\/uploads\/2019\/04\/kmk5_web.jpg\" data-srcset=\"https:\/\/operafuoco.fr\/wp-content\/uploads\/2019\/04\/kmk5_web.jpg 1000w, https:\/\/operafuoco.fr\/wp-content\/uploads\/2019\/04\/kmk5_web-300x210.jpg 300w, https:\/\/operafuoco.fr\/wp-content\/uploads\/2019\/04\/kmk5_web-768x538.jpg 768w\" data-sizes=\"auto\" loading=\"eager\">\n\t\t<\/a>\t<\/div>\n<\/div>\n\t<figcaption class=\"vp-portfolio__item-overlay vp-portfolio__item-overlay-text-align-center\">\n\t\t<div class=\"vp-portfolio__item-meta-wrap vp-portfolio__custom-scrollbar\">\n\t\t\t\t<a\n\t\thref=\"https:\/\/operafuoco.fr\/en\/1013\/\"\n\t\ttabindex=\"-1\" class=\"vp-portfolio__item-meta\" \t>\n\t\n<div class=\"vp-portfolio__item-meta-categories\">\n\t\t\t<div class=\"vp-portfolio__item-meta-category\">\n\t\t\t\t<span\t\t\t>\n\tEncounter-concerts<\/span>\t\t<\/div>\n\t\t<\/div>\n\n<h2 class=\"vp-portfolio__item-meta-title\">\n\tKiss me Kate<\/h2>\n<\/a>\t\t<\/div>\n\t<\/figcaption>\n\t\t\t<\/figure>\n\t\t\t\t\t<\/article>\n\t\t\n\t\t<article\t\tclass=\"vp-portfolio__item-wrap post-826 post type-post status-publish format-standard has-post-thumbnail hentry category-operas tag-archive vp-portfolio__item-uid-6f8249b6\" data-vp-filter=\"operas\" \t\t>\n\t\t\t\t\t\t\t\t\t<figure class=\"vp-portfolio__item\">\n\t\t\t\t\n<div class=\"vp-portfolio__item-img-wrap\">\n\t<div class=\"vp-portfolio__item-img\">\n\t\t\t<a\n\t\thref=\"https:\/\/operafuoco.fr\/en\/giulio-cesare-de-handel\/\"\n\t\t\t>\n\t\n\t\t<noscript><img loading=\"lazy\" decoding=\"async\" width=\"1200\" height=\"900\" data-skip-lazy src=\"https:\/\/operafuoco.fr\/wp-content\/uploads\/2019\/04\/DSCN5304.jpg\" class=\"wp-image-827\" alt=\"\" srcset=\"https:\/\/operafuoco.fr\/wp-content\/uploads\/2019\/04\/DSCN5304.jpg 1200w, https:\/\/operafuoco.fr\/wp-content\/uploads\/2019\/04\/DSCN5304-300x225.jpg 300w, https:\/\/operafuoco.fr\/wp-content\/uploads\/2019\/04\/DSCN5304-768x576.jpg 768w, https:\/\/operafuoco.fr\/wp-content\/uploads\/2019\/04\/DSCN5304-1024x768.jpg 1024w\" sizes=\"(max-width: 1200px) 100vw, 1200px\" \/><\/noscript><img decoding=\"async\" width=\"1200\" height=\"900\" src=\"https:\/\/operafuoco.fr\/wp-content\/uploads\/2019\/04\/DSCN5304.jpg\" class=\"wp-image-827 vp-lazyload\" alt srcset=\"data:image\/svg+xml;base64,PHN2ZyB3aWR0aD0iMTIwMCIgaGVpZ2h0PSI5MDAiIHZpZXdCb3g9IjAgMCAxMjAwIDkwMCIgZmlsbD0ibm9uZSIgeG1sbnM9Imh0dHA6Ly93d3cudzMub3JnLzIwMDAvc3ZnIj48L3N2Zz4=\" data-src=\"https:\/\/operafuoco.fr\/wp-content\/uploads\/2019\/04\/DSCN5304.jpg\" data-srcset=\"https:\/\/operafuoco.fr\/wp-content\/uploads\/2019\/04\/DSCN5304.jpg 1200w, https:\/\/operafuoco.fr\/wp-content\/uploads\/2019\/04\/DSCN5304-300x225.jpg 300w, https:\/\/operafuoco.fr\/wp-content\/uploads\/2019\/04\/DSCN5304-768x576.jpg 768w, https:\/\/operafuoco.fr\/wp-content\/uploads\/2019\/04\/DSCN5304-1024x768.jpg 1024w\" data-sizes=\"auto\" loading=\"eager\">\n\t\t<\/a>\t<\/div>\n<\/div>\n\t<figcaption class=\"vp-portfolio__item-overlay vp-portfolio__item-overlay-text-align-center\">\n\t\t<div class=\"vp-portfolio__item-meta-wrap vp-portfolio__custom-scrollbar\">\n\t\t\t\t<a\n\t\thref=\"https:\/\/operafuoco.fr\/en\/giulio-cesare-de-handel\/\"\n\t\ttabindex=\"-1\" class=\"vp-portfolio__item-meta\" \t>\n\t\n<div class=\"vp-portfolio__item-meta-categories\">\n\t\t\t<div class=\"vp-portfolio__item-meta-category\">\n\t\t\t\t<span\t\t\t>\n\tOperas<\/span>\t\t<\/div>\n\t\t<\/div>\n\n<h2 class=\"vp-portfolio__item-meta-title\">\n\tGiulio Cesare de Handel<\/h2>\n<\/a>\t\t<\/div>\n\t<\/figcaption>\n\t\t\t<\/figure>\n\t\t\t\t\t<\/article>\n\t\t\n\t\t<article\t\tclass=\"vp-portfolio__item-wrap post-861 post type-post status-publish format-standard has-post-thumbnail hentry category-operas tag-archive vp-portfolio__item-uid-958a1911\" data-vp-filter=\"operas\" \t\t>\n\t\t\t\t\t\t\t\t\t<figure class=\"vp-portfolio__item\">\n\t\t\t\t\n<div class=\"vp-portfolio__item-img-wrap\">\n\t<div class=\"vp-portfolio__item-img\">\n\t\t\t<a\n\t\thref=\"https:\/\/operafuoco.fr\/en\/don-giovanni-de-mozart\/\"\n\t\t\t>\n\t\n\t\t<noscript><img loading=\"lazy\" decoding=\"async\" width=\"1140\" height=\"800\" data-skip-lazy src=\"https:\/\/operafuoco.fr\/wp-content\/uploads\/2019\/04\/dg-palazon_BEP0513_C.jpg\" class=\"wp-image-863\" alt=\"\" srcset=\"https:\/\/operafuoco.fr\/wp-content\/uploads\/2019\/04\/dg-palazon_BEP0513_C.jpg 1140w, https:\/\/operafuoco.fr\/wp-content\/uploads\/2019\/04\/dg-palazon_BEP0513_C-300x211.jpg 300w, https:\/\/operafuoco.fr\/wp-content\/uploads\/2019\/04\/dg-palazon_BEP0513_C-768x539.jpg 768w, https:\/\/operafuoco.fr\/wp-content\/uploads\/2019\/04\/dg-palazon_BEP0513_C-1024x719.jpg 1024w\" sizes=\"(max-width: 1140px) 100vw, 1140px\" \/><\/noscript><img decoding=\"async\" width=\"1140\" height=\"800\" src=\"https:\/\/operafuoco.fr\/wp-content\/uploads\/2019\/04\/dg-palazon_BEP0513_C.jpg\" class=\"wp-image-863 vp-lazyload\" alt srcset=\"data:image\/svg+xml;base64,PHN2ZyB3aWR0aD0iMTE0MCIgaGVpZ2h0PSI4MDAiIHZpZXdCb3g9IjAgMCAxMTQwIDgwMCIgZmlsbD0ibm9uZSIgeG1sbnM9Imh0dHA6Ly93d3cudzMub3JnLzIwMDAvc3ZnIj48L3N2Zz4=\" data-src=\"https:\/\/operafuoco.fr\/wp-content\/uploads\/2019\/04\/dg-palazon_BEP0513_C.jpg\" data-srcset=\"https:\/\/operafuoco.fr\/wp-content\/uploads\/2019\/04\/dg-palazon_BEP0513_C.jpg 1140w, https:\/\/operafuoco.fr\/wp-content\/uploads\/2019\/04\/dg-palazon_BEP0513_C-300x211.jpg 300w, https:\/\/operafuoco.fr\/wp-content\/uploads\/2019\/04\/dg-palazon_BEP0513_C-768x539.jpg 768w, https:\/\/operafuoco.fr\/wp-content\/uploads\/2019\/04\/dg-palazon_BEP0513_C-1024x719.jpg 1024w\" data-sizes=\"auto\" loading=\"eager\">\n\t\t<\/a>\t<\/div>\n<\/div>\n\t<figcaption class=\"vp-portfolio__item-overlay vp-portfolio__item-overlay-text-align-center\">\n\t\t<div class=\"vp-portfolio__item-meta-wrap vp-portfolio__custom-scrollbar\">\n\t\t\t\t<a\n\t\thref=\"https:\/\/operafuoco.fr\/en\/don-giovanni-de-mozart\/\"\n\t\ttabindex=\"-1\" class=\"vp-portfolio__item-meta\" \t>\n\t\n<div class=\"vp-portfolio__item-meta-categories\">\n\t\t\t<div class=\"vp-portfolio__item-meta-category\">\n\t\t\t\t<span\t\t\t>\n\tOperas<\/span>\t\t<\/div>\n\t\t<\/div>\n\n<h2 class=\"vp-portfolio__item-meta-title\">\n\tDon Giovanni by Mozart<\/h2>\n<\/a>\t\t<\/div>\n\t<\/figcaption>\n\t\t\t<\/figure>\n\t\t\t\t\t<\/article>\n\t\t\n\t\t<article\t\tclass=\"vp-portfolio__item-wrap post-1074 post type-post status-publish format-standard has-post-thumbnail hentry category-concerts tag-archive vp-portfolio__item-uid-b64c256d\" data-vp-filter=\"concerts\" \t\t>\n\t\t\t\t\t\t\t\t\t<figure class=\"vp-portfolio__item\">\n\t\t\t\t\n<div class=\"vp-portfolio__item-img-wrap\">\n\t<div class=\"vp-portfolio__item-img\">\n\t\t\t<a\n\t\thref=\"https:\/\/operafuoco.fr\/en\/make-a-wish-karine-deshayes\/\"\n\t\t\t>\n\t\n\t\t<noscript><img loading=\"lazy\" decoding=\"async\" width=\"933\" height=\"700\" data-skip-lazy src=\"https:\/\/operafuoco.fr\/wp-content\/uploads\/2019\/04\/18881763_10203337818244197_4522389225579326925_n.jpg\" class=\"wp-image-1075\" alt=\"\" srcset=\"https:\/\/operafuoco.fr\/wp-content\/uploads\/2019\/04\/18881763_10203337818244197_4522389225579326925_n.jpg 933w, https:\/\/operafuoco.fr\/wp-content\/uploads\/2019\/04\/18881763_10203337818244197_4522389225579326925_n-300x225.jpg 300w, https:\/\/operafuoco.fr\/wp-content\/uploads\/2019\/04\/18881763_10203337818244197_4522389225579326925_n-768x576.jpg 768w\" sizes=\"(max-width: 933px) 100vw, 933px\" \/><\/noscript><img decoding=\"async\" width=\"933\" height=\"700\" src=\"https:\/\/operafuoco.fr\/wp-content\/uploads\/2019\/04\/18881763_10203337818244197_4522389225579326925_n.jpg\" class=\"wp-image-1075 vp-lazyload\" alt srcset=\"data:image\/svg+xml;base64,PHN2ZyB3aWR0aD0iOTMzIiBoZWlnaHQ9IjcwMCIgdmlld0JveD0iMCAwIDkzMyA3MDAiIGZpbGw9Im5vbmUiIHhtbG5zPSJodHRwOi8vd3d3LnczLm9yZy8yMDAwL3N2ZyI+PC9zdmc+\" data-src=\"https:\/\/operafuoco.fr\/wp-content\/uploads\/2019\/04\/18881763_10203337818244197_4522389225579326925_n.jpg\" data-srcset=\"https:\/\/operafuoco.fr\/wp-content\/uploads\/2019\/04\/18881763_10203337818244197_4522389225579326925_n.jpg 933w, https:\/\/operafuoco.fr\/wp-content\/uploads\/2019\/04\/18881763_10203337818244197_4522389225579326925_n-300x225.jpg 300w, https:\/\/operafuoco.fr\/wp-content\/uploads\/2019\/04\/18881763_10203337818244197_4522389225579326925_n-768x576.jpg 768w\" data-sizes=\"auto\" loading=\"eager\">\n\t\t<\/a>\t<\/div>\n<\/div>\n\t<figcaption class=\"vp-portfolio__item-overlay vp-portfolio__item-overlay-text-align-center\">\n\t\t<div class=\"vp-portfolio__item-meta-wrap vp-portfolio__custom-scrollbar\">\n\t\t\t\t<a\n\t\thref=\"https:\/\/operafuoco.fr\/en\/make-a-wish-karine-deshayes\/\"\n\t\ttabindex=\"-1\" class=\"vp-portfolio__item-meta\" \t>\n\t\n<div class=\"vp-portfolio__item-meta-categories\">\n\t\t\t<div class=\"vp-portfolio__item-meta-category\">\n\t\t\t\t<span\t\t\t>\n\tConcerts<\/span>\t\t<\/div>\n\t\t<\/div>\n\n<h2 class=\"vp-portfolio__item-meta-title\">\n\tMake a wish \u2013 Karine Deshayes<\/h2>\n<\/a>\t\t<\/div>\n\t<\/figcaption>\n\t\t\t<\/figure>\n\t\t\t\t\t<\/article>\n\t\t\n\t\t<article\t\tclass=\"vp-portfolio__item-wrap post-834 post type-post status-publish format-standard has-post-thumbnail hentry category-operas tag-archive vp-portfolio__item-uid-989719db\" data-vp-filter=\"operas\" \t\t>\n\t\t\t\t\t\t\t\t\t<figure class=\"vp-portfolio__item\">\n\t\t\t\t\n<div class=\"vp-portfolio__item-img-wrap\">\n\t<div class=\"vp-portfolio__item-img\">\n\t\t\t<a\n\t\thref=\"https:\/\/operafuoco.fr\/en\/didon-et-ennee-de-purcell\/\"\n\t\t\t>\n\t\n\t\t<noscript><img loading=\"lazy\" decoding=\"async\" width=\"1000\" height=\"700\" data-skip-lazy src=\"https:\/\/operafuoco.fr\/wp-content\/uploads\/2019\/04\/DSCN51841.jpg\" class=\"wp-image-837\" alt=\"\" srcset=\"https:\/\/operafuoco.fr\/wp-content\/uploads\/2019\/04\/DSCN51841.jpg 1000w, https:\/\/operafuoco.fr\/wp-content\/uploads\/2019\/04\/DSCN51841-300x210.jpg 300w, https:\/\/operafuoco.fr\/wp-content\/uploads\/2019\/04\/DSCN51841-768x538.jpg 768w\" sizes=\"(max-width: 1000px) 100vw, 1000px\" \/><\/noscript><img decoding=\"async\" width=\"1000\" height=\"700\" src=\"https:\/\/operafuoco.fr\/wp-content\/uploads\/2019\/04\/DSCN51841.jpg\" class=\"wp-image-837 vp-lazyload\" alt srcset=\"data:image\/svg+xml;base64,PHN2ZyB3aWR0aD0iMTAwMCIgaGVpZ2h0PSI3MDAiIHZpZXdCb3g9IjAgMCAxMDAwIDcwMCIgZmlsbD0ibm9uZSIgeG1sbnM9Imh0dHA6Ly93d3cudzMub3JnLzIwMDAvc3ZnIj48L3N2Zz4=\" data-src=\"https:\/\/operafuoco.fr\/wp-content\/uploads\/2019\/04\/DSCN51841.jpg\" data-srcset=\"https:\/\/operafuoco.fr\/wp-content\/uploads\/2019\/04\/DSCN51841.jpg 1000w, https:\/\/operafuoco.fr\/wp-content\/uploads\/2019\/04\/DSCN51841-300x210.jpg 300w, https:\/\/operafuoco.fr\/wp-content\/uploads\/2019\/04\/DSCN51841-768x538.jpg 768w\" data-sizes=\"auto\" loading=\"eager\">\n\t\t<\/a>\t<\/div>\n<\/div>\n\t<figcaption class=\"vp-portfolio__item-overlay vp-portfolio__item-overlay-text-align-center\">\n\t\t<div class=\"vp-portfolio__item-meta-wrap vp-portfolio__custom-scrollbar\">\n\t\t\t\t<a\n\t\thref=\"https:\/\/operafuoco.fr\/en\/didon-et-ennee-de-purcell\/\"\n\t\ttabindex=\"-1\" class=\"vp-portfolio__item-meta\" \t>\n\t\n<div class=\"vp-portfolio__item-meta-categories\">\n\t\t\t<div class=\"vp-portfolio__item-meta-category\">\n\t\t\t\t<span\t\t\t>\n\tOperas<\/span>\t\t<\/div>\n\t\t<\/div>\n\n<h2 class=\"vp-portfolio__item-meta-title\">\n\tDidon &amp; Aeneas by Purcell<\/h2>\n<\/a>\t\t<\/div>\n\t<\/figcaption>\n\t\t\t<\/figure>\n\t\t\t\t\t<\/article>\n\t\t\n\t\t<article\t\tclass=\"vp-portfolio__item-wrap post-843 post type-post status-publish format-standard has-post-thumbnail hentry category-operas tag-archive vp-portfolio__item-uid-49b21abf\" data-vp-filter=\"operas\" \t\t>\n\t\t\t\t\t\t\t\t\t<figure class=\"vp-portfolio__item\">\n\t\t\t\t\n<div class=\"vp-portfolio__item-img-wrap\">\n\t<div class=\"vp-portfolio__item-img\">\n\t\t\t<a\n\t\thref=\"https:\/\/operafuoco.fr\/en\/843\/\"\n\t\t\t>\n\t\n\t\t<noscript><img loading=\"lazy\" decoding=\"async\" width=\"1200\" height=\"510\" data-skip-lazy src=\"https:\/\/operafuoco.fr\/wp-content\/uploads\/2019\/04\/DSCF5535-2.jpg\" class=\"wp-image-844\" alt=\"\" srcset=\"https:\/\/operafuoco.fr\/wp-content\/uploads\/2019\/04\/DSCF5535-2.jpg 1200w, https:\/\/operafuoco.fr\/wp-content\/uploads\/2019\/04\/DSCF5535-2-300x128.jpg 300w, https:\/\/operafuoco.fr\/wp-content\/uploads\/2019\/04\/DSCF5535-2-768x326.jpg 768w, https:\/\/operafuoco.fr\/wp-content\/uploads\/2019\/04\/DSCF5535-2-1024x435.jpg 1024w\" sizes=\"(max-width: 1200px) 100vw, 1200px\" \/><\/noscript><img decoding=\"async\" width=\"1200\" height=\"510\" src=\"https:\/\/operafuoco.fr\/wp-content\/uploads\/2019\/04\/DSCF5535-2.jpg\" class=\"wp-image-844 vp-lazyload\" alt srcset=\"data:image\/svg+xml;base64,PHN2ZyB3aWR0aD0iMTIwMCIgaGVpZ2h0PSI1MTAiIHZpZXdCb3g9IjAgMCAxMjAwIDUxMCIgZmlsbD0ibm9uZSIgeG1sbnM9Imh0dHA6Ly93d3cudzMub3JnLzIwMDAvc3ZnIj48L3N2Zz4=\" data-src=\"https:\/\/operafuoco.fr\/wp-content\/uploads\/2019\/04\/DSCF5535-2.jpg\" data-srcset=\"https:\/\/operafuoco.fr\/wp-content\/uploads\/2019\/04\/DSCF5535-2.jpg 1200w, https:\/\/operafuoco.fr\/wp-content\/uploads\/2019\/04\/DSCF5535-2-300x128.jpg 300w, https:\/\/operafuoco.fr\/wp-content\/uploads\/2019\/04\/DSCF5535-2-768x326.jpg 768w, https:\/\/operafuoco.fr\/wp-content\/uploads\/2019\/04\/DSCF5535-2-1024x435.jpg 1024w\" data-sizes=\"auto\" loading=\"eager\">\n\t\t<\/a>\t<\/div>\n<\/div>\n\t<figcaption class=\"vp-portfolio__item-overlay vp-portfolio__item-overlay-text-align-center\">\n\t\t<div class=\"vp-portfolio__item-meta-wrap vp-portfolio__custom-scrollbar\">\n\t\t\t\t<a\n\t\thref=\"https:\/\/operafuoco.fr\/en\/843\/\"\n\t\ttabindex=\"-1\" class=\"vp-portfolio__item-meta\" \t>\n\t\n<div class=\"vp-portfolio__item-meta-categories\">\n\t\t\t<div class=\"vp-portfolio__item-meta-category\">\n\t\t\t\t<span\t\t\t>\n\tOperas<\/span>\t\t<\/div>\n\t\t<\/div>\n\n<h2 class=\"vp-portfolio__item-meta-title\">\n\tL\u2019Elisir d\u2019Amore de Donizetti<\/h2>\n<\/a>\t\t<\/div>\n\t<\/figcaption>\n\t\t\t<\/figure>\n\t\t\t\t\t<\/article>\n\t\t\n\t\t<article\t\tclass=\"vp-portfolio__item-wrap post-976 post type-post status-publish format-standard has-post-thumbnail hentry category-concerts-rencontres tag-archive vp-portfolio__item-uid-1337d7c4\" data-vp-filter=\"concerts-rencontres\" \t\t>\n\t\t\t\t\t\t\t\t\t<figure class=\"vp-portfolio__item\">\n\t\t\t\t\n<div class=\"vp-portfolio__item-img-wrap\">\n\t<div class=\"vp-portfolio__item-img\">\n\t\t\t<a\n\t\thref=\"https:\/\/operafuoco.fr\/en\/autour-de-massenet\/\"\n\t\t\t>\n\t\n\t\t<noscript><img loading=\"lazy\" decoding=\"async\" width=\"1000\" height=\"700\" data-skip-lazy src=\"https:\/\/operafuoco.fr\/wp-content\/uploads\/2019\/04\/Salut-avec-laurent-naouri_web.jpg\" class=\"wp-image-978\" alt=\"\" srcset=\"https:\/\/operafuoco.fr\/wp-content\/uploads\/2019\/04\/Salut-avec-laurent-naouri_web.jpg 1000w, https:\/\/operafuoco.fr\/wp-content\/uploads\/2019\/04\/Salut-avec-laurent-naouri_web-300x210.jpg 300w, https:\/\/operafuoco.fr\/wp-content\/uploads\/2019\/04\/Salut-avec-laurent-naouri_web-768x538.jpg 768w\" sizes=\"(max-width: 1000px) 100vw, 1000px\" \/><\/noscript><img decoding=\"async\" width=\"1000\" height=\"700\" src=\"https:\/\/operafuoco.fr\/wp-content\/uploads\/2019\/04\/Salut-avec-laurent-naouri_web.jpg\" class=\"wp-image-978 vp-lazyload\" alt srcset=\"data:image\/svg+xml;base64,PHN2ZyB3aWR0aD0iMTAwMCIgaGVpZ2h0PSI3MDAiIHZpZXdCb3g9IjAgMCAxMDAwIDcwMCIgZmlsbD0ibm9uZSIgeG1sbnM9Imh0dHA6Ly93d3cudzMub3JnLzIwMDAvc3ZnIj48L3N2Zz4=\" data-src=\"https:\/\/operafuoco.fr\/wp-content\/uploads\/2019\/04\/Salut-avec-laurent-naouri_web.jpg\" data-srcset=\"https:\/\/operafuoco.fr\/wp-content\/uploads\/2019\/04\/Salut-avec-laurent-naouri_web.jpg 1000w, https:\/\/operafuoco.fr\/wp-content\/uploads\/2019\/04\/Salut-avec-laurent-naouri_web-300x210.jpg 300w, https:\/\/operafuoco.fr\/wp-content\/uploads\/2019\/04\/Salut-avec-laurent-naouri_web-768x538.jpg 768w\" data-sizes=\"auto\" loading=\"eager\">\n\t\t<\/a>\t<\/div>\n<\/div>\n\t<figcaption class=\"vp-portfolio__item-overlay vp-portfolio__item-overlay-text-align-center\">\n\t\t<div class=\"vp-portfolio__item-meta-wrap vp-portfolio__custom-scrollbar\">\n\t\t\t\t<a\n\t\thref=\"https:\/\/operafuoco.fr\/en\/autour-de-massenet\/\"\n\t\ttabindex=\"-1\" class=\"vp-portfolio__item-meta\" \t>\n\t\n<div class=\"vp-portfolio__item-meta-categories\">\n\t\t\t<div class=\"vp-portfolio__item-meta-category\">\n\t\t\t\t<span\t\t\t>\n\tEncounter-concerts<\/span>\t\t<\/div>\n\t\t<\/div>\n\n<h2 class=\"vp-portfolio__item-meta-title\">\n\tAutour de Massenet<\/h2>\n<\/a>\t\t<\/div>\n\t<\/figcaption>\n\t\t\t<\/figure>\n\t\t\t\t\t<\/article>\n\t\t\n\t\t<article\t\tclass=\"vp-portfolio__item-wrap post-997 post type-post status-publish format-standard has-post-thumbnail hentry category-concerts-rencontres tag-archive vp-portfolio__item-uid-fab3cadc\" data-vp-filter=\"concerts-rencontres\" \t\t>\n\t\t\t\t\t\t\t\t\t<figure class=\"vp-portfolio__item\">\n\t\t\t\t\n<div class=\"vp-portfolio__item-img-wrap\">\n\t<div class=\"vp-portfolio__item-img\">\n\t\t\t<a\n\t\thref=\"https:\/\/operafuoco.fr\/en\/baroquen-jazz\/\"\n\t\t\t>\n\t\n\t\t<noscript><img loading=\"lazy\" decoding=\"async\" width=\"960\" height=\"410\" data-skip-lazy src=\"https:\/\/operafuoco.fr\/wp-content\/uploads\/2019\/04\/Home-Gallery_RH_Garden_web.jpg\" class=\"wp-image-999\" alt=\"\" srcset=\"https:\/\/operafuoco.fr\/wp-content\/uploads\/2019\/04\/Home-Gallery_RH_Garden_web.jpg 960w, https:\/\/operafuoco.fr\/wp-content\/uploads\/2019\/04\/Home-Gallery_RH_Garden_web-300x128.jpg 300w, https:\/\/operafuoco.fr\/wp-content\/uploads\/2019\/04\/Home-Gallery_RH_Garden_web-768x328.jpg 768w\" sizes=\"(max-width: 960px) 100vw, 960px\" \/><\/noscript><img decoding=\"async\" width=\"960\" height=\"410\" src=\"https:\/\/operafuoco.fr\/wp-content\/uploads\/2019\/04\/Home-Gallery_RH_Garden_web.jpg\" class=\"wp-image-999 vp-lazyload\" alt srcset=\"data:image\/svg+xml;base64,PHN2ZyB3aWR0aD0iOTYwIiBoZWlnaHQ9IjQxMCIgdmlld0JveD0iMCAwIDk2MCA0MTAiIGZpbGw9Im5vbmUiIHhtbG5zPSJodHRwOi8vd3d3LnczLm9yZy8yMDAwL3N2ZyI+PC9zdmc+\" data-src=\"https:\/\/operafuoco.fr\/wp-content\/uploads\/2019\/04\/Home-Gallery_RH_Garden_web.jpg\" data-srcset=\"https:\/\/operafuoco.fr\/wp-content\/uploads\/2019\/04\/Home-Gallery_RH_Garden_web.jpg 960w, https:\/\/operafuoco.fr\/wp-content\/uploads\/2019\/04\/Home-Gallery_RH_Garden_web-300x128.jpg 300w, https:\/\/operafuoco.fr\/wp-content\/uploads\/2019\/04\/Home-Gallery_RH_Garden_web-768x328.jpg 768w\" data-sizes=\"auto\" loading=\"eager\">\n\t\t<\/a>\t<\/div>\n<\/div>\n\t<figcaption class=\"vp-portfolio__item-overlay vp-portfolio__item-overlay-text-align-center\">\n\t\t<div class=\"vp-portfolio__item-meta-wrap vp-portfolio__custom-scrollbar\">\n\t\t\t\t<a\n\t\thref=\"https:\/\/operafuoco.fr\/en\/baroquen-jazz\/\"\n\t\ttabindex=\"-1\" class=\"vp-portfolio__item-meta\" \t>\n\t\n<div class=\"vp-portfolio__item-meta-categories\">\n\t\t\t<div class=\"vp-portfolio__item-meta-category\">\n\t\t\t\t<span\t\t\t>\n\tEncounter-concerts<\/span>\t\t<\/div>\n\t\t<\/div>\n\n<h2 class=\"vp-portfolio__item-meta-title\">\n\tBaroque\u2019n Jazz<\/h2>\n<\/a>\t\t<\/div>\n\t<\/figcaption>\n\t\t\t<\/figure>\n\t\t\t\t\t<\/article>\n\t\t\n\t\t<article\t\tclass=\"vp-portfolio__item-wrap post-858 post type-post status-publish format-standard has-post-thumbnail hentry category-operas tag-archive vp-portfolio__item-uid-c77bf276\" data-vp-filter=\"operas\" \t\t>\n\t\t\t\t\t\t\t\t\t<figure class=\"vp-portfolio__item\">\n\t\t\t\t\n<div class=\"vp-portfolio__item-img-wrap\">\n\t<div class=\"vp-portfolio__item-img\">\n\t\t\t<a\n\t\thref=\"https:\/\/operafuoco.fr\/en\/cosi-fan-tutte-de-mozart\/\"\n\t\t\t>\n\t\n\t\t<noscript><img loading=\"lazy\" decoding=\"async\" width=\"715\" height=\"456\" data-skip-lazy src=\"https:\/\/operafuoco.fr\/wp-content\/uploads\/2019\/04\/Cosi-Fan-Tutte.png\" class=\"wp-image-859\" alt=\"\" srcset=\"https:\/\/operafuoco.fr\/wp-content\/uploads\/2019\/04\/Cosi-Fan-Tutte.png 715w, https:\/\/operafuoco.fr\/wp-content\/uploads\/2019\/04\/Cosi-Fan-Tutte-300x191.png 300w\" sizes=\"(max-width: 715px) 100vw, 715px\" \/><\/noscript><img decoding=\"async\" width=\"715\" height=\"456\" src=\"https:\/\/operafuoco.fr\/wp-content\/uploads\/2019\/04\/Cosi-Fan-Tutte.png\" class=\"wp-image-859 vp-lazyload\" alt srcset=\"data:image\/svg+xml;base64,PHN2ZyB3aWR0aD0iNzE1IiBoZWlnaHQ9IjQ1NiIgdmlld0JveD0iMCAwIDcxNSA0NTYiIGZpbGw9Im5vbmUiIHhtbG5zPSJodHRwOi8vd3d3LnczLm9yZy8yMDAwL3N2ZyI+PC9zdmc+\" data-src=\"https:\/\/operafuoco.fr\/wp-content\/uploads\/2019\/04\/Cosi-Fan-Tutte.png\" data-srcset=\"https:\/\/operafuoco.fr\/wp-content\/uploads\/2019\/04\/Cosi-Fan-Tutte.png 715w, https:\/\/operafuoco.fr\/wp-content\/uploads\/2019\/04\/Cosi-Fan-Tutte-300x191.png 300w\" data-sizes=\"auto\" loading=\"eager\">\n\t\t<\/a>\t<\/div>\n<\/div>\n\t<figcaption class=\"vp-portfolio__item-overlay vp-portfolio__item-overlay-text-align-center\">\n\t\t<div class=\"vp-portfolio__item-meta-wrap vp-portfolio__custom-scrollbar\">\n\t\t\t\t<a\n\t\thref=\"https:\/\/operafuoco.fr\/en\/cosi-fan-tutte-de-mozart\/\"\n\t\ttabindex=\"-1\" class=\"vp-portfolio__item-meta\" \t>\n\t\n<div class=\"vp-portfolio__item-meta-categories\">\n\t\t\t<div class=\"vp-portfolio__item-meta-category\">\n\t\t\t\t<span\t\t\t>\n\tOperas<\/span>\t\t<\/div>\n\t\t<\/div>\n\n<h2 class=\"vp-portfolio__item-meta-title\">\n\tCosi fan tutte de Mozart<\/h2>\n<\/a>\t\t<\/div>\n\t<\/figcaption>\n\t\t\t<\/figure>\n\t\t\t\t\t<\/article>\n\t\t\n\t\t<article\t\tclass=\"vp-portfolio__item-wrap post-1032 post type-post status-publish format-standard has-post-thumbnail hentry category-concerts-rencontres tag-archive vp-portfolio__item-uid-3b43455c\" data-vp-filter=\"concerts-rencontres\" \t\t>\n\t\t\t\t\t\t\t\t\t<figure class=\"vp-portfolio__item\">\n\t\t\t\t\n<div class=\"vp-portfolio__item-img-wrap\">\n\t<div class=\"vp-portfolio__item-img\">\n\t\t\t<a\n\t\thref=\"https:\/\/operafuoco.fr\/en\/monteverdi-cavalli-sartorio\/\"\n\t\t\t>\n\t\n\t\t<noscript><img loading=\"lazy\" decoding=\"async\" width=\"714\" height=\"500\" data-skip-lazy src=\"https:\/\/operafuoco.fr\/wp-content\/uploads\/2019\/04\/V2-M10_5977-web.jpg\" class=\"wp-image-1035\" alt=\"\" srcset=\"https:\/\/operafuoco.fr\/wp-content\/uploads\/2019\/04\/V2-M10_5977-web.jpg 714w, https:\/\/operafuoco.fr\/wp-content\/uploads\/2019\/04\/V2-M10_5977-web-300x210.jpg 300w\" sizes=\"(max-width: 714px) 100vw, 714px\" \/><\/noscript><img decoding=\"async\" width=\"714\" height=\"500\" src=\"https:\/\/operafuoco.fr\/wp-content\/uploads\/2019\/04\/V2-M10_5977-web.jpg\" class=\"wp-image-1035 vp-lazyload\" alt srcset=\"data:image\/svg+xml;base64,PHN2ZyB3aWR0aD0iNzE0IiBoZWlnaHQ9IjUwMCIgdmlld0JveD0iMCAwIDcxNCA1MDAiIGZpbGw9Im5vbmUiIHhtbG5zPSJodHRwOi8vd3d3LnczLm9yZy8yMDAwL3N2ZyI+PC9zdmc+\" data-src=\"https:\/\/operafuoco.fr\/wp-content\/uploads\/2019\/04\/V2-M10_5977-web.jpg\" data-srcset=\"https:\/\/operafuoco.fr\/wp-content\/uploads\/2019\/04\/V2-M10_5977-web.jpg 714w, https:\/\/operafuoco.fr\/wp-content\/uploads\/2019\/04\/V2-M10_5977-web-300x210.jpg 300w\" data-sizes=\"auto\" loading=\"eager\">\n\t\t<\/a>\t<\/div>\n<\/div>\n\t<figcaption class=\"vp-portfolio__item-overlay vp-portfolio__item-overlay-text-align-center\">\n\t\t<div class=\"vp-portfolio__item-meta-wrap vp-portfolio__custom-scrollbar\">\n\t\t\t\t<a\n\t\thref=\"https:\/\/operafuoco.fr\/en\/monteverdi-cavalli-sartorio\/\"\n\t\ttabindex=\"-1\" class=\"vp-portfolio__item-meta\" \t>\n\t\n<div class=\"vp-portfolio__item-meta-categories\">\n\t\t\t<div class=\"vp-portfolio__item-meta-category\">\n\t\t\t\t<span\t\t\t>\n\tEncounter-concerts<\/span>\t\t<\/div>\n\t\t<\/div>\n\n<h2 class=\"vp-portfolio__item-meta-title\">\n\tMonteverdi, Cavalli, Sartorio<\/h2>\n<\/a>\t\t<\/div>\n\t<\/figcaption>\n\t\t\t<\/figure>\n\t\t\t\t\t<\/article>\n\t\t\n\t\t<article\t\tclass=\"vp-portfolio__item-wrap post-849 post type-post status-publish format-standard has-post-thumbnail hentry category-operas tag-archive vp-portfolio__item-uid-a967f3a1\" data-vp-filter=\"operas\" \t\t>\n\t\t\t\t\t\t\t\t\t<figure class=\"vp-portfolio__item\">\n\t\t\t\t\n<div class=\"vp-portfolio__item-img-wrap\">\n\t<div class=\"vp-portfolio__item-img\">\n\t\t\t<a\n\t\thref=\"https:\/\/operafuoco.fr\/en\/cosi-fanciulli-de-bacri\/\"\n\t\t\t>\n\t\n\t\t<noscript><img loading=\"lazy\" decoding=\"async\" width=\"1200\" height=\"500\" data-skip-lazy src=\"https:\/\/operafuoco.fr\/wp-content\/uploads\/2019\/04\/cJJ-Kraemer_Cosi-fanciulli10.jpg\" class=\"wp-image-851\" alt=\"\" srcset=\"https:\/\/operafuoco.fr\/wp-content\/uploads\/2019\/04\/cJJ-Kraemer_Cosi-fanciulli10.jpg 1200w, https:\/\/operafuoco.fr\/wp-content\/uploads\/2019\/04\/cJJ-Kraemer_Cosi-fanciulli10-300x125.jpg 300w, https:\/\/operafuoco.fr\/wp-content\/uploads\/2019\/04\/cJJ-Kraemer_Cosi-fanciulli10-768x320.jpg 768w, https:\/\/operafuoco.fr\/wp-content\/uploads\/2019\/04\/cJJ-Kraemer_Cosi-fanciulli10-1024x427.jpg 1024w\" sizes=\"(max-width: 1200px) 100vw, 1200px\" \/><\/noscript><img decoding=\"async\" width=\"1200\" height=\"500\" src=\"https:\/\/operafuoco.fr\/wp-content\/uploads\/2019\/04\/cJJ-Kraemer_Cosi-fanciulli10.jpg\" class=\"wp-image-851 vp-lazyload\" alt srcset=\"data:image\/svg+xml;base64,PHN2ZyB3aWR0aD0iMTIwMCIgaGVpZ2h0PSI1MDAiIHZpZXdCb3g9IjAgMCAxMjAwIDUwMCIgZmlsbD0ibm9uZSIgeG1sbnM9Imh0dHA6Ly93d3cudzMub3JnLzIwMDAvc3ZnIj48L3N2Zz4=\" data-src=\"https:\/\/operafuoco.fr\/wp-content\/uploads\/2019\/04\/cJJ-Kraemer_Cosi-fanciulli10.jpg\" data-srcset=\"https:\/\/operafuoco.fr\/wp-content\/uploads\/2019\/04\/cJJ-Kraemer_Cosi-fanciulli10.jpg 1200w, https:\/\/operafuoco.fr\/wp-content\/uploads\/2019\/04\/cJJ-Kraemer_Cosi-fanciulli10-300x125.jpg 300w, https:\/\/operafuoco.fr\/wp-content\/uploads\/2019\/04\/cJJ-Kraemer_Cosi-fanciulli10-768x320.jpg 768w, https:\/\/operafuoco.fr\/wp-content\/uploads\/2019\/04\/cJJ-Kraemer_Cosi-fanciulli10-1024x427.jpg 1024w\" data-sizes=\"auto\" loading=\"eager\">\n\t\t<\/a>\t<\/div>\n<\/div>\n\t<figcaption class=\"vp-portfolio__item-overlay vp-portfolio__item-overlay-text-align-center\">\n\t\t<div class=\"vp-portfolio__item-meta-wrap vp-portfolio__custom-scrollbar\">\n\t\t\t\t<a\n\t\thref=\"https:\/\/operafuoco.fr\/en\/cosi-fanciulli-de-bacri\/\"\n\t\ttabindex=\"-1\" class=\"vp-portfolio__item-meta\" \t>\n\t\n<div class=\"vp-portfolio__item-meta-categories\">\n\t\t\t<div class=\"vp-portfolio__item-meta-category\">\n\t\t\t\t<span\t\t\t>\n\tOperas<\/span>\t\t<\/div>\n\t\t<\/div>\n\n<h2 class=\"vp-portfolio__item-meta-title\">\n\tCosi Fanciulli de Bacri<\/h2>\n<\/a>\t\t<\/div>\n\t<\/figcaption>\n\t\t\t<\/figure>\n\t\t\t\t\t<\/article>\n\t\t\n\t\t<article\t\tclass=\"vp-portfolio__item-wrap post-290 post type-post status-publish format-standard has-post-thumbnail hentry category-concerts-rencontres tag-archive vp-portfolio__item-uid-6882b09e\" data-vp-filter=\"concerts-rencontres\" \t\t>\n\t\t\t\t\t\t\t\t\t<figure class=\"vp-portfolio__item\">\n\t\t\t\t\n<div class=\"vp-portfolio__item-img-wrap\">\n\t<div class=\"vp-portfolio__item-img\">\n\t\t\t<a\n\t\thref=\"https:\/\/operafuoco.fr\/en\/autour-de-john-cage\/\"\n\t\t\t>\n\t\n\t\t<noscript><img loading=\"lazy\" decoding=\"async\" width=\"600\" height=\"469\" data-skip-lazy src=\"https:\/\/operafuoco.fr\/wp-content\/uploads\/2019\/03\/M10_1833-copy.jpg\" class=\"wp-image-292\" alt=\"\" srcset=\"https:\/\/operafuoco.fr\/wp-content\/uploads\/2019\/03\/M10_1833-copy.jpg 600w, https:\/\/operafuoco.fr\/wp-content\/uploads\/2019\/03\/M10_1833-copy-300x235.jpg 300w\" sizes=\"(max-width: 600px) 100vw, 600px\" \/><\/noscript><img decoding=\"async\" width=\"600\" height=\"469\" src=\"https:\/\/operafuoco.fr\/wp-content\/uploads\/2019\/03\/M10_1833-copy.jpg\" class=\"wp-image-292 vp-lazyload\" alt srcset=\"data:image\/svg+xml;base64,PHN2ZyB3aWR0aD0iNjAwIiBoZWlnaHQ9IjQ2OSIgdmlld0JveD0iMCAwIDYwMCA0NjkiIGZpbGw9Im5vbmUiIHhtbG5zPSJodHRwOi8vd3d3LnczLm9yZy8yMDAwL3N2ZyI+PC9zdmc+\" data-src=\"https:\/\/operafuoco.fr\/wp-content\/uploads\/2019\/03\/M10_1833-copy.jpg\" data-srcset=\"https:\/\/operafuoco.fr\/wp-content\/uploads\/2019\/03\/M10_1833-copy.jpg 600w, https:\/\/operafuoco.fr\/wp-content\/uploads\/2019\/03\/M10_1833-copy-300x235.jpg 300w\" data-sizes=\"auto\" loading=\"eager\">\n\t\t<\/a>\t<\/div>\n<\/div>\n\t<figcaption class=\"vp-portfolio__item-overlay vp-portfolio__item-overlay-text-align-center\">\n\t\t<div class=\"vp-portfolio__item-meta-wrap vp-portfolio__custom-scrollbar\">\n\t\t\t\t<a\n\t\thref=\"https:\/\/operafuoco.fr\/en\/autour-de-john-cage\/\"\n\t\ttabindex=\"-1\" class=\"vp-portfolio__item-meta\" \t>\n\t\n<div class=\"vp-portfolio__item-meta-categories\">\n\t\t\t<div class=\"vp-portfolio__item-meta-category\">\n\t\t\t\t<span\t\t\t>\n\tEncounter-concerts<\/span>\t\t<\/div>\n\t\t<\/div>\n\n<h2 class=\"vp-portfolio__item-meta-title\">\n\tAround John Cage<\/h2>\n<\/a>\t\t<\/div>\n\t<\/figcaption>\n\t\t\t<\/figure>\n\t\t\t\t\t<\/article>\n\t\t\n\t\t<article\t\tclass=\"vp-portfolio__item-wrap post-869 post type-post status-publish format-standard has-post-thumbnail hentry category-operas tag-archive vp-portfolio__item-uid-9b519123\" data-vp-filter=\"operas\" \t\t>\n\t\t\t\t\t\t\t\t\t<figure class=\"vp-portfolio__item\">\n\t\t\t\t\n<div class=\"vp-portfolio__item-img-wrap\">\n\t<div class=\"vp-portfolio__item-img\">\n\t\t\t<a\n\t\thref=\"https:\/\/operafuoco.fr\/en\/zanaida-de-jc-bach\/\"\n\t\t\t>\n\t\n\t\t<noscript><img loading=\"lazy\" decoding=\"async\" width=\"1200\" height=\"800\" data-skip-lazy src=\"https:\/\/operafuoco.fr\/wp-content\/uploads\/2019\/04\/BF_2011_Nr.53_003-low1.jpg\" class=\"wp-image-871\" alt=\"\" srcset=\"https:\/\/operafuoco.fr\/wp-content\/uploads\/2019\/04\/BF_2011_Nr.53_003-low1.jpg 1200w, https:\/\/operafuoco.fr\/wp-content\/uploads\/2019\/04\/BF_2011_Nr.53_003-low1-300x200.jpg 300w, https:\/\/operafuoco.fr\/wp-content\/uploads\/2019\/04\/BF_2011_Nr.53_003-low1-768x512.jpg 768w, https:\/\/operafuoco.fr\/wp-content\/uploads\/2019\/04\/BF_2011_Nr.53_003-low1-1024x683.jpg 1024w, https:\/\/operafuoco.fr\/wp-content\/uploads\/2019\/04\/BF_2011_Nr.53_003-low1-600x400.jpg 600w\" sizes=\"(max-width: 1200px) 100vw, 1200px\" \/><\/noscript><img decoding=\"async\" width=\"1200\" height=\"800\" src=\"https:\/\/operafuoco.fr\/wp-content\/uploads\/2019\/04\/BF_2011_Nr.53_003-low1.jpg\" class=\"wp-image-871 vp-lazyload\" alt srcset=\"data:image\/svg+xml;base64,PHN2ZyB3aWR0aD0iMTIwMCIgaGVpZ2h0PSI4MDAiIHZpZXdCb3g9IjAgMCAxMjAwIDgwMCIgZmlsbD0ibm9uZSIgeG1sbnM9Imh0dHA6Ly93d3cudzMub3JnLzIwMDAvc3ZnIj48L3N2Zz4=\" data-src=\"https:\/\/operafuoco.fr\/wp-content\/uploads\/2019\/04\/BF_2011_Nr.53_003-low1.jpg\" data-srcset=\"https:\/\/operafuoco.fr\/wp-content\/uploads\/2019\/04\/BF_2011_Nr.53_003-low1.jpg 1200w, https:\/\/operafuoco.fr\/wp-content\/uploads\/2019\/04\/BF_2011_Nr.53_003-low1-300x200.jpg 300w, https:\/\/operafuoco.fr\/wp-content\/uploads\/2019\/04\/BF_2011_Nr.53_003-low1-768x512.jpg 768w, https:\/\/operafuoco.fr\/wp-content\/uploads\/2019\/04\/BF_2011_Nr.53_003-low1-1024x683.jpg 1024w, https:\/\/operafuoco.fr\/wp-content\/uploads\/2019\/04\/BF_2011_Nr.53_003-low1-600x400.jpg 600w\" data-sizes=\"auto\" loading=\"eager\">\n\t\t<\/a>\t<\/div>\n<\/div>\n\t<figcaption class=\"vp-portfolio__item-overlay vp-portfolio__item-overlay-text-align-center\">\n\t\t<div class=\"vp-portfolio__item-meta-wrap vp-portfolio__custom-scrollbar\">\n\t\t\t\t<a\n\t\thref=\"https:\/\/operafuoco.fr\/en\/zanaida-de-jc-bach\/\"\n\t\ttabindex=\"-1\" class=\"vp-portfolio__item-meta\" \t>\n\t\n<div class=\"vp-portfolio__item-meta-categories\">\n\t\t\t<div class=\"vp-portfolio__item-meta-category\">\n\t\t\t\t<span\t\t\t>\n\tOperas<\/span>\t\t<\/div>\n\t\t<\/div>\n\n<h2 class=\"vp-portfolio__item-meta-title\">\n\tZana\u00efda by JC Bach<\/h2>\n<\/a>\t\t<\/div>\n\t<\/figcaption>\n\t\t\t<\/figure>\n\t\t\t\t\t<\/article>\n\t\t\n\t\t<article\t\tclass=\"vp-portfolio__item-wrap post-1001 post type-post status-publish format-standard has-post-thumbnail hentry category-concerts-rencontres tag-archive vp-portfolio__item-uid-89674725\" data-vp-filter=\"concerts-rencontres\" \t\t>\n\t\t\t\t\t\t\t\t\t<figure class=\"vp-portfolio__item\">\n\t\t\t\t\n<div class=\"vp-portfolio__item-img-wrap\">\n\t<div class=\"vp-portfolio__item-img\">\n\t\t\t<a\n\t\thref=\"https:\/\/operafuoco.fr\/en\/bernstein-gershwin-ives\/\"\n\t\t\t>\n\t\n\t\t<noscript><img loading=\"lazy\" decoding=\"async\" width=\"320\" height=\"240\" data-skip-lazy src=\"https:\/\/operafuoco.fr\/wp-content\/uploads\/2019\/04\/IMG_2620.jpg\" class=\"wp-image-1002\" alt=\"\" srcset=\"https:\/\/operafuoco.fr\/wp-content\/uploads\/2019\/04\/IMG_2620.jpg 320w, https:\/\/operafuoco.fr\/wp-content\/uploads\/2019\/04\/IMG_2620-300x225.jpg 300w\" sizes=\"(max-width: 320px) 100vw, 320px\" \/><\/noscript><img decoding=\"async\" width=\"320\" height=\"240\" src=\"https:\/\/operafuoco.fr\/wp-content\/uploads\/2019\/04\/IMG_2620.jpg\" class=\"wp-image-1002 vp-lazyload\" alt srcset=\"data:image\/svg+xml;base64,PHN2ZyB3aWR0aD0iMzIwIiBoZWlnaHQ9IjI0MCIgdmlld0JveD0iMCAwIDMyMCAyNDAiIGZpbGw9Im5vbmUiIHhtbG5zPSJodHRwOi8vd3d3LnczLm9yZy8yMDAwL3N2ZyI+PC9zdmc+\" data-src=\"https:\/\/operafuoco.fr\/wp-content\/uploads\/2019\/04\/IMG_2620.jpg\" data-srcset=\"https:\/\/operafuoco.fr\/wp-content\/uploads\/2019\/04\/IMG_2620.jpg 320w, https:\/\/operafuoco.fr\/wp-content\/uploads\/2019\/04\/IMG_2620-300x225.jpg 300w\" data-sizes=\"auto\" loading=\"eager\">\n\t\t<\/a>\t<\/div>\n<\/div>\n\t<figcaption class=\"vp-portfolio__item-overlay vp-portfolio__item-overlay-text-align-center\">\n\t\t<div class=\"vp-portfolio__item-meta-wrap vp-portfolio__custom-scrollbar\">\n\t\t\t\t<a\n\t\thref=\"https:\/\/operafuoco.fr\/en\/bernstein-gershwin-ives\/\"\n\t\ttabindex=\"-1\" class=\"vp-portfolio__item-meta\" \t>\n\t\n<div class=\"vp-portfolio__item-meta-categories\">\n\t\t\t<div class=\"vp-portfolio__item-meta-category\">\n\t\t\t\t<span\t\t\t>\n\tEncounter-concerts<\/span>\t\t<\/div>\n\t\t<\/div>\n\n<h2 class=\"vp-portfolio__item-meta-title\">\n\tBernstein, Gershwin, Ives<\/h2>\n<\/a>\t\t<\/div>\n\t<\/figcaption>\n\t\t\t<\/figure>\n\t\t\t\t\t<\/article>\n\t\t\n\t\t<article\t\tclass=\"vp-portfolio__item-wrap post-1111 post type-post status-publish format-standard has-post-thumbnail hentry category-concerts tag-archive vp-portfolio__item-uid-91be1c53\" data-vp-filter=\"concerts\" \t\t>\n\t\t\t\t\t\t\t\t\t<figure class=\"vp-portfolio__item\">\n\t\t\t\t\n<div class=\"vp-portfolio__item-img-wrap\">\n\t<div class=\"vp-portfolio__item-img\">\n\t\t\t<a\n\t\thref=\"https:\/\/operafuoco.fr\/en\/tag-des-gerichts\/\"\n\t\t\t>\n\t\n\t\t<noscript><img loading=\"lazy\" decoding=\"async\" width=\"817\" height=\"600\" data-skip-lazy src=\"https:\/\/operafuoco.fr\/wp-content\/uploads\/2019\/04\/332web.jpg\" class=\"wp-image-1112\" alt=\"\" srcset=\"https:\/\/operafuoco.fr\/wp-content\/uploads\/2019\/04\/332web.jpg 817w, https:\/\/operafuoco.fr\/wp-content\/uploads\/2019\/04\/332web-300x220.jpg 300w, https:\/\/operafuoco.fr\/wp-content\/uploads\/2019\/04\/332web-768x564.jpg 768w\" sizes=\"(max-width: 817px) 100vw, 817px\" \/><\/noscript><img decoding=\"async\" width=\"817\" height=\"600\" src=\"https:\/\/operafuoco.fr\/wp-content\/uploads\/2019\/04\/332web.jpg\" class=\"wp-image-1112 vp-lazyload\" alt srcset=\"data:image\/svg+xml;base64,PHN2ZyB3aWR0aD0iODE3IiBoZWlnaHQ9IjYwMCIgdmlld0JveD0iMCAwIDgxNyA2MDAiIGZpbGw9Im5vbmUiIHhtbG5zPSJodHRwOi8vd3d3LnczLm9yZy8yMDAwL3N2ZyI+PC9zdmc+\" data-src=\"https:\/\/operafuoco.fr\/wp-content\/uploads\/2019\/04\/332web.jpg\" data-srcset=\"https:\/\/operafuoco.fr\/wp-content\/uploads\/2019\/04\/332web.jpg 817w, https:\/\/operafuoco.fr\/wp-content\/uploads\/2019\/04\/332web-300x220.jpg 300w, https:\/\/operafuoco.fr\/wp-content\/uploads\/2019\/04\/332web-768x564.jpg 768w\" data-sizes=\"auto\" loading=\"eager\">\n\t\t<\/a>\t<\/div>\n<\/div>\n\t<figcaption class=\"vp-portfolio__item-overlay vp-portfolio__item-overlay-text-align-center\">\n\t\t<div class=\"vp-portfolio__item-meta-wrap vp-portfolio__custom-scrollbar\">\n\t\t\t\t<a\n\t\thref=\"https:\/\/operafuoco.fr\/en\/tag-des-gerichts\/\"\n\t\ttabindex=\"-1\" class=\"vp-portfolio__item-meta\" \t>\n\t\n<div class=\"vp-portfolio__item-meta-categories\">\n\t\t\t<div class=\"vp-portfolio__item-meta-category\">\n\t\t\t\t<span\t\t\t>\n\tConcerts<\/span>\t\t<\/div>\n\t\t<\/div>\n\n<h2 class=\"vp-portfolio__item-meta-title\">\n\tTag des Gerichts<\/h2>\n<\/a>\t\t<\/div>\n\t<\/figcaption>\n\t\t\t<\/figure>\n\t\t\t\t\t<\/article>\n\t\t\n\t\t<article\t\tclass=\"vp-portfolio__item-wrap post-1099 post type-post status-publish format-standard has-post-thumbnail hentry category-concerts tag-archive vp-portfolio__item-uid-567e745e\" data-vp-filter=\"concerts\" \t\t>\n\t\t\t\t\t\t\t\t\t<figure class=\"vp-portfolio__item\">\n\t\t\t\t\n<div class=\"vp-portfolio__item-img-wrap\">\n\t<div class=\"vp-portfolio__item-img\">\n\t\t\t<a\n\t\thref=\"https:\/\/operafuoco.fr\/en\/cantates-romantiques\/\"\n\t\t\t>\n\t\n\t\t<noscript><img loading=\"lazy\" decoding=\"async\" width=\"1000\" height=\"700\" data-skip-lazy src=\"https:\/\/operafuoco.fr\/wp-content\/uploads\/2019\/04\/IMGP9958web.jpg\" class=\"wp-image-1101\" alt=\"\" srcset=\"https:\/\/operafuoco.fr\/wp-content\/uploads\/2019\/04\/IMGP9958web.jpg 1000w, https:\/\/operafuoco.fr\/wp-content\/uploads\/2019\/04\/IMGP9958web-300x210.jpg 300w, https:\/\/operafuoco.fr\/wp-content\/uploads\/2019\/04\/IMGP9958web-768x538.jpg 768w\" sizes=\"(max-width: 1000px) 100vw, 1000px\" \/><\/noscript><img decoding=\"async\" width=\"1000\" height=\"700\" src=\"https:\/\/operafuoco.fr\/wp-content\/uploads\/2019\/04\/IMGP9958web.jpg\" class=\"wp-image-1101 vp-lazyload\" alt srcset=\"data:image\/svg+xml;base64,PHN2ZyB3aWR0aD0iMTAwMCIgaGVpZ2h0PSI3MDAiIHZpZXdCb3g9IjAgMCAxMDAwIDcwMCIgZmlsbD0ibm9uZSIgeG1sbnM9Imh0dHA6Ly93d3cudzMub3JnLzIwMDAvc3ZnIj48L3N2Zz4=\" data-src=\"https:\/\/operafuoco.fr\/wp-content\/uploads\/2019\/04\/IMGP9958web.jpg\" data-srcset=\"https:\/\/operafuoco.fr\/wp-content\/uploads\/2019\/04\/IMGP9958web.jpg 1000w, https:\/\/operafuoco.fr\/wp-content\/uploads\/2019\/04\/IMGP9958web-300x210.jpg 300w, https:\/\/operafuoco.fr\/wp-content\/uploads\/2019\/04\/IMGP9958web-768x538.jpg 768w\" data-sizes=\"auto\" loading=\"eager\">\n\t\t<\/a>\t<\/div>\n<\/div>\n\t<figcaption class=\"vp-portfolio__item-overlay vp-portfolio__item-overlay-text-align-center\">\n\t\t<div class=\"vp-portfolio__item-meta-wrap vp-portfolio__custom-scrollbar\">\n\t\t\t\t<a\n\t\thref=\"https:\/\/operafuoco.fr\/en\/cantates-romantiques\/\"\n\t\ttabindex=\"-1\" class=\"vp-portfolio__item-meta\" \t>\n\t\n<div class=\"vp-portfolio__item-meta-categories\">\n\t\t\t<div class=\"vp-portfolio__item-meta-category\">\n\t\t\t\t<span\t\t\t>\n\tConcerts<\/span>\t\t<\/div>\n\t\t<\/div>\n\n<h2 class=\"vp-portfolio__item-meta-title\">\n\tCantates Romantiques<\/h2>\n<\/a>\t\t<\/div>\n\t<\/figcaption>\n\t\t\t<\/figure>\n\t\t\t\t\t<\/article>\n\t\t\n\t\t<article\t\tclass=\"vp-portfolio__item-wrap post-1096 post type-post status-publish format-standard has-post-thumbnail hentry category-concerts tag-archive vp-portfolio__item-uid-c6c169cf\" data-vp-filter=\"concerts\" \t\t>\n\t\t\t\t\t\t\t\t\t<figure class=\"vp-portfolio__item\">\n\t\t\t\t\n<div class=\"vp-portfolio__item-img-wrap\">\n\t<div class=\"vp-portfolio__item-img\">\n\t\t\t<a\n\t\thref=\"https:\/\/operafuoco.fr\/en\/lode-au-tonnerre-de-telemann\/\"\n\t\t\t>\n\t\n\t\t<noscript><img loading=\"lazy\" decoding=\"async\" width=\"1064\" height=\"600\" data-skip-lazy src=\"https:\/\/operafuoco.fr\/wp-content\/uploads\/2019\/04\/OdeAuTonnerre_web.jpg\" class=\"wp-image-1097\" alt=\"\" srcset=\"https:\/\/operafuoco.fr\/wp-content\/uploads\/2019\/04\/OdeAuTonnerre_web.jpg 1064w, https:\/\/operafuoco.fr\/wp-content\/uploads\/2019\/04\/OdeAuTonnerre_web-300x169.jpg 300w, https:\/\/operafuoco.fr\/wp-content\/uploads\/2019\/04\/OdeAuTonnerre_web-768x433.jpg 768w, https:\/\/operafuoco.fr\/wp-content\/uploads\/2019\/04\/OdeAuTonnerre_web-1024x577.jpg 1024w\" sizes=\"(max-width: 1064px) 100vw, 1064px\" \/><\/noscript><img decoding=\"async\" width=\"1064\" height=\"600\" src=\"https:\/\/operafuoco.fr\/wp-content\/uploads\/2019\/04\/OdeAuTonnerre_web.jpg\" class=\"wp-image-1097 vp-lazyload\" alt srcset=\"data:image\/svg+xml;base64,PHN2ZyB3aWR0aD0iMTA2NCIgaGVpZ2h0PSI2MDAiIHZpZXdCb3g9IjAgMCAxMDY0IDYwMCIgZmlsbD0ibm9uZSIgeG1sbnM9Imh0dHA6Ly93d3cudzMub3JnLzIwMDAvc3ZnIj48L3N2Zz4=\" data-src=\"https:\/\/operafuoco.fr\/wp-content\/uploads\/2019\/04\/OdeAuTonnerre_web.jpg\" data-srcset=\"https:\/\/operafuoco.fr\/wp-content\/uploads\/2019\/04\/OdeAuTonnerre_web.jpg 1064w, https:\/\/operafuoco.fr\/wp-content\/uploads\/2019\/04\/OdeAuTonnerre_web-300x169.jpg 300w, https:\/\/operafuoco.fr\/wp-content\/uploads\/2019\/04\/OdeAuTonnerre_web-768x433.jpg 768w, https:\/\/operafuoco.fr\/wp-content\/uploads\/2019\/04\/OdeAuTonnerre_web-1024x577.jpg 1024w\" data-sizes=\"auto\" loading=\"eager\">\n\t\t<\/a>\t<\/div>\n<\/div>\n\t<figcaption class=\"vp-portfolio__item-overlay vp-portfolio__item-overlay-text-align-center\">\n\t\t<div class=\"vp-portfolio__item-meta-wrap vp-portfolio__custom-scrollbar\">\n\t\t\t\t<a\n\t\thref=\"https:\/\/operafuoco.fr\/en\/lode-au-tonnerre-de-telemann\/\"\n\t\ttabindex=\"-1\" class=\"vp-portfolio__item-meta\" \t>\n\t\n<div class=\"vp-portfolio__item-meta-categories\">\n\t\t\t<div class=\"vp-portfolio__item-meta-category\">\n\t\t\t\t<span\t\t\t>\n\tConcerts<\/span>\t\t<\/div>\n\t\t<\/div>\n\n<h2 class=\"vp-portfolio__item-meta-title\">\n\tL\u2019Ode au tonnerre by Telemann<\/h2>\n<\/a>\t\t<\/div>\n\t<\/figcaption>\n\t\t\t<\/figure>\n\t\t\t\t\t<\/article>\n\t\t\n\t\t<article\t\tclass=\"vp-portfolio__item-wrap post-1093 post type-post status-publish format-standard has-post-thumbnail hentry category-concerts tag-archive vp-portfolio__item-uid-b6ab9d40\" data-vp-filter=\"concerts\" \t\t>\n\t\t\t\t\t\t\t\t\t<figure class=\"vp-portfolio__item\">\n\t\t\t\t\n<div class=\"vp-portfolio__item-img-wrap\">\n\t<div class=\"vp-portfolio__item-img\">\n\t\t\t<a\n\t\thref=\"https:\/\/operafuoco.fr\/en\/recital-alice-coote\/\"\n\t\t\t>\n\t\n\t\t<noscript><img loading=\"lazy\" decoding=\"async\" width=\"480\" height=\"460\" data-skip-lazy src=\"https:\/\/operafuoco.fr\/wp-content\/uploads\/2019\/04\/Alice-Coote.jpg\" class=\"wp-image-1094\" alt=\"\" srcset=\"https:\/\/operafuoco.fr\/wp-content\/uploads\/2019\/04\/Alice-Coote.jpg 480w, https:\/\/operafuoco.fr\/wp-content\/uploads\/2019\/04\/Alice-Coote-300x288.jpg 300w\" sizes=\"(max-width: 480px) 100vw, 480px\" \/><\/noscript><img decoding=\"async\" width=\"480\" height=\"460\" src=\"https:\/\/operafuoco.fr\/wp-content\/uploads\/2019\/04\/Alice-Coote.jpg\" class=\"wp-image-1094 vp-lazyload\" alt srcset=\"data:image\/svg+xml;base64,PHN2ZyB3aWR0aD0iNDgwIiBoZWlnaHQ9IjQ2MCIgdmlld0JveD0iMCAwIDQ4MCA0NjAiIGZpbGw9Im5vbmUiIHhtbG5zPSJodHRwOi8vd3d3LnczLm9yZy8yMDAwL3N2ZyI+PC9zdmc+\" data-src=\"https:\/\/operafuoco.fr\/wp-content\/uploads\/2019\/04\/Alice-Coote.jpg\" data-srcset=\"https:\/\/operafuoco.fr\/wp-content\/uploads\/2019\/04\/Alice-Coote.jpg 480w, https:\/\/operafuoco.fr\/wp-content\/uploads\/2019\/04\/Alice-Coote-300x288.jpg 300w\" data-sizes=\"auto\" loading=\"eager\">\n\t\t<\/a>\t<\/div>\n<\/div>\n\t<figcaption class=\"vp-portfolio__item-overlay vp-portfolio__item-overlay-text-align-center\">\n\t\t<div class=\"vp-portfolio__item-meta-wrap vp-portfolio__custom-scrollbar\">\n\t\t\t\t<a\n\t\thref=\"https:\/\/operafuoco.fr\/en\/recital-alice-coote\/\"\n\t\ttabindex=\"-1\" class=\"vp-portfolio__item-meta\" \t>\n\t\n<div class=\"vp-portfolio__item-meta-categories\">\n\t\t\t<div class=\"vp-portfolio__item-meta-category\">\n\t\t\t\t<span\t\t\t>\n\tConcerts<\/span>\t\t<\/div>\n\t\t<\/div>\n\n<h2 class=\"vp-portfolio__item-meta-title\">\n\tR\u00e9cital Alice Coote<\/h2>\n<\/a>\t\t<\/div>\n\t<\/figcaption>\n\t\t\t<\/figure>\n\t\t\t\t\t<\/article>\n\t\t\n\t\t<article\t\tclass=\"vp-portfolio__item-wrap post-1086 post type-post status-publish format-standard has-post-thumbnail hentry category-concerts tag-archive vp-portfolio__item-uid-dfda588e\" data-vp-filter=\"concerts\" \t\t>\n\t\t\t\t\t\t\t\t\t<figure class=\"vp-portfolio__item\">\n\t\t\t\t\n<div class=\"vp-portfolio__item-img-wrap\">\n\t<div class=\"vp-portfolio__item-img\">\n\t\t\t<a\n\t\thref=\"https:\/\/operafuoco.fr\/en\/concert-opera-fuoco-sso\/\"\n\t\t\t>\n\t\n\t\t<noscript><img loading=\"lazy\" decoding=\"async\" width=\"720\" height=\"400\" data-skip-lazy src=\"https:\/\/operafuoco.fr\/wp-content\/uploads\/2019\/04\/1917073_web-1.jpg\" class=\"wp-image-1089\" alt=\"\" srcset=\"https:\/\/operafuoco.fr\/wp-content\/uploads\/2019\/04\/1917073_web-1.jpg 720w, https:\/\/operafuoco.fr\/wp-content\/uploads\/2019\/04\/1917073_web-1-300x167.jpg 300w\" sizes=\"(max-width: 720px) 100vw, 720px\" \/><\/noscript><img decoding=\"async\" width=\"720\" height=\"400\" src=\"https:\/\/operafuoco.fr\/wp-content\/uploads\/2019\/04\/1917073_web-1.jpg\" class=\"wp-image-1089 vp-lazyload\" alt srcset=\"data:image\/svg+xml;base64,PHN2ZyB3aWR0aD0iNzIwIiBoZWlnaHQ9IjQwMCIgdmlld0JveD0iMCAwIDcyMCA0MDAiIGZpbGw9Im5vbmUiIHhtbG5zPSJodHRwOi8vd3d3LnczLm9yZy8yMDAwL3N2ZyI+PC9zdmc+\" data-src=\"https:\/\/operafuoco.fr\/wp-content\/uploads\/2019\/04\/1917073_web-1.jpg\" data-srcset=\"https:\/\/operafuoco.fr\/wp-content\/uploads\/2019\/04\/1917073_web-1.jpg 720w, https:\/\/operafuoco.fr\/wp-content\/uploads\/2019\/04\/1917073_web-1-300x167.jpg 300w\" data-sizes=\"auto\" loading=\"eager\">\n\t\t<\/a>\t<\/div>\n<\/div>\n\t<figcaption class=\"vp-portfolio__item-overlay vp-portfolio__item-overlay-text-align-center\">\n\t\t<div class=\"vp-portfolio__item-meta-wrap vp-portfolio__custom-scrollbar\">\n\t\t\t\t<a\n\t\thref=\"https:\/\/operafuoco.fr\/en\/concert-opera-fuoco-sso\/\"\n\t\ttabindex=\"-1\" class=\"vp-portfolio__item-meta\" \t>\n\t\n<div class=\"vp-portfolio__item-meta-categories\">\n\t\t\t<div class=\"vp-portfolio__item-meta-category\">\n\t\t\t\t<span\t\t\t>\n\tConcerts<\/span>\t\t<\/div>\n\t\t<\/div>\n\n<h2 class=\"vp-portfolio__item-meta-title\">\n\tConcert Opera Fuoco \/ SSO<\/h2>\n<\/a>\t\t<\/div>\n\t<\/figcaption>\n\t\t\t<\/figure>\n\t\t\t\t\t<\/article>\n\t\t\n\t\t<article\t\tclass=\"vp-portfolio__item-wrap post-1077 post type-post status-publish format-standard has-post-thumbnail hentry category-concerts tag-archive vp-portfolio__item-uid-2f4574d7\" data-vp-filter=\"concerts\" \t\t>\n\t\t\t\t\t\t\t\t\t<figure class=\"vp-portfolio__item\">\n\t\t\t\t\n<div class=\"vp-portfolio__item-img-wrap\">\n\t<div class=\"vp-portfolio__item-img\">\n\t\t\t<a\n\t\thref=\"https:\/\/operafuoco.fr\/en\/natalie-dessay-and-friends\/\"\n\t\t\t>\n\t\n\t\t<noscript><img loading=\"lazy\" decoding=\"async\" width=\"635\" height=\"635\" data-skip-lazy src=\"https:\/\/operafuoco.fr\/wp-content\/uploads\/2019\/04\/NATALIE-DESSAY_web.jpg\" class=\"wp-image-1078\" alt=\"\" srcset=\"https:\/\/operafuoco.fr\/wp-content\/uploads\/2019\/04\/NATALIE-DESSAY_web.jpg 635w, https:\/\/operafuoco.fr\/wp-content\/uploads\/2019\/04\/NATALIE-DESSAY_web-150x150.jpg 150w, https:\/\/operafuoco.fr\/wp-content\/uploads\/2019\/04\/NATALIE-DESSAY_web-300x300.jpg 300w, https:\/\/operafuoco.fr\/wp-content\/uploads\/2019\/04\/NATALIE-DESSAY_web-600x600.jpg 600w\" sizes=\"(max-width: 635px) 100vw, 635px\" \/><\/noscript><img decoding=\"async\" width=\"635\" height=\"635\" src=\"https:\/\/operafuoco.fr\/wp-content\/uploads\/2019\/04\/NATALIE-DESSAY_web.jpg\" class=\"wp-image-1078 vp-lazyload\" alt srcset=\"data:image\/svg+xml;base64,PHN2ZyB3aWR0aD0iNjM1IiBoZWlnaHQ9IjYzNSIgdmlld0JveD0iMCAwIDYzNSA2MzUiIGZpbGw9Im5vbmUiIHhtbG5zPSJodHRwOi8vd3d3LnczLm9yZy8yMDAwL3N2ZyI+PC9zdmc+\" data-src=\"https:\/\/operafuoco.fr\/wp-content\/uploads\/2019\/04\/NATALIE-DESSAY_web.jpg\" data-srcset=\"https:\/\/operafuoco.fr\/wp-content\/uploads\/2019\/04\/NATALIE-DESSAY_web.jpg 635w, https:\/\/operafuoco.fr\/wp-content\/uploads\/2019\/04\/NATALIE-DESSAY_web-150x150.jpg 150w, https:\/\/operafuoco.fr\/wp-content\/uploads\/2019\/04\/NATALIE-DESSAY_web-300x300.jpg 300w, https:\/\/operafuoco.fr\/wp-content\/uploads\/2019\/04\/NATALIE-DESSAY_web-600x600.jpg 600w\" data-sizes=\"auto\" loading=\"eager\">\n\t\t<\/a>\t<\/div>\n<\/div>\n\t<figcaption class=\"vp-portfolio__item-overlay vp-portfolio__item-overlay-text-align-center\">\n\t\t<div class=\"vp-portfolio__item-meta-wrap vp-portfolio__custom-scrollbar\">\n\t\t\t\t<a\n\t\thref=\"https:\/\/operafuoco.fr\/en\/natalie-dessay-and-friends\/\"\n\t\ttabindex=\"-1\" class=\"vp-portfolio__item-meta\" \t>\n\t\n<div class=\"vp-portfolio__item-meta-categories\">\n\t\t\t<div class=\"vp-portfolio__item-meta-category\">\n\t\t\t\t<span\t\t\t>\n\tConcerts<\/span>\t\t<\/div>\n\t\t<\/div>\n\n<h2 class=\"vp-portfolio__item-meta-title\">\n\tNatalie Dessay and friends<\/h2>\n<\/a>\t\t<\/div>\n\t<\/figcaption>\n\t\t\t<\/figure>\n\t\t\t\t\t<\/article>\n\t\t\n\t\t<article\t\tclass=\"vp-portfolio__item-wrap post-1064 post type-post status-publish format-standard has-post-thumbnail hentry category-concerts tag-archive vp-portfolio__item-uid-af57142c\" data-vp-filter=\"concerts\" \t\t>\n\t\t\t\t\t\t\t\t\t<figure class=\"vp-portfolio__item\">\n\t\t\t\t\n<div class=\"vp-portfolio__item-img-wrap\">\n\t<div class=\"vp-portfolio__item-img\">\n\t\t\t<a\n\t\thref=\"https:\/\/operafuoco.fr\/en\/concerts-bach\/\"\n\t\t\t>\n\t\n\t\t<noscript><img loading=\"lazy\" decoding=\"async\" width=\"1000\" height=\"700\" data-skip-lazy src=\"https:\/\/operafuoco.fr\/wp-content\/uploads\/2019\/04\/IMG_3260web.jpg\" class=\"wp-image-1066\" alt=\"\" srcset=\"https:\/\/operafuoco.fr\/wp-content\/uploads\/2019\/04\/IMG_3260web.jpg 1000w, https:\/\/operafuoco.fr\/wp-content\/uploads\/2019\/04\/IMG_3260web-300x210.jpg 300w, https:\/\/operafuoco.fr\/wp-content\/uploads\/2019\/04\/IMG_3260web-768x538.jpg 768w\" sizes=\"(max-width: 1000px) 100vw, 1000px\" \/><\/noscript><img decoding=\"async\" width=\"1000\" height=\"700\" src=\"https:\/\/operafuoco.fr\/wp-content\/uploads\/2019\/04\/IMG_3260web.jpg\" class=\"wp-image-1066 vp-lazyload\" alt srcset=\"data:image\/svg+xml;base64,PHN2ZyB3aWR0aD0iMTAwMCIgaGVpZ2h0PSI3MDAiIHZpZXdCb3g9IjAgMCAxMDAwIDcwMCIgZmlsbD0ibm9uZSIgeG1sbnM9Imh0dHA6Ly93d3cudzMub3JnLzIwMDAvc3ZnIj48L3N2Zz4=\" data-src=\"https:\/\/operafuoco.fr\/wp-content\/uploads\/2019\/04\/IMG_3260web.jpg\" data-srcset=\"https:\/\/operafuoco.fr\/wp-content\/uploads\/2019\/04\/IMG_3260web.jpg 1000w, https:\/\/operafuoco.fr\/wp-content\/uploads\/2019\/04\/IMG_3260web-300x210.jpg 300w, https:\/\/operafuoco.fr\/wp-content\/uploads\/2019\/04\/IMG_3260web-768x538.jpg 768w\" data-sizes=\"auto\" loading=\"eager\">\n\t\t<\/a>\t<\/div>\n<\/div>\n\t<figcaption class=\"vp-portfolio__item-overlay vp-portfolio__item-overlay-text-align-center\">\n\t\t<div class=\"vp-portfolio__item-meta-wrap vp-portfolio__custom-scrollbar\">\n\t\t\t\t<a\n\t\thref=\"https:\/\/operafuoco.fr\/en\/concerts-bach\/\"\n\t\ttabindex=\"-1\" class=\"vp-portfolio__item-meta\" \t>\n\t\n<div class=\"vp-portfolio__item-meta-categories\">\n\t\t\t<div class=\"vp-portfolio__item-meta-category\">\n\t\t\t\t<span\t\t\t>\n\tConcerts<\/span>\t\t<\/div>\n\t\t<\/div>\n\n<h2 class=\"vp-portfolio__item-meta-title\">\n\tConcerts Bach +<\/h2>\n<\/a>\t\t<\/div>\n\t<\/figcaption>\n\t\t\t<\/figure>\n\t\t\t\t\t<\/article>\n\t\t\n\t\t<article\t\tclass=\"vp-portfolio__item-wrap post-273 post type-post status-publish format-standard has-post-thumbnail hentry category-concerts tag-archive vp-portfolio__item-uid-6f08ccaa\" data-vp-filter=\"concerts\" \t\t>\n\t\t\t\t\t\t\t\t\t<figure class=\"vp-portfolio__item\">\n\t\t\t\t\n<div class=\"vp-portfolio__item-img-wrap\">\n\t<div class=\"vp-portfolio__item-img\">\n\t\t\t<a\n\t\thref=\"https:\/\/operafuoco.fr\/en\/lamour-lointain-concert\/\"\n\t\t\t>\n\t\n\t\t<noscript><img loading=\"lazy\" decoding=\"async\" width=\"835\" height=\"473\" data-skip-lazy src=\"https:\/\/operafuoco.fr\/wp-content\/uploads\/2019\/03\/BF_OperaFuoco_010-835x473.jpg\" class=\"wp-image-270\" alt=\"\" srcset=\"https:\/\/operafuoco.fr\/wp-content\/uploads\/2019\/03\/BF_OperaFuoco_010-835x473.jpg 835w, https:\/\/operafuoco.fr\/wp-content\/uploads\/2019\/03\/BF_OperaFuoco_010-835x473-300x170.jpg 300w, https:\/\/operafuoco.fr\/wp-content\/uploads\/2019\/03\/BF_OperaFuoco_010-835x473-768x435.jpg 768w\" sizes=\"(max-width: 835px) 100vw, 835px\" \/><\/noscript><img decoding=\"async\" width=\"835\" height=\"473\" src=\"https:\/\/operafuoco.fr\/wp-content\/uploads\/2019\/03\/BF_OperaFuoco_010-835x473.jpg\" class=\"wp-image-270 vp-lazyload\" alt srcset=\"data:image\/svg+xml;base64,PHN2ZyB3aWR0aD0iODM1IiBoZWlnaHQ9IjQ3MyIgdmlld0JveD0iMCAwIDgzNSA0NzMiIGZpbGw9Im5vbmUiIHhtbG5zPSJodHRwOi8vd3d3LnczLm9yZy8yMDAwL3N2ZyI+PC9zdmc+\" data-src=\"https:\/\/operafuoco.fr\/wp-content\/uploads\/2019\/03\/BF_OperaFuoco_010-835x473.jpg\" data-srcset=\"https:\/\/operafuoco.fr\/wp-content\/uploads\/2019\/03\/BF_OperaFuoco_010-835x473.jpg 835w, https:\/\/operafuoco.fr\/wp-content\/uploads\/2019\/03\/BF_OperaFuoco_010-835x473-300x170.jpg 300w, https:\/\/operafuoco.fr\/wp-content\/uploads\/2019\/03\/BF_OperaFuoco_010-835x473-768x435.jpg 768w\" data-sizes=\"auto\" loading=\"eager\">\n\t\t<\/a>\t<\/div>\n<\/div>\n\t<figcaption class=\"vp-portfolio__item-overlay vp-portfolio__item-overlay-text-align-center\">\n\t\t<div class=\"vp-portfolio__item-meta-wrap vp-portfolio__custom-scrollbar\">\n\t\t\t\t<a\n\t\thref=\"https:\/\/operafuoco.fr\/en\/lamour-lointain-concert\/\"\n\t\ttabindex=\"-1\" class=\"vp-portfolio__item-meta\" \t>\n\t\n<div class=\"vp-portfolio__item-meta-categories\">\n\t\t\t<div class=\"vp-portfolio__item-meta-category\">\n\t\t\t\t<span\t\t\t>\n\tConcerts<\/span>\t\t<\/div>\n\t\t<\/div>\n\n<h2 class=\"vp-portfolio__item-meta-title\">\n\tL\u2019amour lointain \u2013 Concert<\/h2>\n<\/a>\t\t<\/div>\n\t<\/figcaption>\n\t\t\t<\/figure>\n\t\t\t\t\t<\/article>\n\t\t\n<\/div>\n\t\t<\/div>\n\t\t\n<\/div>","protected":false},"excerpt":{"rendered":"<p>LA COMPAGNIE Toutes nos Productions<\/p>","protected":false},"author":1,"featured_media":0,"parent":0,"menu_order":21,"comment_status":"closed","ping_status":"closed","template":"page-templates\/full-width.php","meta":{"qubely_global_settings":"","qubely_interactions":"","_coblocks_attr":"","_coblocks_dimensions":"","_coblocks_responsive_height":"","_coblocks_accordion_ie_support":"","_uag_custom_page_level_css":"","kk_blocks_editor_width":"","_kiokenblocks_attr":"","_kiokenblocks_dimensions":"","_vp_format_video_url":"","_vp_image_focal_point":[],"footnotes":""},"class_list":["post-38","page","type-page","status-publish","hentry"],"featured_image_urls":{"full":"","thumbnail":"","medium":"","medium_large":"","large":"","thumblist":"","meccarouselthumb":"","gridsquare":"","tileview":"","1536x1536":"","2048x2048":"","trp-custom-language-flag":"","qubely_landscape":"","qubely_portrait":"","qubely_thumbnail":"","vp_sm":"","vp_md":"","vp_lg":"","vp_xl":"","vp_sm_popup":"","vp_md_popup":"","vp_xl_popup":""},"post_excerpt_stackable":"<p>LA COMPAGNIE Opera Fuoco est une compagnie lyrique, au rayonnement international, bas\u00e9e \u00e0 Paris et interess\u00e9e au r\u00e9pertoire lyrique du milieu du 18\u00e8mesi\u00e8cle \u00e0 aujourd\u2019hui. Fond\u00e9e et dirig\u00e9e par le chef d\u2019orchestre am\u00e9ricain David Stern, Opera Fuoco associe un Atelier Lyrique, programme ambitieux pour jeunes chanteurs, \u00e0 une saison musicale internationale avec l\u2019un des ensembles instrumentaux les plus polyvalents de Paris. Sa notori\u00e9t\u00e9 croissante comme tremplin pour les jeunes talents en a fait l\u2019un des programmes de formation les plus demand\u00e9s en France, mais aussi \u00e0 l\u2019\u00e9tranger.Opera Fuoco propose une exp\u00e9rience unique et personnalis\u00e9e aux jeunes chanteurs issus des conservatoires&hellip;<\/p>\n","category_list":"","author_info":{"name":"admin","url":"https:\/\/operafuoco.fr\/en\/author\/admin\/"},"comments_num":"0 comments","aioseo_notices":[],"featured_image_src":"","featured_image_src_square":false,"rbea_author_info":{"display_name":"admin","author_link":"https:\/\/operafuoco.fr\/en\/author\/admin\/"},"rbea_excerpt_info":"LA COMPAGNIE Toutes nos Productions","uagb_featured_image_src":{"full":false,"thumbnail":false,"medium":false,"medium_large":false,"large":false,"thumblist":false,"meccarouselthumb":false,"gridsquare":false,"tileview":false,"1536x1536":false,"2048x2048":false,"trp-custom-language-flag":false,"qubely_landscape":false,"qubely_portrait":false,"qubely_thumbnail":false,"vp_sm":false,"vp_md":false,"vp_lg":false,"vp_xl":false,"vp_sm_popup":false,"vp_md_popup":false,"vp_xl_popup":false},"uagb_author_info":{"display_name":"admin","author_link":"https:\/\/operafuoco.fr\/en\/author\/admin\/"},"uagb_comment_info":0,"uagb_excerpt":"LA COMPAGNIE Toutes nos Productions","_links":{"self":[{"href":"https:\/\/operafuoco.fr\/en\/wp-json\/wp\/v2\/pages\/38"}],"collection":[{"href":"https:\/\/operafuoco.fr\/en\/wp-json\/wp\/v2\/pages"}],"about":[{"href":"https:\/\/operafuoco.fr\/en\/wp-json\/wp\/v2\/types\/page"}],"author":[{"embeddable":true,"href":"https:\/\/operafuoco.fr\/en\/wp-json\/wp\/v2\/users\/1"}],"replies":[{"embeddable":true,"href":"https:\/\/operafuoco.fr\/en\/wp-json\/wp\/v2\/comments?post=38"}],"version-history":[{"count":32,"href":"https:\/\/operafuoco.fr\/en\/wp-json\/wp\/v2\/pages\/38\/revisions"}],"predecessor-version":[{"id":2868,"href":"https:\/\/operafuoco.fr\/en\/wp-json\/wp\/v2\/pages\/38\/revisions\/2868"}],"wp:attachment":[{"href":"https:\/\/operafuoco.fr\/en\/wp-json\/wp\/v2\/media?parent=38"}],"curies":[{"name":"wp","href":"https:\/\/api.w.org\/{rel}","templated":true}]}}